{"id":6750,"date":"2025-05-26T14:42:13","date_gmt":"2025-05-26T12:42:13","guid":{"rendered":"https:\/\/www.lesaubergisteslyonnais.fr\/le-nostre-notizie\/"},"modified":"2025-09-09T17:34:50","modified_gmt":"2025-09-09T15:34:50","slug":"le-nostre-notizie","status":"publish","type":"page","link":"https:\/\/www.lesaubergisteslyonnais.fr\/it\/azienda-con-missione\/le-nostre-notizie\/","title":{"rendered":"Le nostre notizie"},"content":{"rendered":"\n<section class=\"heading wp-elements-9785b93d023c3aee7fa770ec25750df1 wp-elements-9785b93d023c3aee7fa770ec25750df1 wp-block-acf-heading has-text-color has-primary-color has-background has-white-100-background-color\">\n\t<div class=\"heading__container\">\n\t\t\t\t\t<div class=\"heading__background-picture\">\n\t\t\t\t<img decoding=\"async\" width=\"1620\" height=\"1080\" src=\"https:\/\/www.lesaubergisteslyonnais.fr\/wp-content\/uploads\/2025\/05\/Groupe-hotelier-fancais-lyon9.jpg\" class=\"attachment-full size-full\" alt=\"Groupe hotelier fancais lyon9\" fetchpriority=\"high\" srcset=\"https:\/\/www.lesaubergisteslyonnais.fr\/wp-content\/uploads\/2025\/05\/Groupe-hotelier-fancais-lyon9.jpg 1620w, https:\/\/www.lesaubergisteslyonnais.fr\/wp-content\/uploads\/2025\/05\/Groupe-hotelier-fancais-lyon9-600x400.jpg 600w, https:\/\/www.lesaubergisteslyonnais.fr\/wp-content\/uploads\/2025\/05\/Groupe-hotelier-fancais-lyon9-1400x933.jpg 1400w, https:\/\/www.lesaubergisteslyonnais.fr\/wp-content\/uploads\/2025\/05\/Groupe-hotelier-fancais-lyon9-768x512.jpg 768w, https:\/\/www.lesaubergisteslyonnais.fr\/wp-content\/uploads\/2025\/05\/Groupe-hotelier-fancais-lyon9-1536x1024.jpg 1536w\" sizes=\"(max-width: 1620px) 100vw, 1620px\" \/>\t\t\t<\/div>\n\t\t\t\t<div class=\"heading__layout\">\n\t\t\t<div class=\"heading__content-wrapper has-white-100-background-color\">\n\t\t\t\t<div class=\"heading__content has-white-100-background-color\">\n\t\t\t\t\t\t\t\t\t<p id=\"breadcrumbs\"><span><span><a href=\"https:\/\/www.lesaubergisteslyonnais.fr\/it\/\">Accueil<\/a><\/span><\/span><\/p>\t\t\t\t\t\t\t\t\t<div class=\"acf-innerblocks-container\">\n\n<div class=\"wp-block-group heading-content-group is-layout-grid wp-container-core-group-is-layout-96b258e4 wp-block-group-is-layout-grid\">\n<h1 class=\"wp-block-heading has-text-align-left heading__title has-primary-color has-text-color has-xx-large-font-size wp-container-content-32a3e683\">Le nostre notizie<\/h1>\n<\/div>\n\n<\/div>\n\t\t\t\t<\/div>\n\t\t\t\t\t\t\t\t<div class=\"heading__illustration illustration-with-parallax desktop-only\">\n\t\t\t\t\t<img decoding=\"async\" width=\"350\" height=\"350\" src=\"https:\/\/www.lesaubergisteslyonnais.fr\/wp-content\/uploads\/2025\/04\/ENCRIER.png\" class=\"attachment-full size-full\" alt=\"ENCRIER\" fetchpriority=\"high\" srcset=\"https:\/\/www.lesaubergisteslyonnais.fr\/wp-content\/uploads\/2025\/04\/ENCRIER.png 350w, https:\/\/www.lesaubergisteslyonnais.fr\/wp-content\/uploads\/2025\/04\/ENCRIER-300x300.png 300w\" sizes=\"(max-width: 350px) 100vw, 350px\" \/>\t\t\t\t<\/div>\n\t\t\t\t\t\t\t<\/div>\n\t\t<\/div>\n\t<\/div>\n<\/section>\n\n\n\t<section\n\t\tstyle=\"padding-top:var(--wp--preset--spacing--theme-default);padding-bottom:var(--wp--preset--spacing--theme-default);\" class=\"block-container align wp-block-acf-block-container has-background has-white-background-color has-global-padding is-layout-constrained wp-block-acf-block-container-is-layout-constrained\"\t>\n\n\t\n\n<div class=\"wp-block-group is-layout-flow wp-block-group-is-layout-flow\" style=\"padding-bottom:var(--wp--preset--spacing--theme-m)\">\n<p class=\"has-text-align-left has-large-font-size\">La vita quotidiana di un gruppo alberghiero francese indipendente?<\/p>\n\n\n\n<p>Poich\u00e9 la rivista \u00e8 il nostro mezzo di comunicazione preferito (perch\u00e9, s\u00ec, ci mettiamo il cuore), \u00e8 anche il luogo ideale per presentarti le nostre ultime novit\u00e0 e\/o innovazioni! 3&#8230;2&#8230;1&#8230; Questo \u00e8 il posto giusto! <\/p>\n<\/div>\n\n\n\n<div class=\"wp-block-query alignwide has-global-padding is-layout-constrained wp-block-query-is-layout-constrained\"><ul class=\"columns-2 alignwide wp-block-post-template is-layout-grid wp-container-core-post-template-is-layout-d35acac1 wp-block-post-template-is-layout-grid\"><li class=\"wp-block-post post-9742 post type-post status-publish format-standard has-post-thumbnail hentry category-notizie-sulla-collezione\">\n<figure style=\"aspect-ratio:16\/9; padding-top:0;padding-bottom:0;\" class=\"wp-block-post-featured-image\"><a href=\"https:\/\/www.lesaubergisteslyonnais.fr\/it\/blog\/le-gai-soleil-un-nuovo-hotel-della-collezione\/\" target=\"_self\"  ><img decoding=\"async\" width=\"1618\" height=\"1080\" src=\"https:\/\/www.lesaubergisteslyonnais.fr\/wp-content\/uploads\/2026\/04\/location_chalet_Contamines_Montjoie34.jpg\" class=\"attachment-post-thumbnail size-post-thumbnail wp-post-image\" alt=\"Le Gai Soleil, un nuovo hotel della Collezione\" style=\"width:100%;height:100%;object-fit:cover;\" srcset=\"https:\/\/www.lesaubergisteslyonnais.fr\/wp-content\/uploads\/2026\/04\/location_chalet_Contamines_Montjoie34.jpg 1618w, https:\/\/www.lesaubergisteslyonnais.fr\/wp-content\/uploads\/2026\/04\/location_chalet_Contamines_Montjoie34-600x400.jpg 600w, https:\/\/www.lesaubergisteslyonnais.fr\/wp-content\/uploads\/2026\/04\/location_chalet_Contamines_Montjoie34-1400x934.jpg 1400w, https:\/\/www.lesaubergisteslyonnais.fr\/wp-content\/uploads\/2026\/04\/location_chalet_Contamines_Montjoie34-768x513.jpg 768w, https:\/\/www.lesaubergisteslyonnais.fr\/wp-content\/uploads\/2026\/04\/location_chalet_Contamines_Montjoie34-1536x1025.jpg 1536w\" sizes=\"(max-width: 1618px) 100vw, 1618px\" \/><\/a><\/figure>\n\n<h3 class=\"wp-block-post-title\"><a href=\"https:\/\/www.lesaubergisteslyonnais.fr\/it\/blog\/le-gai-soleil-un-nuovo-hotel-della-collezione\/\" target=\"_self\" >Le Gai Soleil, un nuovo hotel della Collezione<\/a><\/h3>\n\n<div class=\"wp-block-post-excerpt has-x-small-font-size\"><p class=\"wp-block-post-excerpt__excerpt\">C&#8217;\u00e8 una nuova aggiunta alla Collection des Aubergistes Lyonnais&#8230; In montagna!<\/p><p class=\"wp-block-post-excerpt__more-text\"><a class=\"wp-block-post-excerpt__more-link\" href=\"https:\/\/www.lesaubergisteslyonnais.fr\/it\/blog\/le-gai-soleil-un-nuovo-hotel-della-collezione\/\">Per saperne di pi\u00f9<\/a><\/p><\/div>\n<\/li><li class=\"wp-block-post post-9134 post type-post status-publish format-standard has-post-thumbnail hentry category-notizie-sulla-collezione\">\n<figure style=\"aspect-ratio:16\/9; padding-top:0;padding-bottom:0;\" class=\"wp-block-post-featured-image\"><a href=\"https:\/\/www.lesaubergisteslyonnais.fr\/it\/blog\/un-nuovo-indirizzo-di-coworking-a-lione\/\" target=\"_self\"  ><img decoding=\"async\" width=\"712\" height=\"1080\" src=\"https:\/\/www.lesaubergisteslyonnais.fr\/wp-content\/uploads\/2025\/06\/bastien-nvs-d7Ht7aIM6RQ-unsplash.jpg\" class=\"attachment-post-thumbnail size-post-thumbnail wp-post-image\" alt=\"Un nuovo indirizzo di coworking a Lione?\" style=\"width:100%;height:100%;object-fit:cover;\" srcset=\"https:\/\/www.lesaubergisteslyonnais.fr\/wp-content\/uploads\/2025\/06\/bastien-nvs-d7Ht7aIM6RQ-unsplash.jpg 712w, https:\/\/www.lesaubergisteslyonnais.fr\/wp-content\/uploads\/2025\/06\/bastien-nvs-d7Ht7aIM6RQ-unsplash-396x600.jpg 396w\" sizes=\"(max-width: 712px) 100vw, 712px\" \/><\/a><\/figure>\n\n<h3 class=\"wp-block-post-title\"><a href=\"https:\/\/www.lesaubergisteslyonnais.fr\/it\/blog\/un-nuovo-indirizzo-di-coworking-a-lione\/\" target=\"_self\" >Un nuovo indirizzo di coworking a Lione?<\/a><\/h3>\n\n<div class=\"wp-block-post-excerpt has-x-small-font-size\"><p class=\"wp-block-post-excerpt__excerpt\">Lione in 48 ore: traboules, ingorghi, Fourvi\u00e8re e Croix-Rousse. I nostri elementi essenziali per un soggiorno di successo.<\/p><p class=\"wp-block-post-excerpt__more-text\"><a class=\"wp-block-post-excerpt__more-link\" href=\"https:\/\/www.lesaubergisteslyonnais.fr\/it\/blog\/un-nuovo-indirizzo-di-coworking-a-lione\/\">Per saperne di pi\u00f9<\/a><\/p><\/div>\n<\/li><li class=\"wp-block-post post-8885 post type-post status-publish format-standard has-post-thumbnail hentry category-notizie-sulla-collezione category-senza-categoria category-vita-notturna-ed-eventi\">\n<figure style=\"aspect-ratio:16\/9; padding-top:0;padding-bottom:0;\" class=\"wp-block-post-featured-image\"><a href=\"https:\/\/www.lesaubergisteslyonnais.fr\/it\/blog\/villaggio-degli-aubergisti-2025\/\" target=\"_self\"  ><img decoding=\"async\" width=\"1620\" height=\"1080\" src=\"https:\/\/www.lesaubergisteslyonnais.fr\/wp-content\/uploads\/2025\/10\/village-des-aubergistes-lyonnais-1.jpg\" class=\"attachment-post-thumbnail size-post-thumbnail wp-post-image\" alt=\"Villaggio degli Aubergisti 2025\" style=\"width:100%;height:100%;object-fit:cover;\" srcset=\"https:\/\/www.lesaubergisteslyonnais.fr\/wp-content\/uploads\/2025\/10\/village-des-aubergistes-lyonnais-1.jpg 1620w, https:\/\/www.lesaubergisteslyonnais.fr\/wp-content\/uploads\/2025\/10\/village-des-aubergistes-lyonnais-1-600x400.jpg 600w, https:\/\/www.lesaubergisteslyonnais.fr\/wp-content\/uploads\/2025\/10\/village-des-aubergistes-lyonnais-1-1400x933.jpg 1400w, https:\/\/www.lesaubergisteslyonnais.fr\/wp-content\/uploads\/2025\/10\/village-des-aubergistes-lyonnais-1-768x512.jpg 768w, https:\/\/www.lesaubergisteslyonnais.fr\/wp-content\/uploads\/2025\/10\/village-des-aubergistes-lyonnais-1-1536x1024.jpg 1536w\" sizes=\"(max-width: 1620px) 100vw, 1620px\" \/><\/a><\/figure>\n\n<h3 class=\"wp-block-post-title\"><a href=\"https:\/\/www.lesaubergisteslyonnais.fr\/it\/blog\/villaggio-degli-aubergisti-2025\/\" target=\"_self\" >Villaggio degli Aubergisti 2025<\/a><\/h3>\n\n<div class=\"wp-block-post-excerpt has-x-small-font-size\"><p class=\"wp-block-post-excerpt__excerpt\">\u00c8 l&#8217;evento dell&#8217;anno per il nostro ecosistema! Una serata gastronomica con tante cose di cui parlare, aperta a tutti<\/p><p class=\"wp-block-post-excerpt__more-text\"><a class=\"wp-block-post-excerpt__more-link\" href=\"https:\/\/www.lesaubergisteslyonnais.fr\/it\/blog\/villaggio-degli-aubergisti-2025\/\">Per saperne di pi\u00f9<\/a><\/p><\/div>\n<\/li><li class=\"wp-block-post post-6790 post type-post status-publish format-standard has-post-thumbnail hentry category-notizie-sulla-collezione\">\n<figure style=\"aspect-ratio:16\/9; padding-top:0;padding-bottom:0;\" class=\"wp-block-post-featured-image\"><a href=\"https:\/\/www.lesaubergisteslyonnais.fr\/it\/blog\/i-10-migliori-ristoranti-di-lione\/\" target=\"_self\"  ><img decoding=\"async\" width=\"1440\" height=\"1080\" src=\"https:\/\/www.lesaubergisteslyonnais.fr\/wp-content\/uploads\/2025\/05\/hotel-engage-et-solidaire-a-lyon.jpeg\" class=\"attachment-post-thumbnail size-post-thumbnail wp-post-image\" alt=\"Corri per le donne 2025\" style=\"width:100%;height:100%;object-fit:cover;\" srcset=\"https:\/\/www.lesaubergisteslyonnais.fr\/wp-content\/uploads\/2025\/05\/hotel-engage-et-solidaire-a-lyon.jpeg 1440w, https:\/\/www.lesaubergisteslyonnais.fr\/wp-content\/uploads\/2025\/05\/hotel-engage-et-solidaire-a-lyon-600x450.jpeg 600w, https:\/\/www.lesaubergisteslyonnais.fr\/wp-content\/uploads\/2025\/05\/hotel-engage-et-solidaire-a-lyon-1400x1050.jpeg 1400w, https:\/\/www.lesaubergisteslyonnais.fr\/wp-content\/uploads\/2025\/05\/hotel-engage-et-solidaire-a-lyon-768x576.jpeg 768w\" sizes=\"(max-width: 1440px) 100vw, 1440px\" \/><\/a><\/figure>\n\n<h3 class=\"wp-block-post-title\"><a href=\"https:\/\/www.lesaubergisteslyonnais.fr\/it\/blog\/i-10-migliori-ristoranti-di-lione\/\" target=\"_self\" >Corri per le donne 2025<\/a><\/h3>\n\n<div class=\"wp-block-post-excerpt has-x-small-font-size\"><p class=\"wp-block-post-excerpt__excerpt\">Gli Aubergistes Lyonnais et Citoyens hanno corso a sostegno della lotta contro il cancro.<\/p><p class=\"wp-block-post-excerpt__more-text\"><a class=\"wp-block-post-excerpt__more-link\" href=\"https:\/\/www.lesaubergisteslyonnais.fr\/it\/blog\/i-10-migliori-ristoranti-di-lione\/\">Per saperne di pi\u00f9<\/a><\/p><\/div>\n<\/li><li class=\"wp-block-post post-7395 post type-post status-publish format-standard has-post-thumbnail hentry category-notizie-sulla-collezione\">\n<figure style=\"aspect-ratio:16\/9; padding-top:0;padding-bottom:0;\" class=\"wp-block-post-featured-image\"><a href=\"https:\/\/www.lesaubergisteslyonnais.fr\/it\/blog\/nuovi-corridoi-a-globe-e-cecil\/\" target=\"_self\"  ><img decoding=\"async\" width=\"720\" height=\"1080\" src=\"https:\/\/www.lesaubergisteslyonnais.fr\/wp-content\/uploads\/2025\/03\/couloirs-hotel-Globe-et-Cecil-Lyon2.jpg\" class=\"attachment-post-thumbnail size-post-thumbnail wp-post-image\" alt=\"Nuovi corridoi a Globe e Cecil\" style=\"width:100%;height:100%;object-fit:cover;\" srcset=\"https:\/\/www.lesaubergisteslyonnais.fr\/wp-content\/uploads\/2025\/03\/couloirs-hotel-Globe-et-Cecil-Lyon2.jpg 720w, https:\/\/www.lesaubergisteslyonnais.fr\/wp-content\/uploads\/2025\/03\/couloirs-hotel-Globe-et-Cecil-Lyon2-400x600.jpg 400w\" sizes=\"(max-width: 720px) 100vw, 720px\" \/><\/a><\/figure>\n\n<h3 class=\"wp-block-post-title\"><a href=\"https:\/\/www.lesaubergisteslyonnais.fr\/it\/blog\/nuovi-corridoi-a-globe-e-cecil\/\" target=\"_self\" >Nuovi corridoi a Globe e Cecil<\/a><\/h3>\n\n<div class=\"wp-block-post-excerpt has-x-small-font-size\"><p class=\"wp-block-post-excerpt__excerpt\">Il fatto che il Globe et Cecil sia l&#8217;hotel pi\u00f9 antico di Lione ancora in funzione non significa che non abbia bisogno di un piccolo lifting!<\/p><p class=\"wp-block-post-excerpt__more-text\"><a class=\"wp-block-post-excerpt__more-link\" href=\"https:\/\/www.lesaubergisteslyonnais.fr\/it\/blog\/nuovi-corridoi-a-globe-e-cecil\/\">Per saperne di pi\u00f9<\/a><\/p><\/div>\n<\/li><\/ul>\n\n<\/div>\n\n\n\n<\/section>\n","protected":false},"excerpt":{"rendered":"","protected":false},"author":2,"featured_media":0,"parent":3418,"menu_order":0,"comment_status":"closed","ping_status":"closed","template":"","meta":{"_acf_changed":false,"inline_featured_image":false,"footnotes":""},"class_list":["post-6750","page","type-page","status-publish","hentry"],"acf":[],"yoast_head":"<!-- This site is optimized with the Yoast SEO plugin v27.4 - https:\/\/yoast.com\/product\/yoast-seo-wordpress\/ -->\n<title>Notizie - Les Aubergistes Lyonnais, Hotel, Ristoranti<\/title>\n<meta name=\"description\" content=\"Les Aubergistes Lyonnais - Tutte le ultime novit\u00e0 del gruppo alberghiero di Lione. Scopri gli hotel e i ristoranti.\" \/>\n<meta name=\"robots\" content=\"index, follow, max-snippet:-1, max-image-preview:large, max-video-preview:-1\" \/>\n<link rel=\"canonical\" href=\"https:\/\/www.lesaubergisteslyonnais.fr\/it\/azienda-con-missione\/le-nostre-notizie\/\" \/>\n<meta property=\"og:locale\" content=\"it_IT\" \/>\n<meta property=\"og:type\" content=\"article\" \/>\n<meta property=\"og:title\" content=\"Notizie - Les Aubergistes Lyonnais, Hotel, Ristoranti\" \/>\n<meta property=\"og:description\" content=\"Les Aubergistes Lyonnais - Tutte le ultime novit\u00e0 del gruppo alberghiero di Lione. Scopri gli hotel e i ristoranti.\" \/>\n<meta property=\"og:url\" content=\"https:\/\/www.lesaubergisteslyonnais.fr\/it\/azienda-con-missione\/le-nostre-notizie\/\" \/>\n<meta property=\"og:site_name\" content=\"Les Aubergistes Lyonnais\" \/>\n<meta property=\"article:modified_time\" content=\"2025-09-09T15:34:50+00:00\" \/>\n<meta name=\"twitter:card\" content=\"summary_large_image\" \/>\n<meta name=\"twitter:label1\" content=\"Tempo di lettura stimato\" \/>\n\t<meta name=\"twitter:data1\" content=\"1 minuto\" \/>\n<script type=\"application\/ld+json\" class=\"yoast-schema-graph\">{\"@context\":\"https:\\\/\\\/schema.org\",\"@graph\":[{\"@type\":\"WebPage\",\"@id\":\"https:\\\/\\\/www.lesaubergisteslyonnais.fr\\\/it\\\/azienda-con-missione\\\/le-nostre-notizie\\\/\",\"url\":\"https:\\\/\\\/www.lesaubergisteslyonnais.fr\\\/it\\\/azienda-con-missione\\\/le-nostre-notizie\\\/\",\"name\":\"Notizie - Les Aubergistes Lyonnais, Hotel, Ristoranti\",\"isPartOf\":{\"@id\":\"https:\\\/\\\/www.lesaubergisteslyonnais.fr\\\/it\\\/#website\"},\"datePublished\":\"2025-05-26T12:42:13+00:00\",\"dateModified\":\"2025-09-09T15:34:50+00:00\",\"description\":\"Les Aubergistes Lyonnais - Tutte le ultime novit\u00e0 del gruppo alberghiero di Lione. Scopri gli hotel e i ristoranti.\",\"breadcrumb\":{\"@id\":\"https:\\\/\\\/www.lesaubergisteslyonnais.fr\\\/it\\\/azienda-con-missione\\\/le-nostre-notizie\\\/#breadcrumb\"},\"inLanguage\":\"it-IT\",\"potentialAction\":[{\"@type\":\"ReadAction\",\"target\":[\"https:\\\/\\\/www.lesaubergisteslyonnais.fr\\\/it\\\/azienda-con-missione\\\/le-nostre-notizie\\\/\"]}]},{\"@type\":\"BreadcrumbList\",\"@id\":\"https:\\\/\\\/www.lesaubergisteslyonnais.fr\\\/it\\\/azienda-con-missione\\\/le-nostre-notizie\\\/#breadcrumb\",\"itemListElement\":[{\"@type\":\"ListItem\",\"position\":1,\"name\":\"Accueil\",\"item\":\"https:\\\/\\\/www.lesaubergisteslyonnais.fr\\\/it\\\/\"},{\"@type\":\"ListItem\",\"position\":2,\"name\":\"Un gruppo alberghiero impegnato\",\"item\":\"https:\\\/\\\/www.lesaubergisteslyonnais.fr\\\/it\\\/azienda-con-missione\\\/\"},{\"@type\":\"ListItem\",\"position\":3,\"name\":\"Le nostre notizie\"}]},{\"@type\":\"WebSite\",\"@id\":\"https:\\\/\\\/www.lesaubergisteslyonnais.fr\\\/it\\\/#website\",\"url\":\"https:\\\/\\\/www.lesaubergisteslyonnais.fr\\\/it\\\/\",\"name\":\"Globe Cecil\",\"description\":\"\",\"publisher\":{\"@id\":\"https:\\\/\\\/www.lesaubergisteslyonnais.fr\\\/it\\\/#organization\"},\"potentialAction\":[{\"@type\":\"SearchAction\",\"target\":{\"@type\":\"EntryPoint\",\"urlTemplate\":\"https:\\\/\\\/www.lesaubergisteslyonnais.fr\\\/it\\\/?s={search_term_string}\"},\"query-input\":{\"@type\":\"PropertyValueSpecification\",\"valueRequired\":true,\"valueName\":\"search_term_string\"}}],\"inLanguage\":\"it-IT\"},{\"@type\":\"Organization\",\"@id\":\"https:\\\/\\\/www.lesaubergisteslyonnais.fr\\\/it\\\/#organization\",\"name\":\"Globe Cecil\",\"url\":\"https:\\\/\\\/www.lesaubergisteslyonnais.fr\\\/it\\\/\",\"logo\":{\"@type\":\"ImageObject\",\"inLanguage\":\"it-IT\",\"@id\":\"https:\\\/\\\/www.lesaubergisteslyonnais.fr\\\/it\\\/#\\\/schema\\\/logo\\\/image\\\/\",\"url\":\"https:\\\/\\\/www.lesaubergisteslyonnais.fr\\\/wp-content\\\/uploads\\\/2025\\\/05\\\/LOGO-Aubergistes-Lyonnais-White.svg\",\"contentUrl\":\"https:\\\/\\\/www.lesaubergisteslyonnais.fr\\\/wp-content\\\/uploads\\\/2025\\\/05\\\/LOGO-Aubergistes-Lyonnais-White.svg\",\"width\":558,\"height\":127,\"caption\":\"Globe Cecil\"},\"image\":{\"@id\":\"https:\\\/\\\/www.lesaubergisteslyonnais.fr\\\/it\\\/#\\\/schema\\\/logo\\\/image\\\/\"}}]}<\/script>\n<!-- \/ Yoast SEO plugin. -->","yoast_head_json":{"title":"Notizie - Les Aubergistes Lyonnais, Hotel, Ristoranti","description":"Les Aubergistes Lyonnais - Tutte le ultime novit\u00e0 del gruppo alberghiero di Lione. Scopri gli hotel e i ristoranti.","robots":{"index":"index","follow":"follow","max-snippet":"max-snippet:-1","max-image-preview":"max-image-preview:large","max-video-preview":"max-video-preview:-1"},"canonical":"https:\/\/www.lesaubergisteslyonnais.fr\/it\/azienda-con-missione\/le-nostre-notizie\/","og_locale":"it_IT","og_type":"article","og_title":"Notizie - Les Aubergistes Lyonnais, Hotel, Ristoranti","og_description":"Les Aubergistes Lyonnais - Tutte le ultime novit\u00e0 del gruppo alberghiero di Lione. Scopri gli hotel e i ristoranti.","og_url":"https:\/\/www.lesaubergisteslyonnais.fr\/it\/azienda-con-missione\/le-nostre-notizie\/","og_site_name":"Les Aubergistes Lyonnais","article_modified_time":"2025-09-09T15:34:50+00:00","twitter_card":"summary_large_image","twitter_misc":{"Tempo di lettura stimato":"1 minuto"},"schema":{"@context":"https:\/\/schema.org","@graph":[{"@type":"WebPage","@id":"https:\/\/www.lesaubergisteslyonnais.fr\/it\/azienda-con-missione\/le-nostre-notizie\/","url":"https:\/\/www.lesaubergisteslyonnais.fr\/it\/azienda-con-missione\/le-nostre-notizie\/","name":"Notizie - Les Aubergistes Lyonnais, Hotel, Ristoranti","isPartOf":{"@id":"https:\/\/www.lesaubergisteslyonnais.fr\/it\/#website"},"datePublished":"2025-05-26T12:42:13+00:00","dateModified":"2025-09-09T15:34:50+00:00","description":"Les Aubergistes Lyonnais - Tutte le ultime novit\u00e0 del gruppo alberghiero di Lione. Scopri gli hotel e i ristoranti.","breadcrumb":{"@id":"https:\/\/www.lesaubergisteslyonnais.fr\/it\/azienda-con-missione\/le-nostre-notizie\/#breadcrumb"},"inLanguage":"it-IT","potentialAction":[{"@type":"ReadAction","target":["https:\/\/www.lesaubergisteslyonnais.fr\/it\/azienda-con-missione\/le-nostre-notizie\/"]}]},{"@type":"BreadcrumbList","@id":"https:\/\/www.lesaubergisteslyonnais.fr\/it\/azienda-con-missione\/le-nostre-notizie\/#breadcrumb","itemListElement":[{"@type":"ListItem","position":1,"name":"Accueil","item":"https:\/\/www.lesaubergisteslyonnais.fr\/it\/"},{"@type":"ListItem","position":2,"name":"Un gruppo alberghiero impegnato","item":"https:\/\/www.lesaubergisteslyonnais.fr\/it\/azienda-con-missione\/"},{"@type":"ListItem","position":3,"name":"Le nostre notizie"}]},{"@type":"WebSite","@id":"https:\/\/www.lesaubergisteslyonnais.fr\/it\/#website","url":"https:\/\/www.lesaubergisteslyonnais.fr\/it\/","name":"Globe Cecil","description":"","publisher":{"@id":"https:\/\/www.lesaubergisteslyonnais.fr\/it\/#organization"},"potentialAction":[{"@type":"SearchAction","target":{"@type":"EntryPoint","urlTemplate":"https:\/\/www.lesaubergisteslyonnais.fr\/it\/?s={search_term_string}"},"query-input":{"@type":"PropertyValueSpecification","valueRequired":true,"valueName":"search_term_string"}}],"inLanguage":"it-IT"},{"@type":"Organization","@id":"https:\/\/www.lesaubergisteslyonnais.fr\/it\/#organization","name":"Globe Cecil","url":"https:\/\/www.lesaubergisteslyonnais.fr\/it\/","logo":{"@type":"ImageObject","inLanguage":"it-IT","@id":"https:\/\/www.lesaubergisteslyonnais.fr\/it\/#\/schema\/logo\/image\/","url":"https:\/\/www.lesaubergisteslyonnais.fr\/wp-content\/uploads\/2025\/05\/LOGO-Aubergistes-Lyonnais-White.svg","contentUrl":"https:\/\/www.lesaubergisteslyonnais.fr\/wp-content\/uploads\/2025\/05\/LOGO-Aubergistes-Lyonnais-White.svg","width":558,"height":127,"caption":"Globe Cecil"},"image":{"@id":"https:\/\/www.lesaubergisteslyonnais.fr\/it\/#\/schema\/logo\/image\/"}}]}},"_links":{"self":[{"href":"https:\/\/www.lesaubergisteslyonnais.fr\/it\/wp-json\/wp\/v2\/pages\/6750","targetHints":{"allow":["GET"]}}],"collection":[{"href":"https:\/\/www.lesaubergisteslyonnais.fr\/it\/wp-json\/wp\/v2\/pages"}],"about":[{"href":"https:\/\/www.lesaubergisteslyonnais.fr\/it\/wp-json\/wp\/v2\/types\/page"}],"author":[{"embeddable":true,"href":"https:\/\/www.lesaubergisteslyonnais.fr\/it\/wp-json\/wp\/v2\/users\/2"}],"replies":[{"embeddable":true,"href":"https:\/\/www.lesaubergisteslyonnais.fr\/it\/wp-json\/wp\/v2\/comments?post=6750"}],"version-history":[{"count":8,"href":"https:\/\/www.lesaubergisteslyonnais.fr\/it\/wp-json\/wp\/v2\/pages\/6750\/revisions"}],"predecessor-version":[{"id":8818,"href":"https:\/\/www.lesaubergisteslyonnais.fr\/it\/wp-json\/wp\/v2\/pages\/6750\/revisions\/8818"}],"up":[{"embeddable":true,"href":"https:\/\/www.lesaubergisteslyonnais.fr\/it\/wp-json\/wp\/v2\/pages\/3418"}],"wp:attachment":[{"href":"https:\/\/www.lesaubergisteslyonnais.fr\/it\/wp-json\/wp\/v2\/media?parent=6750"}],"curies":[{"name":"wp","href":"https:\/\/api.w.org\/{rel}","templated":true}]}}