{"id":3469,"date":"2025-04-16T17:40:06","date_gmt":"2025-04-16T15:40:06","guid":{"rendered":"https:\/\/www.lesaubergisteslyonnais.fr\/lalbergo\/la-storia\/"},"modified":"2025-11-17T16:08:28","modified_gmt":"2025-11-17T15:08:28","slug":"storia-marchio-gruppo-alberghiero","status":"publish","type":"page","link":"https:\/\/www.lesaubergisteslyonnais.fr\/it\/azienda-con-missione\/storia-marchio-gruppo-alberghiero\/","title":{"rendered":"La nostra storia"},"content":{"rendered":"\n<section class=\"heading wp-elements-9abe6911ede3cddb7a9c92cf685d3159 wp-elements-9abe6911ede3cddb7a9c92cf685d3159 wp-block-acf-heading has-text-color has-primary-color has-background has-white-100-background-color\">\n\t<div class=\"heading__container\">\n\t\t\t\t\t<div class=\"heading__background-picture\">\n\t\t\t\t<img decoding=\"async\" width=\"1620\" height=\"1080\" src=\"https:\/\/www.lesaubergisteslyonnais.fr\/wp-content\/uploads\/2025\/05\/Groupe-hotelier-fancais-lyon11.jpg\" class=\"attachment-full size-full\" alt=\"Groupe hotelier fancais lyon11\" fetchpriority=\"high\" srcset=\"https:\/\/www.lesaubergisteslyonnais.fr\/wp-content\/uploads\/2025\/05\/Groupe-hotelier-fancais-lyon11.jpg 1620w, https:\/\/www.lesaubergisteslyonnais.fr\/wp-content\/uploads\/2025\/05\/Groupe-hotelier-fancais-lyon11-600x400.jpg 600w, https:\/\/www.lesaubergisteslyonnais.fr\/wp-content\/uploads\/2025\/05\/Groupe-hotelier-fancais-lyon11-1400x933.jpg 1400w, https:\/\/www.lesaubergisteslyonnais.fr\/wp-content\/uploads\/2025\/05\/Groupe-hotelier-fancais-lyon11-768x512.jpg 768w, https:\/\/www.lesaubergisteslyonnais.fr\/wp-content\/uploads\/2025\/05\/Groupe-hotelier-fancais-lyon11-1536x1024.jpg 1536w\" sizes=\"(max-width: 1620px) 100vw, 1620px\" \/>\t\t\t<\/div>\n\t\t\t\t<div class=\"heading__layout\">\n\t\t\t<div class=\"heading__content-wrapper has-white-100-background-color\">\n\t\t\t\t<div class=\"heading__content has-white-100-background-color\">\n\t\t\t\t\t\t\t\t\t<p id=\"breadcrumbs\"><span><span><a href=\"https:\/\/www.lesaubergisteslyonnais.fr\/it\/\">Accueil<\/a><\/span><\/span><\/p>\t\t\t\t\t\t\t\t\t<div class=\"acf-innerblocks-container\">\n\n<div class=\"wp-block-group heading-content-group is-layout-grid wp-container-core-group-is-layout-96b258e4 wp-block-group-is-layout-grid\">\n<h1 class=\"wp-block-heading has-text-align-left heading__title has-primary-color has-text-color has-xx-large-font-size wp-container-content-32a3e683\">Costruire un marchio alberghiero che sia emblematico della scena lionese<\/h1>\n<\/div>\n\n<\/div>\n\t\t\t\t<\/div>\n\t\t\t\t\t\t\t\t<div class=\"heading__illustration illustration-with-parallax desktop-only\">\n\t\t\t\t\t<img decoding=\"async\" width=\"350\" height=\"350\" src=\"https:\/\/www.lesaubergisteslyonnais.fr\/wp-content\/uploads\/2025\/04\/HORLOGE.png\" class=\"attachment-full size-full\" alt=\"HORLOGE\" fetchpriority=\"high\" srcset=\"https:\/\/www.lesaubergisteslyonnais.fr\/wp-content\/uploads\/2025\/04\/HORLOGE.png 350w, https:\/\/www.lesaubergisteslyonnais.fr\/wp-content\/uploads\/2025\/04\/HORLOGE-300x300.png 300w\" sizes=\"(max-width: 350px) 100vw, 350px\" \/>\t\t\t\t<\/div>\n\t\t\t\t\t\t\t<\/div>\n\t\t<\/div>\n\t<\/div>\n<\/section>\n\n\n\t<section\n\t\tstyle=\"padding-top:var(--wp--preset--spacing--theme-default);padding-bottom:var(--wp--preset--spacing--theme-default);\" class=\"block-container align wp-block-acf-block-container has-background has-white-background-color has-global-padding is-layout-constrained wp-block-acf-block-container-is-layout-constrained\"\t>\n\n\t\n\n<div class=\"wp-block-group is-layout-flow wp-block-group-is-layout-flow\">\n<p class=\"has-text-align-left has-large-font-size\">C&#8217;era una volta, nel cuore di Lione, un posto come nessun altro. La storia di Le Globe et Cecil inizi\u00f2 nel 1866, ma solo molto pi\u00f9 tardi nacque il marchio Aubergistes Lyonnais. <\/p>\n<\/div>\n\n\n\n<\/section>\n\n\t<section\n\t\tstyle=\"padding-top:var(--wp--preset--spacing--theme-default);padding-bottom:var(--wp--preset--spacing--theme-default);\" class=\"block-container align wp-block-acf-block-container has-background has-white-100-background-color has-global-padding is-layout-constrained wp-container-acf-block-container-is-layout-afcd3024 wp-block-acf-block-container-is-layout-constrained\"\t>\n\n\t\n\n<h3 class=\"wp-block-heading has-text-align-center\">Les Aubergistes Lyonnais significa<\/h3>\n\n\n\n<div\n\tstyle=\"padding-top:var(--wp--preset--spacing--theme-s);padding-bottom:0;\" class=\"key-figures aligncenter wp-block-acf-key-figures\">\n\t\n\t\t\t\t<div class=\"key-figure\">\n\t\t\t\t\t<span class=\"key-figure__number\" number=\"131\">\n\t\t\t\t\t\t0\n\t\t\t\t\t<\/span>\n\t\t\t\t\t<span class=\"key-figure__text\">\n\t\t\t\t\t\tChiavi in totale\t\t\t\t\t<\/span>\n\t\t\t\t<\/div>\n\t\t\t\t<div class=\"separator\"><\/div>\t\t\t\n\t\t\t\t<div class=\"key-figure\">\n\t\t\t\t\t<span class=\"key-figure__number\" number=\"80\">\n\t\t\t\t\t\t0\n\t\t\t\t\t<\/span>\n\t\t\t\t\t<span class=\"key-figure__text\">\n\t\t\t\t\t\tDipendenti\t\t\t\t\t<\/span>\n\t\t\t\t<\/div>\n\t\t\t\t<div class=\"separator\"><\/div>\t\t\t\n\t\t\t\t<div class=\"key-figure\">\n\t\t\t\t\t<span class=\"key-figure__number\" number=\"3\">\n\t\t\t\t\t\t0\n\t\t\t\t\t<\/span>\n\t\t\t\t\t<span class=\"key-figure__text\">\n\t\t\t\t\t\tTipi di attivit\u00e0 principali\t\t\t\t\t<\/span>\n\t\t\t\t<\/div>\n\t\t\t\t\t\t\t<\/div>\n\n\n\n<\/section>\n\n\t<section\n\t\tstyle=\"padding-top:var(--wp--preset--spacing--theme-default);padding-bottom:var(--wp--preset--spacing--theme-default);\" class=\"block-container align wp-block-acf-block-container has-background has-white-background-color has-global-padding is-layout-constrained wp-block-acf-block-container-is-layout-constrained\"\t>\n\n\t\n\n<div class=\"wp-block-group is-layout-flow wp-block-group-is-layout-flow\">\n<details class=\"wp-block-details is-layout-flow wp-block-details-is-layout-flow\"><summary>Noi di Les Aubergistes Lyonnais preferiamo parlare di una collezione di hotel unici piuttosto che di un gruppo alberghiero tradizionale. S\u00ec, siamo un marchio alberghiero che incarna lo spirito di un gruppo alberghiero francese indipendente, ma ci stiamo allontanando dagli standard delle catene alberghiere tradizionali. Ogni struttura incarna, a modo suo, il nostro marchio alberghiero, ricco di storia e fascino. Ognuno di essi si distingue per il suo carattere, la sua originalit\u00e0 e la sua capacit\u00e0 di offrire un&#8217;esperienza su misura.   <\/summary>\n<p><\/p>\n\n\n\n<p>Siamo un gruppo alberghiero francese con sede a Lione, ma ci\u00f2 che ci rende davvero unici \u00e8 il nostro approccio familiare, dove ogni luogo \u00e8 il riflesso della nostra storia e della nostra passione per l \u201cautenticit\u00e0 e l\u201d innovazione. Il nostro gruppo alberghiero con sede a Lione \u00e8 un invito a scoprire luoghi incantevoli, lontani dall \u201cuniformit\u00e0, dove l\u201d ospitalit\u00e0 e la creativit\u00e0 assumono il loro pieno significato. <\/p>\n<\/details>\n<\/div>\n\n\n\n<\/section>\n\n\t<section\n\t\tstyle=\"padding-bottom:var(--wp--preset--spacing--none);\" class=\"masonry-row alignfull wp-block-acf-masonry-row is-layout-flow wp-block-acf-masonry-row-is-layout-flow\"\t>\n\n\t<div class=\"masonry-row__wrapper\">\n\t\t\n\n<figure class=\"wp-block-gallery has-nested-images columns-default masonry-row__gallery wp-block-gallery-1 is-layout-flex wp-block-gallery-is-layout-flex\" style=\"padding-top:0;padding-bottom:0\">\n<figure class=\"wp-block-image size-full\"><img decoding=\"async\" width=\"720\" height=\"1080\" data-id=\"7951\" src=\"https:\/\/www.lesaubergisteslyonnais.fr\/wp-content\/uploads\/2025\/06\/IMG_6647-1.jpg\" alt=\"IMG 6647 (1)\" class=\"wp-image-7951\" srcset=\"https:\/\/www.lesaubergisteslyonnais.fr\/wp-content\/uploads\/2025\/06\/IMG_6647-1.jpg 720w, https:\/\/www.lesaubergisteslyonnais.fr\/wp-content\/uploads\/2025\/06\/IMG_6647-1-400x600.jpg 400w\" sizes=\"(max-width: 720px) 100vw, 720px\" \/><\/figure>\n\n\n\n<figure class=\"wp-block-image size-large\"><img decoding=\"async\" width=\"683\" height=\"1024\" data-id=\"1524\" src=\"https:\/\/www.lesaubergisteslyonnais.fr\/wp-content\/uploads\/2025\/03\/Hotel_Lyon_Bellecour2-1-683x1024.jpg\" alt=\"Hotel_Lyon_Bellecour2\" class=\"wp-image-1524\" srcset=\"https:\/\/www.lesaubergisteslyonnais.fr\/wp-content\/uploads\/2025\/03\/Hotel_Lyon_Bellecour2-1-683x1024.jpg 683w, https:\/\/www.lesaubergisteslyonnais.fr\/wp-content\/uploads\/2025\/03\/Hotel_Lyon_Bellecour2-1-200x300.jpg 200w, https:\/\/www.lesaubergisteslyonnais.fr\/wp-content\/uploads\/2025\/03\/Hotel_Lyon_Bellecour2-1.jpg 720w\" sizes=\"(max-width: 683px) 100vw, 683px\" \/><\/figure>\n\n\n\n<figure class=\"wp-block-image size-full\"><img decoding=\"async\" width=\"720\" height=\"1080\" data-id=\"5681\" src=\"https:\/\/www.lesaubergisteslyonnais.fr\/wp-content\/uploads\/2025\/05\/Groupe-hotelier-fancais-lyon7.jpg\" alt=\"Gruppo alberghiero francese lyon7\" class=\"wp-image-5681\" srcset=\"https:\/\/www.lesaubergisteslyonnais.fr\/wp-content\/uploads\/2025\/05\/Groupe-hotelier-fancais-lyon7.jpg 720w, https:\/\/www.lesaubergisteslyonnais.fr\/wp-content\/uploads\/2025\/05\/Groupe-hotelier-fancais-lyon7-400x600.jpg 400w\" sizes=\"(max-width: 720px) 100vw, 720px\" \/><\/figure>\n\n\n\n<figure class=\"wp-block-image size-large\"><img decoding=\"async\" width=\"768\" height=\"1024\" data-id=\"1937\" src=\"https:\/\/www.lesaubergisteslyonnais.fr\/wp-content\/uploads\/2025\/03\/Hotel-seminaire-lyon-768x1024.jpg\" alt=\"\" class=\"wp-image-1937\" srcset=\"https:\/\/www.lesaubergisteslyonnais.fr\/wp-content\/uploads\/2025\/03\/Hotel-seminaire-lyon-768x1024.jpg 768w, https:\/\/www.lesaubergisteslyonnais.fr\/wp-content\/uploads\/2025\/03\/Hotel-seminaire-lyon-225x300.jpg 225w, https:\/\/www.lesaubergisteslyonnais.fr\/wp-content\/uploads\/2025\/03\/Hotel-seminaire-lyon-1152x1536.jpg 1152w, https:\/\/www.lesaubergisteslyonnais.fr\/wp-content\/uploads\/2025\/03\/Hotel-seminaire-lyon-1536x2048.jpg 1536w, https:\/\/www.lesaubergisteslyonnais.fr\/wp-content\/uploads\/2025\/03\/Hotel-seminaire-lyon.jpg 1920w\" sizes=\"(max-width: 768px) 100vw, 768px\" \/><\/figure>\n\n\n\n<figure class=\"wp-block-image size-large\"><img decoding=\"async\" width=\"1024\" height=\"683\" data-id=\"1671\" src=\"https:\/\/www.lesaubergisteslyonnais.fr\/wp-content\/uploads\/2025\/03\/Loic_Renart_Les_Aubergistes_Lyonnais-1024x683.jpg\" alt=\"\" class=\"wp-image-1671\" srcset=\"https:\/\/www.lesaubergisteslyonnais.fr\/wp-content\/uploads\/2025\/03\/Loic_Renart_Les_Aubergistes_Lyonnais-1024x683.jpg 1024w, https:\/\/www.lesaubergisteslyonnais.fr\/wp-content\/uploads\/2025\/03\/Loic_Renart_Les_Aubergistes_Lyonnais-300x200.jpg 300w, https:\/\/www.lesaubergisteslyonnais.fr\/wp-content\/uploads\/2025\/03\/Loic_Renart_Les_Aubergistes_Lyonnais-768x512.jpg 768w, https:\/\/www.lesaubergisteslyonnais.fr\/wp-content\/uploads\/2025\/03\/Loic_Renart_Les_Aubergistes_Lyonnais-1536x1024.jpg 1536w, https:\/\/www.lesaubergisteslyonnais.fr\/wp-content\/uploads\/2025\/03\/Loic_Renart_Les_Aubergistes_Lyonnais.jpg 1620w\" sizes=\"(max-width: 1024px) 100vw, 1024px\" \/><\/figure>\n\n\n\n<figure class=\"wp-block-image size-large\"><img decoding=\"async\" width=\"1400\" height=\"933\" data-id=\"7943\" src=\"https:\/\/www.lesaubergisteslyonnais.fr\/wp-content\/uploads\/2025\/06\/hotel-de-charme-3-etoiles-lyon2-1400x933.jpg\" alt=\"hotel di charme a 3 stelle a lione2\" class=\"wp-image-7943\" srcset=\"https:\/\/www.lesaubergisteslyonnais.fr\/wp-content\/uploads\/2025\/06\/hotel-de-charme-3-etoiles-lyon2-1400x933.jpg 1400w, https:\/\/www.lesaubergisteslyonnais.fr\/wp-content\/uploads\/2025\/06\/hotel-de-charme-3-etoiles-lyon2-600x400.jpg 600w, https:\/\/www.lesaubergisteslyonnais.fr\/wp-content\/uploads\/2025\/06\/hotel-de-charme-3-etoiles-lyon2-768x512.jpg 768w, https:\/\/www.lesaubergisteslyonnais.fr\/wp-content\/uploads\/2025\/06\/hotel-de-charme-3-etoiles-lyon2-1536x1024.jpg 1536w, https:\/\/www.lesaubergisteslyonnais.fr\/wp-content\/uploads\/2025\/06\/hotel-de-charme-3-etoiles-lyon2.jpg 1620w\" sizes=\"(max-width: 1400px) 100vw, 1400px\" \/><\/figure>\n\n\n\n<figure class=\"wp-block-image size-full\"><img decoding=\"async\" width=\"216\" height=\"324\" data-id=\"98\" src=\"https:\/\/www.lesaubergisteslyonnais.fr\/wp-content\/uploads\/2025\/03\/IMG_1279-1.png\" alt=\"\" class=\"wp-image-98\"\/><\/figure>\n\n\n\n<figure class=\"wp-block-image size-full\"><img decoding=\"async\" width=\"1114\" height=\"802\" data-id=\"1673\" src=\"https:\/\/www.lesaubergisteslyonnais.fr\/wp-content\/uploads\/2025\/03\/hotel_lyon_bellecour_equipe_histoire3.png\" alt=\"\" class=\"wp-image-1673\" srcset=\"https:\/\/www.lesaubergisteslyonnais.fr\/wp-content\/uploads\/2025\/03\/hotel_lyon_bellecour_equipe_histoire3.png 1114w, https:\/\/www.lesaubergisteslyonnais.fr\/wp-content\/uploads\/2025\/03\/hotel_lyon_bellecour_equipe_histoire3-600x432.png 600w, https:\/\/www.lesaubergisteslyonnais.fr\/wp-content\/uploads\/2025\/03\/hotel_lyon_bellecour_equipe_histoire3-768x553.png 768w\" sizes=\"(max-width: 1114px) 100vw, 1114px\" \/><\/figure>\n<\/figure>\n\n\n\n<figure class=\"wp-block-gallery has-nested-images columns-default masonry-row__gallery wp-block-gallery-2 is-layout-flex wp-block-gallery-is-layout-flex\" style=\"padding-top:0;padding-bottom:0\">\n<figure class=\"wp-block-image size-large\"><img decoding=\"async\" width=\"768\" height=\"1024\" data-id=\"1678\" src=\"https:\/\/www.lesaubergisteslyonnais.fr\/wp-content\/uploads\/2025\/03\/chambre_hotel_lyon_centre_ville-1-768x1024.jpg\" alt=\"\" class=\"wp-image-1678\" srcset=\"https:\/\/www.lesaubergisteslyonnais.fr\/wp-content\/uploads\/2025\/03\/chambre_hotel_lyon_centre_ville-1-768x1024.jpg 768w, https:\/\/www.lesaubergisteslyonnais.fr\/wp-content\/uploads\/2025\/03\/chambre_hotel_lyon_centre_ville-1-225x300.jpg 225w, https:\/\/www.lesaubergisteslyonnais.fr\/wp-content\/uploads\/2025\/03\/chambre_hotel_lyon_centre_ville-1-1152x1536.jpg 1152w, https:\/\/www.lesaubergisteslyonnais.fr\/wp-content\/uploads\/2025\/03\/chambre_hotel_lyon_centre_ville-1-1536x2048.jpg 1536w, https:\/\/www.lesaubergisteslyonnais.fr\/wp-content\/uploads\/2025\/03\/chambre_hotel_lyon_centre_ville-1.jpg 1920w\" sizes=\"(max-width: 768px) 100vw, 768px\" \/><\/figure>\n\n\n\n<figure class=\"wp-block-image size-large\"><img decoding=\"async\" width=\"1400\" height=\"933\" data-id=\"7923\" src=\"https:\/\/www.lesaubergisteslyonnais.fr\/wp-content\/uploads\/2025\/06\/hotel-de-charme-3-etoiles-lyon002-1400x933.jpg\" alt=\"hotel di charme a 3 stelle lyon002\" class=\"wp-image-7923\" srcset=\"https:\/\/www.lesaubergisteslyonnais.fr\/wp-content\/uploads\/2025\/06\/hotel-de-charme-3-etoiles-lyon002-1400x933.jpg 1400w, https:\/\/www.lesaubergisteslyonnais.fr\/wp-content\/uploads\/2025\/06\/hotel-de-charme-3-etoiles-lyon002-600x400.jpg 600w, https:\/\/www.lesaubergisteslyonnais.fr\/wp-content\/uploads\/2025\/06\/hotel-de-charme-3-etoiles-lyon002-768x512.jpg 768w, https:\/\/www.lesaubergisteslyonnais.fr\/wp-content\/uploads\/2025\/06\/hotel-de-charme-3-etoiles-lyon002-1536x1024.jpg 1536w, https:\/\/www.lesaubergisteslyonnais.fr\/wp-content\/uploads\/2025\/06\/hotel-de-charme-3-etoiles-lyon002.jpg 1620w\" sizes=\"(max-width: 1400px) 100vw, 1400px\" \/><\/figure>\n\n\n\n<figure class=\"wp-block-image size-large\"><img decoding=\"async\" width=\"683\" height=\"1024\" data-id=\"850\" src=\"https:\/\/www.lesaubergisteslyonnais.fr\/wp-content\/uploads\/2025\/03\/Hotel_lyon_Bellecour4-683x1024.jpg\" alt=\"\" class=\"wp-image-850\" srcset=\"https:\/\/www.lesaubergisteslyonnais.fr\/wp-content\/uploads\/2025\/03\/Hotel_lyon_Bellecour4-683x1024.jpg 683w, https:\/\/www.lesaubergisteslyonnais.fr\/wp-content\/uploads\/2025\/03\/Hotel_lyon_Bellecour4-200x300.jpg 200w, https:\/\/www.lesaubergisteslyonnais.fr\/wp-content\/uploads\/2025\/03\/Hotel_lyon_Bellecour4.jpg 720w\" sizes=\"(max-width: 683px) 100vw, 683px\" \/><\/figure>\n\n\n\n<figure class=\"wp-block-image size-full\"><img decoding=\"async\" width=\"720\" height=\"1080\" data-id=\"5615\" src=\"https:\/\/www.lesaubergisteslyonnais.fr\/wp-content\/uploads\/2025\/05\/Hotel-Lyon-centre-ville_Perrache_Simplon-82.jpg\" alt=\"Hotel Lione centro Perrache Simplon 82\" class=\"wp-image-5615\" srcset=\"https:\/\/www.lesaubergisteslyonnais.fr\/wp-content\/uploads\/2025\/05\/Hotel-Lyon-centre-ville_Perrache_Simplon-82.jpg 720w, https:\/\/www.lesaubergisteslyonnais.fr\/wp-content\/uploads\/2025\/05\/Hotel-Lyon-centre-ville_Perrache_Simplon-82-400x600.jpg 400w\" sizes=\"(max-width: 720px) 100vw, 720px\" \/><\/figure>\n\n\n\n<figure class=\"wp-block-image size-full\"><img decoding=\"async\" width=\"720\" height=\"1080\" data-id=\"5685\" src=\"https:\/\/www.lesaubergisteslyonnais.fr\/wp-content\/uploads\/2025\/05\/Groupe-hotelier-fancais-lyon8.jpg\" alt=\"Gruppo alberghiero francese lyon8\" class=\"wp-image-5685\" srcset=\"https:\/\/www.lesaubergisteslyonnais.fr\/wp-content\/uploads\/2025\/05\/Groupe-hotelier-fancais-lyon8.jpg 720w, https:\/\/www.lesaubergisteslyonnais.fr\/wp-content\/uploads\/2025\/05\/Groupe-hotelier-fancais-lyon8-400x600.jpg 400w\" sizes=\"(max-width: 720px) 100vw, 720px\" \/><\/figure>\n\n\n\n<figure class=\"wp-block-image size-full\"><img decoding=\"async\" width=\"720\" height=\"1080\" data-id=\"7955\" src=\"https:\/\/www.lesaubergisteslyonnais.fr\/wp-content\/uploads\/2025\/06\/equipe-les-aubergistes-lyonnais-1.jpg\" alt=\"squadra les aubergistes lyonnais\" class=\"wp-image-7955\" srcset=\"https:\/\/www.lesaubergisteslyonnais.fr\/wp-content\/uploads\/2025\/06\/equipe-les-aubergistes-lyonnais-1.jpg 720w, https:\/\/www.lesaubergisteslyonnais.fr\/wp-content\/uploads\/2025\/06\/equipe-les-aubergistes-lyonnais-1-400x600.jpg 400w\" sizes=\"(max-width: 720px) 100vw, 720px\" \/><\/figure>\n\n\n\n<figure class=\"wp-block-image size-large\"><img decoding=\"async\" width=\"1400\" height=\"933\" data-id=\"5677\" src=\"https:\/\/www.lesaubergisteslyonnais.fr\/wp-content\/uploads\/2025\/05\/Groupe-hotelier-fancais-lyon6-1400x933.jpg\" alt=\"Gruppo alberghiero francese lyon6\" class=\"wp-image-5677\" srcset=\"https:\/\/www.lesaubergisteslyonnais.fr\/wp-content\/uploads\/2025\/05\/Groupe-hotelier-fancais-lyon6-1400x933.jpg 1400w, https:\/\/www.lesaubergisteslyonnais.fr\/wp-content\/uploads\/2025\/05\/Groupe-hotelier-fancais-lyon6-600x400.jpg 600w, https:\/\/www.lesaubergisteslyonnais.fr\/wp-content\/uploads\/2025\/05\/Groupe-hotelier-fancais-lyon6-768x512.jpg 768w, https:\/\/www.lesaubergisteslyonnais.fr\/wp-content\/uploads\/2025\/05\/Groupe-hotelier-fancais-lyon6-1536x1024.jpg 1536w, https:\/\/www.lesaubergisteslyonnais.fr\/wp-content\/uploads\/2025\/05\/Groupe-hotelier-fancais-lyon6.jpg 1620w\" sizes=\"(max-width: 1400px) 100vw, 1400px\" \/><\/figure>\n\n\n\n<figure class=\"wp-block-image size-large\"><img decoding=\"async\" width=\"683\" height=\"1024\" data-id=\"2621\" src=\"https:\/\/www.lesaubergisteslyonnais.fr\/wp-content\/uploads\/2025\/04\/candice-responsable-commercial-evenement-lyon-683x1024.jpg\" alt=\"\" class=\"wp-image-2621\" srcset=\"https:\/\/www.lesaubergisteslyonnais.fr\/wp-content\/uploads\/2025\/04\/candice-responsable-commercial-evenement-lyon-683x1024.jpg 683w, https:\/\/www.lesaubergisteslyonnais.fr\/wp-content\/uploads\/2025\/04\/candice-responsable-commercial-evenement-lyon-200x300.jpg 200w, https:\/\/www.lesaubergisteslyonnais.fr\/wp-content\/uploads\/2025\/04\/candice-responsable-commercial-evenement-lyon.jpg 720w\" sizes=\"(max-width: 683px) 100vw, 683px\" \/><\/figure>\n<\/figure>\n\n\n\n\t<section\n\t\tstyle=\"padding-top:var(--wp--preset--spacing--theme-m);padding-bottom:0;\" class=\"block-illustration block-illustration--bottom-right alignfull wp-block-acf-block-illustration has-background has-white-100-background-color is-layout-flow wp-block-acf-block-illustration-is-layout-flow\"\t>\n\n\t<div class=\"block-illustration__wrapper alignwide\">\n\t\t\t<div class=\"block-illustration__innerblocks\">\n\n<figure class=\"wp-block-image size-full is-resized\"><img decoding=\"async\" width=\"360\" height=\"326\" src=\"https:\/\/www.lesaubergisteslyonnais.fr\/wp-content\/uploads\/2025\/05\/LAL_COMPO_SIMPLIFIEE_RVB.png\" alt=\"IL COMPO RVB SEMPLIFICATO\" class=\"wp-image-4811\" style=\"width:121px;height:auto\"\/><\/figure>\n\n\n\n<h2 class=\"wp-block-heading has-text-align-center\">Date chiave<mark style=\"background-color:rgba(0, 0, 0, 0)\" class=\"has-inline-color has-primary-color\"> <\/mark><\/h2>\n\n\n\n<p class=\"has-text-align-left\">&#8211; Nel <strong>1966<\/strong>, Le Globe et Cecil divenne propriet\u00e0 del signor Auroux, il nonno dell&#8217;attuale proprietario.<br\/>&#8211; Nel <strong>2009<\/strong>, Lo\u00efc Renart ha assunto la gestione dell&#8217;hotel Globe et Cecil e 3 anni dopo lo ha acquistato, raccogliendo la fiaccola di 2 generazioni e una storia alberghiera che risale al 1866.<br\/>&#8211; Nel <strong>2017<\/strong> ha acquisito l&#8217;H\u00f4tel du Simplon: un secondo indirizzo nel cuore della penisola.<br\/>&#8211; Nel <strong>2018<\/strong>, l&#8217;hotel Globe et Cecil svela un nuovo volto e d\u00e0 il benvenuto al suo alter ego gastronomico: il ristorante Comptoir Cecil.<br\/>&#8211; Nel <strong>2020<\/strong>, l&#8217;H\u00f4tel du Ph\u00e9nix si unisce a questa sinfonia di indirizzi unici. Con l&#8217;arrivo di un nuovo ristorante, il Comptoir Ph\u00e9nix, le nostre ambizioni di gruppo alberghiero indipendente prendono il volo.<br\/>&#8211; E cos\u00ec, nel <strong>2021 <\/strong>, nasce il marchio Les Aubergistes Lyonnais, una collezione di hotel boutique, ristoranti e spazi per eventi, dove ogni dettaglio racconta una storia. La nostra collezione entra cos\u00ec a far parte del ristretto clan dei gruppi alberghieri indipendenti francesi, pur mantenendo il suo carattere familiare, ben lontano dalle catene alberghiere.<br\/>&#8211; Nel 2022, il Ph\u00e9nix viene completamente rinnovato per seguire un percorso ambizioso e ben tracciato.<br\/>&#8211; Questi sforzi messi insieme permettono al Ph\u00e9nix e al Simplon di ottenere una stella in pi\u00f9 ciascuno nel <strong>2022<\/strong>.  <\/p>\n\n<\/div>\n\t<\/div>\n<\/section>\n\n\n\t<\/div>\n<\/section>\n\n\t<section\n\t\tstyle=\"padding-top:var(--wp--preset--spacing--theme-default);padding-bottom:var(--wp--preset--spacing--theme-default);\" class=\"block-container align wp-block-acf-block-container has-background has-white-background-color has-global-padding is-layout-constrained wp-block-acf-block-container-is-layout-constrained\"\t>\n\n\t\n\n<div class=\"wp-block-group is-layout-flow wp-container-core-group-is-layout-6438c6a4 wp-block-group-is-layout-flow\">\n<h3 class=\"wp-block-heading has-text-align-left\">Ogni stabilimento della nostra collezione \u00e8 atipico, originale e unico:<\/h3>\n\n\n\n<p class=\"has-large-font-size\">Spazi abitativi locali con un&#8217;identit\u00e0 forte e decisa<\/p>\n\n\n\n<details class=\"wp-block-details is-layout-flow wp-block-details-is-layout-flow\"><summary>Oggi diamo la priorit\u00e0 ai luoghi con una personalit\u00e0 forte e decisa, i cui punti di forza sono l \u201cautenticit\u00e0, il fascino e l\u201d ospitalit\u00e0. Venire da noi significa innanzitutto scegliere una location da sogno nel cuore dei quartieri pi\u00f9 vivaci di Lione, ricchi di patrimonio e di storia. Ma significa anche apprezzare l \u201copportunit\u00e0 di incontrare persone e godere di un\u201d accoglienza calorosa e umana&#8230;  <br><\/summary>\n<p>Gestiamo e animiamo spazi abitativi che incarnano l \u201cesperienza della condivisione. Un\u201d esperienza che crea legami tra le persone, ma anche tra un luogo e il suo ambiente. Un \u201cesperienza con un simbolismo e un\u201d identit\u00e0 forti, unici e di alta qualit\u00e0.  <\/p>\n<\/details>\n<\/div>\n\n\n\n<\/section>\n","protected":false},"excerpt":{"rendered":"","protected":false},"author":7,"featured_media":0,"parent":3418,"menu_order":0,"comment_status":"closed","ping_status":"closed","template":"","meta":{"_acf_changed":false,"inline_featured_image":false,"footnotes":""},"class_list":["post-3469","page","type-page","status-publish","hentry"],"acf":[],"yoast_head":"<!-- This site is optimized with the Yoast SEO plugin v27.4 - https:\/\/yoast.com\/product\/yoast-seo-wordpress\/ -->\n<title>Gruppo alberghiero indipendente a conduzione familiare - Marchio alberghiero nello stile di vita di Lione<\/title>\n<meta name=\"description\" content=\"Les Aubergistes Lyonnais - Un gruppo alberghiero francese a conduzione familiare, indipendente e impegnato, che offre un&#039;autentica arte di vivere a Lione.\" \/>\n<meta name=\"robots\" content=\"index, follow, max-snippet:-1, max-image-preview:large, max-video-preview:-1\" \/>\n<link rel=\"canonical\" href=\"https:\/\/www.lesaubergisteslyonnais.fr\/it\/azienda-con-missione\/storia-marchio-gruppo-alberghiero\/\" \/>\n<meta property=\"og:locale\" content=\"it_IT\" \/>\n<meta property=\"og:type\" content=\"article\" \/>\n<meta property=\"og:title\" content=\"Gruppo alberghiero indipendente a conduzione familiare - Marchio alberghiero nello stile di vita di Lione\" \/>\n<meta property=\"og:description\" content=\"Les Aubergistes Lyonnais - Un gruppo alberghiero francese a conduzione familiare, indipendente e impegnato, che offre un&#039;autentica arte di vivere a Lione.\" \/>\n<meta property=\"og:url\" content=\"https:\/\/www.lesaubergisteslyonnais.fr\/it\/azienda-con-missione\/storia-marchio-gruppo-alberghiero\/\" \/>\n<meta property=\"og:site_name\" content=\"Les Aubergistes Lyonnais\" \/>\n<meta property=\"article:modified_time\" content=\"2025-11-17T15:08:28+00:00\" \/>\n<meta property=\"og:image\" content=\"https:\/\/www.lesaubergisteslyonnais.fr\/wp-content\/uploads\/2025\/06\/IMG_6647-1.jpg\" \/>\n<meta name=\"twitter:card\" content=\"summary_large_image\" \/>\n<meta name=\"twitter:label1\" content=\"Tempo di lettura stimato\" \/>\n\t<meta name=\"twitter:data1\" content=\"6 minuto\" \/>\n<script type=\"application\/ld+json\" class=\"yoast-schema-graph\">{\"@context\":\"https:\\\/\\\/schema.org\",\"@graph\":[{\"@type\":\"WebPage\",\"@id\":\"https:\\\/\\\/www.lesaubergisteslyonnais.fr\\\/it\\\/azienda-con-missione\\\/storia-marchio-gruppo-alberghiero\\\/\",\"url\":\"https:\\\/\\\/www.lesaubergisteslyonnais.fr\\\/it\\\/azienda-con-missione\\\/storia-marchio-gruppo-alberghiero\\\/\",\"name\":\"Gruppo alberghiero indipendente a conduzione familiare - Marchio alberghiero nello stile di vita di Lione\",\"isPartOf\":{\"@id\":\"https:\\\/\\\/www.lesaubergisteslyonnais.fr\\\/it\\\/#website\"},\"primaryImageOfPage\":{\"@id\":\"https:\\\/\\\/www.lesaubergisteslyonnais.fr\\\/it\\\/azienda-con-missione\\\/storia-marchio-gruppo-alberghiero\\\/#primaryimage\"},\"image\":{\"@id\":\"https:\\\/\\\/www.lesaubergisteslyonnais.fr\\\/it\\\/azienda-con-missione\\\/storia-marchio-gruppo-alberghiero\\\/#primaryimage\"},\"thumbnailUrl\":\"https:\\\/\\\/www.lesaubergisteslyonnais.fr\\\/wp-content\\\/uploads\\\/2025\\\/06\\\/IMG_6647-1.jpg\",\"datePublished\":\"2025-04-16T15:40:06+00:00\",\"dateModified\":\"2025-11-17T15:08:28+00:00\",\"description\":\"Les Aubergistes Lyonnais - Un gruppo alberghiero francese a conduzione familiare, indipendente e impegnato, che offre un'autentica arte di vivere a Lione.\",\"breadcrumb\":{\"@id\":\"https:\\\/\\\/www.lesaubergisteslyonnais.fr\\\/it\\\/azienda-con-missione\\\/storia-marchio-gruppo-alberghiero\\\/#breadcrumb\"},\"inLanguage\":\"it-IT\",\"potentialAction\":[{\"@type\":\"ReadAction\",\"target\":[\"https:\\\/\\\/www.lesaubergisteslyonnais.fr\\\/it\\\/azienda-con-missione\\\/storia-marchio-gruppo-alberghiero\\\/\"]}]},{\"@type\":\"ImageObject\",\"inLanguage\":\"it-IT\",\"@id\":\"https:\\\/\\\/www.lesaubergisteslyonnais.fr\\\/it\\\/azienda-con-missione\\\/storia-marchio-gruppo-alberghiero\\\/#primaryimage\",\"url\":\"https:\\\/\\\/www.lesaubergisteslyonnais.fr\\\/wp-content\\\/uploads\\\/2025\\\/06\\\/IMG_6647-1.jpg\",\"contentUrl\":\"https:\\\/\\\/www.lesaubergisteslyonnais.fr\\\/wp-content\\\/uploads\\\/2025\\\/06\\\/IMG_6647-1.jpg\"},{\"@type\":\"BreadcrumbList\",\"@id\":\"https:\\\/\\\/www.lesaubergisteslyonnais.fr\\\/it\\\/azienda-con-missione\\\/storia-marchio-gruppo-alberghiero\\\/#breadcrumb\",\"itemListElement\":[{\"@type\":\"ListItem\",\"position\":1,\"name\":\"Accueil\",\"item\":\"https:\\\/\\\/www.lesaubergisteslyonnais.fr\\\/it\\\/\"},{\"@type\":\"ListItem\",\"position\":2,\"name\":\"Un gruppo alberghiero impegnato\",\"item\":\"https:\\\/\\\/www.lesaubergisteslyonnais.fr\\\/it\\\/azienda-con-missione\\\/\"},{\"@type\":\"ListItem\",\"position\":3,\"name\":\"La nostra storia\"}]},{\"@type\":\"WebSite\",\"@id\":\"https:\\\/\\\/www.lesaubergisteslyonnais.fr\\\/it\\\/#website\",\"url\":\"https:\\\/\\\/www.lesaubergisteslyonnais.fr\\\/it\\\/\",\"name\":\"Globe Cecil\",\"description\":\"\",\"publisher\":{\"@id\":\"https:\\\/\\\/www.lesaubergisteslyonnais.fr\\\/it\\\/#organization\"},\"potentialAction\":[{\"@type\":\"SearchAction\",\"target\":{\"@type\":\"EntryPoint\",\"urlTemplate\":\"https:\\\/\\\/www.lesaubergisteslyonnais.fr\\\/it\\\/?s={search_term_string}\"},\"query-input\":{\"@type\":\"PropertyValueSpecification\",\"valueRequired\":true,\"valueName\":\"search_term_string\"}}],\"inLanguage\":\"it-IT\"},{\"@type\":\"Organization\",\"@id\":\"https:\\\/\\\/www.lesaubergisteslyonnais.fr\\\/it\\\/#organization\",\"name\":\"Globe Cecil\",\"url\":\"https:\\\/\\\/www.lesaubergisteslyonnais.fr\\\/it\\\/\",\"logo\":{\"@type\":\"ImageObject\",\"inLanguage\":\"it-IT\",\"@id\":\"https:\\\/\\\/www.lesaubergisteslyonnais.fr\\\/it\\\/#\\\/schema\\\/logo\\\/image\\\/\",\"url\":\"https:\\\/\\\/www.lesaubergisteslyonnais.fr\\\/wp-content\\\/uploads\\\/2025\\\/05\\\/LOGO-Aubergistes-Lyonnais-White.svg\",\"contentUrl\":\"https:\\\/\\\/www.lesaubergisteslyonnais.fr\\\/wp-content\\\/uploads\\\/2025\\\/05\\\/LOGO-Aubergistes-Lyonnais-White.svg\",\"width\":558,\"height\":127,\"caption\":\"Globe Cecil\"},\"image\":{\"@id\":\"https:\\\/\\\/www.lesaubergisteslyonnais.fr\\\/it\\\/#\\\/schema\\\/logo\\\/image\\\/\"}}]}<\/script>\n<!-- \/ Yoast SEO plugin. -->","yoast_head_json":{"title":"Gruppo alberghiero indipendente a conduzione familiare - Marchio alberghiero nello stile di vita di Lione","description":"Les Aubergistes Lyonnais - Un gruppo alberghiero francese a conduzione familiare, indipendente e impegnato, che offre un'autentica arte di vivere a Lione.","robots":{"index":"index","follow":"follow","max-snippet":"max-snippet:-1","max-image-preview":"max-image-preview:large","max-video-preview":"max-video-preview:-1"},"canonical":"https:\/\/www.lesaubergisteslyonnais.fr\/it\/azienda-con-missione\/storia-marchio-gruppo-alberghiero\/","og_locale":"it_IT","og_type":"article","og_title":"Gruppo alberghiero indipendente a conduzione familiare - Marchio alberghiero nello stile di vita di Lione","og_description":"Les Aubergistes Lyonnais - Un gruppo alberghiero francese a conduzione familiare, indipendente e impegnato, che offre un'autentica arte di vivere a Lione.","og_url":"https:\/\/www.lesaubergisteslyonnais.fr\/it\/azienda-con-missione\/storia-marchio-gruppo-alberghiero\/","og_site_name":"Les Aubergistes Lyonnais","article_modified_time":"2025-11-17T15:08:28+00:00","og_image":[{"url":"https:\/\/www.lesaubergisteslyonnais.fr\/wp-content\/uploads\/2025\/06\/IMG_6647-1.jpg","type":"","width":"","height":""}],"twitter_card":"summary_large_image","twitter_misc":{"Tempo di lettura stimato":"6 minuto"},"schema":{"@context":"https:\/\/schema.org","@graph":[{"@type":"WebPage","@id":"https:\/\/www.lesaubergisteslyonnais.fr\/it\/azienda-con-missione\/storia-marchio-gruppo-alberghiero\/","url":"https:\/\/www.lesaubergisteslyonnais.fr\/it\/azienda-con-missione\/storia-marchio-gruppo-alberghiero\/","name":"Gruppo alberghiero indipendente a conduzione familiare - Marchio alberghiero nello stile di vita di Lione","isPartOf":{"@id":"https:\/\/www.lesaubergisteslyonnais.fr\/it\/#website"},"primaryImageOfPage":{"@id":"https:\/\/www.lesaubergisteslyonnais.fr\/it\/azienda-con-missione\/storia-marchio-gruppo-alberghiero\/#primaryimage"},"image":{"@id":"https:\/\/www.lesaubergisteslyonnais.fr\/it\/azienda-con-missione\/storia-marchio-gruppo-alberghiero\/#primaryimage"},"thumbnailUrl":"https:\/\/www.lesaubergisteslyonnais.fr\/wp-content\/uploads\/2025\/06\/IMG_6647-1.jpg","datePublished":"2025-04-16T15:40:06+00:00","dateModified":"2025-11-17T15:08:28+00:00","description":"Les Aubergistes Lyonnais - Un gruppo alberghiero francese a conduzione familiare, indipendente e impegnato, che offre un'autentica arte di vivere a Lione.","breadcrumb":{"@id":"https:\/\/www.lesaubergisteslyonnais.fr\/it\/azienda-con-missione\/storia-marchio-gruppo-alberghiero\/#breadcrumb"},"inLanguage":"it-IT","potentialAction":[{"@type":"ReadAction","target":["https:\/\/www.lesaubergisteslyonnais.fr\/it\/azienda-con-missione\/storia-marchio-gruppo-alberghiero\/"]}]},{"@type":"ImageObject","inLanguage":"it-IT","@id":"https:\/\/www.lesaubergisteslyonnais.fr\/it\/azienda-con-missione\/storia-marchio-gruppo-alberghiero\/#primaryimage","url":"https:\/\/www.lesaubergisteslyonnais.fr\/wp-content\/uploads\/2025\/06\/IMG_6647-1.jpg","contentUrl":"https:\/\/www.lesaubergisteslyonnais.fr\/wp-content\/uploads\/2025\/06\/IMG_6647-1.jpg"},{"@type":"BreadcrumbList","@id":"https:\/\/www.lesaubergisteslyonnais.fr\/it\/azienda-con-missione\/storia-marchio-gruppo-alberghiero\/#breadcrumb","itemListElement":[{"@type":"ListItem","position":1,"name":"Accueil","item":"https:\/\/www.lesaubergisteslyonnais.fr\/it\/"},{"@type":"ListItem","position":2,"name":"Un gruppo alberghiero impegnato","item":"https:\/\/www.lesaubergisteslyonnais.fr\/it\/azienda-con-missione\/"},{"@type":"ListItem","position":3,"name":"La nostra storia"}]},{"@type":"WebSite","@id":"https:\/\/www.lesaubergisteslyonnais.fr\/it\/#website","url":"https:\/\/www.lesaubergisteslyonnais.fr\/it\/","name":"Globe Cecil","description":"","publisher":{"@id":"https:\/\/www.lesaubergisteslyonnais.fr\/it\/#organization"},"potentialAction":[{"@type":"SearchAction","target":{"@type":"EntryPoint","urlTemplate":"https:\/\/www.lesaubergisteslyonnais.fr\/it\/?s={search_term_string}"},"query-input":{"@type":"PropertyValueSpecification","valueRequired":true,"valueName":"search_term_string"}}],"inLanguage":"it-IT"},{"@type":"Organization","@id":"https:\/\/www.lesaubergisteslyonnais.fr\/it\/#organization","name":"Globe Cecil","url":"https:\/\/www.lesaubergisteslyonnais.fr\/it\/","logo":{"@type":"ImageObject","inLanguage":"it-IT","@id":"https:\/\/www.lesaubergisteslyonnais.fr\/it\/#\/schema\/logo\/image\/","url":"https:\/\/www.lesaubergisteslyonnais.fr\/wp-content\/uploads\/2025\/05\/LOGO-Aubergistes-Lyonnais-White.svg","contentUrl":"https:\/\/www.lesaubergisteslyonnais.fr\/wp-content\/uploads\/2025\/05\/LOGO-Aubergistes-Lyonnais-White.svg","width":558,"height":127,"caption":"Globe Cecil"},"image":{"@id":"https:\/\/www.lesaubergisteslyonnais.fr\/it\/#\/schema\/logo\/image\/"}}]}},"_links":{"self":[{"href":"https:\/\/www.lesaubergisteslyonnais.fr\/it\/wp-json\/wp\/v2\/pages\/3469","targetHints":{"allow":["GET"]}}],"collection":[{"href":"https:\/\/www.lesaubergisteslyonnais.fr\/it\/wp-json\/wp\/v2\/pages"}],"about":[{"href":"https:\/\/www.lesaubergisteslyonnais.fr\/it\/wp-json\/wp\/v2\/types\/page"}],"author":[{"embeddable":true,"href":"https:\/\/www.lesaubergisteslyonnais.fr\/it\/wp-json\/wp\/v2\/users\/7"}],"replies":[{"embeddable":true,"href":"https:\/\/www.lesaubergisteslyonnais.fr\/it\/wp-json\/wp\/v2\/comments?post=3469"}],"version-history":[{"count":14,"href":"https:\/\/www.lesaubergisteslyonnais.fr\/it\/wp-json\/wp\/v2\/pages\/3469\/revisions"}],"predecessor-version":[{"id":9303,"href":"https:\/\/www.lesaubergisteslyonnais.fr\/it\/wp-json\/wp\/v2\/pages\/3469\/revisions\/9303"}],"up":[{"embeddable":true,"href":"https:\/\/www.lesaubergisteslyonnais.fr\/it\/wp-json\/wp\/v2\/pages\/3418"}],"wp:attachment":[{"href":"https:\/\/www.lesaubergisteslyonnais.fr\/it\/wp-json\/wp\/v2\/media?parent=3469"}],"curies":[{"name":"wp","href":"https:\/\/api.w.org\/{rel}","templated":true}]}}