{"id":6853,"date":"2025-04-16T17:40:06","date_gmt":"2025-04-16T15:40:06","guid":{"rendered":"https:\/\/www.lesaubergisteslyonnais.fr\/un-grupo-hotelero-comprometido\/nuestros-compromisos\/"},"modified":"2025-10-30T11:38:31","modified_gmt":"2025-10-30T10:38:31","slug":"compromisos-sostenibles-ecologicos","status":"publish","type":"page","link":"https:\/\/www.lesaubergisteslyonnais.fr\/es\/empresa-con-proposito\/compromisos-sostenibles-ecologicos\/","title":{"rendered":"Nuestros compromisos"},"content":{"rendered":"\n<section class=\"heading wp-elements-1230e84dc3fc3f5d11cea1c686aaf469 wp-elements-1230e84dc3fc3f5d11cea1c686aaf469 wp-block-acf-heading has-text-color has-primary-color has-background has-white-100-background-color\">\n\t<div class=\"heading__container\">\n\t\t\t\t\t<div class=\"heading__background-picture\">\n\t\t\t\t<img decoding=\"async\" width=\"1620\" height=\"1080\" src=\"https:\/\/www.lesaubergisteslyonnais.fr\/wp-content\/uploads\/2025\/04\/hotel-ecologique-lyon-engage.jpg\" class=\"attachment-full size-full\" alt=\"hotel ecologique lyon engage\" fetchpriority=\"high\" srcset=\"https:\/\/www.lesaubergisteslyonnais.fr\/wp-content\/uploads\/2025\/04\/hotel-ecologique-lyon-engage.jpg 1620w, https:\/\/www.lesaubergisteslyonnais.fr\/wp-content\/uploads\/2025\/04\/hotel-ecologique-lyon-engage-300x200.jpg 300w, https:\/\/www.lesaubergisteslyonnais.fr\/wp-content\/uploads\/2025\/04\/hotel-ecologique-lyon-engage-1024x683.jpg 1024w, https:\/\/www.lesaubergisteslyonnais.fr\/wp-content\/uploads\/2025\/04\/hotel-ecologique-lyon-engage-768x512.jpg 768w, https:\/\/www.lesaubergisteslyonnais.fr\/wp-content\/uploads\/2025\/04\/hotel-ecologique-lyon-engage-1536x1024.jpg 1536w\" sizes=\"(max-width: 1620px) 100vw, 1620px\" \/>\t\t\t<\/div>\n\t\t\t\t<div class=\"heading__layout\">\n\t\t\t<div class=\"heading__content-wrapper has-white-100-background-color\">\n\t\t\t\t<div class=\"heading__content has-white-100-background-color\">\n\t\t\t\t\t\t\t\t\t<p id=\"breadcrumbs\"><span><span><a href=\"https:\/\/www.lesaubergisteslyonnais.fr\/es\/\">Accueil<\/a><\/span><\/span><\/p>\t\t\t\t\t\t\t\t\t<div class=\"acf-innerblocks-container\">\n\n<div class=\"wp-block-group heading-content-group is-layout-grid wp-container-core-group-is-layout-96b258e4 wp-block-group-is-layout-grid\">\n<h1 class=\"wp-block-heading has-text-align-left heading__title has-primary-color has-text-color has-xx-large-font-size\">Nuestros compromisos de RSE<\/h1>\n\n\n\n<p class=\"heading__chapo has-primary-color has-text-color\">Hoteles ecol\u00f3gicos, restaurantes responsables, equipos comprometidos y realizados<\/p>\n<\/div>\n\n<\/div>\n\t\t\t\t<\/div>\n\t\t\t\t\t\t\t<\/div>\n\t\t<\/div>\n\t<\/div>\n<\/section>\n\n\n\t<section\n\t\tstyle=\"padding-top:var(--wp--preset--spacing--theme-default);padding-bottom:var(--wp--preset--spacing--theme-default);\" class=\"block-container align wp-block-acf-block-container has-background has-white-background-color has-global-padding is-layout-constrained wp-block-acf-block-container-is-layout-constrained\"\t>\n\n\t\n\n<div class=\"wp-block-group is-layout-flow wp-block-group-is-layout-flow\">\n<p class=\"has-large-font-size\">Bienvenido a Les Aubergistes Lyonnais, donde el desarrollo sostenible baila con encanto en nuestros hoteles.  <\/p>\n\n\n\n<p>Creemos firmemente que los hoteles y restaurantes pueden ser elegantes y responsables al mismo tiempo. No nos interesa desarrollar un concepto de hotel ecol\u00f3gico en Lyon para encajar en la tendencia actual. Nuestros compromisos de RSC no son una postura, sino una promesa: trabajar juntos para construir lugares deseables para vivir, sobrios y fraternales, por un mundo en el que la ecolog\u00eda, la hospitalidad y el respeto est\u00e9n armoniosamente entrelazados.  <\/p>\n<\/div>\n\n\n\n<\/section>\n\n\t<section\n\t\tstyle=\"padding-top:var(--wp--preset--spacing--theme-default);padding-bottom:0;\" class=\"block-container align wp-block-acf-block-container has-background has-secondary-background-color has-global-padding is-layout-constrained wp-container-acf-block-container-is-layout-d8c77eb7 wp-block-acf-block-container-is-layout-constrained\"\t>\n\n\t\n\n<div class=\"wp-block-group is-vertical is-content-justification-center is-layout-flex wp-container-core-group-is-layout-ae8b5965 wp-block-group-is-layout-flex\" style=\"padding-top:0;padding-right:0;padding-bottom:var(--wp--preset--spacing--theme-s);padding-left:0\">\n<figure class=\"wp-block-image size-full is-resized\"><img decoding=\"async\" width=\"627\" height=\"542\" src=\"https:\/\/www.lesaubergisteslyonnais.fr\/wp-content\/uploads\/2025\/05\/MAIN.png\" alt=\"MANO\" class=\"wp-image-5704\" style=\"width:191px;height:auto\" srcset=\"https:\/\/www.lesaubergisteslyonnais.fr\/wp-content\/uploads\/2025\/05\/MAIN.png 627w, https:\/\/www.lesaubergisteslyonnais.fr\/wp-content\/uploads\/2025\/05\/MAIN-600x519.png 600w\" sizes=\"(max-width: 627px) 100vw, 627px\" \/><\/figure>\n<\/div>\n\n\n\n<div class=\"wp-block-group has-global-padding is-layout-constrained wp-block-group-is-layout-constrained\">\n<h2 class=\"wp-block-heading has-text-align-center\">Nuestras acciones <mark style=\"background-color:rgba(0, 0, 0, 0)\" class=\"has-inline-color has-primary-color\">concretas <\/mark>como empresa con una misi\u00f3n<\/h2>\n<\/div>\n\n\n\n<\/section>\n\n\t<section\n\t\tstyle=\"padding-top:var(--wp--preset--spacing--theme-default);padding-bottom:var(--wp--preset--spacing--theme-s);\" class=\"block-container align wp-block-acf-block-container has-background has-secondary-background-color has-global-padding is-layout-constrained wp-block-acf-block-container-is-layout-constrained\"\t>\n\n\t\n\n<div\n\tclass=\"text-on-images text-on-images aligncenter wp-block-acf-text-on-images\">\n\t\t<figure class=\"text-on-images__images text-on-images__images--white-overlay\">\n\t\t<img decoding=\"async\" width=\"400\" height=\"600\" src=\"https:\/\/www.lesaubergisteslyonnais.fr\/wp-content\/uploads\/2025\/05\/hotel-engage-RSE-Lyon-centre_01-400x600.jpg\" class=\"attachment-medium size-medium\" alt=\"hotel engage RSE Lyon centre 01\" srcset=\"https:\/\/www.lesaubergisteslyonnais.fr\/wp-content\/uploads\/2025\/05\/hotel-engage-RSE-Lyon-centre_01-400x600.jpg 400w, https:\/\/www.lesaubergisteslyonnais.fr\/wp-content\/uploads\/2025\/05\/hotel-engage-RSE-Lyon-centre_01.jpg 720w\" sizes=\"(max-width: 400px) 100vw, 400px\" \/><img decoding=\"async\" width=\"400\" height=\"600\" src=\"https:\/\/www.lesaubergisteslyonnais.fr\/wp-content\/uploads\/2025\/05\/hotel-engage-RSE-Lyon-centre_02-400x600.jpg\" class=\"attachment-medium size-medium\" alt=\"hotel engage RSE Lyon centre 02\" srcset=\"https:\/\/www.lesaubergisteslyonnais.fr\/wp-content\/uploads\/2025\/05\/hotel-engage-RSE-Lyon-centre_02-400x600.jpg 400w, https:\/\/www.lesaubergisteslyonnais.fr\/wp-content\/uploads\/2025\/05\/hotel-engage-RSE-Lyon-centre_02.jpg 720w\" sizes=\"(max-width: 400px) 100vw, 400px\" \/><img decoding=\"async\" width=\"400\" height=\"600\" src=\"https:\/\/www.lesaubergisteslyonnais.fr\/wp-content\/uploads\/2025\/05\/hotel-engage-RSE-Lyon-centre_05-400x600.jpg\" class=\"attachment-medium size-medium\" alt=\"hotel engage RSE Lyon centre 05\" srcset=\"https:\/\/www.lesaubergisteslyonnais.fr\/wp-content\/uploads\/2025\/05\/hotel-engage-RSE-Lyon-centre_05-400x600.jpg 400w, https:\/\/www.lesaubergisteslyonnais.fr\/wp-content\/uploads\/2025\/05\/hotel-engage-RSE-Lyon-centre_05.jpg 720w\" sizes=\"(max-width: 400px) 100vw, 400px\" \/><img decoding=\"async\" width=\"400\" height=\"600\" src=\"https:\/\/www.lesaubergisteslyonnais.fr\/wp-content\/uploads\/2025\/05\/hotel-engage-RSE-Lyon-centre_03-400x600.jpg\" class=\"attachment-medium size-medium\" alt=\"hotel engage RSE Lyon centre 03\" srcset=\"https:\/\/www.lesaubergisteslyonnais.fr\/wp-content\/uploads\/2025\/05\/hotel-engage-RSE-Lyon-centre_03-400x600.jpg 400w, https:\/\/www.lesaubergisteslyonnais.fr\/wp-content\/uploads\/2025\/05\/hotel-engage-RSE-Lyon-centre_03.jpg 720w\" sizes=\"(max-width: 400px) 100vw, 400px\" \/><img decoding=\"async\" width=\"400\" height=\"600\" src=\"https:\/\/www.lesaubergisteslyonnais.fr\/wp-content\/uploads\/2025\/05\/hotel-engage-RSE-Lyon-centre_04-400x600.jpg\" class=\"attachment-medium size-medium\" alt=\"hotel engage RSE Lyon centre 04\" srcset=\"https:\/\/www.lesaubergisteslyonnais.fr\/wp-content\/uploads\/2025\/05\/hotel-engage-RSE-Lyon-centre_04-400x600.jpg 400w, https:\/\/www.lesaubergisteslyonnais.fr\/wp-content\/uploads\/2025\/05\/hotel-engage-RSE-Lyon-centre_04.jpg 720w\" sizes=\"(max-width: 400px) 100vw, 400px\" \/>\t<\/figure>\n\t\t\n\n<h2 class=\"wp-block-heading has-text-align-center text-on-images__title has-primary-color has-text-color has-link-color wp-elements-c0599786c692b1d0e064b4d3a5da2efb\" style=\"font-size:45px\">Gobernanza centrada en las personas<\/h2>\n\n\n<\/div>\n\n\n\n<\/section>\n\n\t<section\n\t\tstyle=\"padding-top:0;padding-bottom:var(--wp--preset--spacing--theme-default);\" class=\"block-illustration block-illustration--bottom-right alignfull wp-block-acf-block-illustration has-background has-secondary-background-color has-global-padding is-layout-constrained wp-block-acf-block-illustration-is-layout-constrained\"\t>\n\n\t<div class=\"block-illustration__wrapper alignwide\">\n\t<img decoding=\"async\" width=\"350\" height=\"350\" src=\"https:\/\/www.lesaubergisteslyonnais.fr\/wp-content\/uploads\/2025\/04\/ANANAS.png\" class=\"block-illustration__image illustration-with-parallax\" alt=\"ANANAS\" srcset=\"https:\/\/www.lesaubergisteslyonnais.fr\/wp-content\/uploads\/2025\/04\/ANANAS.png 350w, https:\/\/www.lesaubergisteslyonnais.fr\/wp-content\/uploads\/2025\/04\/ANANAS-300x300.png 300w\" sizes=\"(max-width: 350px) 100vw, 350px\" \/>\t\t<div class=\"block-illustration__innerblocks\">\n\n<div class=\"wp-block-group has-global-padding is-layout-constrained wp-container-core-group-is-layout-c3d0faaf wp-block-group-is-layout-constrained\" style=\"padding-top:0;padding-right:0;padding-bottom:0;padding-left:0\">\n<p>En nuestros hoteles y restaurantes, no s\u00f3lo cuenta el desarrollo sostenible. Cada miembro de nuestro equipo es algo m\u00e1s que un engranaje de la m\u00e1quina. <\/p>\n\n\n\n<ul class=\"wp-block-list\">\n<li>Hemos introducido entrevistas peri\u00f3dicas para escuchar y reconocer a nuestros empleados.<\/li>\n\n\n\n<li>Actos regulares de equipo<\/li>\n\n\n\n<li>Establecer horarios flexibles para ofrecer un equilibrio entre la vida profesional y la personal.<\/li>\n\n\n\n<li>Nuestros restaurantes cierran los fines de semana, porque mantener contentos a nuestros equipos forma parte de nuestra receta secreta.<\/li>\n\n\n\n<li>Establecer una vigilancia permanente y prestar asistencia a los empleados que experimenten dificultades en su vida personal<\/li>\n\n\n\n<li>Tambi\u00e9n hay un psic\u00f3logo de empresa para prestar atenci\u00f3n.<\/li>\n\n\n\n<li>Sensibilizar a nuestros empleados sobre nuestro enfoque<\/li>\n<\/ul>\n<\/div>\n\n<\/div>\n\t<\/div>\n<\/section>\n\n\t<section\n\t\tstyle=\"padding-top:var(--wp--preset--spacing--theme-default);padding-bottom:var(--wp--preset--spacing--theme-s);\" class=\"block-container align wp-block-acf-block-container has-background has-white-background-color has-global-padding is-layout-constrained wp-block-acf-block-container-is-layout-constrained\"\t>\n\n\t\n\n<div\n\tclass=\"text-on-images text-on-images aligncenter wp-block-acf-text-on-images\">\n\t\t<figure class=\"text-on-images__images text-on-images__images--white-overlay\">\n\t\t<img decoding=\"async\" width=\"200\" height=\"300\" src=\"https:\/\/www.lesaubergisteslyonnais.fr\/wp-content\/uploads\/2025\/03\/restaurant_engage_lyon-200x300.jpg\" class=\"attachment-medium size-medium\" alt=\"restaurant engage lyon\" srcset=\"https:\/\/www.lesaubergisteslyonnais.fr\/wp-content\/uploads\/2025\/03\/restaurant_engage_lyon-200x300.jpg 200w, https:\/\/www.lesaubergisteslyonnais.fr\/wp-content\/uploads\/2025\/03\/restaurant_engage_lyon-683x1024.jpg 683w, https:\/\/www.lesaubergisteslyonnais.fr\/wp-content\/uploads\/2025\/03\/restaurant_engage_lyon.jpg 720w\" sizes=\"(max-width: 200px) 100vw, 200px\" \/><img decoding=\"async\" width=\"200\" height=\"300\" src=\"https:\/\/www.lesaubergisteslyonnais.fr\/wp-content\/uploads\/2025\/03\/hotel_engage_lyon_centre-200x300.jpg\" class=\"attachment-medium size-medium\" alt=\"hotel engage lyon centre\" srcset=\"https:\/\/www.lesaubergisteslyonnais.fr\/wp-content\/uploads\/2025\/03\/hotel_engage_lyon_centre-200x300.jpg 200w, https:\/\/www.lesaubergisteslyonnais.fr\/wp-content\/uploads\/2025\/03\/hotel_engage_lyon_centre-683x1024.jpg 683w, https:\/\/www.lesaubergisteslyonnais.fr\/wp-content\/uploads\/2025\/03\/hotel_engage_lyon_centre.jpg 720w\" sizes=\"(max-width: 200px) 100vw, 200px\" \/><img decoding=\"async\" width=\"212\" height=\"300\" src=\"https:\/\/www.lesaubergisteslyonnais.fr\/wp-content\/uploads\/2025\/03\/restaurant_engage_lyon1-212x300.jpg\" class=\"attachment-medium size-medium\" alt=\"restaurant engage lyon1 scaled\" srcset=\"https:\/\/www.lesaubergisteslyonnais.fr\/wp-content\/uploads\/2025\/03\/restaurant_engage_lyon1-212x300.jpg 212w, https:\/\/www.lesaubergisteslyonnais.fr\/wp-content\/uploads\/2025\/03\/restaurant_engage_lyon1-725x1024.jpg 725w, https:\/\/www.lesaubergisteslyonnais.fr\/wp-content\/uploads\/2025\/03\/restaurant_engage_lyon1-768x1085.jpg 768w, https:\/\/www.lesaubergisteslyonnais.fr\/wp-content\/uploads\/2025\/03\/restaurant_engage_lyon1-1087x1536.jpg 1087w, https:\/\/www.lesaubergisteslyonnais.fr\/wp-content\/uploads\/2025\/03\/restaurant_engage_lyon1-1450x2048.jpg 1450w, https:\/\/www.lesaubergisteslyonnais.fr\/wp-content\/uploads\/2025\/03\/restaurant_engage_lyon1-scaled.jpg 1812w\" sizes=\"(max-width: 212px) 100vw, 212px\" \/><img decoding=\"async\" width=\"200\" height=\"300\" src=\"https:\/\/www.lesaubergisteslyonnais.fr\/wp-content\/uploads\/2025\/04\/hotel-ecologique-lyon-engage1-200x300.jpg\" class=\"attachment-medium size-medium\" alt=\"hotel ecologique lyon engage1 scaled\" srcset=\"https:\/\/www.lesaubergisteslyonnais.fr\/wp-content\/uploads\/2025\/04\/hotel-ecologique-lyon-engage1-200x300.jpg 200w, https:\/\/www.lesaubergisteslyonnais.fr\/wp-content\/uploads\/2025\/04\/hotel-ecologique-lyon-engage1-682x1024.jpg 682w, https:\/\/www.lesaubergisteslyonnais.fr\/wp-content\/uploads\/2025\/04\/hotel-ecologique-lyon-engage1-768x1152.jpg 768w, https:\/\/www.lesaubergisteslyonnais.fr\/wp-content\/uploads\/2025\/04\/hotel-ecologique-lyon-engage1-1024x1536.jpg 1024w, https:\/\/www.lesaubergisteslyonnais.fr\/wp-content\/uploads\/2025\/04\/hotel-ecologique-lyon-engage1-1365x2048.jpg 1365w, https:\/\/www.lesaubergisteslyonnais.fr\/wp-content\/uploads\/2025\/04\/hotel-ecologique-lyon-engage1-scaled.jpg 1706w\" sizes=\"(max-width: 200px) 100vw, 200px\" \/><img decoding=\"async\" width=\"200\" height=\"300\" src=\"https:\/\/www.lesaubergisteslyonnais.fr\/wp-content\/uploads\/2025\/03\/chambre_hotel_lyon_centre_ville3-200x300.jpg\" class=\"attachment-medium size-medium\" alt=\"chambre hotel lyon centre ville3\" srcset=\"https:\/\/www.lesaubergisteslyonnais.fr\/wp-content\/uploads\/2025\/03\/chambre_hotel_lyon_centre_ville3-200x300.jpg 200w, https:\/\/www.lesaubergisteslyonnais.fr\/wp-content\/uploads\/2025\/03\/chambre_hotel_lyon_centre_ville3-683x1024.jpg 683w, https:\/\/www.lesaubergisteslyonnais.fr\/wp-content\/uploads\/2025\/03\/chambre_hotel_lyon_centre_ville3.jpg 720w\" sizes=\"(max-width: 200px) 100vw, 200px\" \/>\t<\/figure>\n\t\t\n\n<h2 class=\"wp-block-heading has-text-align-center text-on-images__title has-primary-color has-text-color has-link-color wp-elements-2a323148378611b918bb1a0a2bd3ad6c\" style=\"font-size:45px\">Un compromiso de sobriedad medioambiental<\/h2>\n\n\n<\/div>\n\n\n\n<\/section>\n\n\t<section\n\t\tstyle=\"padding-top:0;padding-bottom:var(--wp--preset--spacing--theme-default);\" class=\"block-illustration block-illustration--bottom-left alignfull wp-block-acf-block-illustration has-background has-white-background-color has-global-padding is-layout-constrained wp-block-acf-block-illustration-is-layout-constrained\"\t>\n\n\t<div class=\"block-illustration__wrapper alignwide\">\n\t<img decoding=\"async\" width=\"350\" height=\"350\" src=\"https:\/\/www.lesaubergisteslyonnais.fr\/wp-content\/uploads\/2025\/04\/COQ.png\" class=\"block-illustration__image illustration-with-parallax\" alt=\"COQ\" srcset=\"https:\/\/www.lesaubergisteslyonnais.fr\/wp-content\/uploads\/2025\/04\/COQ.png 350w, https:\/\/www.lesaubergisteslyonnais.fr\/wp-content\/uploads\/2025\/04\/COQ-300x300.png 300w\" sizes=\"(max-width: 350px) 100vw, 350px\" \/>\t\t<div class=\"block-illustration__innerblocks\">\n\n<div class=\"wp-block-group has-global-padding is-layout-constrained wp-container-core-group-is-layout-c3d0faaf wp-block-group-is-layout-constrained\" style=\"padding-top:0;padding-right:0;padding-bottom:0;padding-left:0\">\n<div class=\"wp-block-group is-vertical is-content-justification-center is-layout-flex wp-container-core-group-is-layout-b37004f5 wp-block-group-is-layout-flex\" style=\"padding-top:0;padding-right:0;padding-bottom:var(--wp--preset--spacing--theme-xs);padding-left:0\">\n<figure class=\"wp-block-image size-large is-resized\"><img decoding=\"async\" width=\"888\" height=\"1024\" src=\"https:\/\/www.lesaubergisteslyonnais.fr\/wp-content\/uploads\/2025\/04\/logo-cv-hd-18-web-888x1024.jpg\" alt=\"\" class=\"wp-image-2458\" style=\"width:100px\" srcset=\"https:\/\/www.lesaubergisteslyonnais.fr\/wp-content\/uploads\/2025\/04\/logo-cv-hd-18-web-888x1024.jpg 888w, https:\/\/www.lesaubergisteslyonnais.fr\/wp-content\/uploads\/2025\/04\/logo-cv-hd-18-web-260x300.jpg 260w, https:\/\/www.lesaubergisteslyonnais.fr\/wp-content\/uploads\/2025\/04\/logo-cv-hd-18-web-768x886.jpg 768w, https:\/\/www.lesaubergisteslyonnais.fr\/wp-content\/uploads\/2025\/04\/logo-cv-hd-18-web.jpg 1024w\" sizes=\"(max-width: 888px) 100vw, 888px\" \/><\/figure>\n<\/div>\n\n\n\n<p>Afirmar ser un \u201chotel RSC\u201d o un \u201crestaurante verde\u201d significa tomar medidas concretas:<\/p>\n\n\n\n<ul class=\"wp-block-list\">\n<li>Cada proveedor se elige cuidadosamente por su impacto ecol\u00f3gico y su proximidad, como nuestro socio cosm\u00e9tico \u201cTerre de Mars\u201d, certificado \u201cecocert cosmos natural\u201d, vegano, sin crueldad y fabricado en Francia.<\/li>\n\n\n\n<li>Como poseedores de etiquetas como Clef Verte (desde 2022) y Accueil V\u00e9lo, estamos orgullosos de ser uno de los principales hoteles ecol\u00f3gicos de Francia.<\/li>\n\n\n\n<li>Clasificamos, reciclamos y trabajamos con asociaciones innovadoras como Elise.<\/li>\n\n\n\n<li>Incluso nuestros productos de bienvenida est\u00e1n pensados para evitar el despilfarro en los hoteles: est\u00e1n disponibles en la recepci\u00f3n, pero no se distribuyen sistem\u00e1ticamente.<\/li>\n<\/ul>\n<\/div>\n\n<\/div>\n\t<\/div>\n<\/section>\n\n\t<section\n\t\tstyle=\"padding-top:var(--wp--preset--spacing--theme-default);padding-bottom:var(--wp--preset--spacing--theme-s);\" class=\"block-container align wp-block-acf-block-container has-background has-secondary-background-color has-global-padding is-layout-constrained wp-block-acf-block-container-is-layout-constrained\"\t>\n\n\t\n\n<div\n\tclass=\"text-on-images text-on-images aligncenter wp-block-acf-text-on-images\">\n\t\t<figure class=\"text-on-images__images text-on-images__images--white-overlay\">\n\t\t<img decoding=\"async\" width=\"200\" height=\"300\" src=\"https:\/\/www.lesaubergisteslyonnais.fr\/wp-content\/uploads\/2025\/03\/hotel_engage_lyon_centre2-200x300.jpg\" class=\"attachment-medium size-medium\" alt=\"hotel engage lyon centre2\" srcset=\"https:\/\/www.lesaubergisteslyonnais.fr\/wp-content\/uploads\/2025\/03\/hotel_engage_lyon_centre2-200x300.jpg 200w, https:\/\/www.lesaubergisteslyonnais.fr\/wp-content\/uploads\/2025\/03\/hotel_engage_lyon_centre2-683x1024.jpg 683w, https:\/\/www.lesaubergisteslyonnais.fr\/wp-content\/uploads\/2025\/03\/hotel_engage_lyon_centre2.jpg 720w\" sizes=\"(max-width: 200px) 100vw, 200px\" \/><img decoding=\"async\" width=\"400\" height=\"600\" src=\"https:\/\/www.lesaubergisteslyonnais.fr\/wp-content\/uploads\/2025\/05\/Hotel-Lyon-centre-ville_Perrache_Simplon-11-400x600.jpg\" class=\"attachment-medium size-medium\" alt=\"Hotel Lyon centre ville Perrache Simplon 11\" srcset=\"https:\/\/www.lesaubergisteslyonnais.fr\/wp-content\/uploads\/2025\/05\/Hotel-Lyon-centre-ville_Perrache_Simplon-11-400x600.jpg 400w, https:\/\/www.lesaubergisteslyonnais.fr\/wp-content\/uploads\/2025\/05\/Hotel-Lyon-centre-ville_Perrache_Simplon-11.jpg 720w\" sizes=\"(max-width: 400px) 100vw, 400px\" \/><img decoding=\"async\" width=\"200\" height=\"300\" src=\"https:\/\/www.lesaubergisteslyonnais.fr\/wp-content\/uploads\/2025\/03\/hotel-lyon-chambre-bellecour4-200x300.jpg\" class=\"attachment-medium size-medium\" alt=\"hotel lyon chambre bellecour4\" srcset=\"https:\/\/www.lesaubergisteslyonnais.fr\/wp-content\/uploads\/2025\/03\/hotel-lyon-chambre-bellecour4-200x300.jpg 200w, https:\/\/www.lesaubergisteslyonnais.fr\/wp-content\/uploads\/2025\/03\/hotel-lyon-chambre-bellecour4.jpg 683w\" sizes=\"(max-width: 200px) 100vw, 200px\" \/><img decoding=\"async\" width=\"449\" height=\"600\" src=\"https:\/\/www.lesaubergisteslyonnais.fr\/wp-content\/uploads\/2025\/05\/Hotel-Lyon-centre-ville_Perrache_Simplon-20-449x600.jpg\" class=\"attachment-medium size-medium\" alt=\"Hotel Lyon centre ville Perrache Simplon 20\" srcset=\"https:\/\/www.lesaubergisteslyonnais.fr\/wp-content\/uploads\/2025\/05\/Hotel-Lyon-centre-ville_Perrache_Simplon-20-449x600.jpg 449w, https:\/\/www.lesaubergisteslyonnais.fr\/wp-content\/uploads\/2025\/05\/Hotel-Lyon-centre-ville_Perrache_Simplon-20-768x1026.jpg 768w, https:\/\/www.lesaubergisteslyonnais.fr\/wp-content\/uploads\/2025\/05\/Hotel-Lyon-centre-ville_Perrache_Simplon-20.jpg 808w\" sizes=\"(max-width: 449px) 100vw, 449px\" \/>\t<\/figure>\n\t\t\n\n<h2 class=\"wp-block-heading has-text-align-center text-on-images__title has-primary-color has-text-color has-link-color wp-elements-b9a34c9462b40b4f6ee5620777724ac3\" style=\"font-size:45px\">Un compromiso social y fraternal<\/h2>\n\n\n<\/div>\n\n\n\n<\/section>\n\n\t<section\n\t\tstyle=\"padding-top:0;padding-bottom:var(--wp--preset--spacing--theme-default);\" class=\"block-illustration block-illustration--bottom-right alignfull wp-block-acf-block-illustration has-background has-secondary-background-color has-global-padding is-layout-constrained wp-block-acf-block-illustration-is-layout-constrained\"\t>\n\n\t<div class=\"block-illustration__wrapper alignwide\">\n\t<img decoding=\"async\" width=\"350\" height=\"350\" src=\"https:\/\/www.lesaubergisteslyonnais.fr\/wp-content\/uploads\/2025\/04\/GRAMOPHONE.png\" class=\"block-illustration__image illustration-with-parallax\" alt=\"GRAMOPHONE\" srcset=\"https:\/\/www.lesaubergisteslyonnais.fr\/wp-content\/uploads\/2025\/04\/GRAMOPHONE.png 350w, https:\/\/www.lesaubergisteslyonnais.fr\/wp-content\/uploads\/2025\/04\/GRAMOPHONE-300x300.png 300w\" sizes=\"(max-width: 350px) 100vw, 350px\" \/>\t\t<div class=\"block-illustration__innerblocks\">\n\n<div class=\"wp-block-group has-global-padding is-layout-constrained wp-container-core-group-is-layout-c3d0faaf wp-block-group-is-layout-constrained\" style=\"padding-top:0;padding-right:0;padding-bottom:0;padding-left:0\">\n<p class=\"has-text-align-left\">Nuestros espacios no s\u00f3lo reciben, sino que dan.<\/p>\n\n\n\n<ul class=\"wp-block-list\">\n<li>Colaboraci\u00f3n con l&#8217;Ouvre Porte (apoyo y reinserci\u00f3n de personas socialmente vulnerables que necesitan alojamiento de emergencia)<\/li>\n\n\n\n<li>Ponemos nuestra sala de desayunos del Simplon a disposici\u00f3n de Les Petites Cantines. Se trata de una red sin \u00e1nimo de lucro de cocina participativa que utiliza productos con una fecha de consumo preferente corta. <\/li>\n<\/ul>\n<\/div>\n\n<\/div>\n\t<\/div>\n<\/section>\n\n\t<section\n\t\tstyle=\"padding-top:var(--wp--preset--spacing--theme-default);padding-bottom:var(--wp--preset--spacing--theme-default);\" class=\"block-container align wp-block-acf-block-container has-background has-white-background-color has-global-padding is-layout-constrained wp-block-acf-block-container-is-layout-constrained\"\t>\n\n\t\n\n<div class=\"wp-block-group has-global-padding is-layout-constrained wp-block-group-is-layout-constrained\">\n<h3 class=\"wp-block-heading has-text-align-center\">\u00a1Tu <mark style=\"background-color:rgba(0, 0, 0, 0)\" class=\"has-inline-color has-primary-color\">impacto <\/mark>tambi\u00e9n cuenta!<\/h3>\n\n\n\n<p class=\"has-text-align-center\">T\u00fa tambi\u00e9n puedes participar en este compromiso :<\/p>\n\n\n\n<ul class=\"wp-block-list\">\n<li>Utilizando los cubos de clasificaci\u00f3n disponibles.<\/li>\n\n\n\n<li>Utiliza las toallas durante varios d\u00edas: cu\u00e9lgalas en los percheros del ba\u00f1o o en el calentador de toallas.<\/li>\n\n\n\n<li>Apagar las luces y el aire acondicionado\/calefacci\u00f3n al salir de la habitaci\u00f3n.<\/li>\n<\/ul>\n\n\n\n<div class=\"wp-block-group has-global-padding is-layout-constrained wp-block-group-is-layout-constrained\" style=\"padding-top:var(--wp--preset--spacing--theme-m)\"><\/div>\n<\/div>\n\n\n\n<\/section>\n","protected":false},"excerpt":{"rendered":"","protected":false},"author":7,"featured_media":0,"parent":6851,"menu_order":0,"comment_status":"closed","ping_status":"closed","template":"","meta":{"_acf_changed":false,"inline_featured_image":false,"footnotes":""},"class_list":["post-6853","page","type-page","status-publish","hentry"],"acf":[],"yoast_head":"<!-- This site is optimized with the Yoast SEO plugin v27.4 - https:\/\/yoast.com\/product\/yoast-seo-wordpress\/ -->\n<title>Hoteles ecol\u00f3gicos en Lyon - RSE, Desarrollo sostenible<\/title>\n<meta name=\"description\" content=\"Les Aubergistes Lyonnais - Hoteles comprometidos con la vida sostenible en Lyon: confort, encanto y desarrollo sostenible.\" \/>\n<meta name=\"robots\" content=\"index, follow, max-snippet:-1, max-image-preview:large, max-video-preview:-1\" \/>\n<link rel=\"canonical\" href=\"https:\/\/www.lesaubergisteslyonnais.fr\/es\/empresa-con-proposito\/compromisos-sostenibles-ecologicos\/\" \/>\n<meta property=\"og:locale\" content=\"es_ES\" \/>\n<meta property=\"og:type\" content=\"article\" \/>\n<meta property=\"og:title\" content=\"Hoteles ecol\u00f3gicos en Lyon - RSE, Desarrollo sostenible\" \/>\n<meta property=\"og:description\" content=\"Les Aubergistes Lyonnais - Hoteles comprometidos con la vida sostenible en Lyon: confort, encanto y desarrollo sostenible.\" \/>\n<meta property=\"og:url\" content=\"https:\/\/www.lesaubergisteslyonnais.fr\/es\/empresa-con-proposito\/compromisos-sostenibles-ecologicos\/\" \/>\n<meta property=\"og:site_name\" content=\"Les Aubergistes Lyonnais\" \/>\n<meta property=\"article:modified_time\" content=\"2025-10-30T10:38:31+00:00\" \/>\n<meta property=\"og:image\" content=\"https:\/\/www.lesaubergisteslyonnais.fr\/wp-content\/uploads\/2025\/05\/MAIN.png\" \/>\n<meta name=\"twitter:card\" content=\"summary_large_image\" \/>\n<meta name=\"twitter:label1\" content=\"Tiempo de lectura\" \/>\n\t<meta name=\"twitter:data1\" content=\"3 minuto\" \/>\n<script type=\"application\/ld+json\" class=\"yoast-schema-graph\">{\"@context\":\"https:\\\/\\\/schema.org\",\"@graph\":[{\"@type\":\"WebPage\",\"@id\":\"https:\\\/\\\/www.lesaubergisteslyonnais.fr\\\/es\\\/empresa-con-proposito\\\/compromisos-sostenibles-ecologicos\\\/\",\"url\":\"https:\\\/\\\/www.lesaubergisteslyonnais.fr\\\/es\\\/empresa-con-proposito\\\/compromisos-sostenibles-ecologicos\\\/\",\"name\":\"Hoteles ecol\u00f3gicos en Lyon - RSE, Desarrollo sostenible\",\"isPartOf\":{\"@id\":\"https:\\\/\\\/www.lesaubergisteslyonnais.fr\\\/es\\\/#website\"},\"primaryImageOfPage\":{\"@id\":\"https:\\\/\\\/www.lesaubergisteslyonnais.fr\\\/es\\\/empresa-con-proposito\\\/compromisos-sostenibles-ecologicos\\\/#primaryimage\"},\"image\":{\"@id\":\"https:\\\/\\\/www.lesaubergisteslyonnais.fr\\\/es\\\/empresa-con-proposito\\\/compromisos-sostenibles-ecologicos\\\/#primaryimage\"},\"thumbnailUrl\":\"https:\\\/\\\/www.lesaubergisteslyonnais.fr\\\/wp-content\\\/uploads\\\/2025\\\/05\\\/MAIN.png\",\"datePublished\":\"2025-04-16T15:40:06+00:00\",\"dateModified\":\"2025-10-30T10:38:31+00:00\",\"description\":\"Les Aubergistes Lyonnais - Hoteles comprometidos con la vida sostenible en Lyon: confort, encanto y desarrollo sostenible.\",\"breadcrumb\":{\"@id\":\"https:\\\/\\\/www.lesaubergisteslyonnais.fr\\\/es\\\/empresa-con-proposito\\\/compromisos-sostenibles-ecologicos\\\/#breadcrumb\"},\"inLanguage\":\"es\",\"potentialAction\":[{\"@type\":\"ReadAction\",\"target\":[\"https:\\\/\\\/www.lesaubergisteslyonnais.fr\\\/es\\\/empresa-con-proposito\\\/compromisos-sostenibles-ecologicos\\\/\"]}]},{\"@type\":\"ImageObject\",\"inLanguage\":\"es\",\"@id\":\"https:\\\/\\\/www.lesaubergisteslyonnais.fr\\\/es\\\/empresa-con-proposito\\\/compromisos-sostenibles-ecologicos\\\/#primaryimage\",\"url\":\"https:\\\/\\\/www.lesaubergisteslyonnais.fr\\\/wp-content\\\/uploads\\\/2025\\\/05\\\/MAIN.png\",\"contentUrl\":\"https:\\\/\\\/www.lesaubergisteslyonnais.fr\\\/wp-content\\\/uploads\\\/2025\\\/05\\\/MAIN.png\"},{\"@type\":\"BreadcrumbList\",\"@id\":\"https:\\\/\\\/www.lesaubergisteslyonnais.fr\\\/es\\\/empresa-con-proposito\\\/compromisos-sostenibles-ecologicos\\\/#breadcrumb\",\"itemListElement\":[{\"@type\":\"ListItem\",\"position\":1,\"name\":\"Accueil\",\"item\":\"https:\\\/\\\/www.lesaubergisteslyonnais.fr\\\/es\\\/\"},{\"@type\":\"ListItem\",\"position\":2,\"name\":\"Un grupo hotelero comprometido\",\"item\":\"https:\\\/\\\/www.lesaubergisteslyonnais.fr\\\/es\\\/empresa-con-proposito\\\/\"},{\"@type\":\"ListItem\",\"position\":3,\"name\":\"Nuestros compromisos\"}]},{\"@type\":\"WebSite\",\"@id\":\"https:\\\/\\\/www.lesaubergisteslyonnais.fr\\\/es\\\/#website\",\"url\":\"https:\\\/\\\/www.lesaubergisteslyonnais.fr\\\/es\\\/\",\"name\":\"Globe Cecil\",\"description\":\"\",\"publisher\":{\"@id\":\"https:\\\/\\\/www.lesaubergisteslyonnais.fr\\\/es\\\/#organization\"},\"potentialAction\":[{\"@type\":\"SearchAction\",\"target\":{\"@type\":\"EntryPoint\",\"urlTemplate\":\"https:\\\/\\\/www.lesaubergisteslyonnais.fr\\\/es\\\/?s={search_term_string}\"},\"query-input\":{\"@type\":\"PropertyValueSpecification\",\"valueRequired\":true,\"valueName\":\"search_term_string\"}}],\"inLanguage\":\"es\"},{\"@type\":\"Organization\",\"@id\":\"https:\\\/\\\/www.lesaubergisteslyonnais.fr\\\/es\\\/#organization\",\"name\":\"Globe Cecil\",\"url\":\"https:\\\/\\\/www.lesaubergisteslyonnais.fr\\\/es\\\/\",\"logo\":{\"@type\":\"ImageObject\",\"inLanguage\":\"es\",\"@id\":\"https:\\\/\\\/www.lesaubergisteslyonnais.fr\\\/es\\\/#\\\/schema\\\/logo\\\/image\\\/\",\"url\":\"https:\\\/\\\/www.lesaubergisteslyonnais.fr\\\/wp-content\\\/uploads\\\/2025\\\/05\\\/LOGO-Aubergistes-Lyonnais-White.svg\",\"contentUrl\":\"https:\\\/\\\/www.lesaubergisteslyonnais.fr\\\/wp-content\\\/uploads\\\/2025\\\/05\\\/LOGO-Aubergistes-Lyonnais-White.svg\",\"width\":558,\"height\":127,\"caption\":\"Globe Cecil\"},\"image\":{\"@id\":\"https:\\\/\\\/www.lesaubergisteslyonnais.fr\\\/es\\\/#\\\/schema\\\/logo\\\/image\\\/\"}}]}<\/script>\n<!-- \/ Yoast SEO plugin. -->","yoast_head_json":{"title":"Hoteles ecol\u00f3gicos en Lyon - RSE, Desarrollo sostenible","description":"Les Aubergistes Lyonnais - Hoteles comprometidos con la vida sostenible en Lyon: confort, encanto y desarrollo sostenible.","robots":{"index":"index","follow":"follow","max-snippet":"max-snippet:-1","max-image-preview":"max-image-preview:large","max-video-preview":"max-video-preview:-1"},"canonical":"https:\/\/www.lesaubergisteslyonnais.fr\/es\/empresa-con-proposito\/compromisos-sostenibles-ecologicos\/","og_locale":"es_ES","og_type":"article","og_title":"Hoteles ecol\u00f3gicos en Lyon - RSE, Desarrollo sostenible","og_description":"Les Aubergistes Lyonnais - Hoteles comprometidos con la vida sostenible en Lyon: confort, encanto y desarrollo sostenible.","og_url":"https:\/\/www.lesaubergisteslyonnais.fr\/es\/empresa-con-proposito\/compromisos-sostenibles-ecologicos\/","og_site_name":"Les Aubergistes Lyonnais","article_modified_time":"2025-10-30T10:38:31+00:00","og_image":[{"url":"https:\/\/www.lesaubergisteslyonnais.fr\/wp-content\/uploads\/2025\/05\/MAIN.png","type":"","width":"","height":""}],"twitter_card":"summary_large_image","twitter_misc":{"Tiempo de lectura":"3 minuto"},"schema":{"@context":"https:\/\/schema.org","@graph":[{"@type":"WebPage","@id":"https:\/\/www.lesaubergisteslyonnais.fr\/es\/empresa-con-proposito\/compromisos-sostenibles-ecologicos\/","url":"https:\/\/www.lesaubergisteslyonnais.fr\/es\/empresa-con-proposito\/compromisos-sostenibles-ecologicos\/","name":"Hoteles ecol\u00f3gicos en Lyon - RSE, Desarrollo sostenible","isPartOf":{"@id":"https:\/\/www.lesaubergisteslyonnais.fr\/es\/#website"},"primaryImageOfPage":{"@id":"https:\/\/www.lesaubergisteslyonnais.fr\/es\/empresa-con-proposito\/compromisos-sostenibles-ecologicos\/#primaryimage"},"image":{"@id":"https:\/\/www.lesaubergisteslyonnais.fr\/es\/empresa-con-proposito\/compromisos-sostenibles-ecologicos\/#primaryimage"},"thumbnailUrl":"https:\/\/www.lesaubergisteslyonnais.fr\/wp-content\/uploads\/2025\/05\/MAIN.png","datePublished":"2025-04-16T15:40:06+00:00","dateModified":"2025-10-30T10:38:31+00:00","description":"Les Aubergistes Lyonnais - Hoteles comprometidos con la vida sostenible en Lyon: confort, encanto y desarrollo sostenible.","breadcrumb":{"@id":"https:\/\/www.lesaubergisteslyonnais.fr\/es\/empresa-con-proposito\/compromisos-sostenibles-ecologicos\/#breadcrumb"},"inLanguage":"es","potentialAction":[{"@type":"ReadAction","target":["https:\/\/www.lesaubergisteslyonnais.fr\/es\/empresa-con-proposito\/compromisos-sostenibles-ecologicos\/"]}]},{"@type":"ImageObject","inLanguage":"es","@id":"https:\/\/www.lesaubergisteslyonnais.fr\/es\/empresa-con-proposito\/compromisos-sostenibles-ecologicos\/#primaryimage","url":"https:\/\/www.lesaubergisteslyonnais.fr\/wp-content\/uploads\/2025\/05\/MAIN.png","contentUrl":"https:\/\/www.lesaubergisteslyonnais.fr\/wp-content\/uploads\/2025\/05\/MAIN.png"},{"@type":"BreadcrumbList","@id":"https:\/\/www.lesaubergisteslyonnais.fr\/es\/empresa-con-proposito\/compromisos-sostenibles-ecologicos\/#breadcrumb","itemListElement":[{"@type":"ListItem","position":1,"name":"Accueil","item":"https:\/\/www.lesaubergisteslyonnais.fr\/es\/"},{"@type":"ListItem","position":2,"name":"Un grupo hotelero comprometido","item":"https:\/\/www.lesaubergisteslyonnais.fr\/es\/empresa-con-proposito\/"},{"@type":"ListItem","position":3,"name":"Nuestros compromisos"}]},{"@type":"WebSite","@id":"https:\/\/www.lesaubergisteslyonnais.fr\/es\/#website","url":"https:\/\/www.lesaubergisteslyonnais.fr\/es\/","name":"Globe Cecil","description":"","publisher":{"@id":"https:\/\/www.lesaubergisteslyonnais.fr\/es\/#organization"},"potentialAction":[{"@type":"SearchAction","target":{"@type":"EntryPoint","urlTemplate":"https:\/\/www.lesaubergisteslyonnais.fr\/es\/?s={search_term_string}"},"query-input":{"@type":"PropertyValueSpecification","valueRequired":true,"valueName":"search_term_string"}}],"inLanguage":"es"},{"@type":"Organization","@id":"https:\/\/www.lesaubergisteslyonnais.fr\/es\/#organization","name":"Globe Cecil","url":"https:\/\/www.lesaubergisteslyonnais.fr\/es\/","logo":{"@type":"ImageObject","inLanguage":"es","@id":"https:\/\/www.lesaubergisteslyonnais.fr\/es\/#\/schema\/logo\/image\/","url":"https:\/\/www.lesaubergisteslyonnais.fr\/wp-content\/uploads\/2025\/05\/LOGO-Aubergistes-Lyonnais-White.svg","contentUrl":"https:\/\/www.lesaubergisteslyonnais.fr\/wp-content\/uploads\/2025\/05\/LOGO-Aubergistes-Lyonnais-White.svg","width":558,"height":127,"caption":"Globe Cecil"},"image":{"@id":"https:\/\/www.lesaubergisteslyonnais.fr\/es\/#\/schema\/logo\/image\/"}}]}},"_links":{"self":[{"href":"https:\/\/www.lesaubergisteslyonnais.fr\/es\/wp-json\/wp\/v2\/pages\/6853","targetHints":{"allow":["GET"]}}],"collection":[{"href":"https:\/\/www.lesaubergisteslyonnais.fr\/es\/wp-json\/wp\/v2\/pages"}],"about":[{"href":"https:\/\/www.lesaubergisteslyonnais.fr\/es\/wp-json\/wp\/v2\/types\/page"}],"author":[{"embeddable":true,"href":"https:\/\/www.lesaubergisteslyonnais.fr\/es\/wp-json\/wp\/v2\/users\/7"}],"replies":[{"embeddable":true,"href":"https:\/\/www.lesaubergisteslyonnais.fr\/es\/wp-json\/wp\/v2\/comments?post=6853"}],"version-history":[{"count":9,"href":"https:\/\/www.lesaubergisteslyonnais.fr\/es\/wp-json\/wp\/v2\/pages\/6853\/revisions"}],"predecessor-version":[{"id":9185,"href":"https:\/\/www.lesaubergisteslyonnais.fr\/es\/wp-json\/wp\/v2\/pages\/6853\/revisions\/9185"}],"up":[{"embeddable":true,"href":"https:\/\/www.lesaubergisteslyonnais.fr\/es\/wp-json\/wp\/v2\/pages\/6851"}],"wp:attachment":[{"href":"https:\/\/www.lesaubergisteslyonnais.fr\/es\/wp-json\/wp\/v2\/media?parent=6853"}],"curies":[{"name":"wp","href":"https:\/\/api.w.org\/{rel}","templated":true}]}}