{"id":6851,"date":"2025-04-16T17:40:05","date_gmt":"2025-04-16T15:40:05","guid":{"rendered":"https:\/\/www.lesaubergisteslyonnais.fr\/un-grupo-hotelero-comprometido\/"},"modified":"2026-01-14T09:32:19","modified_gmt":"2026-01-14T08:32:19","slug":"empresa-con-proposito","status":"publish","type":"page","link":"https:\/\/www.lesaubergisteslyonnais.fr\/es\/empresa-con-proposito\/","title":{"rendered":"Un grupo hotelero comprometido"},"content":{"rendered":"\n<section class=\"heading wp-elements-65a9f11603529597aa3654a1d3306bb1 wp-elements-65a9f11603529597aa3654a1d3306bb1 wp-block-acf-heading has-text-color has-primary-color has-background has-white-100-background-color\">\n\t<div class=\"heading__container\">\n\t\t\t\t\t<div class=\"heading__background-picture\">\n\t\t\t\t<img decoding=\"async\" width=\"1620\" height=\"1080\" src=\"https:\/\/www.lesaubergisteslyonnais.fr\/wp-content\/uploads\/2025\/05\/hotel-engage-RSE-Lyon-centre.jpg\" class=\"attachment-full size-full\" alt=\"hotel engage RSE Lyon centre\" fetchpriority=\"high\" srcset=\"https:\/\/www.lesaubergisteslyonnais.fr\/wp-content\/uploads\/2025\/05\/hotel-engage-RSE-Lyon-centre.jpg 1620w, https:\/\/www.lesaubergisteslyonnais.fr\/wp-content\/uploads\/2025\/05\/hotel-engage-RSE-Lyon-centre-600x400.jpg 600w, https:\/\/www.lesaubergisteslyonnais.fr\/wp-content\/uploads\/2025\/05\/hotel-engage-RSE-Lyon-centre-1400x933.jpg 1400w, https:\/\/www.lesaubergisteslyonnais.fr\/wp-content\/uploads\/2025\/05\/hotel-engage-RSE-Lyon-centre-768x512.jpg 768w, https:\/\/www.lesaubergisteslyonnais.fr\/wp-content\/uploads\/2025\/05\/hotel-engage-RSE-Lyon-centre-1536x1024.jpg 1536w\" sizes=\"(max-width: 1620px) 100vw, 1620px\" \/>\t\t\t<\/div>\n\t\t\t\t<div class=\"heading__layout\">\n\t\t\t<div class=\"heading__content-wrapper has-white-100-background-color\">\n\t\t\t\t<div class=\"heading__content has-white-100-background-color\">\n\t\t\t\t\t\t\t\t\t<p id=\"breadcrumbs\"><span><span><a href=\"https:\/\/www.lesaubergisteslyonnais.fr\/es\/\">Accueil<\/a><\/span><\/span><\/p>\t\t\t\t\t\t\t\t\t<div class=\"acf-innerblocks-container\">\n\n<div class=\"wp-block-group heading-content-group is-layout-grid wp-container-core-group-is-layout-96b258e4 wp-block-group-is-layout-grid\">\n<h1 class=\"wp-block-heading has-text-align-left heading__title has-primary-color has-text-color has-xx-large-font-size wp-container-content-32a3e683\">Una empresa con una misi\u00f3n, hoteles y restaurantes responsables<\/h1>\n<\/div>\n\n<\/div>\n\t\t\t\t<\/div>\n\t\t\t\t\t\t\t\t<div class=\"heading__illustration illustration-with-parallax desktop-only\">\n\t\t\t\t\t<img decoding=\"async\" width=\"350\" height=\"350\" src=\"https:\/\/www.lesaubergisteslyonnais.fr\/wp-content\/uploads\/2025\/04\/ENCRIER.png\" class=\"attachment-full size-full\" alt=\"ENCRIER\" fetchpriority=\"high\" srcset=\"https:\/\/www.lesaubergisteslyonnais.fr\/wp-content\/uploads\/2025\/04\/ENCRIER.png 350w, https:\/\/www.lesaubergisteslyonnais.fr\/wp-content\/uploads\/2025\/04\/ENCRIER-300x300.png 300w\" sizes=\"(max-width: 350px) 100vw, 350px\" \/>\t\t\t\t<\/div>\n\t\t\t\t\t\t\t<\/div>\n\t\t<\/div>\n\t<\/div>\n<\/section>\n\n\n\t<section\n\t\tstyle=\"padding-top:var(--wp--preset--spacing--theme-default);padding-bottom:var(--wp--preset--spacing--theme-default);\" class=\"block-container align wp-block-acf-block-container has-background has-white-background-color is-layout-flow wp-block-acf-block-container-is-layout-flow\"\t>\n\n\t\n\n<div class=\"wp-block-group has-global-padding is-layout-constrained wp-block-group-is-layout-constrained\">\n<p class=\"has-text-align-left has-large-font-size\">Somos Aubergistes Lyonnais y ciudadanos.<\/p>\n\n\n\n<p class=\"has-text-align-left\">Les Aubergistes Lyonnais es el primer grupo hotelero independiente de Francia que reinventa el arte de la hospitalidad, con el compromiso de respetar el medio ambiente, apoyar a la regi\u00f3n de Lyon y garantizar el bienestar de sus equipos.<\/p>\n<\/div>\n\n\n\n<\/section>\n\n\t<section\n\t\tstyle=\"padding-top:0;padding-bottom:var(--wp--preset--spacing--theme-default);\" class=\"block-container align wp-block-acf-block-container has-background has-secondary-background-color has-global-padding is-layout-constrained wp-container-acf-block-container-is-layout-b7925fb3 wp-block-acf-block-container-is-layout-constrained\"\t>\n\n\t\n\n<div class=\"wp-block-group has-global-padding is-layout-constrained wp-container-core-group-is-layout-07ebb5d2 wp-block-group-is-layout-constrained\" style=\"padding-top:var(--wp--preset--spacing--theme-m)\">\n<figure class=\"wp-block-image aligncenter size-medium is-resized\"><img decoding=\"async\" width=\"411\" height=\"600\" src=\"https:\/\/www.lesaubergisteslyonnais.fr\/wp-content\/uploads\/2025\/05\/LALcitoyens_RVB-411x600.png\" alt=\"LAL+ciudadanos RGB\" class=\"wp-image-5289\" style=\"aspect-ratio:0.6666666666666666;object-fit:cover;width:150px\" srcset=\"https:\/\/www.lesaubergisteslyonnais.fr\/wp-content\/uploads\/2025\/05\/LALcitoyens_RVB-411x600.png 411w, https:\/\/www.lesaubergisteslyonnais.fr\/wp-content\/uploads\/2025\/05\/LALcitoyens_RVB.png 749w\" sizes=\"(max-width: 411px) 100vw, 411px\" \/><\/figure>\n\n\n\n<h2 class=\"wp-block-heading has-text-align-center\">\u00bfQu\u00e9 es una empresa impulsada por una misi\u00f3n?<\/h2>\n\n\n\n<p class=\"has-text-align-left\">El estatuto de \u201csoci\u00e9t\u00e9 \u00e0 mission\u201d, introducido por la Ley PACTE de 2019, permite a una empresa formalizar sus compromisos sociales y medioambientales en sus estatutos. Este exigente modelo se basa en varios pilares: <\/p>\n\n\n\n<ul class=\"wp-block-list\">\n<li><strong>Una raz\u00f3n de ser <\/strong>consagrada en los estatutos, que define la contribuci\u00f3n de la empresa a cuestiones de inter\u00e9s general.<\/li>\n\n\n\n<li><strong>Objetivos <\/strong>sociales o medioambientales <strong>espec\u00edficos <\/strong>que concreten esta raz\u00f3n de ser.<\/li>\n\n\n\n<li><strong>Un comit\u00e9 de misi\u00f3n, <\/strong>encargado de comprobar que estos compromisos se respetan y se transmiten a todos los niveles de la organizaci\u00f3n.<\/li>\n\n\n\n<li><strong>Mayor transparencia,<\/strong> con un seguimiento regular e informes p\u00fablicos.<\/li>\n<\/ul>\n\n\n\n<p class=\"has-text-align-left\">En otras palabras, una empresa con una misi\u00f3n es mucho m\u00e1s que un negocio: es un actor comprometido con un mundo mejor, donde el beneficio y el impacto positivo coexisten armoniosamente.<\/p>\n<\/div>\n\n\n\n<\/section>\n\n\t<section\n\t\tstyle=\"padding-top:var(--wp--preset--spacing--theme-default);padding-bottom:0;\" class=\"block-container align wp-block-acf-block-container has-background has-white-background-color has-global-padding is-content-justification-center is-layout-constrained wp-container-acf-block-container-is-layout-8c309c1b wp-block-acf-block-container-is-layout-constrained\"\t>\n\n\t\n\n<div class=\"wp-block-group has-global-padding is-layout-constrained wp-container-core-group-is-layout-30cbf03a wp-block-group-is-layout-constrained\">\n<h3 class=\"wp-block-heading has-text-align-left\">Nuestra raz\u00f3n de ser<\/h3>\n\n\n\n<p class=\"has-text-align-left has-large-font-size\">\u00abTrabajando juntos para construir lugares deseables, sobrios y fraternales para vivir, al servicio del encanto de nuestro ecosistema.<\/p>\n<\/div>\n\n\n\n<\/section>\n\n<section\n\tstyle=\"padding-top:0;padding-bottom:var(--wp--preset--spacing--theme-default);\" class=\"masonry-grid masonry-grid--texto-arriba-derecha alignfull wp-block-acf-masonry-grid has-global-padding is-layout-constrained wp-block-acf-masonry-grid-is-layout-constrained\">\n\t\n\n<div class=\"wp-block-media-text alignwide has-media-on-the-right is-stacked-on-mobile is-image-fill-element masonry-grid__wrapper\" style=\"padding-top:var(--wp--preset--spacing--theme-m);padding-bottom:0\"><div class=\"wp-block-media-text__content\">\n<figure class=\"wp-block-image size-full is-resized\"><img decoding=\"async\" width=\"720\" height=\"1080\" src=\"https:\/\/www.lesaubergisteslyonnais.fr\/wp-content\/uploads\/2025\/05\/Hotel-Lyon-centre-ville_Perrache_Simplon-10.jpg\" alt=\"Hotel Lyon centro Perrache Simplon 10\" class=\"wp-image-5327\" style=\"aspect-ratio:16\/9;object-fit:cover;width:100px\" srcset=\"https:\/\/www.lesaubergisteslyonnais.fr\/wp-content\/uploads\/2025\/05\/Hotel-Lyon-centre-ville_Perrache_Simplon-10.jpg 720w, https:\/\/www.lesaubergisteslyonnais.fr\/wp-content\/uploads\/2025\/05\/Hotel-Lyon-centre-ville_Perrache_Simplon-10-400x600.jpg 400w\" sizes=\"(max-width: 720px) 100vw, 720px\" \/><figcaption class=\"wp-element-caption\">Hotel Lyon centro Perrache Simplon 10<\/figcaption><\/figure>\n\n\n\n<div class=\"wp-block-group masonry-grid__text-container has-secondary-background-color has-background is-vertical is-content-justification-center is-layout-flex wp-container-core-group-is-layout-3e9f99e2 wp-block-group-is-layout-flex\" style=\"padding-top:var(--wp--preset--spacing--theme-xs);padding-right:var(--wp--preset--spacing--theme-xs);padding-bottom:var(--wp--preset--spacing--theme-xs);padding-left:var(--wp--preset--spacing--theme-xs)\">\n<h4 class=\"wp-block-heading has-text-align-center has-black-color has-text-color has-link-color has-theme-small-font-size wp-elements-a1e0fd0205e00bd241fb733faf04e5bc\">Fraternidad Hospitalaria Liberty<\/h4>\n<\/div>\n\n\n\n<figure class=\"wp-block-image size-full is-resized\"><img decoding=\"async\" width=\"720\" height=\"1080\" src=\"https:\/\/www.lesaubergisteslyonnais.fr\/wp-content\/uploads\/2025\/03\/hotel-ecologique-lyon.jpg\" alt=\"hotel ecol&#xF3;gico lyon\" class=\"wp-image-1867\" style=\"width:100%;height:100%\" srcset=\"https:\/\/www.lesaubergisteslyonnais.fr\/wp-content\/uploads\/2025\/03\/hotel-ecologique-lyon.jpg 720w, https:\/\/www.lesaubergisteslyonnais.fr\/wp-content\/uploads\/2025\/03\/hotel-ecologique-lyon-200x300.jpg 200w, https:\/\/www.lesaubergisteslyonnais.fr\/wp-content\/uploads\/2025\/03\/hotel-ecologique-lyon-683x1024.jpg 683w\" sizes=\"(max-width: 720px) 100vw, 720px\" \/><figcaption class=\"wp-element-caption\">hotel ecol\u00f3gico lyon<\/figcaption><\/figure>\n\n\n\n<figure class=\"wp-block-image size-large is-resized\"><img decoding=\"async\" width=\"684\" height=\"1024\" src=\"https:\/\/www.lesaubergisteslyonnais.fr\/wp-content\/uploads\/2025\/03\/hotel_lyon_centre_ville_petit-dejeuner1-684x1024.jpg\" alt=\"\" class=\"wp-image-1660\" style=\"width:100%;height:100%\" srcset=\"https:\/\/www.lesaubergisteslyonnais.fr\/wp-content\/uploads\/2025\/03\/hotel_lyon_centre_ville_petit-dejeuner1-684x1024.jpg 684w, https:\/\/www.lesaubergisteslyonnais.fr\/wp-content\/uploads\/2025\/03\/hotel_lyon_centre_ville_petit-dejeuner1-200x300.jpg 200w, https:\/\/www.lesaubergisteslyonnais.fr\/wp-content\/uploads\/2025\/03\/hotel_lyon_centre_ville_petit-dejeuner1.jpg 721w\" sizes=\"(max-width: 684px) 100vw, 684px\" \/><\/figure>\n<\/div><figure class=\"wp-block-media-text__media\"><img decoding=\"async\" width=\"720\" height=\"1080\" src=\"https:\/\/www.lesaubergisteslyonnais.fr\/wp-content\/uploads\/2025\/05\/Groupe-hotelier-fancais-lyon1.jpg\" alt=\"Grupo hotelero franc\u00e9s lyon1\" class=\"wp-image-5657 size-full\" style=\"object-position:50% 50%\" srcset=\"https:\/\/www.lesaubergisteslyonnais.fr\/wp-content\/uploads\/2025\/05\/Groupe-hotelier-fancais-lyon1.jpg 720w, https:\/\/www.lesaubergisteslyonnais.fr\/wp-content\/uploads\/2025\/05\/Groupe-hotelier-fancais-lyon1-400x600.jpg 400w\" sizes=\"(max-width: 720px) 100vw, 720px\" \/><\/figure><\/div>\n\n\n<\/section>\n\n\t<section\n\t\tstyle=\"padding-top:var(--wp--preset--spacing--theme-default);padding-bottom:var(--wp--preset--spacing--theme-default);\" class=\"block-container align wp-block-acf-block-container has-background has-white-100-background-color is-layout-flow wp-container-acf-block-container-is-layout-3a454bd5 wp-block-acf-block-container-is-layout-flow\"\t>\n\n\t\n\n<div class=\"wp-block-group has-global-padding is-layout-constrained wp-container-core-group-is-layout-c3ef1538 wp-block-group-is-layout-constrained\">\n<h2 class=\"wp-block-heading has-text-align-center\">Nuestros objetivos<\/h2>\n\n\n\n<div class=\"wp-block-group has-global-padding is-layout-constrained wp-container-core-group-is-layout-19e250f3 wp-block-group-is-layout-constrained\">\n<h4 class=\"wp-block-heading\">Gobernanza centrada en las personas<\/h4>\n\n\n\n<p>Garantizar que cada empleado pueda desarrollarse y encontrar reconocimiento en su trabajo<\/p>\n\n\n\n<h4 class=\"wp-block-heading\">Un compromiso de sobriedad medioambiental<\/h4>\n\n\n\n<p>Dar vida y revelar espacios vitales elegantes y acogedores, firmemente arraigados en su entorno local.<\/p>\n\n\n\n<h4 class=\"wp-block-heading\">Un compromiso con la sociedad, profundamente arraigado en la empresa<\/h4>\n\n\n\n<p>Poner nuestros espacios vitales al servicio de la hospitalidad y la fraternidad en nuestros barrios<\/p>\n<\/div>\n\n\n\n<div class=\"wp-block-buttons is-content-justification-center is-layout-flex wp-container-core-buttons-is-layout-a89b3969 wp-block-buttons-is-layout-flex\">\n<div class=\"wp-block-button is-style-label-button is-style-label-button--1\"><a class=\"wp-block-button__link wp-element-button\" href=\"https:\/\/www.lesaubergisteslyonnais.fr\/es\/empresa-con-proposito\/compromisos-sostenibles-ecologicos\/\">descubre nuestros compromisos<\/a><\/div>\n<\/div>\n<\/div>\n\n\n\n<\/section>\n\n<section style=\"padding-top:0;padding-bottom:0;padding-left:0;padding-right:0;\" class=\"content wp-block-acf-content has-background has-white-background-color\">\n\t<div class=\"content__container\">\n\t\t\t\t\t<div class=\"content__background-picture\">\n\t\t\t\t<img decoding=\"async\" width=\"1920\" height=\"1280\" src=\"https:\/\/www.lesaubergisteslyonnais.fr\/wp-content\/uploads\/2025\/03\/meilleur-hotel-de-lyon-centre.jpg\" class=\"attachment-full size-full\" alt=\"meilleur hotel de lyon centre\" srcset=\"https:\/\/www.lesaubergisteslyonnais.fr\/wp-content\/uploads\/2025\/03\/meilleur-hotel-de-lyon-centre.jpg 1920w, https:\/\/www.lesaubergisteslyonnais.fr\/wp-content\/uploads\/2025\/03\/meilleur-hotel-de-lyon-centre-300x200.jpg 300w, https:\/\/www.lesaubergisteslyonnais.fr\/wp-content\/uploads\/2025\/03\/meilleur-hotel-de-lyon-centre-1024x683.jpg 1024w, https:\/\/www.lesaubergisteslyonnais.fr\/wp-content\/uploads\/2025\/03\/meilleur-hotel-de-lyon-centre-768x512.jpg 768w, https:\/\/www.lesaubergisteslyonnais.fr\/wp-content\/uploads\/2025\/03\/meilleur-hotel-de-lyon-centre-1536x1024.jpg 1536w\" sizes=\"(max-width: 1920px) 100vw, 1920px\" \/>\t\t\t<\/div>\n\t\t\t\t<div class=\"content__layout\">\n\t\t\t<div class=\"content__content-wrapper has-white-background-color\">\n\t\t\t\t<div class=\"content__content has-white-background-color\">\n\t\t\t\t\t\t\t\t\t<div class=\"acf-innerblocks-container\">\n\n<div class=\"wp-block-group has-global-padding is-layout-constrained wp-container-core-group-is-layout-dcfd7d44 wp-block-group-is-layout-constrained\" style=\"min-height:0%;padding-top:0;padding-right:var(--wp--preset--spacing--theme-s);padding-bottom:0;padding-left:var(--wp--preset--spacing--theme-s)\">\n<h2 class=\"wp-block-heading has-text-align-left\">Nuestro <mark class=\"has-inline-color has-primary-color\"><em>manifiesto<\/em><\/mark><\/h2>\n\n\n\n<p>Y si fuera posible&#8230; so\u00f1ar con una empresa con los pies en la tierra pero la cabeza en las estrellas. Una que haga su trabajo de posadero lo mejor que pueda, con total independencia de mente, coraz\u00f3n y raz\u00f3n. Y si fuera posible&#8230; hacer crecer un equipo que encuentra su reconocimiento en una vida diaria exigente pero gratificante&#8230;  <\/p>\n\n\n\n<p>Y si fuera posible&#8230; dar vida a lugares sinceros, encarnados, c\u00e1lidos y firmemente arraigados en su barrio y en su tiempo&#8230;<\/p>\n\n\n\n<p>Y si fuera posible&#8230; dar vida a la generosidad, dejar entrar la luz del sol sin olvidar a los que realmente nos necesitan&#8230;<\/p>\n\n\n\n<p>Y si fuera posible&#8230; construir juntos lugares de vida \u00fatil y fraternal que sirvan tanto como deleiten.<\/p>\n\n\n\n<p>Es posible y, de hecho, esencial.<\/p>\n\n\n\n<p>Es lo que nos impulsa cada d\u00eda, lo que nos gu\u00eda, lo que nos conecta con los dem\u00e1s.<\/p>\n\n\n\n<p>Somos Aubergistes Lyonnais&#8230; \u00a1y ciudadanos!<\/p>\n<\/div>\n\n<\/div>\n\t\t\t\t<\/div>\n\t\t\t\t\t\t\t<\/div>\n\t\t<\/div>\n\t<\/div>\n<\/section>\n\n\n\t<section\n\t\tstyle=\"padding-top:var(--wp--preset--spacing--theme-default);padding-bottom:var(--wp--preset--spacing--theme-default);\" class=\"double-columns wp-block-acf-double-columns has-background has-secondary-background-color has-global-padding is-layout-constrained wp-container-acf-double-columns-is-layout-a22d0bdd wp-block-acf-double-columns-is-layout-constrained\"\t>\n\n<div class=\"double-columns__innerblocks\">\n\n<div class=\"wp-block-group is-layout-flow wp-block-group-is-layout-flow\">\n<figure class=\"wp-block-image size-full\"><img decoding=\"async\" width=\"879\" height=\"1060\" src=\"https:\/\/www.lesaubergisteslyonnais.fr\/wp-content\/uploads\/2025\/05\/loic-renart-2.jpg\" alt=\"loic renart (2)\" class=\"wp-image-5967\" style=\"aspect-ratio:3\/4;object-fit:cover\" title=\"\" srcset=\"https:\/\/www.lesaubergisteslyonnais.fr\/wp-content\/uploads\/2025\/05\/loic-renart-2.jpg 879w, https:\/\/www.lesaubergisteslyonnais.fr\/wp-content\/uploads\/2025\/05\/loic-renart-2-498x600.jpg 498w, https:\/\/www.lesaubergisteslyonnais.fr\/wp-content\/uploads\/2025\/05\/loic-renart-2-768x926.jpg 768w\" sizes=\"(max-width: 879px) 100vw, 879px\" \/><\/figure>\n<\/div>\n\n\n\n<div class=\"wp-block-group is-vertical is-content-justification-stretch is-layout-flex wp-container-core-group-is-layout-84739627 wp-block-group-is-layout-flex\">\n<h2 class=\"wp-block-heading has-text-align-left\"><mark class=\"has-inline-color has-primary-color\">La palabra de un ejecutivo<\/mark><\/h2>\n\n\n\n<p>Porque estoy convencida de que la empresa del ma\u00f1ana ser\u00e1 \u00e9tica o no ser\u00e1, estoy orgullosa de dirigir este proyecto para crear una empresa con una misi\u00f3n para los Aubergistes Lyonnais. Nuestro trabajo es ofrecer comida, cobijo y sonrisas&#8230; \u00bfqu\u00e9 puede ser m\u00e1s esencial para la vida? <\/p>\n\n\n\n<p>As\u00ed que atrev\u00e1monos a ser verdaderos lugares de vida local y llevemos la fraternidad a nuestras escuelas, \u00a1seamos Aubergistes Lyonnais y Ciudadanos!<\/p>\n\n\n\n<p><em>Lo\u00efc Renart<\/em><\/p>\n<\/div>\n\n<\/div>\n\n<\/section>\n\n\t<section\n\t\tstyle=\"padding-top:var(--wp--preset--spacing--theme-default);padding-bottom:var(--wp--preset--spacing--theme-default);\" class=\"block-container align wp-block-acf-block-container has-background has-white-background-color is-layout-flow wp-container-acf-block-container-is-layout-3a454bd5 wp-block-acf-block-container-is-layout-flow\"\t>\n\n\t\n\n<div class=\"wp-block-group has-global-padding is-layout-constrained wp-container-core-group-is-layout-c3ef1538 wp-block-group-is-layout-constrained\">\n<div class=\"wp-block-group has-global-padding is-layout-constrained wp-container-core-group-is-layout-19e250f3 wp-block-group-is-layout-constrained\">\n<h4 class=\"wp-block-heading has-text-align-center\">Consulta la \u00faltima notificaci\u00f3n de verificaci\u00f3n del cumplimiento de tu misi\u00f3n por parte de una organizaci\u00f3n tercera independiente (OTI).<\/h4>\n<\/div>\n\n\n\n<div class=\"wp-block-buttons is-content-justification-center is-layout-flex wp-container-core-buttons-is-layout-a89b3969 wp-block-buttons-is-layout-flex\">\n<div class=\"wp-block-button is-style-label-button is-style-label-button--2\"><a class=\"wp-block-button__link wp-element-button\" href=\"https:\/\/www.lesaubergisteslyonnais.fr\/wp-content\/uploads\/2026\/01\/LES-AUBERGISTES-LYONNAIS_Avis-motive-171024-signe.pdf\" target=\"_blank\" rel=\"noreferrer noopener\">visita<\/a><\/div>\n<\/div>\n<\/div>\n\n\n\n<\/section>\n","protected":false},"excerpt":{"rendered":"","protected":false},"author":7,"featured_media":4360,"parent":0,"menu_order":0,"comment_status":"closed","ping_status":"closed","template":"","meta":{"_acf_changed":false,"inline_featured_image":false,"footnotes":""},"class_list":["post-6851","page","type-page","status-publish","has-post-thumbnail","hentry"],"acf":[],"yoast_head":"<!-- This site is optimized with the Yoast SEO plugin v27.4 - https:\/\/yoast.com\/product\/yoast-seo-wordpress\/ -->\n<title>Grupo hotelero - Empresa con una misi\u00f3n: Les Aubergistes Lyonnais<\/title>\n<meta name=\"description\" content=\"Les Aubergistes Lyonnais - Grupo hotelero comprometido con el turismo responsable, arraigado en la autenticidad y la excelencia de Lyon.\" \/>\n<meta name=\"robots\" content=\"index, follow, max-snippet:-1, max-image-preview:large, max-video-preview:-1\" \/>\n<link rel=\"canonical\" href=\"https:\/\/www.lesaubergisteslyonnais.fr\/es\/empresa-con-proposito\/\" \/>\n<meta property=\"og:locale\" content=\"es_ES\" \/>\n<meta property=\"og:type\" content=\"article\" \/>\n<meta property=\"og:title\" content=\"Grupo hotelero - Empresa con una misi\u00f3n: Les Aubergistes Lyonnais\" \/>\n<meta property=\"og:description\" content=\"Les Aubergistes Lyonnais - Grupo hotelero comprometido con el turismo responsable, arraigado en la autenticidad y la excelencia de Lyon.\" \/>\n<meta property=\"og:url\" content=\"https:\/\/www.lesaubergisteslyonnais.fr\/es\/empresa-con-proposito\/\" \/>\n<meta property=\"og:site_name\" content=\"Les Aubergistes Lyonnais\" \/>\n<meta property=\"article:modified_time\" content=\"2026-01-14T08:32:19+00:00\" \/>\n<meta property=\"og:image\" content=\"https:\/\/www.lesaubergisteslyonnais.fr\/wp-content\/uploads\/2025\/03\/hotel_lyon_centre_bellecour29.jpg\" \/>\n\t<meta property=\"og:image:width\" content=\"1620\" \/>\n\t<meta property=\"og:image:height\" content=\"1080\" \/>\n\t<meta property=\"og:image:type\" content=\"image\/jpeg\" \/>\n<meta name=\"twitter:card\" content=\"summary_large_image\" \/>\n<meta name=\"twitter:label1\" content=\"Tiempo de lectura\" \/>\n\t<meta name=\"twitter:data1\" content=\"5 minuto\" \/>\n<script type=\"application\/ld+json\" class=\"yoast-schema-graph\">{\"@context\":\"https:\\\/\\\/schema.org\",\"@graph\":[{\"@type\":\"WebPage\",\"@id\":\"https:\\\/\\\/www.lesaubergisteslyonnais.fr\\\/es\\\/empresa-con-proposito\\\/\",\"url\":\"https:\\\/\\\/www.lesaubergisteslyonnais.fr\\\/es\\\/empresa-con-proposito\\\/\",\"name\":\"Grupo hotelero - Empresa con una misi\u00f3n: Les Aubergistes Lyonnais\",\"isPartOf\":{\"@id\":\"https:\\\/\\\/www.lesaubergisteslyonnais.fr\\\/es\\\/#website\"},\"primaryImageOfPage\":{\"@id\":\"https:\\\/\\\/www.lesaubergisteslyonnais.fr\\\/es\\\/empresa-con-proposito\\\/#primaryimage\"},\"image\":{\"@id\":\"https:\\\/\\\/www.lesaubergisteslyonnais.fr\\\/es\\\/empresa-con-proposito\\\/#primaryimage\"},\"thumbnailUrl\":\"https:\\\/\\\/www.lesaubergisteslyonnais.fr\\\/wp-content\\\/uploads\\\/2025\\\/03\\\/hotel_lyon_centre_bellecour29.jpg\",\"datePublished\":\"2025-04-16T15:40:05+00:00\",\"dateModified\":\"2026-01-14T08:32:19+00:00\",\"description\":\"Les Aubergistes Lyonnais - Grupo hotelero comprometido con el turismo responsable, arraigado en la autenticidad y la excelencia de Lyon.\",\"breadcrumb\":{\"@id\":\"https:\\\/\\\/www.lesaubergisteslyonnais.fr\\\/es\\\/empresa-con-proposito\\\/#breadcrumb\"},\"inLanguage\":\"es\",\"potentialAction\":[{\"@type\":\"ReadAction\",\"target\":[\"https:\\\/\\\/www.lesaubergisteslyonnais.fr\\\/es\\\/empresa-con-proposito\\\/\"]}]},{\"@type\":\"ImageObject\",\"inLanguage\":\"es\",\"@id\":\"https:\\\/\\\/www.lesaubergisteslyonnais.fr\\\/es\\\/empresa-con-proposito\\\/#primaryimage\",\"url\":\"https:\\\/\\\/www.lesaubergisteslyonnais.fr\\\/wp-content\\\/uploads\\\/2025\\\/03\\\/hotel_lyon_centre_bellecour29.jpg\",\"contentUrl\":\"https:\\\/\\\/www.lesaubergisteslyonnais.fr\\\/wp-content\\\/uploads\\\/2025\\\/03\\\/hotel_lyon_centre_bellecour29.jpg\",\"width\":1620,\"height\":1080,\"caption\":\"hotel lyon centre bellecour29\"},{\"@type\":\"BreadcrumbList\",\"@id\":\"https:\\\/\\\/www.lesaubergisteslyonnais.fr\\\/es\\\/empresa-con-proposito\\\/#breadcrumb\",\"itemListElement\":[{\"@type\":\"ListItem\",\"position\":1,\"name\":\"Accueil\",\"item\":\"https:\\\/\\\/www.lesaubergisteslyonnais.fr\\\/es\\\/\"},{\"@type\":\"ListItem\",\"position\":2,\"name\":\"Un grupo hotelero comprometido\"}]},{\"@type\":\"WebSite\",\"@id\":\"https:\\\/\\\/www.lesaubergisteslyonnais.fr\\\/es\\\/#website\",\"url\":\"https:\\\/\\\/www.lesaubergisteslyonnais.fr\\\/es\\\/\",\"name\":\"Globe Cecil\",\"description\":\"\",\"publisher\":{\"@id\":\"https:\\\/\\\/www.lesaubergisteslyonnais.fr\\\/es\\\/#organization\"},\"potentialAction\":[{\"@type\":\"SearchAction\",\"target\":{\"@type\":\"EntryPoint\",\"urlTemplate\":\"https:\\\/\\\/www.lesaubergisteslyonnais.fr\\\/es\\\/?s={search_term_string}\"},\"query-input\":{\"@type\":\"PropertyValueSpecification\",\"valueRequired\":true,\"valueName\":\"search_term_string\"}}],\"inLanguage\":\"es\"},{\"@type\":\"Organization\",\"@id\":\"https:\\\/\\\/www.lesaubergisteslyonnais.fr\\\/es\\\/#organization\",\"name\":\"Globe Cecil\",\"url\":\"https:\\\/\\\/www.lesaubergisteslyonnais.fr\\\/es\\\/\",\"logo\":{\"@type\":\"ImageObject\",\"inLanguage\":\"es\",\"@id\":\"https:\\\/\\\/www.lesaubergisteslyonnais.fr\\\/es\\\/#\\\/schema\\\/logo\\\/image\\\/\",\"url\":\"https:\\\/\\\/www.lesaubergisteslyonnais.fr\\\/wp-content\\\/uploads\\\/2025\\\/05\\\/LOGO-Aubergistes-Lyonnais-White.svg\",\"contentUrl\":\"https:\\\/\\\/www.lesaubergisteslyonnais.fr\\\/wp-content\\\/uploads\\\/2025\\\/05\\\/LOGO-Aubergistes-Lyonnais-White.svg\",\"width\":558,\"height\":127,\"caption\":\"Globe Cecil\"},\"image\":{\"@id\":\"https:\\\/\\\/www.lesaubergisteslyonnais.fr\\\/es\\\/#\\\/schema\\\/logo\\\/image\\\/\"}}]}<\/script>\n<!-- \/ Yoast SEO plugin. -->","yoast_head_json":{"title":"Grupo hotelero - Empresa con una misi\u00f3n: Les Aubergistes Lyonnais","description":"Les Aubergistes Lyonnais - Grupo hotelero comprometido con el turismo responsable, arraigado en la autenticidad y la excelencia de Lyon.","robots":{"index":"index","follow":"follow","max-snippet":"max-snippet:-1","max-image-preview":"max-image-preview:large","max-video-preview":"max-video-preview:-1"},"canonical":"https:\/\/www.lesaubergisteslyonnais.fr\/es\/empresa-con-proposito\/","og_locale":"es_ES","og_type":"article","og_title":"Grupo hotelero - Empresa con una misi\u00f3n: Les Aubergistes Lyonnais","og_description":"Les Aubergistes Lyonnais - Grupo hotelero comprometido con el turismo responsable, arraigado en la autenticidad y la excelencia de Lyon.","og_url":"https:\/\/www.lesaubergisteslyonnais.fr\/es\/empresa-con-proposito\/","og_site_name":"Les Aubergistes Lyonnais","article_modified_time":"2026-01-14T08:32:19+00:00","og_image":[{"width":1620,"height":1080,"url":"https:\/\/www.lesaubergisteslyonnais.fr\/wp-content\/uploads\/2025\/03\/hotel_lyon_centre_bellecour29.jpg","type":"image\/jpeg"}],"twitter_card":"summary_large_image","twitter_misc":{"Tiempo de lectura":"5 minuto"},"schema":{"@context":"https:\/\/schema.org","@graph":[{"@type":"WebPage","@id":"https:\/\/www.lesaubergisteslyonnais.fr\/es\/empresa-con-proposito\/","url":"https:\/\/www.lesaubergisteslyonnais.fr\/es\/empresa-con-proposito\/","name":"Grupo hotelero - Empresa con una misi\u00f3n: Les Aubergistes Lyonnais","isPartOf":{"@id":"https:\/\/www.lesaubergisteslyonnais.fr\/es\/#website"},"primaryImageOfPage":{"@id":"https:\/\/www.lesaubergisteslyonnais.fr\/es\/empresa-con-proposito\/#primaryimage"},"image":{"@id":"https:\/\/www.lesaubergisteslyonnais.fr\/es\/empresa-con-proposito\/#primaryimage"},"thumbnailUrl":"https:\/\/www.lesaubergisteslyonnais.fr\/wp-content\/uploads\/2025\/03\/hotel_lyon_centre_bellecour29.jpg","datePublished":"2025-04-16T15:40:05+00:00","dateModified":"2026-01-14T08:32:19+00:00","description":"Les Aubergistes Lyonnais - Grupo hotelero comprometido con el turismo responsable, arraigado en la autenticidad y la excelencia de Lyon.","breadcrumb":{"@id":"https:\/\/www.lesaubergisteslyonnais.fr\/es\/empresa-con-proposito\/#breadcrumb"},"inLanguage":"es","potentialAction":[{"@type":"ReadAction","target":["https:\/\/www.lesaubergisteslyonnais.fr\/es\/empresa-con-proposito\/"]}]},{"@type":"ImageObject","inLanguage":"es","@id":"https:\/\/www.lesaubergisteslyonnais.fr\/es\/empresa-con-proposito\/#primaryimage","url":"https:\/\/www.lesaubergisteslyonnais.fr\/wp-content\/uploads\/2025\/03\/hotel_lyon_centre_bellecour29.jpg","contentUrl":"https:\/\/www.lesaubergisteslyonnais.fr\/wp-content\/uploads\/2025\/03\/hotel_lyon_centre_bellecour29.jpg","width":1620,"height":1080,"caption":"hotel lyon centre bellecour29"},{"@type":"BreadcrumbList","@id":"https:\/\/www.lesaubergisteslyonnais.fr\/es\/empresa-con-proposito\/#breadcrumb","itemListElement":[{"@type":"ListItem","position":1,"name":"Accueil","item":"https:\/\/www.lesaubergisteslyonnais.fr\/es\/"},{"@type":"ListItem","position":2,"name":"Un grupo hotelero comprometido"}]},{"@type":"WebSite","@id":"https:\/\/www.lesaubergisteslyonnais.fr\/es\/#website","url":"https:\/\/www.lesaubergisteslyonnais.fr\/es\/","name":"Globe Cecil","description":"","publisher":{"@id":"https:\/\/www.lesaubergisteslyonnais.fr\/es\/#organization"},"potentialAction":[{"@type":"SearchAction","target":{"@type":"EntryPoint","urlTemplate":"https:\/\/www.lesaubergisteslyonnais.fr\/es\/?s={search_term_string}"},"query-input":{"@type":"PropertyValueSpecification","valueRequired":true,"valueName":"search_term_string"}}],"inLanguage":"es"},{"@type":"Organization","@id":"https:\/\/www.lesaubergisteslyonnais.fr\/es\/#organization","name":"Globe Cecil","url":"https:\/\/www.lesaubergisteslyonnais.fr\/es\/","logo":{"@type":"ImageObject","inLanguage":"es","@id":"https:\/\/www.lesaubergisteslyonnais.fr\/es\/#\/schema\/logo\/image\/","url":"https:\/\/www.lesaubergisteslyonnais.fr\/wp-content\/uploads\/2025\/05\/LOGO-Aubergistes-Lyonnais-White.svg","contentUrl":"https:\/\/www.lesaubergisteslyonnais.fr\/wp-content\/uploads\/2025\/05\/LOGO-Aubergistes-Lyonnais-White.svg","width":558,"height":127,"caption":"Globe Cecil"},"image":{"@id":"https:\/\/www.lesaubergisteslyonnais.fr\/es\/#\/schema\/logo\/image\/"}}]}},"_links":{"self":[{"href":"https:\/\/www.lesaubergisteslyonnais.fr\/es\/wp-json\/wp\/v2\/pages\/6851","targetHints":{"allow":["GET"]}}],"collection":[{"href":"https:\/\/www.lesaubergisteslyonnais.fr\/es\/wp-json\/wp\/v2\/pages"}],"about":[{"href":"https:\/\/www.lesaubergisteslyonnais.fr\/es\/wp-json\/wp\/v2\/types\/page"}],"author":[{"embeddable":true,"href":"https:\/\/www.lesaubergisteslyonnais.fr\/es\/wp-json\/wp\/v2\/users\/7"}],"replies":[{"embeddable":true,"href":"https:\/\/www.lesaubergisteslyonnais.fr\/es\/wp-json\/wp\/v2\/comments?post=6851"}],"version-history":[{"count":11,"href":"https:\/\/www.lesaubergisteslyonnais.fr\/es\/wp-json\/wp\/v2\/pages\/6851\/revisions"}],"predecessor-version":[{"id":9517,"href":"https:\/\/www.lesaubergisteslyonnais.fr\/es\/wp-json\/wp\/v2\/pages\/6851\/revisions\/9517"}],"wp:featuredmedia":[{"embeddable":true,"href":"https:\/\/www.lesaubergisteslyonnais.fr\/es\/wp-json\/wp\/v2\/media\/4360"}],"wp:attachment":[{"href":"https:\/\/www.lesaubergisteslyonnais.fr\/es\/wp-json\/wp\/v2\/media?parent=6851"}],"curies":[{"name":"wp","href":"https:\/\/api.w.org\/{rel}","templated":true}]}}