{"id":6845,"date":"2025-04-16T17:40:04","date_gmt":"2025-04-16T15:40:04","guid":{"rendered":"https:\/\/www.lesaubergisteslyonnais.fr\/inicio\/"},"modified":"2025-10-21T15:52:13","modified_gmt":"2025-10-21T13:52:13","slug":"inicio","status":"publish","type":"page","link":"https:\/\/www.lesaubergisteslyonnais.fr\/es\/","title":{"rendered":"Inicio"},"content":{"rendered":"\n<section\n\tclass=\"block-hero alignfull wp-block-acf-block-hero has-background has-secondary-background-color\"\t\t>\n\t\n\t<div class=\"block-hero__video-wrapper\">\n\t\t\t <video muted playsinline poster=\"https:\/\/www.lesaubergisteslyonnais.fr\/wp-content\/uploads\/2025\/03\/couloirs-hotel-Globe-et-Cecil-Lyon1.jpg\" data-mobile-src=\"https:\/\/www.lesaubergisteslyonnais.fr\/wp-content\/uploads\/2025\/05\/LAL-mobile.mp4\" data-desktop-src=\"https:\/\/www.lesaubergisteslyonnais.fr\/wp-content\/uploads\/2025\/05\/LAL-desktop.mp4\" class=\"hero-video\"><\/video>\n\t\t\n\t\t<figure class=\"block-hero__animated-logo\">\n\t\t\t<img decoding=\"async\" width=\"360\" height=\"360\" src=\"https:\/\/www.lesaubergisteslyonnais.fr\/wp-content\/uploads\/2025\/05\/LOGO-LAL_fond-Blanc_360x360.gif\" class=\"attachment-full size-full\" alt=\"LOGO LAL fond Blanc 360x360\" fetchpriority=\"high\" \/>\t\t\t\t\t<\/figure>\n\t\t<div class=\"block-hero__content block-hero__content--animated-title\">\n\t\t\t\t\t\t\t\t<div class=\"animated-title-container\">\n\t\t\t\t\t\t\t\t\t\t\t\t\t<span style=\"color:#ffffff!important\" class=\"animated-title active\" data-index=\"0\">\n\t\t\t\t\t\t\t\t<h1><strong>Hosteler\u00eda<\/strong><\/h1>\n<h1>ante todo<\/h1>\n\t\t\t\t\t\t\t<\/span>\n\t\t\t\t\t\t\t\t\t\t\t\t\t<span style=\"color:#ffffff!important\" class=\"animated-title \" data-index=\"1\">\n\t\t\t\t\t\t\t\t<h1><strong>Autenticidad<\/strong><\/h1>\n<h1>encarnado<\/h1>\n\t\t\t\t\t\t\t<\/span>\n\t\t\t\t\t\t\t\t\t\t\t\t\t<span style=\"color:#ffffff!important\" class=\"animated-title \" data-index=\"2\">\n\t\t\t\t\t\t\t\t<h1><strong>Encantamiento<\/strong><\/h1>\n<h1>del momento presente<\/h1>\n\t\t\t\t\t\t\t<\/span>\n\t\t\t\t\t\t\t\t\t\t\t\t\t<span style=\"color:#ffffff!important\" class=\"animated-title \" data-index=\"3\">\n\t\t\t\t\t\t\t\t<h1>Casas<br \/>\nricas en su<\/h1>\n<h1><strong>  reuniones<\/strong><\/h1>\n\t\t\t\t\t\t\t<\/span>\n\t\t\t\t\t\t\t\t\t\t\t<\/div>\n\t\t\t\t\t\t<span class=\"block-hero__icon-play js-play-video  icon-animated-title\">\n\t\t\t\t<img decoding=\"async\" src=\"https:\/\/www.lesaubergisteslyonnais.fr\/wp-content\/plugins\/lal-facf-blocks-plugin\/assets\/img\/PICTO-player.svg\"\n\t\t\t\t\talt=\"Play\">\n\t\t\t<\/span>\n\t\t\t<span class=\"block-hero__icon-pause js-pause-video  hidden\" icon-animated-title>\n\t\t\t\t<img decoding=\"async\" src=\"https:\/\/www.lesaubergisteslyonnais.fr\/wp-content\/plugins\/lal-facf-blocks-plugin\/assets\/img\/PICTO-pause.svg\"\n\t\t\t\t\talt=\"Pause\">\n\t\t\t<\/span>\n\t\t<\/div>\n\t<\/div>\n\t<\/section>\n\n\t<section\n\t\tstyle=\"padding-top:var(--wp--preset--spacing--theme-default);padding-bottom:var(--wp--preset--spacing--theme-default);\" class=\"block-container align wp-block-acf-block-container has-background has-white-100-background-color has-global-padding is-layout-constrained wp-block-acf-block-container-is-layout-constrained\"\t>\n\n\t\n\n<div class=\"wp-block-group has-global-padding is-layout-constrained wp-block-group-is-layout-constrained\">\n<figure class=\"wp-block-image aligncenter size-full is-resized\"><img decoding=\"async\" width=\"749\" height=\"1093\" src=\"https:\/\/www.lesaubergisteslyonnais.fr\/wp-content\/uploads\/2025\/05\/LALcitoyens_RVB.png\" alt=\"LAL+ciudadanos RGB\" class=\"wp-image-5289\" style=\"width:220px\" srcset=\"https:\/\/www.lesaubergisteslyonnais.fr\/wp-content\/uploads\/2025\/05\/LALcitoyens_RVB.png 749w, https:\/\/www.lesaubergisteslyonnais.fr\/wp-content\/uploads\/2025\/05\/LALcitoyens_RVB-411x600.png 411w\" sizes=\"(max-width: 749px) 100vw, 749px\" \/><\/figure>\n<\/div>\n\n\n\n<div\n\tstyle=\"padding-top:var(--wp--preset--spacing--theme-m);padding-bottom:var(--wp--preset--spacing--theme-m);\" class=\"text-on-images text-on-images aligncenter wp-block-acf-text-on-images\">\n\t\t<figure class=\"text-on-images__images text-on-images__images--white-overlay\">\n\t\t<img decoding=\"async\" width=\"200\" height=\"300\" src=\"https:\/\/www.lesaubergisteslyonnais.fr\/wp-content\/uploads\/2025\/03\/equipes_Globe_hotel_Bellecour_Lyon8-200x300.jpg\" class=\"attachment-medium size-medium\" alt=\"equipes Globe hotel Bellecour Lyon8\" srcset=\"https:\/\/www.lesaubergisteslyonnais.fr\/wp-content\/uploads\/2025\/03\/equipes_Globe_hotel_Bellecour_Lyon8-200x300.jpg 200w, https:\/\/www.lesaubergisteslyonnais.fr\/wp-content\/uploads\/2025\/03\/equipes_Globe_hotel_Bellecour_Lyon8-683x1024.jpg 683w, https:\/\/www.lesaubergisteslyonnais.fr\/wp-content\/uploads\/2025\/03\/equipes_Globe_hotel_Bellecour_Lyon8.jpg 720w\" sizes=\"(max-width: 200px) 100vw, 200px\" \/><img decoding=\"async\" width=\"200\" height=\"300\" src=\"https:\/\/www.lesaubergisteslyonnais.fr\/wp-content\/uploads\/2025\/03\/equipes_Globe_hotel_Bellecour_Lyon19-200x300.jpg\" class=\"attachment-medium size-medium\" alt=\"equipes Globe hotel Bellecour Lyon19\" srcset=\"https:\/\/www.lesaubergisteslyonnais.fr\/wp-content\/uploads\/2025\/03\/equipes_Globe_hotel_Bellecour_Lyon19-200x300.jpg 200w, https:\/\/www.lesaubergisteslyonnais.fr\/wp-content\/uploads\/2025\/03\/equipes_Globe_hotel_Bellecour_Lyon19-683x1024.jpg 683w, https:\/\/www.lesaubergisteslyonnais.fr\/wp-content\/uploads\/2025\/03\/equipes_Globe_hotel_Bellecour_Lyon19.jpg 720w\" sizes=\"(max-width: 200px) 100vw, 200px\" \/><img decoding=\"async\" width=\"400\" height=\"600\" src=\"https:\/\/www.lesaubergisteslyonnais.fr\/wp-content\/uploads\/2025\/10\/les-aubergistes-lyonnais-equipe-400x600.jpg\" class=\"attachment-medium size-medium\" alt=\"les aubergistes lyonnais equipe\" srcset=\"https:\/\/www.lesaubergisteslyonnais.fr\/wp-content\/uploads\/2025\/10\/les-aubergistes-lyonnais-equipe-400x600.jpg 400w, https:\/\/www.lesaubergisteslyonnais.fr\/wp-content\/uploads\/2025\/10\/les-aubergistes-lyonnais-equipe.jpg 720w\" sizes=\"(max-width: 400px) 100vw, 400px\" \/><img decoding=\"async\" width=\"200\" height=\"300\" src=\"https:\/\/www.lesaubergisteslyonnais.fr\/wp-content\/uploads\/2025\/03\/equipes_Globe_hotel_Bellecour_Lyon20-200x300.jpg\" class=\"attachment-medium size-medium\" alt=\"equipes Globe hotel Bellecour Lyon20\" srcset=\"https:\/\/www.lesaubergisteslyonnais.fr\/wp-content\/uploads\/2025\/03\/equipes_Globe_hotel_Bellecour_Lyon20-200x300.jpg 200w, https:\/\/www.lesaubergisteslyonnais.fr\/wp-content\/uploads\/2025\/03\/equipes_Globe_hotel_Bellecour_Lyon20-683x1024.jpg 683w, https:\/\/www.lesaubergisteslyonnais.fr\/wp-content\/uploads\/2025\/03\/equipes_Globe_hotel_Bellecour_Lyon20.jpg 720w\" sizes=\"(max-width: 200px) 100vw, 200px\" \/><img decoding=\"async\" width=\"200\" height=\"300\" src=\"https:\/\/www.lesaubergisteslyonnais.fr\/wp-content\/uploads\/2025\/03\/equipes_Globe_hotel_Bellecour_Lyon21-200x300.jpg\" class=\"attachment-medium size-medium\" alt=\"equipes Globe hotel Bellecour Lyon21\" srcset=\"https:\/\/www.lesaubergisteslyonnais.fr\/wp-content\/uploads\/2025\/03\/equipes_Globe_hotel_Bellecour_Lyon21-200x300.jpg 200w, https:\/\/www.lesaubergisteslyonnais.fr\/wp-content\/uploads\/2025\/03\/equipes_Globe_hotel_Bellecour_Lyon21-683x1024.jpg 683w, https:\/\/www.lesaubergisteslyonnais.fr\/wp-content\/uploads\/2025\/03\/equipes_Globe_hotel_Bellecour_Lyon21.jpg 720w\" sizes=\"(max-width: 200px) 100vw, 200px\" \/><img decoding=\"async\" width=\"200\" height=\"300\" src=\"https:\/\/www.lesaubergisteslyonnais.fr\/wp-content\/uploads\/2025\/03\/equipes_Globe_hotel_Bellecour_Lyon23-200x300.jpg\" class=\"attachment-medium size-medium\" alt=\"equipes Globe hotel Bellecour Lyon23\" srcset=\"https:\/\/www.lesaubergisteslyonnais.fr\/wp-content\/uploads\/2025\/03\/equipes_Globe_hotel_Bellecour_Lyon23-200x300.jpg 200w, https:\/\/www.lesaubergisteslyonnais.fr\/wp-content\/uploads\/2025\/03\/equipes_Globe_hotel_Bellecour_Lyon23-683x1024.jpg 683w, https:\/\/www.lesaubergisteslyonnais.fr\/wp-content\/uploads\/2025\/03\/equipes_Globe_hotel_Bellecour_Lyon23.jpg 720w\" sizes=\"(max-width: 200px) 100vw, 200px\" \/><img decoding=\"async\" width=\"200\" height=\"300\" src=\"https:\/\/www.lesaubergisteslyonnais.fr\/wp-content\/uploads\/2025\/03\/equipes_Globe_hotel_Bellecour_Lyon6-200x300.jpg\" class=\"attachment-medium size-medium\" alt=\"equipes Globe hotel Bellecour Lyon6\" srcset=\"https:\/\/www.lesaubergisteslyonnais.fr\/wp-content\/uploads\/2025\/03\/equipes_Globe_hotel_Bellecour_Lyon6-200x300.jpg 200w, https:\/\/www.lesaubergisteslyonnais.fr\/wp-content\/uploads\/2025\/03\/equipes_Globe_hotel_Bellecour_Lyon6-683x1024.jpg 683w, https:\/\/www.lesaubergisteslyonnais.fr\/wp-content\/uploads\/2025\/03\/equipes_Globe_hotel_Bellecour_Lyon6.jpg 720w\" sizes=\"(max-width: 200px) 100vw, 200px\" \/><img decoding=\"async\" width=\"200\" height=\"300\" src=\"https:\/\/www.lesaubergisteslyonnais.fr\/wp-content\/uploads\/2025\/03\/equipes_Globe_hotel_Bellecour_Lyon18.jpg-200x300.jpg\" class=\"attachment-medium size-medium\" alt=\"equipes Globe hotel Bellecour Lyon18.jpg\" srcset=\"https:\/\/www.lesaubergisteslyonnais.fr\/wp-content\/uploads\/2025\/03\/equipes_Globe_hotel_Bellecour_Lyon18.jpg-200x300.jpg 200w, https:\/\/www.lesaubergisteslyonnais.fr\/wp-content\/uploads\/2025\/03\/equipes_Globe_hotel_Bellecour_Lyon18.jpg-683x1024.jpg 683w, https:\/\/www.lesaubergisteslyonnais.fr\/wp-content\/uploads\/2025\/03\/equipes_Globe_hotel_Bellecour_Lyon18.jpg.jpg 720w\" sizes=\"(max-width: 200px) 100vw, 200px\" \/><img decoding=\"async\" width=\"200\" height=\"300\" src=\"https:\/\/www.lesaubergisteslyonnais.fr\/wp-content\/uploads\/2025\/04\/equipes_hotel_globe_et_cecil-200x300.jpg\" class=\"attachment-medium size-medium\" alt=\"equipes hotel globe et cecil\" srcset=\"https:\/\/www.lesaubergisteslyonnais.fr\/wp-content\/uploads\/2025\/04\/equipes_hotel_globe_et_cecil-200x300.jpg 200w, https:\/\/www.lesaubergisteslyonnais.fr\/wp-content\/uploads\/2025\/04\/equipes_hotel_globe_et_cecil-683x1024.jpg 683w, https:\/\/www.lesaubergisteslyonnais.fr\/wp-content\/uploads\/2025\/04\/equipes_hotel_globe_et_cecil.jpg 720w\" sizes=\"(max-width: 200px) 100vw, 200px\" \/><img decoding=\"async\" width=\"200\" height=\"300\" src=\"https:\/\/www.lesaubergisteslyonnais.fr\/wp-content\/uploads\/2025\/04\/equipes_hotel_globe_et_cecil1-200x300.jpg\" class=\"attachment-medium size-medium\" alt=\"equipes hotel globe et cecil1\" srcset=\"https:\/\/www.lesaubergisteslyonnais.fr\/wp-content\/uploads\/2025\/04\/equipes_hotel_globe_et_cecil1-200x300.jpg 200w, https:\/\/www.lesaubergisteslyonnais.fr\/wp-content\/uploads\/2025\/04\/equipes_hotel_globe_et_cecil1-683x1024.jpg 683w, https:\/\/www.lesaubergisteslyonnais.fr\/wp-content\/uploads\/2025\/04\/equipes_hotel_globe_et_cecil1.jpg 720w\" sizes=\"(max-width: 200px) 100vw, 200px\" \/><img decoding=\"async\" width=\"200\" height=\"300\" src=\"https:\/\/www.lesaubergisteslyonnais.fr\/wp-content\/uploads\/2025\/04\/equipes_hotel_globe_et_cecil4-200x300.jpg\" class=\"attachment-medium size-medium\" alt=\"equipes hotel globe et cecil4\" srcset=\"https:\/\/www.lesaubergisteslyonnais.fr\/wp-content\/uploads\/2025\/04\/equipes_hotel_globe_et_cecil4-200x300.jpg 200w, https:\/\/www.lesaubergisteslyonnais.fr\/wp-content\/uploads\/2025\/04\/equipes_hotel_globe_et_cecil4-683x1024.jpg 683w, https:\/\/www.lesaubergisteslyonnais.fr\/wp-content\/uploads\/2025\/04\/equipes_hotel_globe_et_cecil4.jpg 720w\" sizes=\"(max-width: 200px) 100vw, 200px\" \/><img decoding=\"async\" width=\"200\" height=\"300\" src=\"https:\/\/www.lesaubergisteslyonnais.fr\/wp-content\/uploads\/2025\/04\/equipes_hotel_globe_et_cecil2-200x300.jpg\" class=\"attachment-medium size-medium\" alt=\"equipes hotel globe et cecil2 scaled\" srcset=\"https:\/\/www.lesaubergisteslyonnais.fr\/wp-content\/uploads\/2025\/04\/equipes_hotel_globe_et_cecil2-200x300.jpg 200w, https:\/\/www.lesaubergisteslyonnais.fr\/wp-content\/uploads\/2025\/04\/equipes_hotel_globe_et_cecil2-682x1024.jpg 682w, https:\/\/www.lesaubergisteslyonnais.fr\/wp-content\/uploads\/2025\/04\/equipes_hotel_globe_et_cecil2-768x1152.jpg 768w, https:\/\/www.lesaubergisteslyonnais.fr\/wp-content\/uploads\/2025\/04\/equipes_hotel_globe_et_cecil2-1024x1536.jpg 1024w, https:\/\/www.lesaubergisteslyonnais.fr\/wp-content\/uploads\/2025\/04\/equipes_hotel_globe_et_cecil2-1365x2048.jpg 1365w, https:\/\/www.lesaubergisteslyonnais.fr\/wp-content\/uploads\/2025\/04\/equipes_hotel_globe_et_cecil2-scaled.jpg 1706w\" sizes=\"(max-width: 200px) 100vw, 200px\" \/><img decoding=\"async\" width=\"400\" height=\"600\" src=\"https:\/\/www.lesaubergisteslyonnais.fr\/wp-content\/uploads\/2025\/10\/les-aubergistes-lyonnais-equipe_1-400x600.jpg\" class=\"attachment-medium size-medium\" alt=\"les aubergistes lyonnais equipe 1\" srcset=\"https:\/\/www.lesaubergisteslyonnais.fr\/wp-content\/uploads\/2025\/10\/les-aubergistes-lyonnais-equipe_1-400x600.jpg 400w, https:\/\/www.lesaubergisteslyonnais.fr\/wp-content\/uploads\/2025\/10\/les-aubergistes-lyonnais-equipe_1.jpg 720w\" sizes=\"(max-width: 400px) 100vw, 400px\" \/>\t<\/figure>\n\t\t\n\n<h4 class=\"wp-block-heading has-text-align-center text-on-images__title has-primary-color has-text-color has-link-color wp-elements-4fd6e78bffbac0a20b98eebc10eb196e\">hoteles,<br\/>restaurantes,<br\/>eventos.<\/h4>\n\n\n<\/div>\n\n\n\n<p class=\"has-text-align-center\">Un estado de \u00e1nimo, una colecci\u00f3n, lugares de belleza sencilla pero acogedora, grandes ideas y peque\u00f1as gentilezas, mesas generosas, gourmets finos, amigos sinceros, un equipo c\u00e1lido, gente seria, sobre todo cuando no es seria, los Aubergistes Lyonnais.<\/p>\n\n\n\n<\/section>\n\n\t<section\n\t\tstyle=\"padding-top:var(--wp--preset--spacing--theme-s);padding-bottom:var(--wp--preset--spacing--theme-s);\" class=\"columns-text-masonry alignfull wp-block-acf-columns-text-masonry has-background has-white-background-color is-layout-flow wp-block-acf-columns-text-masonry-is-layout-flow\"\t>\n\n\t<div class=\"columns-text-masonry__innerblocks\">\n\n<div class=\"wp-block-column columns-text-masonry__image-container is-layout-flow wp-block-column-is-layout-flow\" style=\"flex-basis:40%\">\n<figure class=\"wp-block-image size-full is-resized\"><img decoding=\"async\" width=\"1620\" height=\"1080\" src=\"https:\/\/www.lesaubergisteslyonnais.fr\/wp-content\/uploads\/2025\/05\/hotel-lyon-centre-ville.jpg\" alt=\"hotel lyon centre ville\" class=\"wp-image-5751\" style=\"width:100%;height:100%\" srcset=\"https:\/\/www.lesaubergisteslyonnais.fr\/wp-content\/uploads\/2025\/05\/hotel-lyon-centre-ville.jpg 1620w, https:\/\/www.lesaubergisteslyonnais.fr\/wp-content\/uploads\/2025\/05\/hotel-lyon-centre-ville-600x400.jpg 600w, https:\/\/www.lesaubergisteslyonnais.fr\/wp-content\/uploads\/2025\/05\/hotel-lyon-centre-ville-1400x933.jpg 1400w, https:\/\/www.lesaubergisteslyonnais.fr\/wp-content\/uploads\/2025\/05\/hotel-lyon-centre-ville-768x512.jpg 768w, https:\/\/www.lesaubergisteslyonnais.fr\/wp-content\/uploads\/2025\/05\/hotel-lyon-centre-ville-1536x1024.jpg 1536w\" sizes=\"(max-width: 1620px) 100vw, 1620px\" \/><\/figure>\n<\/div>\n\n\n\n<div class=\"wp-block-column columns-text-masonry__image-container is-layout-flow wp-block-column-is-layout-flow\" style=\"flex-basis:20%\">\n<figure class=\"wp-block-image size-full is-resized\"><img decoding=\"async\" width=\"720\" height=\"1080\" src=\"https:\/\/www.lesaubergisteslyonnais.fr\/wp-content\/uploads\/2025\/05\/Groupe-hotelier-fancais-lyon5.jpg\" alt=\"Grupo hotelero franc&#xE9;s lyon5\" class=\"wp-image-5673\" style=\"width:100%;height:100%\" srcset=\"https:\/\/www.lesaubergisteslyonnais.fr\/wp-content\/uploads\/2025\/05\/Groupe-hotelier-fancais-lyon5.jpg 720w, https:\/\/www.lesaubergisteslyonnais.fr\/wp-content\/uploads\/2025\/05\/Groupe-hotelier-fancais-lyon5-400x600.jpg 400w\" sizes=\"(max-width: 720px) 100vw, 720px\" \/><\/figure>\n<\/div>\n\n\n\n<div class=\"wp-block-column is-vertically-aligned-center columns-text-masonry__text-container is-layout-flow wp-block-column-is-layout-flow\" style=\"padding-top:var(--wp--preset--spacing--theme-s);padding-right:var(--wp--preset--spacing--theme-s);padding-bottom:var(--wp--preset--spacing--theme-s);padding-left:var(--wp--preset--spacing--theme-s);flex-basis:20%\">\n<h4 class=\"wp-block-heading has-text-align-center\">3 hoteles<\/h4>\n\n\n\n<p class=\"has-text-align-center\">con su belleza sencilla pero acogedora<\/p>\n\n\n\n<div class=\"wp-block-button is-style-label-button is-style-label-button--1\"><a class=\"wp-block-button__link wp-element-button\" href=\"https:\/\/www.lesaubergisteslyonnais.fr\/es\/hoteles-centro-lyon\/\">Descubre<\/a><\/div>\n<\/div>\n\n\n\n<div class=\"wp-block-column columns-text-masonry__image-container is-layout-flow wp-block-column-is-layout-flow\" style=\"flex-basis:20%\">\n<figure class=\"wp-block-image size-full is-resized\"><img decoding=\"async\" width=\"720\" height=\"1080\" src=\"https:\/\/www.lesaubergisteslyonnais.fr\/wp-content\/uploads\/2025\/05\/Hotel-Lyon-centre-ville_Perrache_Simplon-65.jpg\" alt=\"Hotel Lyon centro Perrache Simplon 65\" class=\"wp-image-5547\" style=\"width:100%;height:100%\" srcset=\"https:\/\/www.lesaubergisteslyonnais.fr\/wp-content\/uploads\/2025\/05\/Hotel-Lyon-centre-ville_Perrache_Simplon-65.jpg 720w, https:\/\/www.lesaubergisteslyonnais.fr\/wp-content\/uploads\/2025\/05\/Hotel-Lyon-centre-ville_Perrache_Simplon-65-400x600.jpg 400w\" sizes=\"(max-width: 720px) 100vw, 720px\" \/><\/figure>\n<\/div>\n\n<\/div>\n\n<\/section>\n\n\t<section\n\t\tstyle=\"padding-top:0;padding-bottom:0;\" class=\"columns-text-masonry is-style-text-left alignfull wp-block-acf-columns-text-masonry has-background has-white-background-color is-layout-flow wp-block-acf-columns-text-masonry-is-layout-flow\"\t>\n\n\t<div class=\"columns-text-masonry__innerblocks\">\n\n<div class=\"wp-block-column is-vertically-aligned-center columns-text-masonry__text-container is-layout-flow wp-block-column-is-layout-flow\" style=\"padding-top:var(--wp--preset--spacing--theme-s);padding-right:var(--wp--preset--spacing--theme-s);padding-bottom:var(--wp--preset--spacing--theme-s);padding-left:var(--wp--preset--spacing--theme-s);flex-basis:20%\">\n<h4 class=\"wp-block-heading has-text-align-center\">2 restaurantes<\/h4>\n\n\n\n<p class=\"has-text-align-center\">generosos, finos gourmets<\/p>\n\n\n\n<div class=\"wp-block-button is-style-label-button is-style-label-button--2\"><a class=\"wp-block-button__link wp-element-button\" href=\"https:\/\/www.lesaubergisteslyonnais.fr\/es\/restaurantes-centro-lyon\/\">Descubre<\/a><\/div>\n<\/div>\n\n\n\n<div class=\"wp-block-column columns-text-masonry__image-container is-layout-flow wp-block-column-is-layout-flow\" style=\"flex-basis:20%\">\n<figure class=\"wp-block-image size-full is-resized\"><img decoding=\"async\" width=\"720\" height=\"1080\" src=\"https:\/\/www.lesaubergisteslyonnais.fr\/wp-content\/uploads\/2025\/04\/restaurant-Comptoir-Cecil-lyon.jpg\" alt=\"restaurante Comptoir Cecil lyon\" class=\"wp-image-2953\" style=\"width:100%;height:100%\" srcset=\"https:\/\/www.lesaubergisteslyonnais.fr\/wp-content\/uploads\/2025\/04\/restaurant-Comptoir-Cecil-lyon.jpg 720w, https:\/\/www.lesaubergisteslyonnais.fr\/wp-content\/uploads\/2025\/04\/restaurant-Comptoir-Cecil-lyon-400x600.jpg 400w\" sizes=\"(max-width: 720px) 100vw, 720px\" \/><\/figure>\n<\/div>\n\n\n\n<div class=\"wp-block-column columns-text-masonry__image-container is-layout-flow wp-block-column-is-layout-flow\" style=\"flex-basis:40%\">\n<figure class=\"wp-block-image size-full is-resized\"><img decoding=\"async\" width=\"1620\" height=\"1080\" src=\"https:\/\/www.lesaubergisteslyonnais.fr\/wp-content\/uploads\/2025\/05\/Groupe-hotelier-fancais-lyon4.jpg\" alt=\"Grupo hotelero franc&#xE9;s lyon4\" class=\"wp-image-5669\" style=\"width:100%;height:100%\" srcset=\"https:\/\/www.lesaubergisteslyonnais.fr\/wp-content\/uploads\/2025\/05\/Groupe-hotelier-fancais-lyon4.jpg 1620w, https:\/\/www.lesaubergisteslyonnais.fr\/wp-content\/uploads\/2025\/05\/Groupe-hotelier-fancais-lyon4-600x400.jpg 600w, https:\/\/www.lesaubergisteslyonnais.fr\/wp-content\/uploads\/2025\/05\/Groupe-hotelier-fancais-lyon4-1400x933.jpg 1400w, https:\/\/www.lesaubergisteslyonnais.fr\/wp-content\/uploads\/2025\/05\/Groupe-hotelier-fancais-lyon4-768x512.jpg 768w, https:\/\/www.lesaubergisteslyonnais.fr\/wp-content\/uploads\/2025\/05\/Groupe-hotelier-fancais-lyon4-1536x1024.jpg 1536w\" sizes=\"(max-width: 1620px) 100vw, 1620px\" \/><\/figure>\n<\/div>\n\n\n\n<div class=\"wp-block-column columns-text-masonry__image-container is-layout-flow wp-block-column-is-layout-flow\" style=\"flex-basis:20%\">\n<figure class=\"wp-block-image size-full is-resized\"><img decoding=\"async\" width=\"720\" height=\"1080\" src=\"https:\/\/www.lesaubergisteslyonnais.fr\/wp-content\/uploads\/2025\/05\/Hotel-Lyon-centre-ville_Perrache_Simplon-12.jpg\" alt=\"Hotel Lyon centro Perrache Simplon 12\" class=\"wp-image-5335\" style=\"width:100%;height:100%\" srcset=\"https:\/\/www.lesaubergisteslyonnais.fr\/wp-content\/uploads\/2025\/05\/Hotel-Lyon-centre-ville_Perrache_Simplon-12.jpg 720w, https:\/\/www.lesaubergisteslyonnais.fr\/wp-content\/uploads\/2025\/05\/Hotel-Lyon-centre-ville_Perrache_Simplon-12-400x600.jpg 400w\" sizes=\"(max-width: 720px) 100vw, 720px\" \/><\/figure>\n<\/div>\n\n<\/div>\n\n<\/section>\n\n\t<section\n\t\tstyle=\"padding-top:var(--wp--preset--spacing--theme-s);padding-bottom:var(--wp--preset--spacing--theme-default);\" class=\"columns-text-masonry alignfull wp-block-acf-columns-text-masonry is-layout-flow wp-block-acf-columns-text-masonry-is-layout-flow\"\t>\n\n\t<div class=\"columns-text-masonry__innerblocks\">\n\n<div class=\"wp-block-column columns-text-masonry__image-container is-layout-flow wp-block-column-is-layout-flow\" style=\"flex-basis:40%\">\n<figure class=\"wp-block-image size-full is-resized\"><img decoding=\"async\" width=\"1620\" height=\"1080\" src=\"https:\/\/www.lesaubergisteslyonnais.fr\/wp-content\/uploads\/2025\/03\/restaurant_lyon_bellecour.jpg\" alt=\"restaurante lyon bellecour\" class=\"wp-image-890\" style=\"width:100%;height:100%\" srcset=\"https:\/\/www.lesaubergisteslyonnais.fr\/wp-content\/uploads\/2025\/03\/restaurant_lyon_bellecour.jpg 1620w, https:\/\/www.lesaubergisteslyonnais.fr\/wp-content\/uploads\/2025\/03\/restaurant_lyon_bellecour-300x200.jpg 300w, https:\/\/www.lesaubergisteslyonnais.fr\/wp-content\/uploads\/2025\/03\/restaurant_lyon_bellecour-1024x683.jpg 1024w, https:\/\/www.lesaubergisteslyonnais.fr\/wp-content\/uploads\/2025\/03\/restaurant_lyon_bellecour-768x512.jpg 768w, https:\/\/www.lesaubergisteslyonnais.fr\/wp-content\/uploads\/2025\/03\/restaurant_lyon_bellecour-1536x1024.jpg 1536w\" sizes=\"(max-width: 1620px) 100vw, 1620px\" \/><\/figure>\n<\/div>\n\n\n\n<div class=\"wp-block-column columns-text-masonry__image-container is-layout-flow wp-block-column-is-layout-flow\" style=\"flex-basis:20%\">\n<figure class=\"wp-block-image size-full is-resized\"><img decoding=\"async\" width=\"720\" height=\"1080\" src=\"https:\/\/www.lesaubergisteslyonnais.fr\/wp-content\/uploads\/2025\/05\/evenement-lyon_lieu-privatisable.jpg\" alt=\"evento lyon lugar privado\" class=\"wp-image-5755\" style=\"width:100%;height:100%\" srcset=\"https:\/\/www.lesaubergisteslyonnais.fr\/wp-content\/uploads\/2025\/05\/evenement-lyon_lieu-privatisable.jpg 720w, https:\/\/www.lesaubergisteslyonnais.fr\/wp-content\/uploads\/2025\/05\/evenement-lyon_lieu-privatisable-400x600.jpg 400w\" sizes=\"(max-width: 720px) 100vw, 720px\" \/><\/figure>\n<\/div>\n\n\n\n<div class=\"wp-block-column is-vertically-aligned-center columns-text-masonry__text-container is-layout-flow wp-block-column-is-layout-flow\" style=\"padding-top:var(--wp--preset--spacing--theme-s);padding-right:var(--wp--preset--spacing--theme-s);padding-bottom:var(--wp--preset--spacing--theme-s);padding-left:var(--wp--preset--spacing--theme-s);flex-basis:20%\">\n<h4 class=\"wp-block-heading has-text-align-center\">5 \u00e1reas de eventos<\/h4>\n\n\n\n<p class=\"has-text-align-center\">personalizable para eventos que reflejen tu personalidad<\/p>\n\n\n\n<div class=\"wp-block-button is-style-label-button is-style-label-button--3\"><a class=\"wp-block-button__link wp-element-button\" href=\"https:\/\/www.lesaubergisteslyonnais.fr\/es\/organizacion-alquiler-eventos-lyon\/\">Descubre<\/a><\/div>\n<\/div>\n\n\n\n<div class=\"wp-block-column columns-text-masonry__image-container is-layout-flow wp-block-column-is-layout-flow\" style=\"flex-basis:20%\">\n<figure class=\"wp-block-image size-full is-resized\"><img decoding=\"async\" width=\"720\" height=\"1080\" src=\"https:\/\/www.lesaubergisteslyonnais.fr\/wp-content\/uploads\/2025\/04\/salle-de-seminaire-lyon.jpg\" alt=\"sala de seminarios lyon\" class=\"wp-image-2206\" style=\"width:100%;height:100%\" srcset=\"https:\/\/www.lesaubergisteslyonnais.fr\/wp-content\/uploads\/2025\/04\/salle-de-seminaire-lyon.jpg 720w, https:\/\/www.lesaubergisteslyonnais.fr\/wp-content\/uploads\/2025\/04\/salle-de-seminaire-lyon-200x300.jpg 200w, https:\/\/www.lesaubergisteslyonnais.fr\/wp-content\/uploads\/2025\/04\/salle-de-seminaire-lyon-683x1024.jpg 683w\" sizes=\"(max-width: 720px) 100vw, 720px\" \/><\/figure>\n<\/div>\n\n<\/div>\n\n<\/section>\n\n\t<section\n\t\tstyle=\"padding-top:0;padding-bottom:0;\" class=\"block-container align wp-block-acf-block-container has-background has-white-background-color has-global-padding is-layout-constrained wp-container-acf-block-container-is-layout-95730b41 wp-block-acf-block-container-is-layout-constrained\"\t>\n\n\t\n\n<div class=\"wp-block-group has-global-padding is-layout-constrained wp-container-core-group-is-layout-0c524209 wp-block-group-is-layout-constrained\" style=\"padding-top:0;padding-bottom:0\">\n<h2 class=\"wp-block-heading has-text-align-center has-primary-color has-text-color has-link-color wp-elements-f75053e8be751fb774164115de407f5d\">Direcciones comprometidas<\/h2>\n\n\n\n<p class=\"has-text-align-left\">Como primer grupo hotelero independiente que se convierte en Empresa Misi\u00f3n en Francia, nos comprometemos a promover el patrimonio local, reducir nuestro impacto ecol\u00f3gico y crear v\u00ednculos, al tiempo que hacemos de cada visita una aventura inolvidable. Somos Aubergistes Lyonnais&#8230; Y ciudadanos <\/p>\n\n\n\n<div class=\"wp-block-buttons is-content-justification-center is-layout-flex wp-container-core-buttons-is-layout-a89b3969 wp-block-buttons-is-layout-flex\">\n<div class=\"wp-block-button is-style-label-button is-style-label-button--4\"><a class=\"wp-block-button__link wp-element-button\" href=\"https:\/\/www.lesaubergisteslyonnais.fr\/es\/empresa-con-proposito\/compromisos-sostenibles-ecologicos\/\" style=\"border-style:none;border-width:0px\">Nuestros compromisos<\/a><\/div>\n<\/div>\n\n\n\n<figure class=\"wp-block-image aligncenter size-full is-resized\"><img decoding=\"async\" width=\"360\" height=\"262\" src=\"https:\/\/www.lesaubergisteslyonnais.fr\/wp-content\/uploads\/2025\/03\/MAIN-cle-1-1.png\" alt=\"\" class=\"wp-image-188\" style=\"width:300px\"\/><\/figure>\n<\/div>\n\n\n\n<\/section>\n\n\t<section\n\t\tstyle=\"padding-top:var(--wp--preset--spacing--theme-default);padding-bottom:var(--wp--preset--spacing--theme-default);\" class=\"block-container align wp-block-acf-block-container has-background has-white-100-background-color has-global-padding is-layout-constrained wp-block-acf-block-container-is-layout-constrained\"\t>\n\n\t\n\n<div class=\"wp-block-group has-global-padding is-layout-constrained wp-container-core-group-is-layout-95730b41 wp-block-group-is-layout-constrained\" style=\"padding-top:0;padding-bottom:0\">\n<figure class=\"wp-block-image aligncenter size-full is-resized\"><img decoding=\"async\" width=\"350\" height=\"350\" src=\"https:\/\/www.lesaubergisteslyonnais.fr\/wp-content\/uploads\/2025\/04\/ENCRIER.png\" alt=\"ENCRIADOR\" class=\"wp-image-2288\" style=\"width:200px\" srcset=\"https:\/\/www.lesaubergisteslyonnais.fr\/wp-content\/uploads\/2025\/04\/ENCRIER.png 350w, https:\/\/www.lesaubergisteslyonnais.fr\/wp-content\/uploads\/2025\/04\/ENCRIER-300x300.png 300w\" sizes=\"(max-width: 350px) 100vw, 350px\" \/><\/figure>\n\n\n\n<h2 class=\"wp-block-heading has-text-align-center\">revista<\/h2>\n\n\n\n<h2 class=\"wp-block-heading has-text-align-center\"><mark class=\"has-inline-color has-primary-color\">Qu\u00e9 hacer en Lyon<\/mark><\/h2>\n<\/div>\n\n\n\n<div class=\"wp-block-group is-layout-flow wp-container-core-group-is-layout-d11dfd33 wp-block-group-is-layout-flow\" style=\"padding-top:var(--wp--preset--spacing--theme-m);padding-bottom:0\">\n<p class=\"has-text-align-left\">Nuestras direcciones favoritas, las boutiques de dise\u00f1o, los lugares m\u00e1s ins\u00f3litos de la ciudad&#8230; Te desvelamos los mejores consejos de Lyon para descubrir la ciudad como nunca antes la hab\u00edas visto.<\/p>\n\n\n\n<div\n\tstyle=\"padding-top:0;padding-bottom:0;\" class=\"link-list alignnone alignnone wp-block-acf-link-list has-background has-white-100-background-color\"\t>\n\t\n\t\n\t\t\t<a href=\"https:\/\/www.lesaubergisteslyonnais.fr\/blog\/visite-culturelle\/\" class=\"link-list__link\">\n\t\t\t\t<span class=\"link-list__text\">\n\t\t\t\t\tVisita cultural\t\t\t\t<\/span>\n\n\t\t\t\t\n\t\t\t\t<svg xmlns=\"http:\/\/www.w3.org\/2000\/svg\" width=\"24\" height=\"25\" viewBox=\"0 0 24 25\" fill=\"none\">\n\t\t\t\t\t<path d=\"M12.1379 6.5L18 12.5L12.1379 18.5M17.4138 12.5L4 12.5\" stroke=\"#3C3B3A\" stroke-width=\"2\"\/>\n\t\t\t\t<\/svg>\n\t\t\t<\/a>\n\n\t\t\t\n\t\t\t<a href=\"https:\/\/www.lesaubergisteslyonnais.fr\/blog\/vie-nocturne-et-festivites\/\" class=\"link-list__link\">\n\t\t\t\t<span class=\"link-list__text\">\n\t\t\t\t\tVida nocturna y fiestas\t\t\t\t<\/span>\n\n\t\t\t\t\n\t\t\t\t<svg xmlns=\"http:\/\/www.w3.org\/2000\/svg\" width=\"24\" height=\"25\" viewBox=\"0 0 24 25\" fill=\"none\">\n\t\t\t\t\t<path d=\"M12.1379 6.5L18 12.5L12.1379 18.5M17.4138 12.5L4 12.5\" stroke=\"#3C3B3A\" stroke-width=\"2\"\/>\n\t\t\t\t<\/svg>\n\t\t\t<\/a>\n\n\t\t\t\n\t\t\t<a href=\"https:\/\/www.lesaubergisteslyonnais.fr\/blog\/gastronomie\/\" class=\"link-list__link\">\n\t\t\t\t<span class=\"link-list__text\">\n\t\t\t\t\tGastronom\u00eda\t\t\t\t<\/span>\n\n\t\t\t\t\n\t\t\t\t<svg xmlns=\"http:\/\/www.w3.org\/2000\/svg\" width=\"24\" height=\"25\" viewBox=\"0 0 24 25\" fill=\"none\">\n\t\t\t\t\t<path d=\"M12.1379 6.5L18 12.5L12.1379 18.5M17.4138 12.5L4 12.5\" stroke=\"#3C3B3A\" stroke-width=\"2\"\/>\n\t\t\t\t<\/svg>\n\t\t\t<\/a>\n\n\t\t\t\t<\/div>\n\n\n\n<div class=\"wp-block-buttons is-content-justification-center is-layout-flex wp-container-core-buttons-is-layout-a89b3969 wp-block-buttons-is-layout-flex\">\n<div class=\"wp-block-button is-style-label-button is-style-label-button--5\"><a class=\"wp-block-button__link wp-element-button\" href=\"https:\/\/www.lesaubergisteslyonnais.fr\/es\/blog\/\" style=\"border-style:none;border-width:0px\">Descubre nuestra revista<\/a><\/div>\n<\/div>\n<\/div>\n\n\n\n<\/section>\n\n\t<section\n\t\tstyle=\"padding-top:var(--wp--preset--spacing--theme-default);padding-bottom:var(--wp--preset--spacing--theme-default);\" class=\"double-columns wp-block-acf-double-columns has-background has-white-background-color has-global-padding is-layout-constrained wp-container-acf-double-columns-is-layout-a22d0bdd wp-block-acf-double-columns-is-layout-constrained\"\t>\n\n<div class=\"double-columns__innerblocks\">\n\n<div class=\"wp-block-group is-layout-flow wp-block-group-is-layout-flow\">\n<figure class=\"wp-block-image size-full image-is-animate\"><img decoding=\"async\" width=\"720\" height=\"1080\" src=\"https:\/\/www.lesaubergisteslyonnais.fr\/wp-content\/uploads\/2025\/06\/IMG_7413.jpg\" alt=\"IMG 7413\" class=\"wp-image-7053\" style=\"aspect-ratio:3\/4;object-fit:cover\" title=\"\" srcset=\"https:\/\/www.lesaubergisteslyonnais.fr\/wp-content\/uploads\/2025\/06\/IMG_7413.jpg 720w, https:\/\/www.lesaubergisteslyonnais.fr\/wp-content\/uploads\/2025\/06\/IMG_7413-400x600.jpg 400w\" sizes=\"(max-width: 720px) 100vw, 720px\" \/><\/figure>\n<\/div>\n\n\n\n<div class=\"wp-block-group is-vertical is-content-justification-stretch is-layout-flex wp-container-core-group-is-layout-84739627 wp-block-group-is-layout-flex\">\n<h2 class=\"wp-block-heading has-text-align-center\">\u00a1Est\u00e1n hablando de nosotros!<\/h2>\n\n\n\n<p>Como lo at\u00edpico no deja indiferente a nadie, nos estamos dando a conocer. Encu\u00e9ntranos en TF1, M6, en Lyon People, Le Bonbon, EgolaRevue, o en el podcast Hospitality Insiders&#8230; <\/p>\n\n\n\n<div class=\"wp-block-buttons is-content-justification-center is-layout-flex wp-container-core-buttons-is-layout-a89b3969 wp-block-buttons-is-layout-flex\">\n<div class=\"wp-block-button is-style-label-button is-style-label-button--6\"><a class=\"wp-block-button__link wp-element-button\" href=\"https:\/\/www.lesaubergisteslyonnais.fr\/es\/empresa-con-proposito\/revista-de-prensa\/\" style=\"border-style:none;border-width:0px\">Nuestra revista de prensa<\/a><\/div>\n<\/div>\n<\/div>\n\n<\/div>\n\n<\/section>\n","protected":false},"excerpt":{"rendered":"","protected":false},"author":7,"featured_media":0,"parent":0,"menu_order":0,"comment_status":"closed","ping_status":"closed","template":"","meta":{"_acf_changed":false,"inline_featured_image":false,"footnotes":""},"class_list":["post-6845","page","type-page","status-publish","hentry"],"acf":[],"yoast_head":"<!-- This site is optimized with the Yoast SEO plugin v27.4 - https:\/\/yoast.com\/product\/yoast-seo-wordpress\/ -->\n<title>Les Aubergistes Lyonnais - Hoteles, Restaurantes en Lyon Centro<\/title>\n<meta name=\"description\" content=\"Les Aubergistes Lyonnais - Al\u00f3jate y disfruta de Lyon en nuestros hoteles de 4 estrellas y restaurantes bistron\u00f3micos en pleno centro de la ciudad.\" \/>\n<meta name=\"robots\" content=\"index, follow, max-snippet:-1, max-image-preview:large, max-video-preview:-1\" \/>\n<link rel=\"canonical\" href=\"https:\/\/www.lesaubergisteslyonnais.fr\/es\/\" \/>\n<meta property=\"og:locale\" content=\"es_ES\" \/>\n<meta property=\"og:type\" content=\"article\" \/>\n<meta property=\"og:title\" content=\"Les Aubergistes Lyonnais - Hoteles, Restaurantes en Lyon Centro\" \/>\n<meta property=\"og:description\" content=\"Les Aubergistes Lyonnais - Al\u00f3jate y disfruta de Lyon en nuestros hoteles de 4 estrellas y restaurantes bistron\u00f3micos en pleno centro de la ciudad.\" \/>\n<meta property=\"og:url\" content=\"https:\/\/www.lesaubergisteslyonnais.fr\/es\/\" \/>\n<meta property=\"og:site_name\" content=\"Les Aubergistes Lyonnais\" \/>\n<meta property=\"article:modified_time\" content=\"2025-10-21T13:52:13+00:00\" \/>\n<meta property=\"og:image\" content=\"https:\/\/www.lesaubergisteslyonnais.fr\/wp-content\/uploads\/2025\/05\/LALcitoyens_RVB.png\" \/>\n<meta name=\"twitter:card\" content=\"summary_large_image\" \/>\n<meta name=\"twitter:label1\" content=\"Tiempo de lectura\" \/>\n\t<meta name=\"twitter:data1\" content=\"4 minuto\" \/>\n<script type=\"application\/ld+json\" class=\"yoast-schema-graph\">{\"@context\":\"https:\\\/\\\/schema.org\",\"@graph\":[{\"@type\":\"WebPage\",\"@id\":\"https:\\\/\\\/www.lesaubergisteslyonnais.fr\\\/es\\\/\",\"url\":\"https:\\\/\\\/www.lesaubergisteslyonnais.fr\\\/es\\\/\",\"name\":\"Les Aubergistes Lyonnais - Hoteles, Restaurantes en Lyon Centro\",\"isPartOf\":{\"@id\":\"https:\\\/\\\/www.lesaubergisteslyonnais.fr\\\/es\\\/#website\"},\"primaryImageOfPage\":{\"@id\":\"https:\\\/\\\/www.lesaubergisteslyonnais.fr\\\/es\\\/#primaryimage\"},\"image\":{\"@id\":\"https:\\\/\\\/www.lesaubergisteslyonnais.fr\\\/es\\\/#primaryimage\"},\"thumbnailUrl\":\"https:\\\/\\\/www.lesaubergisteslyonnais.fr\\\/wp-content\\\/uploads\\\/2025\\\/05\\\/LALcitoyens_RVB.png\",\"datePublished\":\"2025-04-16T15:40:04+00:00\",\"dateModified\":\"2025-10-21T13:52:13+00:00\",\"description\":\"Les Aubergistes Lyonnais - Al\u00f3jate y disfruta de Lyon en nuestros hoteles de 4 estrellas y restaurantes bistron\u00f3micos en pleno centro de la ciudad.\",\"breadcrumb\":{\"@id\":\"https:\\\/\\\/www.lesaubergisteslyonnais.fr\\\/es\\\/#breadcrumb\"},\"inLanguage\":\"es\",\"potentialAction\":[{\"@type\":\"ReadAction\",\"target\":[\"https:\\\/\\\/www.lesaubergisteslyonnais.fr\\\/es\\\/\"]}]},{\"@type\":\"ImageObject\",\"inLanguage\":\"es\",\"@id\":\"https:\\\/\\\/www.lesaubergisteslyonnais.fr\\\/es\\\/#primaryimage\",\"url\":\"https:\\\/\\\/www.lesaubergisteslyonnais.fr\\\/wp-content\\\/uploads\\\/2025\\\/05\\\/LALcitoyens_RVB.png\",\"contentUrl\":\"https:\\\/\\\/www.lesaubergisteslyonnais.fr\\\/wp-content\\\/uploads\\\/2025\\\/05\\\/LALcitoyens_RVB.png\"},{\"@type\":\"BreadcrumbList\",\"@id\":\"https:\\\/\\\/www.lesaubergisteslyonnais.fr\\\/es\\\/#breadcrumb\",\"itemListElement\":[{\"@type\":\"ListItem\",\"position\":1,\"name\":\"Accueil\",\"item\":\"https:\\\/\\\/www.lesaubergisteslyonnais.fr\\\/es\\\/\"},{\"@type\":\"ListItem\",\"position\":2,\"name\":\"Inicio\"}]},{\"@type\":\"WebSite\",\"@id\":\"https:\\\/\\\/www.lesaubergisteslyonnais.fr\\\/es\\\/#website\",\"url\":\"https:\\\/\\\/www.lesaubergisteslyonnais.fr\\\/es\\\/\",\"name\":\"Globe Cecil\",\"description\":\"\",\"publisher\":{\"@id\":\"https:\\\/\\\/www.lesaubergisteslyonnais.fr\\\/es\\\/#organization\"},\"potentialAction\":[{\"@type\":\"SearchAction\",\"target\":{\"@type\":\"EntryPoint\",\"urlTemplate\":\"https:\\\/\\\/www.lesaubergisteslyonnais.fr\\\/es\\\/?s={search_term_string}\"},\"query-input\":{\"@type\":\"PropertyValueSpecification\",\"valueRequired\":true,\"valueName\":\"search_term_string\"}}],\"inLanguage\":\"es\"},{\"@type\":\"Organization\",\"@id\":\"https:\\\/\\\/www.lesaubergisteslyonnais.fr\\\/es\\\/#organization\",\"name\":\"Globe Cecil\",\"url\":\"https:\\\/\\\/www.lesaubergisteslyonnais.fr\\\/es\\\/\",\"logo\":{\"@type\":\"ImageObject\",\"inLanguage\":\"es\",\"@id\":\"https:\\\/\\\/www.lesaubergisteslyonnais.fr\\\/es\\\/#\\\/schema\\\/logo\\\/image\\\/\",\"url\":\"https:\\\/\\\/www.lesaubergisteslyonnais.fr\\\/wp-content\\\/uploads\\\/2025\\\/05\\\/LOGO-Aubergistes-Lyonnais-White.svg\",\"contentUrl\":\"https:\\\/\\\/www.lesaubergisteslyonnais.fr\\\/wp-content\\\/uploads\\\/2025\\\/05\\\/LOGO-Aubergistes-Lyonnais-White.svg\",\"width\":558,\"height\":127,\"caption\":\"Globe Cecil\"},\"image\":{\"@id\":\"https:\\\/\\\/www.lesaubergisteslyonnais.fr\\\/es\\\/#\\\/schema\\\/logo\\\/image\\\/\"}}]}<\/script>\n<!-- \/ Yoast SEO plugin. -->","yoast_head_json":{"title":"Les Aubergistes Lyonnais - Hoteles, Restaurantes en Lyon Centro","description":"Les Aubergistes Lyonnais - Al\u00f3jate y disfruta de Lyon en nuestros hoteles de 4 estrellas y restaurantes bistron\u00f3micos en pleno centro de la ciudad.","robots":{"index":"index","follow":"follow","max-snippet":"max-snippet:-1","max-image-preview":"max-image-preview:large","max-video-preview":"max-video-preview:-1"},"canonical":"https:\/\/www.lesaubergisteslyonnais.fr\/es\/","og_locale":"es_ES","og_type":"article","og_title":"Les Aubergistes Lyonnais - Hoteles, Restaurantes en Lyon Centro","og_description":"Les Aubergistes Lyonnais - Al\u00f3jate y disfruta de Lyon en nuestros hoteles de 4 estrellas y restaurantes bistron\u00f3micos en pleno centro de la ciudad.","og_url":"https:\/\/www.lesaubergisteslyonnais.fr\/es\/","og_site_name":"Les Aubergistes Lyonnais","article_modified_time":"2025-10-21T13:52:13+00:00","og_image":[{"url":"https:\/\/www.lesaubergisteslyonnais.fr\/wp-content\/uploads\/2025\/05\/LALcitoyens_RVB.png","type":"","width":"","height":""}],"twitter_card":"summary_large_image","twitter_misc":{"Tiempo de lectura":"4 minuto"},"schema":{"@context":"https:\/\/schema.org","@graph":[{"@type":"WebPage","@id":"https:\/\/www.lesaubergisteslyonnais.fr\/es\/","url":"https:\/\/www.lesaubergisteslyonnais.fr\/es\/","name":"Les Aubergistes Lyonnais - Hoteles, Restaurantes en Lyon Centro","isPartOf":{"@id":"https:\/\/www.lesaubergisteslyonnais.fr\/es\/#website"},"primaryImageOfPage":{"@id":"https:\/\/www.lesaubergisteslyonnais.fr\/es\/#primaryimage"},"image":{"@id":"https:\/\/www.lesaubergisteslyonnais.fr\/es\/#primaryimage"},"thumbnailUrl":"https:\/\/www.lesaubergisteslyonnais.fr\/wp-content\/uploads\/2025\/05\/LALcitoyens_RVB.png","datePublished":"2025-04-16T15:40:04+00:00","dateModified":"2025-10-21T13:52:13+00:00","description":"Les Aubergistes Lyonnais - Al\u00f3jate y disfruta de Lyon en nuestros hoteles de 4 estrellas y restaurantes bistron\u00f3micos en pleno centro de la ciudad.","breadcrumb":{"@id":"https:\/\/www.lesaubergisteslyonnais.fr\/es\/#breadcrumb"},"inLanguage":"es","potentialAction":[{"@type":"ReadAction","target":["https:\/\/www.lesaubergisteslyonnais.fr\/es\/"]}]},{"@type":"ImageObject","inLanguage":"es","@id":"https:\/\/www.lesaubergisteslyonnais.fr\/es\/#primaryimage","url":"https:\/\/www.lesaubergisteslyonnais.fr\/wp-content\/uploads\/2025\/05\/LALcitoyens_RVB.png","contentUrl":"https:\/\/www.lesaubergisteslyonnais.fr\/wp-content\/uploads\/2025\/05\/LALcitoyens_RVB.png"},{"@type":"BreadcrumbList","@id":"https:\/\/www.lesaubergisteslyonnais.fr\/es\/#breadcrumb","itemListElement":[{"@type":"ListItem","position":1,"name":"Accueil","item":"https:\/\/www.lesaubergisteslyonnais.fr\/es\/"},{"@type":"ListItem","position":2,"name":"Inicio"}]},{"@type":"WebSite","@id":"https:\/\/www.lesaubergisteslyonnais.fr\/es\/#website","url":"https:\/\/www.lesaubergisteslyonnais.fr\/es\/","name":"Globe Cecil","description":"","publisher":{"@id":"https:\/\/www.lesaubergisteslyonnais.fr\/es\/#organization"},"potentialAction":[{"@type":"SearchAction","target":{"@type":"EntryPoint","urlTemplate":"https:\/\/www.lesaubergisteslyonnais.fr\/es\/?s={search_term_string}"},"query-input":{"@type":"PropertyValueSpecification","valueRequired":true,"valueName":"search_term_string"}}],"inLanguage":"es"},{"@type":"Organization","@id":"https:\/\/www.lesaubergisteslyonnais.fr\/es\/#organization","name":"Globe Cecil","url":"https:\/\/www.lesaubergisteslyonnais.fr\/es\/","logo":{"@type":"ImageObject","inLanguage":"es","@id":"https:\/\/www.lesaubergisteslyonnais.fr\/es\/#\/schema\/logo\/image\/","url":"https:\/\/www.lesaubergisteslyonnais.fr\/wp-content\/uploads\/2025\/05\/LOGO-Aubergistes-Lyonnais-White.svg","contentUrl":"https:\/\/www.lesaubergisteslyonnais.fr\/wp-content\/uploads\/2025\/05\/LOGO-Aubergistes-Lyonnais-White.svg","width":558,"height":127,"caption":"Globe Cecil"},"image":{"@id":"https:\/\/www.lesaubergisteslyonnais.fr\/es\/#\/schema\/logo\/image\/"}}]}},"_links":{"self":[{"href":"https:\/\/www.lesaubergisteslyonnais.fr\/es\/wp-json\/wp\/v2\/pages\/6845","targetHints":{"allow":["GET"]}}],"collection":[{"href":"https:\/\/www.lesaubergisteslyonnais.fr\/es\/wp-json\/wp\/v2\/pages"}],"about":[{"href":"https:\/\/www.lesaubergisteslyonnais.fr\/es\/wp-json\/wp\/v2\/types\/page"}],"author":[{"embeddable":true,"href":"https:\/\/www.lesaubergisteslyonnais.fr\/es\/wp-json\/wp\/v2\/users\/7"}],"replies":[{"embeddable":true,"href":"https:\/\/www.lesaubergisteslyonnais.fr\/es\/wp-json\/wp\/v2\/comments?post=6845"}],"version-history":[{"count":18,"href":"https:\/\/www.lesaubergisteslyonnais.fr\/es\/wp-json\/wp\/v2\/pages\/6845\/revisions"}],"predecessor-version":[{"id":9024,"href":"https:\/\/www.lesaubergisteslyonnais.fr\/es\/wp-json\/wp\/v2\/pages\/6845\/revisions\/9024"}],"wp:attachment":[{"href":"https:\/\/www.lesaubergisteslyonnais.fr\/es\/wp-json\/wp\/v2\/media?parent=6845"}],"curies":[{"name":"wp","href":"https:\/\/api.w.org\/{rel}","templated":true}]}}