{"id":6840,"date":"2025-05-26T14:42:13","date_gmt":"2025-05-26T12:42:13","guid":{"rendered":"https:\/\/www.lesaubergisteslyonnais.fr\/nuestras-noticias\/"},"modified":"2025-09-09T17:34:50","modified_gmt":"2025-09-09T15:34:50","slug":"nuestras-noticias","status":"publish","type":"page","link":"https:\/\/www.lesaubergisteslyonnais.fr\/es\/empresa-con-proposito\/nuestras-noticias\/","title":{"rendered":"Nuestras noticias"},"content":{"rendered":"\n<section class=\"heading wp-elements-9e2bb9e5fecbe200271a0fc94a113821 wp-elements-9e2bb9e5fecbe200271a0fc94a113821 wp-block-acf-heading has-text-color has-primary-color has-background has-white-100-background-color\">\n\t<div class=\"heading__container\">\n\t\t\t\t\t<div class=\"heading__background-picture\">\n\t\t\t\t<img decoding=\"async\" width=\"1620\" height=\"1080\" src=\"https:\/\/www.lesaubergisteslyonnais.fr\/wp-content\/uploads\/2025\/05\/Groupe-hotelier-fancais-lyon9.jpg\" class=\"attachment-full size-full\" alt=\"Groupe hotelier fancais lyon9\" fetchpriority=\"high\" srcset=\"https:\/\/www.lesaubergisteslyonnais.fr\/wp-content\/uploads\/2025\/05\/Groupe-hotelier-fancais-lyon9.jpg 1620w, https:\/\/www.lesaubergisteslyonnais.fr\/wp-content\/uploads\/2025\/05\/Groupe-hotelier-fancais-lyon9-600x400.jpg 600w, https:\/\/www.lesaubergisteslyonnais.fr\/wp-content\/uploads\/2025\/05\/Groupe-hotelier-fancais-lyon9-1400x933.jpg 1400w, https:\/\/www.lesaubergisteslyonnais.fr\/wp-content\/uploads\/2025\/05\/Groupe-hotelier-fancais-lyon9-768x512.jpg 768w, https:\/\/www.lesaubergisteslyonnais.fr\/wp-content\/uploads\/2025\/05\/Groupe-hotelier-fancais-lyon9-1536x1024.jpg 1536w\" sizes=\"(max-width: 1620px) 100vw, 1620px\" \/>\t\t\t<\/div>\n\t\t\t\t<div class=\"heading__layout\">\n\t\t\t<div class=\"heading__content-wrapper has-white-100-background-color\">\n\t\t\t\t<div class=\"heading__content has-white-100-background-color\">\n\t\t\t\t\t\t\t\t\t<p id=\"breadcrumbs\"><span><span><a href=\"https:\/\/www.lesaubergisteslyonnais.fr\/es\/\">Accueil<\/a><\/span><\/span><\/p>\t\t\t\t\t\t\t\t\t<div class=\"acf-innerblocks-container\">\n\n<div class=\"wp-block-group heading-content-group is-layout-grid wp-container-core-group-is-layout-96b258e4 wp-block-group-is-layout-grid\">\n<h1 class=\"wp-block-heading has-text-align-left heading__title has-primary-color has-text-color has-xx-large-font-size wp-container-content-32a3e683\">Nuestras noticias<\/h1>\n<\/div>\n\n<\/div>\n\t\t\t\t<\/div>\n\t\t\t\t\t\t\t\t<div class=\"heading__illustration illustration-with-parallax desktop-only\">\n\t\t\t\t\t<img decoding=\"async\" width=\"350\" height=\"350\" src=\"https:\/\/www.lesaubergisteslyonnais.fr\/wp-content\/uploads\/2025\/04\/ENCRIER.png\" class=\"attachment-full size-full\" alt=\"ENCRIER\" fetchpriority=\"high\" srcset=\"https:\/\/www.lesaubergisteslyonnais.fr\/wp-content\/uploads\/2025\/04\/ENCRIER.png 350w, https:\/\/www.lesaubergisteslyonnais.fr\/wp-content\/uploads\/2025\/04\/ENCRIER-300x300.png 300w\" sizes=\"(max-width: 350px) 100vw, 350px\" \/>\t\t\t\t<\/div>\n\t\t\t\t\t\t\t<\/div>\n\t\t<\/div>\n\t<\/div>\n<\/section>\n\n\n\t<section\n\t\tstyle=\"padding-top:var(--wp--preset--spacing--theme-default);padding-bottom:var(--wp--preset--spacing--theme-default);\" class=\"block-container align wp-block-acf-block-container has-background has-white-background-color has-global-padding is-layout-constrained wp-block-acf-block-container-is-layout-constrained\"\t>\n\n\t\n\n<div class=\"wp-block-group is-layout-flow wp-block-group-is-layout-flow\" style=\"padding-bottom:var(--wp--preset--spacing--theme-m)\">\n<p class=\"has-text-align-left has-large-font-size\">\u00bfEl d\u00eda a d\u00eda de un grupo hotelero franc\u00e9s independiente?<\/p>\n\n\n\n<p>Como la revista es nuestro medio de comunicaci\u00f3n favorito (porque, s\u00ed, ponemos el coraz\u00f3n en ella), \u00a1tambi\u00e9n es el lugar ideal para presentarte nuestras \u00faltimas noticias y\/o grandes innovaciones! 3&#8230;2&#8230;1&#8230; \u00a1Este es el lugar! <\/p>\n<\/div>\n\n\n\n<div class=\"wp-block-query alignwide has-global-padding is-layout-constrained wp-block-query-is-layout-constrained\"><ul class=\"columns-2 alignwide wp-block-post-template is-layout-grid wp-container-core-post-template-is-layout-d35acac1 wp-block-post-template-is-layout-grid\"><li class=\"wp-block-post post-9737 post type-post status-publish format-standard has-post-thumbnail hentry category-noticias-de-la-coleccion\">\n<figure style=\"aspect-ratio:16\/9; padding-top:0;padding-bottom:0;\" class=\"wp-block-post-featured-image\"><a href=\"https:\/\/www.lesaubergisteslyonnais.fr\/es\/blog\/le-gai-soleil-un-nuevo-hotel-de-la-coleccion\/\" target=\"_self\"  ><img decoding=\"async\" width=\"1618\" height=\"1080\" src=\"https:\/\/www.lesaubergisteslyonnais.fr\/wp-content\/uploads\/2026\/04\/location_chalet_Contamines_Montjoie34.jpg\" class=\"attachment-post-thumbnail size-post-thumbnail wp-post-image\" alt=\"Le Gai Soleil, un nuevo hotel de la Colecci\u00f3n\" style=\"width:100%;height:100%;object-fit:cover;\" srcset=\"https:\/\/www.lesaubergisteslyonnais.fr\/wp-content\/uploads\/2026\/04\/location_chalet_Contamines_Montjoie34.jpg 1618w, https:\/\/www.lesaubergisteslyonnais.fr\/wp-content\/uploads\/2026\/04\/location_chalet_Contamines_Montjoie34-600x400.jpg 600w, https:\/\/www.lesaubergisteslyonnais.fr\/wp-content\/uploads\/2026\/04\/location_chalet_Contamines_Montjoie34-1400x934.jpg 1400w, https:\/\/www.lesaubergisteslyonnais.fr\/wp-content\/uploads\/2026\/04\/location_chalet_Contamines_Montjoie34-768x513.jpg 768w, https:\/\/www.lesaubergisteslyonnais.fr\/wp-content\/uploads\/2026\/04\/location_chalet_Contamines_Montjoie34-1536x1025.jpg 1536w\" sizes=\"(max-width: 1618px) 100vw, 1618px\" \/><\/a><\/figure>\n\n<h3 class=\"wp-block-post-title\"><a href=\"https:\/\/www.lesaubergisteslyonnais.fr\/es\/blog\/le-gai-soleil-un-nuevo-hotel-de-la-coleccion\/\" target=\"_self\" >Le Gai Soleil, un nuevo hotel de la Colecci\u00f3n<\/a><\/h3>\n\n<div class=\"wp-block-post-excerpt has-x-small-font-size\"><p class=\"wp-block-post-excerpt__excerpt\">Hay una nueva incorporaci\u00f3n a la Collection des Aubergistes Lyonnais&#8230; \u00a1En las monta\u00f1as!<\/p><p class=\"wp-block-post-excerpt__more-text\"><a class=\"wp-block-post-excerpt__more-link\" href=\"https:\/\/www.lesaubergisteslyonnais.fr\/es\/blog\/le-gai-soleil-un-nuevo-hotel-de-la-coleccion\/\">Seguir leyendo<\/a><\/p><\/div>\n<\/li><li class=\"wp-block-post post-9132 post type-post status-publish format-standard has-post-thumbnail hentry category-noticias-de-la-coleccion\">\n<figure style=\"aspect-ratio:16\/9; padding-top:0;padding-bottom:0;\" class=\"wp-block-post-featured-image\"><a href=\"https:\/\/www.lesaubergisteslyonnais.fr\/es\/blog\/una-nueva-direccion-de-coworking-en-lyon\/\" target=\"_self\"  ><img decoding=\"async\" width=\"712\" height=\"1080\" src=\"https:\/\/www.lesaubergisteslyonnais.fr\/wp-content\/uploads\/2025\/06\/bastien-nvs-d7Ht7aIM6RQ-unsplash.jpg\" class=\"attachment-post-thumbnail size-post-thumbnail wp-post-image\" alt=\"\u00bfUna nueva direcci\u00f3n de coworking en Lyon?\" style=\"width:100%;height:100%;object-fit:cover;\" srcset=\"https:\/\/www.lesaubergisteslyonnais.fr\/wp-content\/uploads\/2025\/06\/bastien-nvs-d7Ht7aIM6RQ-unsplash.jpg 712w, https:\/\/www.lesaubergisteslyonnais.fr\/wp-content\/uploads\/2025\/06\/bastien-nvs-d7Ht7aIM6RQ-unsplash-396x600.jpg 396w\" sizes=\"(max-width: 712px) 100vw, 712px\" \/><\/a><\/figure>\n\n<h3 class=\"wp-block-post-title\"><a href=\"https:\/\/www.lesaubergisteslyonnais.fr\/es\/blog\/una-nueva-direccion-de-coworking-en-lyon\/\" target=\"_self\" >\u00bfUna nueva direcci\u00f3n de coworking en Lyon?<\/a><\/h3>\n\n<div class=\"wp-block-post-excerpt has-x-small-font-size\"><p class=\"wp-block-post-excerpt__excerpt\">Lyon en 48 horas: traboules, atascos, Fourvi\u00e8re y Croix-Rousse. Nuestros imprescindibles para una estancia satisfactoria.<\/p><p class=\"wp-block-post-excerpt__more-text\"><a class=\"wp-block-post-excerpt__more-link\" href=\"https:\/\/www.lesaubergisteslyonnais.fr\/es\/blog\/una-nueva-direccion-de-coworking-en-lyon\/\">Seguir leyendo<\/a><\/p><\/div>\n<\/li><li class=\"wp-block-post post-8883 post type-post status-publish format-standard has-post-thumbnail hentry category-noticias-de-la-coleccion category-sin-categoria category-vida-nocturna-y-eventos\">\n<figure style=\"aspect-ratio:16\/9; padding-top:0;padding-bottom:0;\" class=\"wp-block-post-featured-image\"><a href=\"https:\/\/www.lesaubergisteslyonnais.fr\/es\/blog\/pueblo-de-los-bergistas-2025\/\" target=\"_self\"  ><img decoding=\"async\" width=\"1620\" height=\"1080\" src=\"https:\/\/www.lesaubergisteslyonnais.fr\/wp-content\/uploads\/2025\/10\/village-des-aubergistes-lyonnais-1.jpg\" class=\"attachment-post-thumbnail size-post-thumbnail wp-post-image\" alt=\"Pueblo de los Bergistas 2025\" style=\"width:100%;height:100%;object-fit:cover;\" srcset=\"https:\/\/www.lesaubergisteslyonnais.fr\/wp-content\/uploads\/2025\/10\/village-des-aubergistes-lyonnais-1.jpg 1620w, https:\/\/www.lesaubergisteslyonnais.fr\/wp-content\/uploads\/2025\/10\/village-des-aubergistes-lyonnais-1-600x400.jpg 600w, https:\/\/www.lesaubergisteslyonnais.fr\/wp-content\/uploads\/2025\/10\/village-des-aubergistes-lyonnais-1-1400x933.jpg 1400w, https:\/\/www.lesaubergisteslyonnais.fr\/wp-content\/uploads\/2025\/10\/village-des-aubergistes-lyonnais-1-768x512.jpg 768w, https:\/\/www.lesaubergisteslyonnais.fr\/wp-content\/uploads\/2025\/10\/village-des-aubergistes-lyonnais-1-1536x1024.jpg 1536w\" sizes=\"(max-width: 1620px) 100vw, 1620px\" \/><\/a><\/figure>\n\n<h3 class=\"wp-block-post-title\"><a href=\"https:\/\/www.lesaubergisteslyonnais.fr\/es\/blog\/pueblo-de-los-bergistas-2025\/\" target=\"_self\" >Pueblo de los Bergistas 2025<\/a><\/h3>\n\n<div class=\"wp-block-post-excerpt has-x-small-font-size\"><p class=\"wp-block-post-excerpt__excerpt\">\u00a1Es el acontecimiento del a\u00f1o para nuestro ecosistema! Una velada gastron\u00f3mica con mucho de qu\u00e9 hablar, abierta a todos<\/p><p class=\"wp-block-post-excerpt__more-text\"><a class=\"wp-block-post-excerpt__more-link\" href=\"https:\/\/www.lesaubergisteslyonnais.fr\/es\/blog\/pueblo-de-los-bergistas-2025\/\">Seguir leyendo<\/a><\/p><\/div>\n<\/li><li class=\"wp-block-post post-6786 post type-post status-publish format-standard has-post-thumbnail hentry category-noticias-de-la-coleccion\">\n<figure style=\"aspect-ratio:16\/9; padding-top:0;padding-bottom:0;\" class=\"wp-block-post-featured-image\"><a href=\"https:\/\/www.lesaubergisteslyonnais.fr\/es\/blog\/los-10-mejores-restaurantes-de-lyon\/\" target=\"_self\"  ><img decoding=\"async\" width=\"1440\" height=\"1080\" src=\"https:\/\/www.lesaubergisteslyonnais.fr\/wp-content\/uploads\/2025\/05\/hotel-engage-et-solidaire-a-lyon.jpeg\" class=\"attachment-post-thumbnail size-post-thumbnail wp-post-image\" alt=\"Carrera de la Mujer 2025\" style=\"width:100%;height:100%;object-fit:cover;\" srcset=\"https:\/\/www.lesaubergisteslyonnais.fr\/wp-content\/uploads\/2025\/05\/hotel-engage-et-solidaire-a-lyon.jpeg 1440w, https:\/\/www.lesaubergisteslyonnais.fr\/wp-content\/uploads\/2025\/05\/hotel-engage-et-solidaire-a-lyon-600x450.jpeg 600w, https:\/\/www.lesaubergisteslyonnais.fr\/wp-content\/uploads\/2025\/05\/hotel-engage-et-solidaire-a-lyon-1400x1050.jpeg 1400w, https:\/\/www.lesaubergisteslyonnais.fr\/wp-content\/uploads\/2025\/05\/hotel-engage-et-solidaire-a-lyon-768x576.jpeg 768w\" sizes=\"(max-width: 1440px) 100vw, 1440px\" \/><\/a><\/figure>\n\n<h3 class=\"wp-block-post-title\"><a href=\"https:\/\/www.lesaubergisteslyonnais.fr\/es\/blog\/los-10-mejores-restaurantes-de-lyon\/\" target=\"_self\" >Carrera de la Mujer 2025<\/a><\/h3>\n\n<div class=\"wp-block-post-excerpt has-x-small-font-size\"><p class=\"wp-block-post-excerpt__excerpt\">Los Aubergistes Lyonnais et Citoyens corrieron en apoyo de la lucha contra el c\u00e1ncer.<\/p><p class=\"wp-block-post-excerpt__more-text\"><a class=\"wp-block-post-excerpt__more-link\" href=\"https:\/\/www.lesaubergisteslyonnais.fr\/es\/blog\/los-10-mejores-restaurantes-de-lyon\/\">Seguir leyendo<\/a><\/p><\/div>\n<\/li><li class=\"wp-block-post post-7390 post type-post status-publish format-standard has-post-thumbnail hentry category-noticias-de-la-coleccion\">\n<figure style=\"aspect-ratio:16\/9; padding-top:0;padding-bottom:0;\" class=\"wp-block-post-featured-image\"><a href=\"https:\/\/www.lesaubergisteslyonnais.fr\/es\/blog\/nuevos-pasillos-en-globe-y-cecil\/\" target=\"_self\"  ><img decoding=\"async\" width=\"720\" height=\"1080\" src=\"https:\/\/www.lesaubergisteslyonnais.fr\/wp-content\/uploads\/2025\/03\/couloirs-hotel-Globe-et-Cecil-Lyon2.jpg\" class=\"attachment-post-thumbnail size-post-thumbnail wp-post-image\" alt=\"Nuevos pasillos en Globe y Cecil\" style=\"width:100%;height:100%;object-fit:cover;\" srcset=\"https:\/\/www.lesaubergisteslyonnais.fr\/wp-content\/uploads\/2025\/03\/couloirs-hotel-Globe-et-Cecil-Lyon2.jpg 720w, https:\/\/www.lesaubergisteslyonnais.fr\/wp-content\/uploads\/2025\/03\/couloirs-hotel-Globe-et-Cecil-Lyon2-400x600.jpg 400w\" sizes=\"(max-width: 720px) 100vw, 720px\" \/><\/a><\/figure>\n\n<h3 class=\"wp-block-post-title\"><a href=\"https:\/\/www.lesaubergisteslyonnais.fr\/es\/blog\/nuevos-pasillos-en-globe-y-cecil\/\" target=\"_self\" >Nuevos pasillos en Globe y Cecil<\/a><\/h3>\n\n<div class=\"wp-block-post-excerpt has-x-small-font-size\"><p class=\"wp-block-post-excerpt__excerpt\">El hecho de que el Globe et Cecil sea el hotel m\u00e1s antiguo de Lyon que sigue en funcionamiento no significa que no le venga bien un peque\u00f1o lavado de cara.<\/p><p class=\"wp-block-post-excerpt__more-text\"><a class=\"wp-block-post-excerpt__more-link\" href=\"https:\/\/www.lesaubergisteslyonnais.fr\/es\/blog\/nuevos-pasillos-en-globe-y-cecil\/\">Seguir leyendo<\/a><\/p><\/div>\n<\/li><\/ul>\n\n<\/div>\n\n\n\n<\/section>\n","protected":false},"excerpt":{"rendered":"","protected":false},"author":2,"featured_media":0,"parent":6851,"menu_order":0,"comment_status":"closed","ping_status":"closed","template":"","meta":{"_acf_changed":false,"inline_featured_image":false,"footnotes":""},"class_list":["post-6840","page","type-page","status-publish","hentry"],"acf":[],"yoast_head":"<!-- This site is optimized with the Yoast SEO plugin v27.4 - https:\/\/yoast.com\/product\/yoast-seo-wordpress\/ -->\n<title>Noticias - Les Aubergistes Lyonnais, Hoteles, Restaurantes<\/title>\n<meta name=\"description\" content=\"Les Aubergistes Lyonnais - Toda la actualidad del grupo hotelero lion\u00e9s. Descubre los hoteles y restaurantes.\" \/>\n<meta name=\"robots\" content=\"index, follow, max-snippet:-1, max-image-preview:large, max-video-preview:-1\" \/>\n<link rel=\"canonical\" href=\"https:\/\/www.lesaubergisteslyonnais.fr\/es\/empresa-con-proposito\/nuestras-noticias\/\" \/>\n<meta property=\"og:locale\" content=\"es_ES\" \/>\n<meta property=\"og:type\" content=\"article\" \/>\n<meta property=\"og:title\" content=\"Noticias - Les Aubergistes Lyonnais, Hoteles, Restaurantes\" \/>\n<meta property=\"og:description\" content=\"Les Aubergistes Lyonnais - Toda la actualidad del grupo hotelero lion\u00e9s. Descubre los hoteles y restaurantes.\" \/>\n<meta property=\"og:url\" content=\"https:\/\/www.lesaubergisteslyonnais.fr\/es\/empresa-con-proposito\/nuestras-noticias\/\" \/>\n<meta property=\"og:site_name\" content=\"Les Aubergistes Lyonnais\" \/>\n<meta property=\"article:modified_time\" content=\"2025-09-09T15:34:50+00:00\" \/>\n<meta name=\"twitter:card\" content=\"summary_large_image\" \/>\n<meta name=\"twitter:label1\" content=\"Tiempo de lectura\" \/>\n\t<meta name=\"twitter:data1\" content=\"1 minuto\" \/>\n<script type=\"application\/ld+json\" class=\"yoast-schema-graph\">{\"@context\":\"https:\\\/\\\/schema.org\",\"@graph\":[{\"@type\":\"WebPage\",\"@id\":\"https:\\\/\\\/www.lesaubergisteslyonnais.fr\\\/es\\\/empresa-con-proposito\\\/nuestras-noticias\\\/\",\"url\":\"https:\\\/\\\/www.lesaubergisteslyonnais.fr\\\/es\\\/empresa-con-proposito\\\/nuestras-noticias\\\/\",\"name\":\"Noticias - Les Aubergistes Lyonnais, Hoteles, Restaurantes\",\"isPartOf\":{\"@id\":\"https:\\\/\\\/www.lesaubergisteslyonnais.fr\\\/es\\\/#website\"},\"datePublished\":\"2025-05-26T12:42:13+00:00\",\"dateModified\":\"2025-09-09T15:34:50+00:00\",\"description\":\"Les Aubergistes Lyonnais - Toda la actualidad del grupo hotelero lion\u00e9s. Descubre los hoteles y restaurantes.\",\"breadcrumb\":{\"@id\":\"https:\\\/\\\/www.lesaubergisteslyonnais.fr\\\/es\\\/empresa-con-proposito\\\/nuestras-noticias\\\/#breadcrumb\"},\"inLanguage\":\"es\",\"potentialAction\":[{\"@type\":\"ReadAction\",\"target\":[\"https:\\\/\\\/www.lesaubergisteslyonnais.fr\\\/es\\\/empresa-con-proposito\\\/nuestras-noticias\\\/\"]}]},{\"@type\":\"BreadcrumbList\",\"@id\":\"https:\\\/\\\/www.lesaubergisteslyonnais.fr\\\/es\\\/empresa-con-proposito\\\/nuestras-noticias\\\/#breadcrumb\",\"itemListElement\":[{\"@type\":\"ListItem\",\"position\":1,\"name\":\"Accueil\",\"item\":\"https:\\\/\\\/www.lesaubergisteslyonnais.fr\\\/es\\\/\"},{\"@type\":\"ListItem\",\"position\":2,\"name\":\"Un grupo hotelero comprometido\",\"item\":\"https:\\\/\\\/www.lesaubergisteslyonnais.fr\\\/es\\\/empresa-con-proposito\\\/\"},{\"@type\":\"ListItem\",\"position\":3,\"name\":\"Nuestras noticias\"}]},{\"@type\":\"WebSite\",\"@id\":\"https:\\\/\\\/www.lesaubergisteslyonnais.fr\\\/es\\\/#website\",\"url\":\"https:\\\/\\\/www.lesaubergisteslyonnais.fr\\\/es\\\/\",\"name\":\"Globe Cecil\",\"description\":\"\",\"publisher\":{\"@id\":\"https:\\\/\\\/www.lesaubergisteslyonnais.fr\\\/es\\\/#organization\"},\"potentialAction\":[{\"@type\":\"SearchAction\",\"target\":{\"@type\":\"EntryPoint\",\"urlTemplate\":\"https:\\\/\\\/www.lesaubergisteslyonnais.fr\\\/es\\\/?s={search_term_string}\"},\"query-input\":{\"@type\":\"PropertyValueSpecification\",\"valueRequired\":true,\"valueName\":\"search_term_string\"}}],\"inLanguage\":\"es\"},{\"@type\":\"Organization\",\"@id\":\"https:\\\/\\\/www.lesaubergisteslyonnais.fr\\\/es\\\/#organization\",\"name\":\"Globe Cecil\",\"url\":\"https:\\\/\\\/www.lesaubergisteslyonnais.fr\\\/es\\\/\",\"logo\":{\"@type\":\"ImageObject\",\"inLanguage\":\"es\",\"@id\":\"https:\\\/\\\/www.lesaubergisteslyonnais.fr\\\/es\\\/#\\\/schema\\\/logo\\\/image\\\/\",\"url\":\"https:\\\/\\\/www.lesaubergisteslyonnais.fr\\\/wp-content\\\/uploads\\\/2025\\\/05\\\/LOGO-Aubergistes-Lyonnais-White.svg\",\"contentUrl\":\"https:\\\/\\\/www.lesaubergisteslyonnais.fr\\\/wp-content\\\/uploads\\\/2025\\\/05\\\/LOGO-Aubergistes-Lyonnais-White.svg\",\"width\":558,\"height\":127,\"caption\":\"Globe Cecil\"},\"image\":{\"@id\":\"https:\\\/\\\/www.lesaubergisteslyonnais.fr\\\/es\\\/#\\\/schema\\\/logo\\\/image\\\/\"}}]}<\/script>\n<!-- \/ Yoast SEO plugin. -->","yoast_head_json":{"title":"Noticias - Les Aubergistes Lyonnais, Hoteles, Restaurantes","description":"Les Aubergistes Lyonnais - Toda la actualidad del grupo hotelero lion\u00e9s. Descubre los hoteles y restaurantes.","robots":{"index":"index","follow":"follow","max-snippet":"max-snippet:-1","max-image-preview":"max-image-preview:large","max-video-preview":"max-video-preview:-1"},"canonical":"https:\/\/www.lesaubergisteslyonnais.fr\/es\/empresa-con-proposito\/nuestras-noticias\/","og_locale":"es_ES","og_type":"article","og_title":"Noticias - Les Aubergistes Lyonnais, Hoteles, Restaurantes","og_description":"Les Aubergistes Lyonnais - Toda la actualidad del grupo hotelero lion\u00e9s. Descubre los hoteles y restaurantes.","og_url":"https:\/\/www.lesaubergisteslyonnais.fr\/es\/empresa-con-proposito\/nuestras-noticias\/","og_site_name":"Les Aubergistes Lyonnais","article_modified_time":"2025-09-09T15:34:50+00:00","twitter_card":"summary_large_image","twitter_misc":{"Tiempo de lectura":"1 minuto"},"schema":{"@context":"https:\/\/schema.org","@graph":[{"@type":"WebPage","@id":"https:\/\/www.lesaubergisteslyonnais.fr\/es\/empresa-con-proposito\/nuestras-noticias\/","url":"https:\/\/www.lesaubergisteslyonnais.fr\/es\/empresa-con-proposito\/nuestras-noticias\/","name":"Noticias - Les Aubergistes Lyonnais, Hoteles, Restaurantes","isPartOf":{"@id":"https:\/\/www.lesaubergisteslyonnais.fr\/es\/#website"},"datePublished":"2025-05-26T12:42:13+00:00","dateModified":"2025-09-09T15:34:50+00:00","description":"Les Aubergistes Lyonnais - Toda la actualidad del grupo hotelero lion\u00e9s. Descubre los hoteles y restaurantes.","breadcrumb":{"@id":"https:\/\/www.lesaubergisteslyonnais.fr\/es\/empresa-con-proposito\/nuestras-noticias\/#breadcrumb"},"inLanguage":"es","potentialAction":[{"@type":"ReadAction","target":["https:\/\/www.lesaubergisteslyonnais.fr\/es\/empresa-con-proposito\/nuestras-noticias\/"]}]},{"@type":"BreadcrumbList","@id":"https:\/\/www.lesaubergisteslyonnais.fr\/es\/empresa-con-proposito\/nuestras-noticias\/#breadcrumb","itemListElement":[{"@type":"ListItem","position":1,"name":"Accueil","item":"https:\/\/www.lesaubergisteslyonnais.fr\/es\/"},{"@type":"ListItem","position":2,"name":"Un grupo hotelero comprometido","item":"https:\/\/www.lesaubergisteslyonnais.fr\/es\/empresa-con-proposito\/"},{"@type":"ListItem","position":3,"name":"Nuestras noticias"}]},{"@type":"WebSite","@id":"https:\/\/www.lesaubergisteslyonnais.fr\/es\/#website","url":"https:\/\/www.lesaubergisteslyonnais.fr\/es\/","name":"Globe Cecil","description":"","publisher":{"@id":"https:\/\/www.lesaubergisteslyonnais.fr\/es\/#organization"},"potentialAction":[{"@type":"SearchAction","target":{"@type":"EntryPoint","urlTemplate":"https:\/\/www.lesaubergisteslyonnais.fr\/es\/?s={search_term_string}"},"query-input":{"@type":"PropertyValueSpecification","valueRequired":true,"valueName":"search_term_string"}}],"inLanguage":"es"},{"@type":"Organization","@id":"https:\/\/www.lesaubergisteslyonnais.fr\/es\/#organization","name":"Globe Cecil","url":"https:\/\/www.lesaubergisteslyonnais.fr\/es\/","logo":{"@type":"ImageObject","inLanguage":"es","@id":"https:\/\/www.lesaubergisteslyonnais.fr\/es\/#\/schema\/logo\/image\/","url":"https:\/\/www.lesaubergisteslyonnais.fr\/wp-content\/uploads\/2025\/05\/LOGO-Aubergistes-Lyonnais-White.svg","contentUrl":"https:\/\/www.lesaubergisteslyonnais.fr\/wp-content\/uploads\/2025\/05\/LOGO-Aubergistes-Lyonnais-White.svg","width":558,"height":127,"caption":"Globe Cecil"},"image":{"@id":"https:\/\/www.lesaubergisteslyonnais.fr\/es\/#\/schema\/logo\/image\/"}}]}},"_links":{"self":[{"href":"https:\/\/www.lesaubergisteslyonnais.fr\/es\/wp-json\/wp\/v2\/pages\/6840","targetHints":{"allow":["GET"]}}],"collection":[{"href":"https:\/\/www.lesaubergisteslyonnais.fr\/es\/wp-json\/wp\/v2\/pages"}],"about":[{"href":"https:\/\/www.lesaubergisteslyonnais.fr\/es\/wp-json\/wp\/v2\/types\/page"}],"author":[{"embeddable":true,"href":"https:\/\/www.lesaubergisteslyonnais.fr\/es\/wp-json\/wp\/v2\/users\/2"}],"replies":[{"embeddable":true,"href":"https:\/\/www.lesaubergisteslyonnais.fr\/es\/wp-json\/wp\/v2\/comments?post=6840"}],"version-history":[{"count":4,"href":"https:\/\/www.lesaubergisteslyonnais.fr\/es\/wp-json\/wp\/v2\/pages\/6840\/revisions"}],"predecessor-version":[{"id":8817,"href":"https:\/\/www.lesaubergisteslyonnais.fr\/es\/wp-json\/wp\/v2\/pages\/6840\/revisions\/8817"}],"up":[{"embeddable":true,"href":"https:\/\/www.lesaubergisteslyonnais.fr\/es\/wp-json\/wp\/v2\/pages\/6851"}],"wp:attachment":[{"href":"https:\/\/www.lesaubergisteslyonnais.fr\/es\/wp-json\/wp\/v2\/media?parent=6840"}],"curies":[{"name":"wp","href":"https:\/\/api.w.org\/{rel}","templated":true}]}}