{"id":6836,"date":"2025-04-16T17:40:07","date_gmt":"2025-04-16T15:40:07","guid":{"rendered":"https:\/\/www.lesaubergisteslyonnais.fr\/nuestros-restaurantes\/"},"modified":"2025-10-21T16:03:47","modified_gmt":"2025-10-21T14:03:47","slug":"restaurantes-centro-lyon","status":"publish","type":"page","link":"https:\/\/www.lesaubergisteslyonnais.fr\/es\/restaurantes-centro-lyon\/","title":{"rendered":"Nuestros restaurantes"},"content":{"rendered":"\n<section class=\"heading wp-elements-b15825d7f2750037fe81629701802daf wp-elements-b15825d7f2750037fe81629701802daf wp-block-acf-heading has-text-color has-black-color has-background has-white-100-background-color\">\n\t<div class=\"heading__container\">\n\t\t\t\t\t<div class=\"heading__background-picture\">\n\t\t\t\t<img decoding=\"async\" width=\"1620\" height=\"1080\" src=\"https:\/\/www.lesaubergisteslyonnais.fr\/wp-content\/uploads\/2025\/03\/restaurant_lyon_bellecour.jpg\" class=\"attachment-full size-full\" alt=\"restaurant lyon bellecour\" fetchpriority=\"high\" srcset=\"https:\/\/www.lesaubergisteslyonnais.fr\/wp-content\/uploads\/2025\/03\/restaurant_lyon_bellecour.jpg 1620w, https:\/\/www.lesaubergisteslyonnais.fr\/wp-content\/uploads\/2025\/03\/restaurant_lyon_bellecour-300x200.jpg 300w, https:\/\/www.lesaubergisteslyonnais.fr\/wp-content\/uploads\/2025\/03\/restaurant_lyon_bellecour-1024x683.jpg 1024w, https:\/\/www.lesaubergisteslyonnais.fr\/wp-content\/uploads\/2025\/03\/restaurant_lyon_bellecour-768x512.jpg 768w, https:\/\/www.lesaubergisteslyonnais.fr\/wp-content\/uploads\/2025\/03\/restaurant_lyon_bellecour-1536x1024.jpg 1536w\" sizes=\"(max-width: 1620px) 100vw, 1620px\" \/>\t\t\t<\/div>\n\t\t\t\t<div class=\"heading__layout\">\n\t\t\t<div class=\"heading__content-wrapper has-white-100-background-color\">\n\t\t\t\t<div class=\"heading__content has-white-100-background-color\">\n\t\t\t\t\t\t\t\t\t<p id=\"breadcrumbs\"><span><span><a href=\"https:\/\/www.lesaubergisteslyonnais.fr\/es\/\">Accueil<\/a><\/span><\/span><\/p>\t\t\t\t\t\t\t\t\t<div class=\"acf-innerblocks-container\">\n\n<div class=\"wp-block-group heading-content-group is-layout-grid wp-container-core-group-is-layout-96b258e4 wp-block-group-is-layout-grid\">\n<h1 class=\"wp-block-heading has-text-align-left heading__title has-primary-color has-text-color has-xx-large-font-size\">Nuestros restaurantes<\/h1>\n<\/div>\n\n<\/div>\n\t\t\t\t<\/div>\n\t\t\t\t\t\t\t\t<div class=\"heading__illustration illustration-with-parallax desktop-only\">\n\t\t\t\t\t<img decoding=\"async\" width=\"350\" height=\"350\" src=\"https:\/\/www.lesaubergisteslyonnais.fr\/wp-content\/uploads\/2025\/04\/POULPE.png\" class=\"attachment-full size-full\" alt=\"POULPE\" fetchpriority=\"high\" srcset=\"https:\/\/www.lesaubergisteslyonnais.fr\/wp-content\/uploads\/2025\/04\/POULPE.png 350w, https:\/\/www.lesaubergisteslyonnais.fr\/wp-content\/uploads\/2025\/04\/POULPE-300x300.png 300w\" sizes=\"(max-width: 350px) 100vw, 350px\" \/>\t\t\t\t<\/div>\n\t\t\t\t\t\t\t<\/div>\n\t\t<\/div>\n\t<\/div>\n<\/section>\n\n\n\t<section\n\t\tstyle=\"padding-top:var(--wp--preset--spacing--theme-default);padding-bottom:var(--wp--preset--spacing--theme-default);\" class=\"block-container align wp-block-acf-block-container has-background has-white-background-color has-global-padding is-layout-constrained wp-block-acf-block-container-is-layout-constrained\"\t>\n\n\t\n\n<div class=\"wp-block-group is-layout-flow wp-block-group-is-layout-flow\">\n<p class=\"has-large-font-size\">Bienvenido a nuestros Mostradores, donde los placeres de la mesa florecen en un mundo tan encantador como delicioso.<\/p>\n\n\n\n<p>Nuestro objetivo es acoger, conocer, compartir y, por supuesto, agasajar a cada comensal que cruza nuestras puertas. Para el equipo de entusiastas que dirigen las cocinas del Comptoir Cecil y del Comptoir Ph\u00e9nix, nuestra ambici\u00f3n es clara: ofrecer una cocina inventiva, mezcla de influencias diversas y variadas. Una cocina que a\u00fane sabor y equilibrio, clasicismo y modernidad, placer y sentido de la responsabilidad.  <\/p>\n<\/div>\n\n\n\n<\/section>\n\n\t<section\n\t\tstyle=\"padding-top:var(--wp--preset--spacing--theme-default);padding-bottom:var(--wp--preset--spacing--theme-default);\" class=\"double-columns wp-block-acf-double-columns has-background has-white-100-background-color has-global-padding is-layout-constrained wp-container-acf-double-columns-is-layout-a22d0bdd wp-block-acf-double-columns-is-layout-constrained\"\t>\n\n<div class=\"double-columns__innerblocks\">\n\n<div class=\"wp-block-group is-vertical is-content-justification-stretch is-layout-flex wp-container-core-group-is-layout-a67fda00 wp-block-group-is-layout-flex\">\n<div class=\"wp-block-group is-vertical is-content-justification-center is-layout-flex wp-container-core-group-is-layout-b3dc17cf wp-block-group-is-layout-flex\" style=\"padding-top:0;padding-bottom:0\">\n<figure class=\"wp-block-image size-full is-resized\"><img decoding=\"async\" width=\"250\" height=\"250\" src=\"https:\/\/www.lesaubergisteslyonnais.fr\/wp-content\/uploads\/2025\/04\/LOGO-COMPTOIR-CECIL_complet_fond-beige.gif\" alt=\"LOGO COMPTOIR CECIL, fondo beige completo\" class=\"wp-image-2421\" style=\"width:180px\"\/><\/figure>\n<\/div>\n\n\n\n<h3 class=\"wp-block-heading has-text-align-center\">Bistro<mark style=\"background-color:rgba(0, 0, 0, 0)\" class=\"has-inline-color has-primary-color\"> <\/mark>en Bellecour<\/h3>\n\n\n\n<details class=\"wp-block-details is-grey-background is-layout-flow wp-block-details-is-layout-flow\"><summary>Situado en Bellecour, el Comptoir Cecil destaca entre los numerosos restaurantes de Lyon. Es una instituci\u00f3n donde la tradici\u00f3n lionesa se une a una audaz cocina bistron\u00f3mica de fusi\u00f3n de sabores.  <\/summary>\n<p><\/p>\n\n\n\n<p>Con su carta de temporada, sus productos frescos y su men\u00fa sutilmente elaborado, reinventa el momento gourmet. Aqu\u00ed, cada plato cuenta una historia, cada bocado una invitaci\u00f3n a viajar. Incluso se rumorea que es uno de los mejores restaurantes de Lyon Bellecour.  <\/p>\n<\/details>\n\n\n\n<p class=\"has-large-font-size\">Abierto de lunes a viernes para comer y cenar.<\/p>\n\n\n\n<div class=\"wp-block-group is-horizontal is-content-justification-center is-nowrap is-layout-flex wp-container-core-group-is-layout-8f274e93 wp-block-group-is-layout-flex\">\n<div class=\"wp-block-buttons is-content-justification-center is-layout-flex wp-container-core-buttons-is-layout-a89b3969 wp-block-buttons-is-layout-flex\">\n<div class=\"wp-block-button is-style-label-button is-style-label-button--1\"><a class=\"wp-block-button__link wp-element-button\" href=\"https:\/\/comptoircecil.com\/\" style=\"border-style:none;border-width:0px\" target=\"_blank\" rel=\"noreferrer noopener\">Descubre<\/a><\/div>\n<\/div>\n\n\n<div class=\"booking-calendar__button-wrapper booking-calendar\" id=\"\">\n    <div class=\"acf-innerblocks-container\">\n\n<div class=\"wp-block-button booking-calendar__button\"><a class=\"wp-block-button__link wp-element-button\">Reserve<\/a><\/div>\n\n<\/div>\n<\/div>\n\n<div id=\"\" class=\"booking-calendar__wrapper\" style=\"background-color:#ffffff\" data-hotel-choice=\"comptoire-cecil\">\n    <img decoding=\"async\"\n        class=\"booking-calendar__close-button\"\n        src=\"https:\/\/www.lesaubergisteslyonnais.fr\/wp-content\/plugins\/lal-facf-blocks-plugin\/assets\/img\/BTN-X.svg\"\n        alt=\"Fermer la reservation\"\n    >\n        <p class=\"booking-calendar__title restaurant\">Seleccione sus fechas<\/p>\n    <iframe class=\"booking-calendar__iframe lazy-iframe\" data-src=\"https:\/\/widget.thefork.com\/e2a05ffe-aa59-4bd6-b250-4e9165de60bb\" frameborder=\"0\" loading=\"lazy\"><\/iframe>\n<\/div>\n\n<\/div>\n<\/div>\n\n\n\n<div class=\"wp-block-group is-layout-flow wp-block-group-is-layout-flow\">\n<figure class=\"wp-block-image size-full image-is-animate\"><img decoding=\"async\" width=\"720\" height=\"1080\" src=\"https:\/\/www.lesaubergisteslyonnais.fr\/wp-content\/uploads\/2025\/04\/restaurant-dhotel-lyon-bellecour2.jpg\" alt=\"restaurante dhotel lyon bellecour2\" class=\"wp-image-2511\" style=\"aspect-ratio:3\/4;object-fit:cover\" srcset=\"https:\/\/www.lesaubergisteslyonnais.fr\/wp-content\/uploads\/2025\/04\/restaurant-dhotel-lyon-bellecour2.jpg 720w, https:\/\/www.lesaubergisteslyonnais.fr\/wp-content\/uploads\/2025\/04\/restaurant-dhotel-lyon-bellecour2-200x300.jpg 200w, https:\/\/www.lesaubergisteslyonnais.fr\/wp-content\/uploads\/2025\/04\/restaurant-dhotel-lyon-bellecour2-683x1024.jpg 683w\" sizes=\"(max-width: 720px) 100vw, 720px\" \/><\/figure>\n<\/div>\n\n<\/div>\n\n<\/section>\n\n\t<section\n\t\tstyle=\"padding-top:var(--wp--preset--spacing--theme-default);padding-bottom:var(--wp--preset--spacing--theme-default);\" class=\"block-container align wp-block-acf-block-container has-background has-white-100-background-color has-global-padding is-layout-constrained wp-container-acf-block-container-is-layout-726a9260 wp-block-acf-block-container-is-layout-constrained\"\t>\n\n\t\n\n<div\nclass=\"slider slider__is-gallery alignfull wp-block-acf-slider\" id=\"slider-id-1\" data-gallery-id=\"gallery-slider-id-1\">\n\t<div class=\"wp-block-group\n\t\t\tswiper\">\n\t\t<div class=\"swiper-wrapper slider__innerblocks\">\n\n\n\t\t\t<div\n\t\tclass=\"card swiper-slide wp-block-acf-card\" id=\"card-id--2\"\t\t>\n\t\n\t\t\t\t\t\t<a href=\"https:\/\/www.lesaubergisteslyonnais.fr\/wp-content\/uploads\/2025\/03\/restaurant-bistronomique-lyon-2-copy-0-1.jpg\" data-fancybox=\"gallery\" data-caption=\"restaurant bistronomique lyon 2 copy 0 1\"\n\t\t\t>\n\t\t\t\t<img decoding=\"async\" width=\"683\" height=\"1024\" src=\"https:\/\/www.lesaubergisteslyonnais.fr\/wp-content\/uploads\/2025\/03\/restaurant-bistronomique-lyon-2-copy-0-1.jpg\" class=\"card__image\" alt=\"restaurant bistronomique lyon 2 copy 0 1\" srcset=\"https:\/\/www.lesaubergisteslyonnais.fr\/wp-content\/uploads\/2025\/03\/restaurant-bistronomique-lyon-2-copy-0-1.jpg 683w, https:\/\/www.lesaubergisteslyonnais.fr\/wp-content\/uploads\/2025\/03\/restaurant-bistronomique-lyon-2-copy-0-1-200x300.jpg 200w\" sizes=\"(max-width: 683px) 100vw, 683px\" \/>\t\t\t\t\t<\/a>\n\t\t\t\n\t\t<\/div>\n\t\n\n\t\t\t<div\n\t\tclass=\"card swiper-slide wp-block-acf-card\" id=\"card-id--3\"\t\t>\n\t\n\t\t\t\t\t\t<a href=\"https:\/\/www.lesaubergisteslyonnais.fr\/wp-content\/uploads\/2025\/03\/restaurant-hotel-lyon1.jpg\" data-fancybox=\"gallery\" data-caption=\"restaurant hotel lyon1\"\n\t\t\t>\n\t\t\t\t<img decoding=\"async\" width=\"683\" height=\"1024\" src=\"https:\/\/www.lesaubergisteslyonnais.fr\/wp-content\/uploads\/2025\/03\/restaurant-hotel-lyon1.jpg\" class=\"card__image\" alt=\"restaurant hotel lyon1\" srcset=\"https:\/\/www.lesaubergisteslyonnais.fr\/wp-content\/uploads\/2025\/03\/restaurant-hotel-lyon1.jpg 683w, https:\/\/www.lesaubergisteslyonnais.fr\/wp-content\/uploads\/2025\/03\/restaurant-hotel-lyon1-200x300.jpg 200w\" sizes=\"(max-width: 683px) 100vw, 683px\" \/>\t\t\t\t\t<\/a>\n\t\t\t\n\t\t<\/div>\n\t\n\n\t\t\t<div\n\t\tclass=\"card swiper-slide wp-block-acf-card\" id=\"card-id--4\"\t\t>\n\t\n\t\t\t\t\t\t<a href=\"https:\/\/www.lesaubergisteslyonnais.fr\/wp-content\/uploads\/2025\/03\/restaurant-hotel-lyon2-1.jpg\" data-fancybox=\"gallery\" data-caption=\"restaurant hotel lyon2 1\"\n\t\t\t>\n\t\t\t\t<img decoding=\"async\" width=\"718\" height=\"1024\" src=\"https:\/\/www.lesaubergisteslyonnais.fr\/wp-content\/uploads\/2025\/03\/restaurant-hotel-lyon2-1.jpg\" class=\"card__image\" alt=\"restaurant hotel lyon2 1\" srcset=\"https:\/\/www.lesaubergisteslyonnais.fr\/wp-content\/uploads\/2025\/03\/restaurant-hotel-lyon2-1.jpg 718w, https:\/\/www.lesaubergisteslyonnais.fr\/wp-content\/uploads\/2025\/03\/restaurant-hotel-lyon2-1-210x300.jpg 210w\" sizes=\"(max-width: 718px) 100vw, 718px\" \/>\t\t\t\t\t<\/a>\n\t\t\t\n\t\t<\/div>\n\t\n\n\t\t\t<div\n\t\tclass=\"card swiper-slide wp-block-acf-card\" id=\"card-id--5\"\t\t>\n\t\n\t\t\t\t\t\t<a href=\"https:\/\/www.lesaubergisteslyonnais.fr\/wp-content\/uploads\/2025\/10\/meilleur-restaurant-de-lyon-2.jpg\" data-fancybox=\"gallery\" data-caption=\"meilleur restaurant de lyon 2\"\n\t\t\t>\n\t\t\t\t<img decoding=\"async\" width=\"720\" height=\"1080\" src=\"https:\/\/www.lesaubergisteslyonnais.fr\/wp-content\/uploads\/2025\/10\/meilleur-restaurant-de-lyon-2.jpg\" class=\"card__image\" alt=\"meilleur restaurant de lyon 2\" srcset=\"https:\/\/www.lesaubergisteslyonnais.fr\/wp-content\/uploads\/2025\/10\/meilleur-restaurant-de-lyon-2.jpg 720w, https:\/\/www.lesaubergisteslyonnais.fr\/wp-content\/uploads\/2025\/10\/meilleur-restaurant-de-lyon-2-400x600.jpg 400w\" sizes=\"(max-width: 720px) 100vw, 720px\" \/>\t\t\t\t\t<\/a>\n\t\t\t\n\t\t<\/div>\n\t\n\n\t\t\t<div\n\t\tclass=\"card swiper-slide wp-block-acf-card\" id=\"card-id--6\"\t\t>\n\t\n\t\t\t\t\t\t<a href=\"https:\/\/www.lesaubergisteslyonnais.fr\/wp-content\/uploads\/2025\/03\/restaurant-bistronomique-lyon-2.jpg\" data-fancybox=\"gallery\" data-caption=\"restaurant bistronomique lyon 2\"\n\t\t\t>\n\t\t\t\t<img decoding=\"async\" width=\"683\" height=\"1024\" src=\"https:\/\/www.lesaubergisteslyonnais.fr\/wp-content\/uploads\/2025\/03\/restaurant-bistronomique-lyon-2.jpg\" class=\"card__image\" alt=\"restaurant bistronomique lyon 2\" srcset=\"https:\/\/www.lesaubergisteslyonnais.fr\/wp-content\/uploads\/2025\/03\/restaurant-bistronomique-lyon-2.jpg 683w, https:\/\/www.lesaubergisteslyonnais.fr\/wp-content\/uploads\/2025\/03\/restaurant-bistronomique-lyon-2-200x300.jpg 200w\" sizes=\"(max-width: 683px) 100vw, 683px\" \/>\t\t\t\t\t<\/a>\n\t\t\t\n\t\t<\/div>\n\t\n\n\t\t\t<div\n\t\tclass=\"card swiper-slide wp-block-acf-card\" id=\"card-id--7\"\t\t>\n\t\n\t\t\t\t\t\t<a href=\"https:\/\/www.lesaubergisteslyonnais.fr\/wp-content\/uploads\/2025\/03\/restaurant-hotel-lyon.jpg\" data-fancybox=\"gallery\" data-caption=\"restaurant hotel lyon\"\n\t\t\t>\n\t\t\t\t<img decoding=\"async\" width=\"683\" height=\"1024\" src=\"https:\/\/www.lesaubergisteslyonnais.fr\/wp-content\/uploads\/2025\/03\/restaurant-hotel-lyon.jpg\" class=\"card__image\" alt=\"restaurant hotel lyon\" srcset=\"https:\/\/www.lesaubergisteslyonnais.fr\/wp-content\/uploads\/2025\/03\/restaurant-hotel-lyon.jpg 683w, https:\/\/www.lesaubergisteslyonnais.fr\/wp-content\/uploads\/2025\/03\/restaurant-hotel-lyon-200x300.jpg 200w\" sizes=\"(max-width: 683px) 100vw, 683px\" \/>\t\t\t\t\t<\/a>\n\t\t\t\n\t\t<\/div>\n\t\n\n\t\t\t<div\n\t\tclass=\"card swiper-slide wp-block-acf-card\" id=\"card-id--8\"\t\t>\n\t\n\t\t\t\t\t\t<a href=\"https:\/\/www.lesaubergisteslyonnais.fr\/wp-content\/uploads\/2025\/04\/restaurant-Comptoir-Cecil-4.jpg\" data-fancybox=\"gallery\" data-caption=\"restaurant Comptoir Cecil 4\"\n\t\t\t>\n\t\t\t\t<img decoding=\"async\" width=\"720\" height=\"1080\" src=\"https:\/\/www.lesaubergisteslyonnais.fr\/wp-content\/uploads\/2025\/04\/restaurant-Comptoir-Cecil-4.jpg\" class=\"card__image\" alt=\"restaurant Comptoir Cecil 4\" srcset=\"https:\/\/www.lesaubergisteslyonnais.fr\/wp-content\/uploads\/2025\/04\/restaurant-Comptoir-Cecil-4.jpg 720w, https:\/\/www.lesaubergisteslyonnais.fr\/wp-content\/uploads\/2025\/04\/restaurant-Comptoir-Cecil-4-400x600.jpg 400w\" sizes=\"(max-width: 720px) 100vw, 720px\" \/>\t\t\t\t\t<\/a>\n\t\t\t\n\t\t<\/div>\n\t\n\n\t\t\t<div\n\t\tclass=\"card swiper-slide wp-block-acf-card\" id=\"card-id--9\"\t\t>\n\t\n\t\t\t\t\t\t<a href=\"https:\/\/www.lesaubergisteslyonnais.fr\/wp-content\/uploads\/2025\/04\/restaurant-Comptoir-Cecil-1.jpg\" data-fancybox=\"gallery\" data-caption=\"restaurant Comptoir Cecil 1\"\n\t\t\t>\n\t\t\t\t<img decoding=\"async\" width=\"720\" height=\"1080\" src=\"https:\/\/www.lesaubergisteslyonnais.fr\/wp-content\/uploads\/2025\/04\/restaurant-Comptoir-Cecil-1.jpg\" class=\"card__image\" alt=\"restaurant Comptoir Cecil 1\" srcset=\"https:\/\/www.lesaubergisteslyonnais.fr\/wp-content\/uploads\/2025\/04\/restaurant-Comptoir-Cecil-1.jpg 720w, https:\/\/www.lesaubergisteslyonnais.fr\/wp-content\/uploads\/2025\/04\/restaurant-Comptoir-Cecil-1-400x600.jpg 400w\" sizes=\"(max-width: 720px) 100vw, 720px\" \/>\t\t\t\t\t<\/a>\n\t\t\t\n\t\t<\/div>\n\t\n\n\t\t\t<div\n\t\tclass=\"card swiper-slide wp-block-acf-card\" id=\"card-id--10\"\t\t>\n\t\n\t\t\t\t\t\t<a href=\"https:\/\/www.lesaubergisteslyonnais.fr\/wp-content\/uploads\/2025\/04\/restaurant-Comptoir-Cecil-2.jpg\" data-fancybox=\"gallery\" data-caption=\"restaurant Comptoir Cecil 2\"\n\t\t\t>\n\t\t\t\t<img decoding=\"async\" width=\"720\" height=\"1080\" src=\"https:\/\/www.lesaubergisteslyonnais.fr\/wp-content\/uploads\/2025\/04\/restaurant-Comptoir-Cecil-2.jpg\" class=\"card__image\" alt=\"restaurant Comptoir Cecil 2\" srcset=\"https:\/\/www.lesaubergisteslyonnais.fr\/wp-content\/uploads\/2025\/04\/restaurant-Comptoir-Cecil-2.jpg 720w, https:\/\/www.lesaubergisteslyonnais.fr\/wp-content\/uploads\/2025\/04\/restaurant-Comptoir-Cecil-2-400x600.jpg 400w\" sizes=\"(max-width: 720px) 100vw, 720px\" \/>\t\t\t\t\t<\/a>\n\t\t\t\n\t\t<\/div>\n\t\n<\/div>\n\t\t\t\t<div class=\"button-prev\">\n\t\t\t<svg xmlns=\"http:\/\/www.w3.org\/2000\/svg\" viewBox=\"0 0 448 512\">\n\t\t\t\t<path\n\t\t\t\t\td=\"M12.7 244.7L1.4 256l11.3 11.3 168 168L192 446.6 214.6 424l-11.3-11.3L62.6 272 432 272l16 0 0-32-16 0L62.6 240 203.3 99.3 214.6 88 192 65.4 180.7 76.7l-168 168z\" \/>\n\t\t\t<\/svg>\n\t\t<\/div>\n\t\t<div class=\"button-next\">\n\t\t\t<svg xmlns=\"http:\/\/www.w3.org\/2000\/svg\" viewBox=\"0 0 448 512\">\n\t\t\t\t<path\n\t\t\t\t\td=\"M435.3 267.3L446.6 256l-11.3-11.3-168-168L256 65.4 233.4 88l11.3 11.3L385.4 240 16 240 0 240l0 32 16 0 369.4 0L244.7 412.7 233.4 424 256 446.6l11.3-11.3 168-168z\" \/>\n\t\t\t<\/svg>\n\t\t<\/div>\n\t\t\t<\/div><!-- .swiper -->\n\n\t\t<div id=\"slider__gallery-button--slider-id-1\"\n\t\tclass=\"slider__gallery-button wp-block-button is-style-label-button is-style-label-button--5\"\n\t\tdata-gallery-trigger=\"gallery-slider-id-1\">\n\t\t<a class=\"wp-block-button__link wp-element-button\">Abrir la galer\u00eda de fotos<\/a>\n\t<\/div>\n\t<\/div>\n\n\n\n<\/section>\n\n\t<section\n\t\tstyle=\"padding-top:var(--wp--preset--spacing--theme-default);padding-bottom:var(--wp--preset--spacing--theme-default);\" class=\"double-columns double-columns-reverse_colums_mobile wp-block-acf-double-columns has-background has-white-background-color has-global-padding is-layout-constrained wp-container-acf-double-columns-is-layout-a22d0bdd wp-block-acf-double-columns-is-layout-constrained\"\t>\n\n<div class=\"double-columns__innerblocks\">\n\n<div class=\"wp-block-group is-layout-flow wp-block-group-is-layout-flow\">\n<figure class=\"wp-block-image size-full image-is-animate\"><img decoding=\"async\" width=\"720\" height=\"1080\" src=\"https:\/\/www.lesaubergisteslyonnais.fr\/wp-content\/uploads\/2025\/06\/IMG_2488.jpg\" alt=\"IMG 2488\" class=\"wp-image-8231\" style=\"aspect-ratio:3\/4;object-fit:cover\" srcset=\"https:\/\/www.lesaubergisteslyonnais.fr\/wp-content\/uploads\/2025\/06\/IMG_2488.jpg 720w, https:\/\/www.lesaubergisteslyonnais.fr\/wp-content\/uploads\/2025\/06\/IMG_2488-400x600.jpg 400w\" sizes=\"(max-width: 720px) 100vw, 720px\" \/><\/figure>\n<\/div>\n\n\n\n<div class=\"wp-block-group is-vertical is-content-justification-stretch is-layout-flex wp-container-core-group-is-layout-a67fda00 wp-block-group-is-layout-flex\">\n<div class=\"wp-block-group is-vertical is-content-justification-center is-layout-flex wp-container-core-group-is-layout-b3dc17cf wp-block-group-is-layout-flex\" style=\"padding-top:0;padding-bottom:0\">\n<figure class=\"wp-block-image size-full is-resized\"><img decoding=\"async\" width=\"250\" height=\"250\" src=\"https:\/\/www.lesaubergisteslyonnais.fr\/wp-content\/uploads\/2025\/05\/LOGO-COMPTOIR-PHENIX_complet_fond-blanc.gif\" alt=\"LOGO COMPTOIR PHENIX fondo blanco completo\" class=\"wp-image-5042\" style=\"width:180px\"\/><\/figure>\n<\/div>\n\n\n\n<h3 class=\"wp-block-heading has-text-align-center\">Un comedor gastron\u00f3mico en el Vieux Lyon<\/h3>\n\n\n\n<details class=\"wp-block-details is-layout-flow wp-block-details-is-layout-flow\"><summary>No muy lejos de all\u00ed, el Comptoir Ph\u00e9nix, nuestro segundo restaurante en Lyon, es una de las mejores direcciones para un almuerzo ligero. Este restaurante de estilo \u201ccantina de barrio\u201d del centro de Lyon ofrece una relaci\u00f3n calidad-precio inmejorable, y sirve una cocina fresca y generosa en un ambiente acogedor y elegante.   <\/summary>\n<p><\/p>\n\n\n\n<p>En el men\u00fa: platos coloridos, rebosantes de sabor y momentos que se pueden improvisar.<\/p>\n<\/details>\n\n\n\n<p class=\"has-large-font-size\">Abierto de lunes a viernes, todos los mediod\u00edas.<\/p>\n\n\n\n<div class=\"wp-block-group is-horizontal is-content-justification-center is-nowrap is-layout-flex wp-container-core-group-is-layout-8f274e93 wp-block-group-is-layout-flex\">\n<div class=\"wp-block-buttons is-content-justification-center is-layout-flex wp-container-core-buttons-is-layout-a89b3969 wp-block-buttons-is-layout-flex\">\n<div class=\"wp-block-button is-style-label-button is-style-label-button--2\"><a class=\"wp-block-button__link wp-element-button\" href=\"https:\/\/comptoirphenix.fr\/\" style=\"border-style:none;border-width:0px\" target=\"_blank\" rel=\"noreferrer noopener\">Descubre<\/a><\/div>\n<\/div>\n\n\n<div class=\"booking-calendar__button-wrapper booking-calendar\" id=\"\">\n    <div class=\"acf-innerblocks-container\">\n\n<div class=\"wp-block-button booking-calendar__button\"><a class=\"wp-block-button__link wp-element-button\">Reserve<\/a><\/div>\n\n<\/div>\n<\/div>\n\n<div id=\"\" class=\"booking-calendar__wrapper\" style=\"background-color:#ffffff\"              data-hotel-choice=\"comptoire-phenix\">\n    <img decoding=\"async\"\n        class=\"booking-calendar__close-button\"\n        src=\"https:\/\/www.lesaubergisteslyonnais.fr\/wp-content\/plugins\/lal-facf-blocks-plugin\/assets\/img\/BTN-X.svg\"\n        alt=\"Fermer la reservation\"\n    >\n        <p class=\"booking-calendar__title restaurant\">Seleccione sus fechas<\/p>\n    <iframe class=\"booking-calendar__iframe lazy-iframe\" data-src=\"https:\/\/widget.thefork.com\/fr\/17a99ba5-9d0b-46f3-8514-11a62d1402fe\" frameborder=\"0\" loading=\"lazy\"><\/iframe>\n<\/div>\n\n<\/div>\n<\/div>\n\n<\/div>\n\n<\/section>\n\n\t<section\n\t\tstyle=\"padding-top:var(--wp--preset--spacing--theme-default);padding-bottom:var(--wp--preset--spacing--theme-default);\" class=\"block-container align wp-block-acf-block-container has-background has-white-background-color has-global-padding is-layout-constrained wp-container-acf-block-container-is-layout-726a9260 wp-block-acf-block-container-is-layout-constrained\"\t>\n\n\t\n\n<div\nclass=\"slider slider__is-gallery alignfull wp-block-acf-slider\" id=\"slider-id-2\" data-gallery-id=\"gallery-slider-id-2\">\n\t<div class=\"wp-block-group\n\t\t\tswiper\">\n\t\t<div class=\"swiper-wrapper slider__innerblocks\">\n\n\n\t\t\t<div\n\t\tclass=\"card swiper-slide wp-block-acf-card\" id=\"card-id--12\"\t\t>\n\t\n\t\t\t\t\t\t<a href=\"https:\/\/www.lesaubergisteslyonnais.fr\/wp-content\/uploads\/2025\/05\/bon_restaurant_lyon1.jpg\" data-fancybox=\"gallery\" data-caption=\"bon restaurant lyon1\"\n\t\t\t>\n\t\t\t\t<img decoding=\"async\" width=\"720\" height=\"1080\" src=\"https:\/\/www.lesaubergisteslyonnais.fr\/wp-content\/uploads\/2025\/05\/bon_restaurant_lyon1.jpg\" class=\"card__image\" alt=\"bon restaurant lyon1\" srcset=\"https:\/\/www.lesaubergisteslyonnais.fr\/wp-content\/uploads\/2025\/05\/bon_restaurant_lyon1.jpg 720w, https:\/\/www.lesaubergisteslyonnais.fr\/wp-content\/uploads\/2025\/05\/bon_restaurant_lyon1-400x600.jpg 400w\" sizes=\"(max-width: 720px) 100vw, 720px\" \/>\t\t\t\t\t<\/a>\n\t\t\t\n\t\t<\/div>\n\t\n\n\t\t\t<div\n\t\tclass=\"card swiper-slide wp-block-acf-card\" id=\"card-id--13\"\t\t>\n\t\n\t\t\t\t\t\t<a href=\"https:\/\/www.lesaubergisteslyonnais.fr\/wp-content\/uploads\/2025\/10\/meilleur_restaurant_vieux_lyon3.jpg\" data-fancybox=\"gallery\" data-caption=\"meilleur restaurant vieux lyon3\"\n\t\t\t>\n\t\t\t\t<img decoding=\"async\" width=\"720\" height=\"1080\" src=\"https:\/\/www.lesaubergisteslyonnais.fr\/wp-content\/uploads\/2025\/10\/meilleur_restaurant_vieux_lyon3.jpg\" class=\"card__image\" alt=\"meilleur restaurant vieux lyon3\" srcset=\"https:\/\/www.lesaubergisteslyonnais.fr\/wp-content\/uploads\/2025\/10\/meilleur_restaurant_vieux_lyon3.jpg 720w, https:\/\/www.lesaubergisteslyonnais.fr\/wp-content\/uploads\/2025\/10\/meilleur_restaurant_vieux_lyon3-400x600.jpg 400w\" sizes=\"(max-width: 720px) 100vw, 720px\" \/>\t\t\t\t\t<\/a>\n\t\t\t\n\t\t<\/div>\n\t\n\n\t\t\t<div\n\t\tclass=\"card swiper-slide wp-block-acf-card\" id=\"card-id--14\"\t\t>\n\t\n\t\t\t\t\t\t<a href=\"https:\/\/www.lesaubergisteslyonnais.fr\/wp-content\/uploads\/2025\/05\/bon_restaurant_lyon3.jpg\" data-fancybox=\"gallery\" data-caption=\"bon restaurant lyon3\"\n\t\t\t>\n\t\t\t\t<img decoding=\"async\" width=\"720\" height=\"1080\" src=\"https:\/\/www.lesaubergisteslyonnais.fr\/wp-content\/uploads\/2025\/05\/bon_restaurant_lyon3.jpg\" class=\"card__image\" alt=\"bon restaurant lyon3\" srcset=\"https:\/\/www.lesaubergisteslyonnais.fr\/wp-content\/uploads\/2025\/05\/bon_restaurant_lyon3.jpg 720w, https:\/\/www.lesaubergisteslyonnais.fr\/wp-content\/uploads\/2025\/05\/bon_restaurant_lyon3-400x600.jpg 400w\" sizes=\"(max-width: 720px) 100vw, 720px\" \/>\t\t\t\t\t<\/a>\n\t\t\t\n\t\t<\/div>\n\t\n\n\t\t\t<div\n\t\tclass=\"card swiper-slide wp-block-acf-card\" id=\"card-id--15\"\t\t>\n\t\n\t\t\t\t\t\t<a href=\"https:\/\/www.lesaubergisteslyonnais.fr\/wp-content\/uploads\/2025\/05\/bon_restaurant_lyon4.jpg\" data-fancybox=\"gallery\" data-caption=\"bon restaurant lyon4\"\n\t\t\t>\n\t\t\t\t<img decoding=\"async\" width=\"720\" height=\"1080\" src=\"https:\/\/www.lesaubergisteslyonnais.fr\/wp-content\/uploads\/2025\/05\/bon_restaurant_lyon4.jpg\" class=\"card__image\" alt=\"bon restaurant lyon4\" srcset=\"https:\/\/www.lesaubergisteslyonnais.fr\/wp-content\/uploads\/2025\/05\/bon_restaurant_lyon4.jpg 720w, https:\/\/www.lesaubergisteslyonnais.fr\/wp-content\/uploads\/2025\/05\/bon_restaurant_lyon4-400x600.jpg 400w\" sizes=\"(max-width: 720px) 100vw, 720px\" \/>\t\t\t\t\t<\/a>\n\t\t\t\n\t\t<\/div>\n\t\n\n\t\t\t<div\n\t\tclass=\"card swiper-slide wp-block-acf-card\" id=\"card-id--16\"\t\t>\n\t\n\t\t\t\t\t\t<a href=\"https:\/\/www.lesaubergisteslyonnais.fr\/wp-content\/uploads\/2025\/05\/bon_restaurant_lyon7.jpg\" data-fancybox=\"gallery\" data-caption=\"bon restaurant lyon7\"\n\t\t\t>\n\t\t\t\t<img decoding=\"async\" width=\"720\" height=\"1080\" src=\"https:\/\/www.lesaubergisteslyonnais.fr\/wp-content\/uploads\/2025\/05\/bon_restaurant_lyon7.jpg\" class=\"card__image\" alt=\"bon restaurant lyon7\" srcset=\"https:\/\/www.lesaubergisteslyonnais.fr\/wp-content\/uploads\/2025\/05\/bon_restaurant_lyon7.jpg 720w, https:\/\/www.lesaubergisteslyonnais.fr\/wp-content\/uploads\/2025\/05\/bon_restaurant_lyon7-400x600.jpg 400w\" sizes=\"(max-width: 720px) 100vw, 720px\" \/>\t\t\t\t\t<\/a>\n\t\t\t\n\t\t<\/div>\n\t\n\n\t\t\t<div\n\t\tclass=\"card swiper-slide wp-block-acf-card\" id=\"card-id--17\"\t\t>\n\t\n\t\t\t\t\t\t<a href=\"https:\/\/www.lesaubergisteslyonnais.fr\/wp-content\/uploads\/2025\/05\/bon_restaurant_lyon2.jpg\" data-fancybox=\"gallery\" data-caption=\"bon restaurant lyon2\"\n\t\t\t>\n\t\t\t\t<img decoding=\"async\" width=\"720\" height=\"1080\" src=\"https:\/\/www.lesaubergisteslyonnais.fr\/wp-content\/uploads\/2025\/05\/bon_restaurant_lyon2.jpg\" class=\"card__image\" alt=\"bon restaurant lyon2\" srcset=\"https:\/\/www.lesaubergisteslyonnais.fr\/wp-content\/uploads\/2025\/05\/bon_restaurant_lyon2.jpg 720w, https:\/\/www.lesaubergisteslyonnais.fr\/wp-content\/uploads\/2025\/05\/bon_restaurant_lyon2-400x600.jpg 400w\" sizes=\"(max-width: 720px) 100vw, 720px\" \/>\t\t\t\t\t<\/a>\n\t\t\t\n\t\t<\/div>\n\t\n\n\t\t\t<div\n\t\tclass=\"card swiper-slide wp-block-acf-card\" id=\"card-id--18\"\t\t>\n\t\n\t\t\t\t\t\t<a href=\"https:\/\/www.lesaubergisteslyonnais.fr\/wp-content\/uploads\/2025\/05\/bon_restaurant_lyon8.jpg\" data-fancybox=\"gallery\" data-caption=\"bon restaurant lyon8\"\n\t\t\t>\n\t\t\t\t<img decoding=\"async\" width=\"720\" height=\"1080\" src=\"https:\/\/www.lesaubergisteslyonnais.fr\/wp-content\/uploads\/2025\/05\/bon_restaurant_lyon8.jpg\" class=\"card__image\" alt=\"bon restaurant lyon8\" srcset=\"https:\/\/www.lesaubergisteslyonnais.fr\/wp-content\/uploads\/2025\/05\/bon_restaurant_lyon8.jpg 720w, https:\/\/www.lesaubergisteslyonnais.fr\/wp-content\/uploads\/2025\/05\/bon_restaurant_lyon8-400x600.jpg 400w\" sizes=\"(max-width: 720px) 100vw, 720px\" \/>\t\t\t\t\t<\/a>\n\t\t\t\n\t\t<\/div>\n\t\n<\/div>\n\t\t\t\t<div class=\"button-prev\">\n\t\t\t<svg xmlns=\"http:\/\/www.w3.org\/2000\/svg\" viewBox=\"0 0 448 512\">\n\t\t\t\t<path\n\t\t\t\t\td=\"M12.7 244.7L1.4 256l11.3 11.3 168 168L192 446.6 214.6 424l-11.3-11.3L62.6 272 432 272l16 0 0-32-16 0L62.6 240 203.3 99.3 214.6 88 192 65.4 180.7 76.7l-168 168z\" \/>\n\t\t\t<\/svg>\n\t\t<\/div>\n\t\t<div class=\"button-next\">\n\t\t\t<svg xmlns=\"http:\/\/www.w3.org\/2000\/svg\" viewBox=\"0 0 448 512\">\n\t\t\t\t<path\n\t\t\t\t\td=\"M435.3 267.3L446.6 256l-11.3-11.3-168-168L256 65.4 233.4 88l11.3 11.3L385.4 240 16 240 0 240l0 32 16 0 369.4 0L244.7 412.7 233.4 424 256 446.6l11.3-11.3 168-168z\" \/>\n\t\t\t<\/svg>\n\t\t<\/div>\n\t\t\t<\/div><!-- .swiper -->\n\n\t\t<div id=\"slider__gallery-button--slider-id-2\"\n\t\tclass=\"slider__gallery-button wp-block-button is-style-label-button is-style-label-button--5\"\n\t\tdata-gallery-trigger=\"gallery-slider-id-2\">\n\t\t<a class=\"wp-block-button__link wp-element-button\">Abrir la galer\u00eda de fotos<\/a>\n\t<\/div>\n\t<\/div>\n\n\n\n<\/section>\n","protected":false},"excerpt":{"rendered":"","protected":false},"author":7,"featured_media":4363,"parent":0,"menu_order":0,"comment_status":"closed","ping_status":"closed","template":"","meta":{"_acf_changed":false,"inline_featured_image":false,"footnotes":""},"class_list":["post-6836","page","type-page","status-publish","has-post-thumbnail","hentry"],"acf":[],"yoast_head":"<!-- This site is optimized with the Yoast SEO plugin v27.4 - https:\/\/yoast.com\/product\/yoast-seo-wordpress\/ -->\n<title>Restaurantes Bistronomiques Lyon Centre - Mejor Calidad Precio<\/title>\n<meta name=\"description\" content=\"Les Aubergistes Lyonnais - Descubre nuestros restaurantes bistron\u00f3micos en Lyon: cocina refinada, productos frescos y una excelente relaci\u00f3n calidad-precio.\" \/>\n<meta name=\"robots\" content=\"index, follow, max-snippet:-1, max-image-preview:large, max-video-preview:-1\" \/>\n<link rel=\"canonical\" href=\"https:\/\/www.lesaubergisteslyonnais.fr\/es\/restaurantes-centro-lyon\/\" \/>\n<meta property=\"og:locale\" content=\"es_ES\" \/>\n<meta property=\"og:type\" content=\"article\" \/>\n<meta property=\"og:title\" content=\"Restaurantes Bistronomiques Lyon Centre - Mejor Calidad Precio\" \/>\n<meta property=\"og:description\" content=\"Les Aubergistes Lyonnais - Descubre nuestros restaurantes bistron\u00f3micos en Lyon: cocina refinada, productos frescos y una excelente relaci\u00f3n calidad-precio.\" \/>\n<meta property=\"og:url\" content=\"https:\/\/www.lesaubergisteslyonnais.fr\/es\/restaurantes-centro-lyon\/\" \/>\n<meta property=\"og:site_name\" content=\"Les Aubergistes Lyonnais\" \/>\n<meta property=\"article:modified_time\" content=\"2025-10-21T14:03:47+00:00\" \/>\n<meta property=\"og:image\" content=\"https:\/\/www.lesaubergisteslyonnais.fr\/wp-content\/uploads\/2025\/03\/180214125_762268631152936_6489830965960775802_n.jpg\" \/>\n\t<meta property=\"og:image:width\" content=\"1080\" \/>\n\t<meta property=\"og:image:height\" content=\"1080\" \/>\n\t<meta property=\"og:image:type\" content=\"image\/jpeg\" \/>\n<meta name=\"twitter:card\" content=\"summary_large_image\" \/>\n<meta name=\"twitter:label1\" content=\"Tiempo de lectura\" \/>\n\t<meta name=\"twitter:data1\" content=\"3 minuto\" \/>\n<script type=\"application\/ld+json\" class=\"yoast-schema-graph\">{\"@context\":\"https:\\\/\\\/schema.org\",\"@graph\":[{\"@type\":\"WebPage\",\"@id\":\"https:\\\/\\\/www.lesaubergisteslyonnais.fr\\\/es\\\/restaurantes-centro-lyon\\\/\",\"url\":\"https:\\\/\\\/www.lesaubergisteslyonnais.fr\\\/es\\\/restaurantes-centro-lyon\\\/\",\"name\":\"Restaurantes Bistronomiques Lyon Centre - Mejor Calidad Precio\",\"isPartOf\":{\"@id\":\"https:\\\/\\\/www.lesaubergisteslyonnais.fr\\\/es\\\/#website\"},\"primaryImageOfPage\":{\"@id\":\"https:\\\/\\\/www.lesaubergisteslyonnais.fr\\\/es\\\/restaurantes-centro-lyon\\\/#primaryimage\"},\"image\":{\"@id\":\"https:\\\/\\\/www.lesaubergisteslyonnais.fr\\\/es\\\/restaurantes-centro-lyon\\\/#primaryimage\"},\"thumbnailUrl\":\"https:\\\/\\\/www.lesaubergisteslyonnais.fr\\\/wp-content\\\/uploads\\\/2025\\\/03\\\/180214125_762268631152936_6489830965960775802_n.jpg\",\"datePublished\":\"2025-04-16T15:40:07+00:00\",\"dateModified\":\"2025-10-21T14:03:47+00:00\",\"description\":\"Les Aubergistes Lyonnais - Descubre nuestros restaurantes bistron\u00f3micos en Lyon: cocina refinada, productos frescos y una excelente relaci\u00f3n calidad-precio.\",\"breadcrumb\":{\"@id\":\"https:\\\/\\\/www.lesaubergisteslyonnais.fr\\\/es\\\/restaurantes-centro-lyon\\\/#breadcrumb\"},\"inLanguage\":\"es\",\"potentialAction\":[{\"@type\":\"ReadAction\",\"target\":[\"https:\\\/\\\/www.lesaubergisteslyonnais.fr\\\/es\\\/restaurantes-centro-lyon\\\/\"]}]},{\"@type\":\"ImageObject\",\"inLanguage\":\"es\",\"@id\":\"https:\\\/\\\/www.lesaubergisteslyonnais.fr\\\/es\\\/restaurantes-centro-lyon\\\/#primaryimage\",\"url\":\"https:\\\/\\\/www.lesaubergisteslyonnais.fr\\\/wp-content\\\/uploads\\\/2025\\\/03\\\/180214125_762268631152936_6489830965960775802_n.jpg\",\"contentUrl\":\"https:\\\/\\\/www.lesaubergisteslyonnais.fr\\\/wp-content\\\/uploads\\\/2025\\\/03\\\/180214125_762268631152936_6489830965960775802_n.jpg\",\"width\":1080,\"height\":1080,\"caption\":\"180214125 762268631152936 6489830965960775802 n\"},{\"@type\":\"BreadcrumbList\",\"@id\":\"https:\\\/\\\/www.lesaubergisteslyonnais.fr\\\/es\\\/restaurantes-centro-lyon\\\/#breadcrumb\",\"itemListElement\":[{\"@type\":\"ListItem\",\"position\":1,\"name\":\"Accueil\",\"item\":\"https:\\\/\\\/www.lesaubergisteslyonnais.fr\\\/es\\\/\"},{\"@type\":\"ListItem\",\"position\":2,\"name\":\"Nuestros restaurantes\"}]},{\"@type\":\"WebSite\",\"@id\":\"https:\\\/\\\/www.lesaubergisteslyonnais.fr\\\/es\\\/#website\",\"url\":\"https:\\\/\\\/www.lesaubergisteslyonnais.fr\\\/es\\\/\",\"name\":\"Globe Cecil\",\"description\":\"\",\"publisher\":{\"@id\":\"https:\\\/\\\/www.lesaubergisteslyonnais.fr\\\/es\\\/#organization\"},\"potentialAction\":[{\"@type\":\"SearchAction\",\"target\":{\"@type\":\"EntryPoint\",\"urlTemplate\":\"https:\\\/\\\/www.lesaubergisteslyonnais.fr\\\/es\\\/?s={search_term_string}\"},\"query-input\":{\"@type\":\"PropertyValueSpecification\",\"valueRequired\":true,\"valueName\":\"search_term_string\"}}],\"inLanguage\":\"es\"},{\"@type\":\"Organization\",\"@id\":\"https:\\\/\\\/www.lesaubergisteslyonnais.fr\\\/es\\\/#organization\",\"name\":\"Globe Cecil\",\"url\":\"https:\\\/\\\/www.lesaubergisteslyonnais.fr\\\/es\\\/\",\"logo\":{\"@type\":\"ImageObject\",\"inLanguage\":\"es\",\"@id\":\"https:\\\/\\\/www.lesaubergisteslyonnais.fr\\\/es\\\/#\\\/schema\\\/logo\\\/image\\\/\",\"url\":\"https:\\\/\\\/www.lesaubergisteslyonnais.fr\\\/wp-content\\\/uploads\\\/2025\\\/05\\\/LOGO-Aubergistes-Lyonnais-White.svg\",\"contentUrl\":\"https:\\\/\\\/www.lesaubergisteslyonnais.fr\\\/wp-content\\\/uploads\\\/2025\\\/05\\\/LOGO-Aubergistes-Lyonnais-White.svg\",\"width\":558,\"height\":127,\"caption\":\"Globe Cecil\"},\"image\":{\"@id\":\"https:\\\/\\\/www.lesaubergisteslyonnais.fr\\\/es\\\/#\\\/schema\\\/logo\\\/image\\\/\"}}]}<\/script>\n<!-- \/ Yoast SEO plugin. -->","yoast_head_json":{"title":"Restaurantes Bistronomiques Lyon Centre - Mejor Calidad Precio","description":"Les Aubergistes Lyonnais - Descubre nuestros restaurantes bistron\u00f3micos en Lyon: cocina refinada, productos frescos y una excelente relaci\u00f3n calidad-precio.","robots":{"index":"index","follow":"follow","max-snippet":"max-snippet:-1","max-image-preview":"max-image-preview:large","max-video-preview":"max-video-preview:-1"},"canonical":"https:\/\/www.lesaubergisteslyonnais.fr\/es\/restaurantes-centro-lyon\/","og_locale":"es_ES","og_type":"article","og_title":"Restaurantes Bistronomiques Lyon Centre - Mejor Calidad Precio","og_description":"Les Aubergistes Lyonnais - Descubre nuestros restaurantes bistron\u00f3micos en Lyon: cocina refinada, productos frescos y una excelente relaci\u00f3n calidad-precio.","og_url":"https:\/\/www.lesaubergisteslyonnais.fr\/es\/restaurantes-centro-lyon\/","og_site_name":"Les Aubergistes Lyonnais","article_modified_time":"2025-10-21T14:03:47+00:00","og_image":[{"width":1080,"height":1080,"url":"https:\/\/www.lesaubergisteslyonnais.fr\/wp-content\/uploads\/2025\/03\/180214125_762268631152936_6489830965960775802_n.jpg","type":"image\/jpeg"}],"twitter_card":"summary_large_image","twitter_misc":{"Tiempo de lectura":"3 minuto"},"schema":{"@context":"https:\/\/schema.org","@graph":[{"@type":"WebPage","@id":"https:\/\/www.lesaubergisteslyonnais.fr\/es\/restaurantes-centro-lyon\/","url":"https:\/\/www.lesaubergisteslyonnais.fr\/es\/restaurantes-centro-lyon\/","name":"Restaurantes Bistronomiques Lyon Centre - Mejor Calidad Precio","isPartOf":{"@id":"https:\/\/www.lesaubergisteslyonnais.fr\/es\/#website"},"primaryImageOfPage":{"@id":"https:\/\/www.lesaubergisteslyonnais.fr\/es\/restaurantes-centro-lyon\/#primaryimage"},"image":{"@id":"https:\/\/www.lesaubergisteslyonnais.fr\/es\/restaurantes-centro-lyon\/#primaryimage"},"thumbnailUrl":"https:\/\/www.lesaubergisteslyonnais.fr\/wp-content\/uploads\/2025\/03\/180214125_762268631152936_6489830965960775802_n.jpg","datePublished":"2025-04-16T15:40:07+00:00","dateModified":"2025-10-21T14:03:47+00:00","description":"Les Aubergistes Lyonnais - Descubre nuestros restaurantes bistron\u00f3micos en Lyon: cocina refinada, productos frescos y una excelente relaci\u00f3n calidad-precio.","breadcrumb":{"@id":"https:\/\/www.lesaubergisteslyonnais.fr\/es\/restaurantes-centro-lyon\/#breadcrumb"},"inLanguage":"es","potentialAction":[{"@type":"ReadAction","target":["https:\/\/www.lesaubergisteslyonnais.fr\/es\/restaurantes-centro-lyon\/"]}]},{"@type":"ImageObject","inLanguage":"es","@id":"https:\/\/www.lesaubergisteslyonnais.fr\/es\/restaurantes-centro-lyon\/#primaryimage","url":"https:\/\/www.lesaubergisteslyonnais.fr\/wp-content\/uploads\/2025\/03\/180214125_762268631152936_6489830965960775802_n.jpg","contentUrl":"https:\/\/www.lesaubergisteslyonnais.fr\/wp-content\/uploads\/2025\/03\/180214125_762268631152936_6489830965960775802_n.jpg","width":1080,"height":1080,"caption":"180214125 762268631152936 6489830965960775802 n"},{"@type":"BreadcrumbList","@id":"https:\/\/www.lesaubergisteslyonnais.fr\/es\/restaurantes-centro-lyon\/#breadcrumb","itemListElement":[{"@type":"ListItem","position":1,"name":"Accueil","item":"https:\/\/www.lesaubergisteslyonnais.fr\/es\/"},{"@type":"ListItem","position":2,"name":"Nuestros restaurantes"}]},{"@type":"WebSite","@id":"https:\/\/www.lesaubergisteslyonnais.fr\/es\/#website","url":"https:\/\/www.lesaubergisteslyonnais.fr\/es\/","name":"Globe Cecil","description":"","publisher":{"@id":"https:\/\/www.lesaubergisteslyonnais.fr\/es\/#organization"},"potentialAction":[{"@type":"SearchAction","target":{"@type":"EntryPoint","urlTemplate":"https:\/\/www.lesaubergisteslyonnais.fr\/es\/?s={search_term_string}"},"query-input":{"@type":"PropertyValueSpecification","valueRequired":true,"valueName":"search_term_string"}}],"inLanguage":"es"},{"@type":"Organization","@id":"https:\/\/www.lesaubergisteslyonnais.fr\/es\/#organization","name":"Globe Cecil","url":"https:\/\/www.lesaubergisteslyonnais.fr\/es\/","logo":{"@type":"ImageObject","inLanguage":"es","@id":"https:\/\/www.lesaubergisteslyonnais.fr\/es\/#\/schema\/logo\/image\/","url":"https:\/\/www.lesaubergisteslyonnais.fr\/wp-content\/uploads\/2025\/05\/LOGO-Aubergistes-Lyonnais-White.svg","contentUrl":"https:\/\/www.lesaubergisteslyonnais.fr\/wp-content\/uploads\/2025\/05\/LOGO-Aubergistes-Lyonnais-White.svg","width":558,"height":127,"caption":"Globe Cecil"},"image":{"@id":"https:\/\/www.lesaubergisteslyonnais.fr\/es\/#\/schema\/logo\/image\/"}}]}},"_links":{"self":[{"href":"https:\/\/www.lesaubergisteslyonnais.fr\/es\/wp-json\/wp\/v2\/pages\/6836","targetHints":{"allow":["GET"]}}],"collection":[{"href":"https:\/\/www.lesaubergisteslyonnais.fr\/es\/wp-json\/wp\/v2\/pages"}],"about":[{"href":"https:\/\/www.lesaubergisteslyonnais.fr\/es\/wp-json\/wp\/v2\/types\/page"}],"author":[{"embeddable":true,"href":"https:\/\/www.lesaubergisteslyonnais.fr\/es\/wp-json\/wp\/v2\/users\/7"}],"replies":[{"embeddable":true,"href":"https:\/\/www.lesaubergisteslyonnais.fr\/es\/wp-json\/wp\/v2\/comments?post=6836"}],"version-history":[{"count":10,"href":"https:\/\/www.lesaubergisteslyonnais.fr\/es\/wp-json\/wp\/v2\/pages\/6836\/revisions"}],"predecessor-version":[{"id":9049,"href":"https:\/\/www.lesaubergisteslyonnais.fr\/es\/wp-json\/wp\/v2\/pages\/6836\/revisions\/9049"}],"wp:featuredmedia":[{"embeddable":true,"href":"https:\/\/www.lesaubergisteslyonnais.fr\/es\/wp-json\/wp\/v2\/media\/4363"}],"wp:attachment":[{"href":"https:\/\/www.lesaubergisteslyonnais.fr\/es\/wp-json\/wp\/v2\/media?parent=6836"}],"curies":[{"name":"wp","href":"https:\/\/api.w.org\/{rel}","templated":true}]}}