{"id":6830,"date":"2025-04-16T17:40:07","date_gmt":"2025-04-16T15:40:07","guid":{"rendered":"https:\/\/www.lesaubergisteslyonnais.fr\/nuestros-hoteles\/"},"modified":"2026-04-20T13:52:02","modified_gmt":"2026-04-20T11:52:02","slug":"hoteles-centro-lyon","status":"publish","type":"page","link":"https:\/\/www.lesaubergisteslyonnais.fr\/es\/hoteles-centro-lyon\/","title":{"rendered":"Nuestros hoteles"},"content":{"rendered":"\n<section class=\"heading wp-elements-7e9fd1d1d55cc2c2711a1559b7b069b7 wp-elements-7e9fd1d1d55cc2c2711a1559b7b069b7 wp-block-acf-heading has-text-color has-primary-color has-background has-white-100-background-color\">\n\t<div class=\"heading__container\">\n\t\t\t\t\t<div class=\"heading__background-picture\">\n\t\t\t\t<img decoding=\"async\" width=\"1620\" height=\"1080\" src=\"https:\/\/www.lesaubergisteslyonnais.fr\/wp-content\/uploads\/2025\/06\/hotel-lyon-centre-ville-LAL-e1749041882401.jpg\" class=\"attachment-full size-full\" alt=\"hotel lyon centre ville LAL e1749041882401\" fetchpriority=\"high\" \/>\t\t\t<\/div>\n\t\t\t\t<div class=\"heading__layout\">\n\t\t\t<div class=\"heading__content-wrapper has-white-100-background-color\">\n\t\t\t\t<div class=\"heading__content has-white-100-background-color\">\n\t\t\t\t\t\t\t\t\t<p id=\"breadcrumbs\"><span><span><a href=\"https:\/\/www.lesaubergisteslyonnais.fr\/es\/\">Accueil<\/a><\/span><\/span><\/p>\t\t\t\t\t\t\t\t\t<div class=\"acf-innerblocks-container\">\n\n<div class=\"wp-block-group heading-content-group is-layout-grid wp-container-core-group-is-layout-96b258e4 wp-block-group-is-layout-grid\">\n<h1 class=\"wp-block-heading has-text-align-left heading__title has-primary-color has-text-color has-xx-large-font-size\">Nuestras plazas de la vida local<\/h1>\n<\/div>\n\n<\/div>\n\t\t\t\t<\/div>\n\t\t\t\t\t\t\t\t<div class=\"heading__illustration illustration-with-parallax desktop-only\">\n\t\t\t\t\t<img decoding=\"async\" width=\"350\" height=\"350\" src=\"https:\/\/www.lesaubergisteslyonnais.fr\/wp-content\/uploads\/2025\/04\/BALLON-statique.png\" class=\"attachment-full size-full\" alt=\"BALLON statique\" fetchpriority=\"high\" srcset=\"https:\/\/www.lesaubergisteslyonnais.fr\/wp-content\/uploads\/2025\/04\/BALLON-statique.png 350w, https:\/\/www.lesaubergisteslyonnais.fr\/wp-content\/uploads\/2025\/04\/BALLON-statique-300x300.png 300w\" sizes=\"(max-width: 350px) 100vw, 350px\" \/>\t\t\t\t<\/div>\n\t\t\t\t\t\t\t<\/div>\n\t\t<\/div>\n\t<\/div>\n<\/section>\n\n\n\t<section\n\t\tstyle=\"padding-top:var(--wp--preset--spacing--theme-default);padding-bottom:var(--wp--preset--spacing--theme-default);\" class=\"block-container align wp-block-acf-block-container has-background has-white-background-color has-global-padding is-layout-constrained wp-block-acf-block-container-is-layout-constrained\"\t>\n\n\t\n\n<div class=\"wp-block-group is-layout-flow wp-block-group-is-layout-flow\">\n<p class=\"has-large-font-size\">En el fondo, todo el mundo tiene un edificio que le toca, una casa, un piso&#8230;  <\/p>\n\n\n\n<p>El simple hecho de pensar en ello, de cruzar el umbral, nos produce un sentimiento instant\u00e1neo de felicidad, de pertenencia profunda y sincera. Fue esta historia personal y esta b\u00fasqueda de una raz\u00f3n de ser lo que llev\u00f3 a Lo\u00efc Renart, el primero de los Aubergistes de Lyon, a aceptar el reto de recoger la antorcha de Le Globe et Cecil y continuar la gran aventura a lo largo de toda una colecci\u00f3n.<\/p>\n<\/div>\n\n\n\n<\/section>\n\n\t<section\n\t\tstyle=\"padding-top:var(--wp--preset--spacing--theme-default);padding-bottom:var(--wp--preset--spacing--theme-default);\" class=\"double-columns wp-block-acf-double-columns has-background has-white-100-background-color has-global-padding is-layout-constrained wp-container-acf-double-columns-is-layout-a22d0bdd wp-block-acf-double-columns-is-layout-constrained\"\t>\n\n<div class=\"double-columns__innerblocks\">\n\n<div class=\"wp-block-group is-vertical is-content-justification-stretch is-layout-flex wp-container-core-group-is-layout-a67fda00 wp-block-group-is-layout-flex\">\n<div class=\"wp-block-group is-vertical is-content-justification-center is-layout-flex wp-container-core-group-is-layout-b3dc17cf wp-block-group-is-layout-flex\" style=\"padding-top:0;padding-bottom:0\">\n<figure class=\"wp-block-image size-full is-resized\"><img decoding=\"async\" width=\"250\" height=\"250\" src=\"https:\/\/www.lesaubergisteslyonnais.fr\/wp-content\/uploads\/2025\/04\/LOGO-GLOBE-CECIL_complet_fond-beige.gif\" alt=\"LOGO GLOBE CECIL fondo beige completo\" class=\"wp-image-2427\" style=\"width:200px\"\/><\/figure>\n<\/div>\n\n\n\n<h3 class=\"wp-block-heading has-text-align-center\">El comienzo de una gran historia<mark style=\"background-color:rgba(0, 0, 0, 0)\" class=\"has-inline-color has-primary-color\"> <\/mark><\/h3>\n\n\n\n<details class=\"wp-block-details is-grey-background is-layout-flow wp-container-core-details-is-layout-8a368f38 wp-block-details-is-layout-flow\"><summary>Situ\u00e9 \u00e0 deux pas de la place Bellecour, le&nbsp;Globe et Cecil&nbsp;est bien plus qu\u2019un h\u00f4tel 4 \u00e9toiles sur Lyon : c\u2019est une demeure de 59 cl\u00e9s avec des chambres uniques et une ambiance chaleureuse. <\/summary>\n<p><\/p>\n\n\n\n<p>Este hotel boutique de Lyon tiene un encanto incomparable y encarna a la perfecci\u00f3n el esp\u00edritu de la ciudad. Ofrece una experiencia que combina romanticismo, dise\u00f1o y autenticidad. Aqu\u00ed, la magia se produce nada m\u00e1s cruzar el umbral, para una estancia inolvidable en uno de los mejores hoteles de Lyon (o al menos en el hotel m\u00e1s antiguo de la ciudad, a\u00fan en funcionamiento).<\/p>\n<\/details>\n\n\n\n<div class=\"wp-block-group is-horizontal is-content-justification-center is-nowrap is-layout-flex wp-container-core-group-is-layout-8f274e93 wp-block-group-is-layout-flex\">\n<div class=\"wp-block-buttons is-content-justification-center is-layout-flex wp-container-core-buttons-is-layout-a89b3969 wp-block-buttons-is-layout-flex\">\n<div class=\"wp-block-button is-style-label-button is-style-label-button--1\"><a class=\"wp-block-button__link wp-element-button\" href=\"https:\/\/globeetcecilhotel.com\/\" style=\"border-style:none;border-width:0px\" target=\"_blank\" rel=\"noreferrer noopener\">Descubre<\/a><\/div>\n<\/div>\n\n\n<div class=\"booking-calendar__button-wrapper booking-calendar\" id=\"\">\n    <div class=\"acf-innerblocks-container\">\n\n<div class=\"wp-block-button booking-calendar__button\"><a class=\"wp-block-button__link wp-element-button\">Reserve<\/a><\/div>\n\n<\/div>\n<\/div>\n\n<div id=\"\" class=\"booking-calendar__wrapper booking-calendar\" data-hotel-choice=\"hotel-globe-et-cecil\" style=\"background-color: #ffffff;\">\n            <img decoding=\"async\" width=\"350\" height=\"350\" src=\"https:\/\/www.lesaubergisteslyonnais.fr\/wp-content\/uploads\/2025\/04\/GLOBE-statique.png\" class=\"booking-calendar__image_2_desktop\" alt=\"GLOBE statique\" srcset=\"https:\/\/www.lesaubergisteslyonnais.fr\/wp-content\/uploads\/2025\/04\/GLOBE-statique.png 350w, https:\/\/www.lesaubergisteslyonnais.fr\/wp-content\/uploads\/2025\/04\/GLOBE-statique-300x300.png 300w\" sizes=\"(max-width: 350px) 100vw, 350px\" \/>        <img decoding=\"async\"\n        class=\"booking-calendar__close-button\"\n        src=\"https:\/\/www.lesaubergisteslyonnais.fr\/wp-content\/plugins\/lal-facf-blocks-plugin\/assets\/img\/BTN-X.svg\"\n        alt=\"Fermer la reservation\"\n    >\n    <div class=\"booking-calendar__content-wrapper\" style=\"background-color: #ffffff;\">\n        \t\t         <p class=\"booking-calendar__title\">Seleccione sus fechas<\/p>\n\n        <div id=\"d-edge-widget-container-hotel-globe-et-cecil\"\n             class=\"booking-calendar__widget-container\"\n            >\n            <div id=\"widgets--wrapper\"><\/div>\n        <\/div>\n\t\t\n        <script type=\"application\/json\" class=\"d-edge-config-data\" data-hotel-choice=\"hotel-globe-et-cecil\">\n        {\n    \"params\": [\n        {\n            \"calendar\": {\n                \"firstDayOfWeek\": 1,\n                \"nbMonths2display\": 2,\n                \"title\": \"\",\n                \"showBestPrice\": true,\n                \"showLastRoom\": true,\n                \"showLastRoomThreshold\": 3,\n                \"showMinStayDepartureDates\": true,\n                \"hideControls\": false,\n                \"showChildrenAges\": false,\n                \"themeDark\": false,\n                \"layoutNum\": 2,\n                \"roomRateFiltering\": 0,\n                \"rateFilter\": [],\n                \"roomFilter\": [],\n                \"useLoyalty\": false,\n                \"loyalty\": \"\",\n                \"loyaltyParams\": {},\n                \"useRedirectUrlFromApi\": true,\n                \"daysLookAhead\": 365\n            },\n            \"currency\": \"EUR\",\n            \"locale\": \"es_ES\",\n            \"maxAdults\": 8,\n            \"maxChildren\": 5,\n            \"mainColor\": \"#3C3B3A\",\n            \"themeDark\": false,\n            \"openFrontInNewTab\": true,\n            \"property\": \"2UVH-11609\",\n            \"title\": \"Hotel Globe et Cecil\",\n            \"childrenMaxAge\": 12,\n            \"fbWidget\": \"Calendar\"\n        }\n    ],\n    \"commonParams\": {\n        \"redirectUrl\": \"https:\/\/www.secure-hotel-booking.com\",\n        \"showPropertiesList\": true,\n        \"demoMode\": false,\n        \"frontUrl\": \"https:\/\/www.secure-hotel-booking.com\"\n    },\n    \"_authCode\": \"eyJhbGciOiJIUzUxMiIsInR5cCI6IkpXVCJ9.eyJib29raW5nRW5naW5lUmVmZXJlbmNlIjoiMlVWSCIsImhvdGVsSWQiOiIxMTYwOSIsImdyb3VwSWQiOiI4NDYyIiwicmVmZXJlbmNlUmF0ZUNvZGUiOiJCQVIiLCJkaXNwbGF5TmFtZSI6IkhvdGVsLUdsb2JlLWV0LUNlY2lsIiwibmJmIjoxNzM5NDYzNzA2LCJleHAiOjI1MzQwMjMwMDgwMCwiaWF0IjoxNzM5NDYzNzA2LCJpc3MiOiJBdmFpbHBybyBBUEkgTWFuYWdlciIsImF1ZCI6ImQtZWRnZSJ9.MfpScwDZZAMMQhtQTuVb8_GYWiTyRdNg_KHuHt1OPRqRCZM7E4u7yhIY3nANOeZh1mXrPUubSBL7kRLZvQjPbg\",\n    \"propertyIndex\": 0,\n    \"version\": \"1.35.0\",\n    \"baseHost\": \"https:\/\/websdk.d-edge.com\"\n}        <\/script>\n\n        <script type=\"text\/template\" class=\"consent-script-template\">\n        (function () {\n            function getConsentStatus() {\n                if (window.google_tag_data && window.google_tag_data.ics && window.google_tag_data.ics.entries && window.google_tag_data.ics.entries.ad_storage) {\n                    return window.google_tag_data.ics.entries.ad_storage.update === true ? 'true' : 'false';\n                }\n                return 'false';\n            }\n\n            const originalOpen = window.open;\n            window.open = function (url, name, features) {\n                if (url && url.includes(\"secure-hotel-booking.com\")) {\n                    const newUrl = new URL(url);\n                    newUrl.searchParams.set(\"cmpConsentString\", getConsentStatus());\n                    return originalOpen.call(window, newUrl.toString(), name, features);\n                }\n                return originalOpen.call(window, url, name, features);\n            };\n\n            const originalAssign = window.location.assign;\n            window.location.assign = function (url) {\n                if (url && url.includes(\"secure-hotel-booking.com\")) {\n                    const newUrl = new URL(url, window.location.origin);\n                    newUrl.searchParams.set(\"cmpConsentString\", getConsentStatus());\n                    return originalAssign.call(window.location, newUrl.toString());\n                }\n                return originalAssign.call(window.location, url);\n            };\n\n            const originalHref = Object.getOwnPropertyDescriptor(window.location.__proto__, 'href').set;\n            Object.defineProperty(window.location, 'href', {\n                set: function (url) {\n                    if (url.includes(\"secure-hotel-booking.com\")) {\n                        const newUrl = new URL(url, window.location.origin);\n                        newUrl.searchParams.set(\"cmpConsentString\", getConsentStatus());\n                        return originalHref.call(window.location, newUrl.toString());\n                    }\n                    return originalHref.call(window.location, url);\n                }\n            });\n        })();\n        <\/script>\n    <\/div>\n<\/div>\n<\/div>\n<\/div>\n\n\n\n<div class=\"wp-block-group is-layout-flow wp-block-group-is-layout-flow\">\n<figure class=\"wp-block-image size-full image-is-animate\"><img decoding=\"async\" width=\"1707\" height=\"2560\" src=\"https:\/\/www.lesaubergisteslyonnais.fr\/wp-content\/uploads\/2025\/03\/hotel_lyon_bellecour_4_etoiles-scaled.jpg\" alt=\"hotel lyon bellecour 4 estrellas escala\" class=\"wp-image-1601\" style=\"aspect-ratio:3\/4;object-fit:cover\" srcset=\"https:\/\/www.lesaubergisteslyonnais.fr\/wp-content\/uploads\/2025\/03\/hotel_lyon_bellecour_4_etoiles-scaled.jpg 1707w, https:\/\/www.lesaubergisteslyonnais.fr\/wp-content\/uploads\/2025\/03\/hotel_lyon_bellecour_4_etoiles-200x300.jpg 200w, https:\/\/www.lesaubergisteslyonnais.fr\/wp-content\/uploads\/2025\/03\/hotel_lyon_bellecour_4_etoiles-683x1024.jpg 683w, https:\/\/www.lesaubergisteslyonnais.fr\/wp-content\/uploads\/2025\/03\/hotel_lyon_bellecour_4_etoiles-768x1152.jpg 768w, https:\/\/www.lesaubergisteslyonnais.fr\/wp-content\/uploads\/2025\/03\/hotel_lyon_bellecour_4_etoiles-1024x1536.jpg 1024w, https:\/\/www.lesaubergisteslyonnais.fr\/wp-content\/uploads\/2025\/03\/hotel_lyon_bellecour_4_etoiles-1365x2048.jpg 1365w\" sizes=\"(max-width: 1707px) 100vw, 1707px\" \/><\/figure>\n<\/div>\n\n<\/div>\n\n<\/section>\n\n\t<section\n\t\tstyle=\"padding-top:var(--wp--preset--spacing--theme-default);padding-bottom:var(--wp--preset--spacing--theme-default);\" class=\"double-columns double-columns-reverse_colums_mobile wp-block-acf-double-columns has-background has-white-background-color has-global-padding is-layout-constrained wp-container-acf-double-columns-is-layout-a22d0bdd wp-block-acf-double-columns-is-layout-constrained\"\t>\n\n<div class=\"double-columns__innerblocks\">\n\n<div class=\"wp-block-group is-layout-flow wp-block-group-is-layout-flow\">\n<figure class=\"wp-block-image size-full image-is-animate\"><img decoding=\"async\" width=\"720\" height=\"1080\" src=\"https:\/\/www.lesaubergisteslyonnais.fr\/wp-content\/uploads\/2025\/05\/Groupe-hotelier-fancais-lyon8.jpg\" alt=\"Grupo hotelero franc&#xE9;s lyon8\" class=\"wp-image-5685\" style=\"aspect-ratio:3\/4;object-fit:cover\" srcset=\"https:\/\/www.lesaubergisteslyonnais.fr\/wp-content\/uploads\/2025\/05\/Groupe-hotelier-fancais-lyon8.jpg 720w, https:\/\/www.lesaubergisteslyonnais.fr\/wp-content\/uploads\/2025\/05\/Groupe-hotelier-fancais-lyon8-400x600.jpg 400w\" sizes=\"(max-width: 720px) 100vw, 720px\" \/><\/figure>\n<\/div>\n\n\n\n<div class=\"wp-block-group is-vertical is-content-justification-stretch is-layout-flex wp-container-core-group-is-layout-a67fda00 wp-block-group-is-layout-flex\">\n<div class=\"wp-block-group is-vertical is-content-justification-center is-layout-flex wp-container-core-group-is-layout-b3dc17cf wp-block-group-is-layout-flex\" style=\"padding-top:0;padding-bottom:0\">\n<figure class=\"wp-block-image size-full is-resized\"><img decoding=\"async\" width=\"250\" height=\"250\" src=\"https:\/\/www.lesaubergisteslyonnais.fr\/wp-content\/uploads\/2025\/05\/LOGO-LE-PHENIX_complet_fond-blanc.gif\" alt=\"LOGO LE PHENIX fondo blanco completo\" class=\"wp-image-5002\" style=\"width:200px\"\/><\/figure>\n<\/div>\n\n\n\n<h3 class=\"wp-block-heading has-text-align-center\">El encanto de una direcci\u00f3n sorprendente<\/h3>\n\n\n\n<details class=\"wp-block-details is-layout-flow wp-block-details-is-layout-flow\"><summary>Entre pasado y presente, el Ph\u00e9nix H\u00f4tel ilumina los muelles del Saona con su encanto intemporal. Este hotel de 4 estrellas combina el patrimonio hist\u00f3rico con un confort moderno y refinado.<\/summary>\n<p><\/p>\n\n\n\n<p>A dos pasos del Vieux Lyon, este lugar at\u00edpico te invita a so\u00f1ar despierto, con sus impresionantes vistas sobre el Saona, perfecto para una escapada rom\u00e1ntica o una escapada en familia. Los hoteles en Lyon con aparcamiento no son baratos en las calles adoquinadas&#8230; Paz y tranquilidad garantizadas. \u00bfPor qu\u00e9 buscar en otra parte cuando te espera uno de los mejores hoteles de Lyon?  <\/p>\n<\/details>\n\n\n\n<div class=\"wp-block-group is-horizontal is-content-justification-center is-nowrap is-layout-flex wp-container-core-group-is-layout-8f274e93 wp-block-group-is-layout-flex\">\n<div class=\"wp-block-buttons is-content-justification-center is-layout-flex wp-container-core-buttons-is-layout-a89b3969 wp-block-buttons-is-layout-flex\">\n<div class=\"wp-block-button is-style-label-button is-style-label-button--2\"><a class=\"wp-block-button__link wp-element-button\" href=\"https:\/\/www.hotel-phenix-lyon.fr\/\" style=\"border-style:none;border-width:0px\" target=\"_blank\" rel=\"noreferrer noopener\">Descubre<\/a><\/div>\n<\/div>\n\n\n<div class=\"booking-calendar__button-wrapper booking-calendar\" id=\"\">\n    <div class=\"acf-innerblocks-container\">\n\n<div class=\"wp-block-button booking-calendar__button\"><a class=\"wp-block-button__link wp-element-button\">Reserve<\/a><\/div>\n\n<\/div>\n<\/div>\n\n<div id=\"\" class=\"booking-calendar__wrapper booking-calendar\" data-hotel-choice=\"hotel-globe-et-cecil\" style=\"background-color: #ffffff;\">\n            <img decoding=\"async\" width=\"350\" height=\"350\" src=\"https:\/\/www.lesaubergisteslyonnais.fr\/wp-content\/uploads\/2025\/04\/COQ.png\" class=\"booking-calendar__image_2_desktop\" alt=\"COQ\" srcset=\"https:\/\/www.lesaubergisteslyonnais.fr\/wp-content\/uploads\/2025\/04\/COQ.png 350w, https:\/\/www.lesaubergisteslyonnais.fr\/wp-content\/uploads\/2025\/04\/COQ-300x300.png 300w\" sizes=\"(max-width: 350px) 100vw, 350px\" \/>        <img decoding=\"async\"\n        class=\"booking-calendar__close-button\"\n        src=\"https:\/\/www.lesaubergisteslyonnais.fr\/wp-content\/plugins\/lal-facf-blocks-plugin\/assets\/img\/BTN-X.svg\"\n        alt=\"Fermer la reservation\"\n    >\n    <div class=\"booking-calendar__content-wrapper\" style=\"background-color: #ffffff;\">\n        \t\t         <p class=\"booking-calendar__title\">Seleccione sus fechas<\/p>\n\n        <div id=\"d-edge-widget-container-hotel-globe-et-cecil\"\n             class=\"booking-calendar__widget-container\"\n            >\n            <div id=\"widgets--wrapper\"><\/div>\n        <\/div>\n\t\t\n        <script type=\"application\/json\" class=\"d-edge-config-data\" data-hotel-choice=\"hotel-globe-et-cecil\">\n        {\n    \"params\": [\n        {\n            \"calendar\": {\n                \"firstDayOfWeek\": 1,\n                \"nbMonths2display\": 2,\n                \"title\": \"\",\n                \"showBestPrice\": true,\n                \"showLastRoom\": true,\n                \"showLastRoomThreshold\": 3,\n                \"showMinStayDepartureDates\": true,\n                \"hideControls\": false,\n                \"showChildrenAges\": false,\n                \"themeDark\": false,\n                \"layoutNum\": 2,\n                \"roomRateFiltering\": 0,\n                \"rateFilter\": [],\n                \"roomFilter\": [],\n                \"useLoyalty\": false,\n                \"loyalty\": \"\",\n                \"loyaltyParams\": {},\n                \"useRedirectUrlFromApi\": true,\n                \"daysLookAhead\": 365\n            },\n            \"currency\": \"EUR\",\n            \"locale\": \"es_ES\",\n            \"maxAdults\": 8,\n            \"maxChildren\": 5,\n            \"mainColor\": \"#3C3B3A\",\n            \"themeDark\": false,\n            \"openFrontInNewTab\": true,\n            \"property\": \"2UVH-11609\",\n            \"title\": \"Hotel Globe et Cecil\",\n            \"childrenMaxAge\": 12,\n            \"fbWidget\": \"Calendar\"\n        }\n    ],\n    \"commonParams\": {\n        \"redirectUrl\": \"https:\/\/www.secure-hotel-booking.com\",\n        \"showPropertiesList\": true,\n        \"demoMode\": false,\n        \"frontUrl\": \"https:\/\/www.secure-hotel-booking.com\"\n    },\n    \"_authCode\": \"eyJhbGciOiJIUzUxMiIsInR5cCI6IkpXVCJ9.eyJib29raW5nRW5naW5lUmVmZXJlbmNlIjoiMlVWSCIsImhvdGVsSWQiOiIxMTYwOSIsImdyb3VwSWQiOiI4NDYyIiwicmVmZXJlbmNlUmF0ZUNvZGUiOiJCQVIiLCJkaXNwbGF5TmFtZSI6IkhvdGVsLUdsb2JlLWV0LUNlY2lsIiwibmJmIjoxNzM5NDYzNzA2LCJleHAiOjI1MzQwMjMwMDgwMCwiaWF0IjoxNzM5NDYzNzA2LCJpc3MiOiJBdmFpbHBybyBBUEkgTWFuYWdlciIsImF1ZCI6ImQtZWRnZSJ9.MfpScwDZZAMMQhtQTuVb8_GYWiTyRdNg_KHuHt1OPRqRCZM7E4u7yhIY3nANOeZh1mXrPUubSBL7kRLZvQjPbg\",\n    \"propertyIndex\": 0,\n    \"version\": \"1.35.0\",\n    \"baseHost\": \"https:\/\/websdk.d-edge.com\"\n}        <\/script>\n\n        <script type=\"text\/template\" class=\"consent-script-template\">\n        (function () {\n            function getConsentStatus() {\n                if (window.google_tag_data && window.google_tag_data.ics && window.google_tag_data.ics.entries && window.google_tag_data.ics.entries.ad_storage) {\n                    return window.google_tag_data.ics.entries.ad_storage.update === true ? 'true' : 'false';\n                }\n                return 'false';\n            }\n\n            const originalOpen = window.open;\n            window.open = function (url, name, features) {\n                if (url && url.includes(\"secure-hotel-booking.com\")) {\n                    const newUrl = new URL(url);\n                    newUrl.searchParams.set(\"cmpConsentString\", getConsentStatus());\n                    return originalOpen.call(window, newUrl.toString(), name, features);\n                }\n                return originalOpen.call(window, url, name, features);\n            };\n\n            const originalAssign = window.location.assign;\n            window.location.assign = function (url) {\n                if (url && url.includes(\"secure-hotel-booking.com\")) {\n                    const newUrl = new URL(url, window.location.origin);\n                    newUrl.searchParams.set(\"cmpConsentString\", getConsentStatus());\n                    return originalAssign.call(window.location, newUrl.toString());\n                }\n                return originalAssign.call(window.location, url);\n            };\n\n            const originalHref = Object.getOwnPropertyDescriptor(window.location.__proto__, 'href').set;\n            Object.defineProperty(window.location, 'href', {\n                set: function (url) {\n                    if (url.includes(\"secure-hotel-booking.com\")) {\n                        const newUrl = new URL(url, window.location.origin);\n                        newUrl.searchParams.set(\"cmpConsentString\", getConsentStatus());\n                        return originalHref.call(window.location, newUrl.toString());\n                    }\n                    return originalHref.call(window.location, url);\n                }\n            });\n        })();\n        <\/script>\n    <\/div>\n<\/div>\n<\/div>\n<\/div>\n\n<\/div>\n\n<\/section>\n\n\t<section\n\t\tstyle=\"padding-top:var(--wp--preset--spacing--theme-default);padding-bottom:var(--wp--preset--spacing--theme-default);\" class=\"double-columns wp-block-acf-double-columns has-background has-white-100-background-color has-global-padding is-layout-constrained wp-container-acf-double-columns-is-layout-a22d0bdd wp-block-acf-double-columns-is-layout-constrained\"\t>\n\n<div class=\"double-columns__innerblocks\">\n\n<div class=\"wp-block-group is-vertical is-content-justification-stretch is-layout-flex wp-container-core-group-is-layout-a67fda00 wp-block-group-is-layout-flex\">\n<div class=\"wp-block-group is-vertical is-content-justification-center is-layout-flex wp-container-core-group-is-layout-b3dc17cf wp-block-group-is-layout-flex\" style=\"padding-top:0;padding-bottom:0\">\n<figure class=\"wp-block-image size-full is-resized\"><img decoding=\"async\" width=\"250\" height=\"250\" src=\"https:\/\/www.lesaubergisteslyonnais.fr\/wp-content\/uploads\/2025\/05\/LOGO_SIMPLON_complet_fond-beige.gif\" alt=\"LOGO SIMPLON completo con fondo beige\" class=\"wp-image-4994\" style=\"width:200px\"\/><\/figure>\n<\/div>\n\n\n\n<h3 class=\"wp-block-heading has-text-align-center\">Sensaci\u00f3n de hogar<\/h3>\n\n\n\n<details class=\"wp-block-details is-grey-background is-layout-flow wp-block-details-is-layout-flow\"><summary>Encantador y colorista, el H\u00f4tel du Simplon es una invitaci\u00f3n de 3 estrellas a sonre\u00edr, so\u00f1ar y divertirse. Situado entre Perrache y el barrio de Ainay, este hotel boutique 100% lion\u00e9s de esp\u00edritu travieso combina sencillez y car\u00e1cter.<\/summary>\n<p><\/p>\n\n\n\n<p>Sus acogedoras habitaciones, su atenta bienvenida y su pr\u00e1ctica ubicaci\u00f3n lo convierten en un refugio al que volver una y otra vez.  <\/p>\n<\/details>\n\n\n\n<div class=\"wp-block-group is-horizontal is-content-justification-center is-nowrap is-layout-flex wp-container-core-group-is-layout-8f274e93 wp-block-group-is-layout-flex\">\n<div class=\"wp-block-buttons is-content-justification-center is-layout-flex wp-container-core-buttons-is-layout-a89b3969 wp-block-buttons-is-layout-flex\">\n<div class=\"wp-block-button is-style-label-button is-style-label-button--3\"><a class=\"wp-block-button__link wp-element-button\" href=\"https:\/\/www.hotel-simplon-lyon.com\/\" style=\"border-style:none;border-width:0px\" target=\"_blank\" rel=\"noreferrer noopener\">Descubre<\/a><\/div>\n<\/div>\n\n\n<div class=\"booking-calendar__button-wrapper booking-calendar\" id=\"\">\n    <div class=\"acf-innerblocks-container\">\n\n<div class=\"wp-block-button booking-calendar__button\"><a class=\"wp-block-button__link wp-element-button\">Reserve<\/a><\/div>\n\n<\/div>\n<\/div>\n\n<div id=\"\" class=\"booking-calendar__wrapper booking-calendar\" data-hotel-choice=\"hotel-globe-et-cecil\" style=\"background-color: #ffffff;\">\n            <img decoding=\"async\" width=\"350\" height=\"350\" src=\"https:\/\/www.lesaubergisteslyonnais.fr\/wp-content\/uploads\/2025\/04\/BOUQUETIN.png\" class=\"booking-calendar__image_2_desktop\" alt=\"BOUQUETIN\" srcset=\"https:\/\/www.lesaubergisteslyonnais.fr\/wp-content\/uploads\/2025\/04\/BOUQUETIN.png 350w, https:\/\/www.lesaubergisteslyonnais.fr\/wp-content\/uploads\/2025\/04\/BOUQUETIN-300x300.png 300w\" sizes=\"(max-width: 350px) 100vw, 350px\" \/>        <img decoding=\"async\"\n        class=\"booking-calendar__close-button\"\n        src=\"https:\/\/www.lesaubergisteslyonnais.fr\/wp-content\/plugins\/lal-facf-blocks-plugin\/assets\/img\/BTN-X.svg\"\n        alt=\"Fermer la reservation\"\n    >\n    <div class=\"booking-calendar__content-wrapper\" style=\"background-color: #ffffff;\">\n        \t\t         <p class=\"booking-calendar__title\">Seleccione sus fechas<\/p>\n\n        <div id=\"d-edge-widget-container-hotel-globe-et-cecil\"\n             class=\"booking-calendar__widget-container\"\n            >\n            <div id=\"widgets--wrapper\"><\/div>\n        <\/div>\n\t\t\n        <script type=\"application\/json\" class=\"d-edge-config-data\" data-hotel-choice=\"hotel-globe-et-cecil\">\n        {\n    \"params\": [\n        {\n            \"calendar\": {\n                \"firstDayOfWeek\": 1,\n                \"nbMonths2display\": 2,\n                \"title\": \"\",\n                \"showBestPrice\": true,\n                \"showLastRoom\": true,\n                \"showLastRoomThreshold\": 3,\n                \"showMinStayDepartureDates\": true,\n                \"hideControls\": false,\n                \"showChildrenAges\": false,\n                \"themeDark\": false,\n                \"layoutNum\": 2,\n                \"roomRateFiltering\": 0,\n                \"rateFilter\": [],\n                \"roomFilter\": [],\n                \"useLoyalty\": false,\n                \"loyalty\": \"\",\n                \"loyaltyParams\": {},\n                \"useRedirectUrlFromApi\": true,\n                \"daysLookAhead\": 365\n            },\n            \"currency\": \"EUR\",\n            \"locale\": \"es_ES\",\n            \"maxAdults\": 8,\n            \"maxChildren\": 5,\n            \"mainColor\": \"#3C3B3A\",\n            \"themeDark\": false,\n            \"openFrontInNewTab\": true,\n            \"property\": \"2UVH-11609\",\n            \"title\": \"Hotel Globe et Cecil\",\n            \"childrenMaxAge\": 12,\n            \"fbWidget\": \"Calendar\"\n        }\n    ],\n    \"commonParams\": {\n        \"redirectUrl\": \"https:\/\/www.secure-hotel-booking.com\",\n        \"showPropertiesList\": true,\n        \"demoMode\": false,\n        \"frontUrl\": \"https:\/\/www.secure-hotel-booking.com\"\n    },\n    \"_authCode\": \"eyJhbGciOiJIUzUxMiIsInR5cCI6IkpXVCJ9.eyJib29raW5nRW5naW5lUmVmZXJlbmNlIjoiMlVWSCIsImhvdGVsSWQiOiIxMTYwOSIsImdyb3VwSWQiOiI4NDYyIiwicmVmZXJlbmNlUmF0ZUNvZGUiOiJCQVIiLCJkaXNwbGF5TmFtZSI6IkhvdGVsLUdsb2JlLWV0LUNlY2lsIiwibmJmIjoxNzM5NDYzNzA2LCJleHAiOjI1MzQwMjMwMDgwMCwiaWF0IjoxNzM5NDYzNzA2LCJpc3MiOiJBdmFpbHBybyBBUEkgTWFuYWdlciIsImF1ZCI6ImQtZWRnZSJ9.MfpScwDZZAMMQhtQTuVb8_GYWiTyRdNg_KHuHt1OPRqRCZM7E4u7yhIY3nANOeZh1mXrPUubSBL7kRLZvQjPbg\",\n    \"propertyIndex\": 0,\n    \"version\": \"1.35.0\",\n    \"baseHost\": \"https:\/\/websdk.d-edge.com\"\n}        <\/script>\n\n        <script type=\"text\/template\" class=\"consent-script-template\">\n        (function () {\n            function getConsentStatus() {\n                if (window.google_tag_data && window.google_tag_data.ics && window.google_tag_data.ics.entries && window.google_tag_data.ics.entries.ad_storage) {\n                    return window.google_tag_data.ics.entries.ad_storage.update === true ? 'true' : 'false';\n                }\n                return 'false';\n            }\n\n            const originalOpen = window.open;\n            window.open = function (url, name, features) {\n                if (url && url.includes(\"secure-hotel-booking.com\")) {\n                    const newUrl = new URL(url);\n                    newUrl.searchParams.set(\"cmpConsentString\", getConsentStatus());\n                    return originalOpen.call(window, newUrl.toString(), name, features);\n                }\n                return originalOpen.call(window, url, name, features);\n            };\n\n            const originalAssign = window.location.assign;\n            window.location.assign = function (url) {\n                if (url && url.includes(\"secure-hotel-booking.com\")) {\n                    const newUrl = new URL(url, window.location.origin);\n                    newUrl.searchParams.set(\"cmpConsentString\", getConsentStatus());\n                    return originalAssign.call(window.location, newUrl.toString());\n                }\n                return originalAssign.call(window.location, url);\n            };\n\n            const originalHref = Object.getOwnPropertyDescriptor(window.location.__proto__, 'href').set;\n            Object.defineProperty(window.location, 'href', {\n                set: function (url) {\n                    if (url.includes(\"secure-hotel-booking.com\")) {\n                        const newUrl = new URL(url, window.location.origin);\n                        newUrl.searchParams.set(\"cmpConsentString\", getConsentStatus());\n                        return originalHref.call(window.location, newUrl.toString());\n                    }\n                    return originalHref.call(window.location, url);\n                }\n            });\n        })();\n        <\/script>\n    <\/div>\n<\/div>\n<\/div>\n<\/div>\n\n\n\n<div class=\"wp-block-group is-layout-flow wp-block-group-is-layout-flow\">\n<figure class=\"wp-block-image size-full image-is-animate\"><img decoding=\"async\" width=\"720\" height=\"1080\" src=\"https:\/\/www.lesaubergisteslyonnais.fr\/wp-content\/uploads\/2025\/06\/hotel-lyon-pas-cher.jpg\" alt=\"hotel barato lyon\" class=\"wp-image-7224\" style=\"aspect-ratio:3\/4;object-fit:cover\" srcset=\"https:\/\/www.lesaubergisteslyonnais.fr\/wp-content\/uploads\/2025\/06\/hotel-lyon-pas-cher.jpg 720w, https:\/\/www.lesaubergisteslyonnais.fr\/wp-content\/uploads\/2025\/06\/hotel-lyon-pas-cher-400x600.jpg 400w\" sizes=\"(max-width: 720px) 100vw, 720px\" \/><\/figure>\n<\/div>\n\n<\/div>\n\n<\/section>\n\n\t<section\n\t\tstyle=\"padding-top:var(--wp--preset--spacing--theme-default);padding-bottom:var(--wp--preset--spacing--theme-default);\" class=\"double-columns double-columns-reverse_colums_mobile wp-block-acf-double-columns has-background has-white-background-color has-global-padding is-layout-constrained wp-container-acf-double-columns-is-layout-a22d0bdd wp-block-acf-double-columns-is-layout-constrained\"\t>\n\n<div class=\"double-columns__innerblocks\">\n\n<div class=\"wp-block-group is-layout-flow wp-block-group-is-layout-flow\">\n<figure class=\"wp-block-image size-full image-is-animate\"><img decoding=\"async\" width=\"720\" height=\"1080\" src=\"https:\/\/www.lesaubergisteslyonnais.fr\/wp-content\/uploads\/2026\/04\/hotel_4_etoiles_Contamines_Haute_Savoie47.jpg\" alt=\"Hotel 4 estrellas Contamines Alta Saboya47\" class=\"wp-image-9721\" style=\"aspect-ratio:3\/4;object-fit:cover\" srcset=\"https:\/\/www.lesaubergisteslyonnais.fr\/wp-content\/uploads\/2026\/04\/hotel_4_etoiles_Contamines_Haute_Savoie47.jpg 720w, https:\/\/www.lesaubergisteslyonnais.fr\/wp-content\/uploads\/2026\/04\/hotel_4_etoiles_Contamines_Haute_Savoie47-400x600.jpg 400w\" sizes=\"(max-width: 720px) 100vw, 720px\" \/><\/figure>\n<\/div>\n\n\n\n<div class=\"wp-block-group is-vertical is-content-justification-stretch is-layout-flex wp-container-core-group-is-layout-a67fda00 wp-block-group-is-layout-flex\">\n<div class=\"wp-block-group is-vertical is-content-justification-center is-layout-flex wp-container-core-group-is-layout-b3dc17cf wp-block-group-is-layout-flex\" style=\"padding-top:0;padding-bottom:0\">\n<figure class=\"wp-block-image size-full is-resized\"><img decoding=\"async\" width=\"138\" height=\"250\" src=\"https:\/\/www.lesaubergisteslyonnais.fr\/wp-content\/uploads\/2026\/04\/logo-le-gai-soleil-image-et-texte.svg\" alt=\"logo le gai soleil imagen y texto\" class=\"wp-image-9863\" style=\"width:130px\"\/><\/figure>\n<\/div>\n\n\n\n<h3 class=\"wp-block-heading has-text-align-center\">El encanto de un chalet de monta\u00f1a<\/h3>\n\n\n\n<details class=\"wp-block-details is-layout-flow wp-block-details-is-layout-flow\"><summary>\u00a1Cita a los pies del Mont Blanc en Les Contamines-Montjoie! Esta granja de 200 a\u00f1os abre las puertas de sus 19 habitaciones con vistas a las cumbres. <\/summary>\n<p><\/p>\n\n\n\n<p>Es imposible no enamorarse de esta direcci\u00f3n&#8230; \u00a1que es diferente pero sigue siendo una posada! La hospitalidad de una posada, la autenticidad de un refugio, el alma de un chalet con los servicios de un hotel de 4*.   <\/p>\n<\/details>\n\n\n\n<div class=\"wp-block-group is-horizontal is-content-justification-center is-nowrap is-layout-flex wp-container-core-group-is-layout-8f274e93 wp-block-group-is-layout-flex\">\n<div class=\"wp-block-buttons is-content-justification-center is-layout-flex wp-container-core-buttons-is-layout-a89b3969 wp-block-buttons-is-layout-flex\">\n<div class=\"wp-block-button is-style-label-button is-style-label-button--4\"><a class=\"wp-block-button__link wp-element-button\" href=\"https:\/\/www.gaisoleil.com\/\" style=\"border-style:none;border-width:0px\" target=\"_blank\" rel=\"noreferrer noopener\">Descubre<\/a><\/div>\n<\/div>\n\n\n\n<div class=\"wp-block-buttons is-content-justification-center is-layout-flex wp-container-core-buttons-is-layout-a89b3969 wp-block-buttons-is-layout-flex\">\n<div class=\"wp-block-button is-style-label-button is-style-label-button--5\"><a class=\"wp-block-button__link wp-element-button\" href=\"https:\/\/gaisoleil.thais-hotel.com\/direct-booking\/?lang=fr\" style=\"border-style:none;border-width:0px\" target=\"_blank\" rel=\"noreferrer noopener\">Reserve<\/a><\/div>\n<\/div>\n<\/div>\n<\/div>\n\n<\/div>\n\n<\/section>\n\n\t<section\n\t\tstyle=\"padding-top:var(--wp--preset--spacing--theme-default);padding-bottom:var(--wp--preset--spacing--theme-default);\" class=\"block-container align wp-block-acf-block-container has-background has-white-100-background-color has-global-padding is-layout-constrained wp-container-acf-block-container-is-layout-89fc666d wp-block-acf-block-container-is-layout-constrained\"\t>\n\n\t\n\n<h3 class=\"wp-block-heading has-text-align-center\">Bienvenido a <s>nuestra<\/s> <mark style=\"background-color:rgba(0, 0, 0, 0)\" class=\"has-inline-color has-primary-color\">casa<\/mark>.<\/h3>\n\n\n\n<details class=\"wp-block-details is-grey-background is-layout-flow wp-block-details-is-layout-flow\"><summary>Todos nuestros lugares tienen una historia, una vida. Est\u00e1n profundamente vinculadas a sus habitantes, a lo que son y a lo que sienten. Todos estos interiores, todas estas habitaciones, todos estos edificios, se transforman, se adaptan, evolucionan y crecen con nosotros a lo largo del tiempo, compartiendo una \u00fanica raz\u00f3n de ser: reunir a las personas.<\/summary>\n<p>De este deseo apasionado tom\u00f3 forma nuestro proyecto, el de retomar establecimientos cargados de historia e inventar lugares nuevos, originales y encarnados. Crear algo precioso, raro y \u00fanico&#8230; Una verdadera colecci\u00f3n de conceptos exclusivos y lugares de ensue\u00f1o, una acogida c\u00e1lida y humana, una hospitalidad sin fisuras, experiencias incomparables y un servicio impecable a nuestros hu\u00e9spedes&#8230; Esto es lo que resume el enfoque de Aubergistes Lyonnais. <\/p>\n<\/details>\n\n\n\n<\/section>\n","protected":false},"excerpt":{"rendered":"","protected":false},"author":7,"featured_media":0,"parent":0,"menu_order":0,"comment_status":"closed","ping_status":"closed","template":"","meta":{"_acf_changed":false,"inline_featured_image":false,"footnotes":""},"class_list":["post-6830","page","type-page","status-publish","hentry"],"acf":[],"yoast_head":"<!-- This site is optimized with the Yoast SEO plugin v27.4 - https:\/\/yoast.com\/product\/yoast-seo-wordpress\/ -->\n<title>Hoteles Lyon centro 4 estrellas - La mejor ubicaci\u00f3n<\/title>\n<meta name=\"description\" content=\"Les Aubergistes Lyonnais - Al\u00f3jate en uno de nuestros hoteles de 4 estrellas, idealmente situado en el coraz\u00f3n de Lyon, que ofrece encanto, comodidad y elegancia.\" \/>\n<meta name=\"robots\" content=\"index, follow, max-snippet:-1, max-image-preview:large, max-video-preview:-1\" \/>\n<link rel=\"canonical\" href=\"https:\/\/www.lesaubergisteslyonnais.fr\/es\/hoteles-centro-lyon\/\" \/>\n<meta property=\"og:locale\" content=\"es_ES\" \/>\n<meta property=\"og:type\" content=\"article\" \/>\n<meta property=\"og:title\" content=\"Hoteles Lyon centro 4 estrellas - La mejor ubicaci\u00f3n\" \/>\n<meta property=\"og:description\" content=\"Les Aubergistes Lyonnais - Al\u00f3jate en uno de nuestros hoteles de 4 estrellas, idealmente situado en el coraz\u00f3n de Lyon, que ofrece encanto, comodidad y elegancia.\" \/>\n<meta property=\"og:url\" content=\"https:\/\/www.lesaubergisteslyonnais.fr\/es\/hoteles-centro-lyon\/\" \/>\n<meta property=\"og:site_name\" content=\"Les Aubergistes Lyonnais\" \/>\n<meta property=\"article:modified_time\" content=\"2026-04-20T11:52:02+00:00\" \/>\n<meta property=\"og:image\" content=\"https:\/\/www.lesaubergisteslyonnais.fr\/wp-content\/uploads\/2025\/04\/LOGO-GLOBE-CECIL_complet_fond-beige.gif\" \/>\n<meta name=\"twitter:card\" content=\"summary_large_image\" \/>\n<meta name=\"twitter:label1\" content=\"Tiempo de lectura\" \/>\n\t<meta name=\"twitter:data1\" content=\"3 minuto\" \/>\n<script type=\"application\/ld+json\" class=\"yoast-schema-graph\">{\"@context\":\"https:\\\/\\\/schema.org\",\"@graph\":[{\"@type\":\"WebPage\",\"@id\":\"https:\\\/\\\/www.lesaubergisteslyonnais.fr\\\/es\\\/hoteles-centro-lyon\\\/\",\"url\":\"https:\\\/\\\/www.lesaubergisteslyonnais.fr\\\/es\\\/hoteles-centro-lyon\\\/\",\"name\":\"Hoteles Lyon centro 4 estrellas - La mejor ubicaci\u00f3n\",\"isPartOf\":{\"@id\":\"https:\\\/\\\/www.lesaubergisteslyonnais.fr\\\/es\\\/#website\"},\"primaryImageOfPage\":{\"@id\":\"https:\\\/\\\/www.lesaubergisteslyonnais.fr\\\/es\\\/hoteles-centro-lyon\\\/#primaryimage\"},\"image\":{\"@id\":\"https:\\\/\\\/www.lesaubergisteslyonnais.fr\\\/es\\\/hoteles-centro-lyon\\\/#primaryimage\"},\"thumbnailUrl\":\"https:\\\/\\\/www.lesaubergisteslyonnais.fr\\\/wp-content\\\/uploads\\\/2025\\\/04\\\/LOGO-GLOBE-CECIL_complet_fond-beige.gif\",\"datePublished\":\"2025-04-16T15:40:07+00:00\",\"dateModified\":\"2026-04-20T11:52:02+00:00\",\"description\":\"Les Aubergistes Lyonnais - Al\u00f3jate en uno de nuestros hoteles de 4 estrellas, idealmente situado en el coraz\u00f3n de Lyon, que ofrece encanto, comodidad y elegancia.\",\"breadcrumb\":{\"@id\":\"https:\\\/\\\/www.lesaubergisteslyonnais.fr\\\/es\\\/hoteles-centro-lyon\\\/#breadcrumb\"},\"inLanguage\":\"es\",\"potentialAction\":[{\"@type\":\"ReadAction\",\"target\":[\"https:\\\/\\\/www.lesaubergisteslyonnais.fr\\\/es\\\/hoteles-centro-lyon\\\/\"]}]},{\"@type\":\"ImageObject\",\"inLanguage\":\"es\",\"@id\":\"https:\\\/\\\/www.lesaubergisteslyonnais.fr\\\/es\\\/hoteles-centro-lyon\\\/#primaryimage\",\"url\":\"https:\\\/\\\/www.lesaubergisteslyonnais.fr\\\/wp-content\\\/uploads\\\/2025\\\/04\\\/LOGO-GLOBE-CECIL_complet_fond-beige.gif\",\"contentUrl\":\"https:\\\/\\\/www.lesaubergisteslyonnais.fr\\\/wp-content\\\/uploads\\\/2025\\\/04\\\/LOGO-GLOBE-CECIL_complet_fond-beige.gif\"},{\"@type\":\"BreadcrumbList\",\"@id\":\"https:\\\/\\\/www.lesaubergisteslyonnais.fr\\\/es\\\/hoteles-centro-lyon\\\/#breadcrumb\",\"itemListElement\":[{\"@type\":\"ListItem\",\"position\":1,\"name\":\"Accueil\",\"item\":\"https:\\\/\\\/www.lesaubergisteslyonnais.fr\\\/es\\\/\"},{\"@type\":\"ListItem\",\"position\":2,\"name\":\"Nuestros hoteles\"}]},{\"@type\":\"WebSite\",\"@id\":\"https:\\\/\\\/www.lesaubergisteslyonnais.fr\\\/es\\\/#website\",\"url\":\"https:\\\/\\\/www.lesaubergisteslyonnais.fr\\\/es\\\/\",\"name\":\"Globe Cecil\",\"description\":\"\",\"publisher\":{\"@id\":\"https:\\\/\\\/www.lesaubergisteslyonnais.fr\\\/es\\\/#organization\"},\"potentialAction\":[{\"@type\":\"SearchAction\",\"target\":{\"@type\":\"EntryPoint\",\"urlTemplate\":\"https:\\\/\\\/www.lesaubergisteslyonnais.fr\\\/es\\\/?s={search_term_string}\"},\"query-input\":{\"@type\":\"PropertyValueSpecification\",\"valueRequired\":true,\"valueName\":\"search_term_string\"}}],\"inLanguage\":\"es\"},{\"@type\":\"Organization\",\"@id\":\"https:\\\/\\\/www.lesaubergisteslyonnais.fr\\\/es\\\/#organization\",\"name\":\"Globe Cecil\",\"url\":\"https:\\\/\\\/www.lesaubergisteslyonnais.fr\\\/es\\\/\",\"logo\":{\"@type\":\"ImageObject\",\"inLanguage\":\"es\",\"@id\":\"https:\\\/\\\/www.lesaubergisteslyonnais.fr\\\/es\\\/#\\\/schema\\\/logo\\\/image\\\/\",\"url\":\"https:\\\/\\\/www.lesaubergisteslyonnais.fr\\\/wp-content\\\/uploads\\\/2025\\\/05\\\/LOGO-Aubergistes-Lyonnais-White.svg\",\"contentUrl\":\"https:\\\/\\\/www.lesaubergisteslyonnais.fr\\\/wp-content\\\/uploads\\\/2025\\\/05\\\/LOGO-Aubergistes-Lyonnais-White.svg\",\"width\":558,\"height\":127,\"caption\":\"Globe Cecil\"},\"image\":{\"@id\":\"https:\\\/\\\/www.lesaubergisteslyonnais.fr\\\/es\\\/#\\\/schema\\\/logo\\\/image\\\/\"}}]}<\/script>\n<!-- \/ Yoast SEO plugin. -->","yoast_head_json":{"title":"Hoteles Lyon centro 4 estrellas - La mejor ubicaci\u00f3n","description":"Les Aubergistes Lyonnais - Al\u00f3jate en uno de nuestros hoteles de 4 estrellas, idealmente situado en el coraz\u00f3n de Lyon, que ofrece encanto, comodidad y elegancia.","robots":{"index":"index","follow":"follow","max-snippet":"max-snippet:-1","max-image-preview":"max-image-preview:large","max-video-preview":"max-video-preview:-1"},"canonical":"https:\/\/www.lesaubergisteslyonnais.fr\/es\/hoteles-centro-lyon\/","og_locale":"es_ES","og_type":"article","og_title":"Hoteles Lyon centro 4 estrellas - La mejor ubicaci\u00f3n","og_description":"Les Aubergistes Lyonnais - Al\u00f3jate en uno de nuestros hoteles de 4 estrellas, idealmente situado en el coraz\u00f3n de Lyon, que ofrece encanto, comodidad y elegancia.","og_url":"https:\/\/www.lesaubergisteslyonnais.fr\/es\/hoteles-centro-lyon\/","og_site_name":"Les Aubergistes Lyonnais","article_modified_time":"2026-04-20T11:52:02+00:00","og_image":[{"url":"https:\/\/www.lesaubergisteslyonnais.fr\/wp-content\/uploads\/2025\/04\/LOGO-GLOBE-CECIL_complet_fond-beige.gif","type":"","width":"","height":""}],"twitter_card":"summary_large_image","twitter_misc":{"Tiempo de lectura":"3 minuto"},"schema":{"@context":"https:\/\/schema.org","@graph":[{"@type":"WebPage","@id":"https:\/\/www.lesaubergisteslyonnais.fr\/es\/hoteles-centro-lyon\/","url":"https:\/\/www.lesaubergisteslyonnais.fr\/es\/hoteles-centro-lyon\/","name":"Hoteles Lyon centro 4 estrellas - La mejor ubicaci\u00f3n","isPartOf":{"@id":"https:\/\/www.lesaubergisteslyonnais.fr\/es\/#website"},"primaryImageOfPage":{"@id":"https:\/\/www.lesaubergisteslyonnais.fr\/es\/hoteles-centro-lyon\/#primaryimage"},"image":{"@id":"https:\/\/www.lesaubergisteslyonnais.fr\/es\/hoteles-centro-lyon\/#primaryimage"},"thumbnailUrl":"https:\/\/www.lesaubergisteslyonnais.fr\/wp-content\/uploads\/2025\/04\/LOGO-GLOBE-CECIL_complet_fond-beige.gif","datePublished":"2025-04-16T15:40:07+00:00","dateModified":"2026-04-20T11:52:02+00:00","description":"Les Aubergistes Lyonnais - Al\u00f3jate en uno de nuestros hoteles de 4 estrellas, idealmente situado en el coraz\u00f3n de Lyon, que ofrece encanto, comodidad y elegancia.","breadcrumb":{"@id":"https:\/\/www.lesaubergisteslyonnais.fr\/es\/hoteles-centro-lyon\/#breadcrumb"},"inLanguage":"es","potentialAction":[{"@type":"ReadAction","target":["https:\/\/www.lesaubergisteslyonnais.fr\/es\/hoteles-centro-lyon\/"]}]},{"@type":"ImageObject","inLanguage":"es","@id":"https:\/\/www.lesaubergisteslyonnais.fr\/es\/hoteles-centro-lyon\/#primaryimage","url":"https:\/\/www.lesaubergisteslyonnais.fr\/wp-content\/uploads\/2025\/04\/LOGO-GLOBE-CECIL_complet_fond-beige.gif","contentUrl":"https:\/\/www.lesaubergisteslyonnais.fr\/wp-content\/uploads\/2025\/04\/LOGO-GLOBE-CECIL_complet_fond-beige.gif"},{"@type":"BreadcrumbList","@id":"https:\/\/www.lesaubergisteslyonnais.fr\/es\/hoteles-centro-lyon\/#breadcrumb","itemListElement":[{"@type":"ListItem","position":1,"name":"Accueil","item":"https:\/\/www.lesaubergisteslyonnais.fr\/es\/"},{"@type":"ListItem","position":2,"name":"Nuestros hoteles"}]},{"@type":"WebSite","@id":"https:\/\/www.lesaubergisteslyonnais.fr\/es\/#website","url":"https:\/\/www.lesaubergisteslyonnais.fr\/es\/","name":"Globe Cecil","description":"","publisher":{"@id":"https:\/\/www.lesaubergisteslyonnais.fr\/es\/#organization"},"potentialAction":[{"@type":"SearchAction","target":{"@type":"EntryPoint","urlTemplate":"https:\/\/www.lesaubergisteslyonnais.fr\/es\/?s={search_term_string}"},"query-input":{"@type":"PropertyValueSpecification","valueRequired":true,"valueName":"search_term_string"}}],"inLanguage":"es"},{"@type":"Organization","@id":"https:\/\/www.lesaubergisteslyonnais.fr\/es\/#organization","name":"Globe Cecil","url":"https:\/\/www.lesaubergisteslyonnais.fr\/es\/","logo":{"@type":"ImageObject","inLanguage":"es","@id":"https:\/\/www.lesaubergisteslyonnais.fr\/es\/#\/schema\/logo\/image\/","url":"https:\/\/www.lesaubergisteslyonnais.fr\/wp-content\/uploads\/2025\/05\/LOGO-Aubergistes-Lyonnais-White.svg","contentUrl":"https:\/\/www.lesaubergisteslyonnais.fr\/wp-content\/uploads\/2025\/05\/LOGO-Aubergistes-Lyonnais-White.svg","width":558,"height":127,"caption":"Globe Cecil"},"image":{"@id":"https:\/\/www.lesaubergisteslyonnais.fr\/es\/#\/schema\/logo\/image\/"}}]}},"_links":{"self":[{"href":"https:\/\/www.lesaubergisteslyonnais.fr\/es\/wp-json\/wp\/v2\/pages\/6830","targetHints":{"allow":["GET"]}}],"collection":[{"href":"https:\/\/www.lesaubergisteslyonnais.fr\/es\/wp-json\/wp\/v2\/pages"}],"about":[{"href":"https:\/\/www.lesaubergisteslyonnais.fr\/es\/wp-json\/wp\/v2\/types\/page"}],"author":[{"embeddable":true,"href":"https:\/\/www.lesaubergisteslyonnais.fr\/es\/wp-json\/wp\/v2\/users\/7"}],"replies":[{"embeddable":true,"href":"https:\/\/www.lesaubergisteslyonnais.fr\/es\/wp-json\/wp\/v2\/comments?post=6830"}],"version-history":[{"count":18,"href":"https:\/\/www.lesaubergisteslyonnais.fr\/es\/wp-json\/wp\/v2\/pages\/6830\/revisions"}],"predecessor-version":[{"id":9900,"href":"https:\/\/www.lesaubergisteslyonnais.fr\/es\/wp-json\/wp\/v2\/pages\/6830\/revisions\/9900"}],"wp:attachment":[{"href":"https:\/\/www.lesaubergisteslyonnais.fr\/es\/wp-json\/wp\/v2\/media?parent=6830"}],"curies":[{"name":"wp","href":"https:\/\/api.w.org\/{rel}","templated":true}]}}