{"id":6827,"date":"2025-04-16T17:40:09","date_gmt":"2025-04-16T15:40:09","guid":{"rendered":"https:\/\/www.lesaubergisteslyonnais.fr\/organizacion-de-eventos\/"},"modified":"2026-04-20T11:12:48","modified_gmt":"2026-04-20T09:12:48","slug":"organizacion-alquiler-eventos-lyon","status":"publish","type":"page","link":"https:\/\/www.lesaubergisteslyonnais.fr\/es\/organizacion-alquiler-eventos-lyon\/","title":{"rendered":"Organizaci\u00f3n de eventos"},"content":{"rendered":"\n<section class=\"heading wp-elements-5dabba9bf8a31f2bffedfa498cdf1d9c wp-elements-5dabba9bf8a31f2bffedfa498cdf1d9c wp-block-acf-heading has-text-color has-black-color has-background has-white-100-background-color\">\n\t<div class=\"heading__container\">\n\t\t\t\t\t<div class=\"heading__background-picture\">\n\t\t\t\t<img decoding=\"async\" width=\"1620\" height=\"1080\" src=\"https:\/\/www.lesaubergisteslyonnais.fr\/wp-content\/uploads\/2025\/05\/ou-organiser-un-seminaire-a-lyon.jpg\" class=\"attachment-full size-full\" alt=\"ou organiser un seminaire a lyon\" fetchpriority=\"high\" srcset=\"https:\/\/www.lesaubergisteslyonnais.fr\/wp-content\/uploads\/2025\/05\/ou-organiser-un-seminaire-a-lyon.jpg 1620w, https:\/\/www.lesaubergisteslyonnais.fr\/wp-content\/uploads\/2025\/05\/ou-organiser-un-seminaire-a-lyon-600x400.jpg 600w, https:\/\/www.lesaubergisteslyonnais.fr\/wp-content\/uploads\/2025\/05\/ou-organiser-un-seminaire-a-lyon-1400x933.jpg 1400w, https:\/\/www.lesaubergisteslyonnais.fr\/wp-content\/uploads\/2025\/05\/ou-organiser-un-seminaire-a-lyon-768x512.jpg 768w, https:\/\/www.lesaubergisteslyonnais.fr\/wp-content\/uploads\/2025\/05\/ou-organiser-un-seminaire-a-lyon-1536x1024.jpg 1536w\" sizes=\"(max-width: 1620px) 100vw, 1620px\" \/>\t\t\t<\/div>\n\t\t\t\t<div class=\"heading__layout\">\n\t\t\t<div class=\"heading__content-wrapper has-white-100-background-color\">\n\t\t\t\t<div class=\"heading__content has-white-100-background-color\">\n\t\t\t\t\t\t\t\t\t<p id=\"breadcrumbs\"><span><span><a href=\"https:\/\/www.lesaubergisteslyonnais.fr\/es\/\">Accueil<\/a><\/span><\/span><\/p>\t\t\t\t\t\t\t\t\t<div class=\"acf-innerblocks-container\">\n\n<div class=\"wp-block-group heading-content-group is-layout-grid wp-container-core-group-is-layout-96b258e4 wp-block-group-is-layout-grid\">\n<h1 class=\"wp-block-heading has-text-align-left heading__title has-primary-color has-text-color has-xx-large-font-size\">Eventos<\/h1>\n<\/div>\n\n<\/div>\n\t\t\t\t<\/div>\n\t\t\t\t\t\t\t\t<div class=\"heading__illustration illustration-with-parallax desktop-only\">\n\t\t\t\t\t<img decoding=\"async\" width=\"350\" height=\"350\" src=\"https:\/\/www.lesaubergisteslyonnais.fr\/wp-content\/uploads\/2025\/04\/GRAMOPHONE.png\" class=\"attachment-full size-full\" alt=\"GRAMOPHONE\" fetchpriority=\"high\" srcset=\"https:\/\/www.lesaubergisteslyonnais.fr\/wp-content\/uploads\/2025\/04\/GRAMOPHONE.png 350w, https:\/\/www.lesaubergisteslyonnais.fr\/wp-content\/uploads\/2025\/04\/GRAMOPHONE-300x300.png 300w\" sizes=\"(max-width: 350px) 100vw, 350px\" \/>\t\t\t\t<\/div>\n\t\t\t\t\t\t\t<\/div>\n\t\t<\/div>\n\t<\/div>\n<\/section>\n\n\n\t<section\n\t\tstyle=\"padding-top:var(--wp--preset--spacing--theme-default);padding-bottom:var(--wp--preset--spacing--theme-default);\" class=\"block-container align wp-block-acf-block-container has-background has-white-background-color has-global-padding is-layout-constrained wp-block-acf-block-container-is-layout-constrained\"\t>\n\n\t\n\n<div class=\"wp-block-group is-layout-flow wp-block-group-is-layout-flow\">\n<p class=\"has-large-font-size\">En los Aubergistes Lyonnais tambi\u00e9n tenemos un sombrero especial para eventos, el Club des Aubergistes.<\/p>\n\n\n\n<p>Concretamente, te ofrecemos locales para eventos en Lyon, as\u00ed como la organizaci\u00f3n llave en mano. Tanto si sue\u00f1as con una encantadora velada privada en Lyon, como si quieres alquilar una sala para un acto de negocios o un restaurante privado, juntos encontraremos el espacio adecuado para tu ocasi\u00f3n. <\/p>\n<\/div>\n\n\n\n<\/section>\n\n\t<section\n\t\tstyle=\"padding-top:var(--wp--preset--spacing--theme-m);padding-bottom:var(--wp--preset--spacing--theme-m);\" class=\"block-container align wp-block-acf-block-container has-background has-white-100-background-color has-global-padding is-layout-constrained wp-container-acf-block-container-is-layout-1967fa5f wp-block-acf-block-container-is-layout-constrained\"\t>\n\n\t\n\n<div class=\"wp-block-group has-global-padding is-layout-constrained wp-block-group-is-layout-constrained\">\n<div class=\"wp-block-group is-vertical is-content-justification-center is-layout-flex wp-container-core-group-is-layout-fc3ef672 wp-block-group-is-layout-flex\" style=\"padding-top:0;padding-bottom:var(--wp--preset--spacing--theme-m)\">\n<figure class=\"wp-block-image size-full is-resized\"><img decoding=\"async\" width=\"250\" height=\"250\" src=\"https:\/\/www.lesaubergisteslyonnais.fr\/wp-content\/uploads\/2025\/04\/LOGO-CLUB_complet_fond-Beige.gif\" alt=\"LOGOTIPO DEL CLUB fondo completo Beige\" class=\"wp-image-2417\" style=\"width:180px\"\/><\/figure>\n<\/div>\n\n\n\n<h2 class=\"wp-block-heading has-text-align-center\">Espacios llenos de <mark style=\"background-color:rgba(0, 0, 0, 0)\" class=\"has-inline-color has-primary-color\">car\u00e1cter <\/mark>en el coraz\u00f3n de Lyon<\/h2>\n\n\n\n<p class=\"has-text-align-center has-large-font-size\">5 espacios para eventos que te dar\u00e1n la bienvenida.<\/p>\n<\/div>\n\n\n\n<\/section>\n\n\t<section\n\t\tstyle=\"padding-top:var(--wp--preset--spacing--theme-m);padding-bottom:var(--wp--preset--spacing--theme-default);\" class=\"double-columns wp-block-acf-double-columns has-background has-white-100-background-color has-global-padding is-layout-constrained wp-container-acf-double-columns-is-layout-7f0b3313 wp-block-acf-double-columns-is-layout-constrained\"\t>\n\n<div class=\"double-columns__innerblocks\">\n\n<div class=\"wp-block-group is-vertical is-content-justification-stretch is-layout-flex wp-container-core-group-is-layout-84739627 wp-block-group-is-layout-flex\">\n<figure class=\"wp-block-image size-full image-is-animate\"><img decoding=\"async\" width=\"720\" height=\"1080\" src=\"https:\/\/www.lesaubergisteslyonnais.fr\/wp-content\/uploads\/2025\/05\/ou-organiser-un-seminaire-a-lyon5.jpg\" alt=\"d&#xF3;nde organizar un seminario en lyon5\" class=\"wp-image-5864\" style=\"aspect-ratio:1;object-fit:cover\" srcset=\"https:\/\/www.lesaubergisteslyonnais.fr\/wp-content\/uploads\/2025\/05\/ou-organiser-un-seminaire-a-lyon5.jpg 720w, https:\/\/www.lesaubergisteslyonnais.fr\/wp-content\/uploads\/2025\/05\/ou-organiser-un-seminaire-a-lyon5-400x600.jpg 400w\" sizes=\"(max-width: 720px) 100vw, 720px\" \/><\/figure>\n\n\n\n<h3 class=\"wp-block-heading has-text-align-center\">En el Viejo Lyon<\/h3>\n\n\n\n<section id=\"\" class=\"align wp-block-acf-faq\">\n\t\n\t\t<div class=\"faq\">\n\t\t\t\t<div class=\"faq__item\">\n\t\t\t<div class=\"faq__question\" data-index=\"0\">\n\t\t\t\t<span class=\"faq__question-text \">Le Salon Damin<\/span>\n\t\t\t<\/div>\n\t\t\t<div class=\"faq__answer\">\n\t\t\t\t<ul>\n<li>75 m2<\/li>\n<li>Capacidad 60 personas<\/li>\n<\/ul>\n<p>Sum\u00e9rgete en el acogedor ambiente del Sal\u00f3n Damin, un lugar \u00edntimo enclavado en el coraz\u00f3n del Vieux Lyon, perfecto para reuniones confidenciales o refinadas veladas privadas.<\/p>\n\t\t\t<\/div>\n\t\t\t<svg class=\"faq__toggle-icon\" xmlns=\"http:\/\/www.w3.org\/2000\/svg\" width=\"16\" height=\"10\" viewBox=\"0 0 16 10\"\n\t\t\t\tfill=\"none\">\n\t\t\t\t<path d=\"M15 1L8 8L1 0.999999\" stroke=\"#3C3B3A\" stroke-width=\"2\" \/>\n\t\t\t<\/svg>\n\t\t<\/div>\n\t\t\t\t<div class=\"faq__item\">\n\t\t\t<div class=\"faq__question\" data-index=\"1\">\n\t\t\t\t<span class=\"faq__question-text \">El taller<\/span>\n\t\t\t<\/div>\n\t\t\t<div class=\"faq__answer\">\n\t\t\t\t<ul>\n<li>15 m2<\/li>\n<li>6 plazas<\/li>\n<\/ul>\n<p>Explora el ambiente chic e \u00edntimo de l&#8217;Atelier, donde las ideas se encuentran y se desarrollan en un entorno luminoso e inspirador.<\/p>\n\t\t\t<\/div>\n\t\t\t<svg class=\"faq__toggle-icon\" xmlns=\"http:\/\/www.w3.org\/2000\/svg\" width=\"16\" height=\"10\" viewBox=\"0 0 16 10\"\n\t\t\t\tfill=\"none\">\n\t\t\t\t<path d=\"M15 1L8 8L1 0.999999\" stroke=\"#3C3B3A\" stroke-width=\"2\" \/>\n\t\t\t<\/svg>\n\t\t<\/div>\n\t\t\t\t<div class=\"faq__item\">\n\t\t\t<div class=\"faq__question\" data-index=\"2\">\n\t\t\t\t<span class=\"faq__question-text \">Le Comptoir Ph\u00e9nix<\/span>\n\t\t\t<\/div>\n\t\t\t<div class=\"faq__answer\">\n\t\t\t\t<ul>\n<li>50 m2<\/li>\n<li>Capacidad 70 personas<\/li>\n<\/ul>\n<p>Es el lugar perfecto para un evento. No busques m\u00e1s \u00abalquiler de salas en Lyon\u00bb y corras el riesgo de encontrarte con ambientes fr\u00edos e impersonales. Nuestro restaurante y su cocina totalmente equipada est\u00e1n disponibles para alquiler privado.  <\/p>\n\t\t\t<\/div>\n\t\t\t<svg class=\"faq__toggle-icon\" xmlns=\"http:\/\/www.w3.org\/2000\/svg\" width=\"16\" height=\"10\" viewBox=\"0 0 16 10\"\n\t\t\t\tfill=\"none\">\n\t\t\t\t<path d=\"M15 1L8 8L1 0.999999\" stroke=\"#3C3B3A\" stroke-width=\"2\" \/>\n\t\t\t<\/svg>\n\t\t<\/div>\n\t\t\t<\/div>\n\t\t<\/section>\n<\/div>\n\n\n\n<div class=\"wp-block-group is-vertical is-content-justification-stretch is-layout-flex wp-container-core-group-is-layout-d262d350 wp-block-group-is-layout-flex\">\n<figure class=\"wp-block-image size-full image-is-animate\"><img decoding=\"async\" width=\"720\" height=\"1080\" src=\"https:\/\/www.lesaubergisteslyonnais.fr\/wp-content\/uploads\/2025\/05\/ou-organiser-un-seminaire-a-lyon2.jpg\" alt=\"d&#xF3;nde organizar un seminario en lyon2\" class=\"wp-image-5870\" style=\"aspect-ratio:1;object-fit:cover\" srcset=\"https:\/\/www.lesaubergisteslyonnais.fr\/wp-content\/uploads\/2025\/05\/ou-organiser-un-seminaire-a-lyon2.jpg 720w, https:\/\/www.lesaubergisteslyonnais.fr\/wp-content\/uploads\/2025\/05\/ou-organiser-un-seminaire-a-lyon2-400x600.jpg 400w\" sizes=\"(max-width: 720px) 100vw, 720px\" \/><\/figure>\n\n\n\n<h3 class=\"wp-block-heading has-text-align-center\">En Bellecour<\/h3>\n\n\n\n<section id=\"\" class=\"align wp-block-acf-faq\">\n\t\n\t\t<div class=\"faq\">\n\t\t\t\t<div class=\"faq__item\">\n\t\t\t<div class=\"faq__question\" data-index=\"0\">\n\t\t\t\t<span class=\"faq__question-text \">El Club Cecil<\/span>\n\t\t\t<\/div>\n\t\t\t<div class=\"faq__answer\">\n\t\t\t\t<ul>\n<li>100 m2<\/li>\n<li>Capacidad 70 personas<\/li>\n<\/ul>\n<p>En Bellecour, el Club Cecil ofrece un elegante interludio, ideal para eventos de negocios o celebraciones privadas.<\/p>\n\t\t\t<\/div>\n\t\t\t<svg class=\"faq__toggle-icon\" xmlns=\"http:\/\/www.w3.org\/2000\/svg\" width=\"16\" height=\"10\" viewBox=\"0 0 16 10\"\n\t\t\t\tfill=\"none\">\n\t\t\t\t<path d=\"M15 1L8 8L1 0.999999\" stroke=\"#3C3B3A\" stroke-width=\"2\" \/>\n\t\t\t<\/svg>\n\t\t<\/div>\n\t\t\t\t<div class=\"faq__item\">\n\t\t\t<div class=\"faq__question\" data-index=\"1\">\n\t\t\t\t<span class=\"faq__question-text \">El vest\u00edbulo<\/span>\n\t\t\t<\/div>\n\t\t\t<div class=\"faq__answer\">\n\t\t\t\t<ul>\n<li>60 m2<\/li>\n<li>Capacidad 80 personas<\/li>\n<\/ul>\n<p>El Globe y el vest\u00edbulo Cecil, acogedores y majestuosos, pueden transformarse en el teatro de tus mejores ideas.<\/p>\n\t\t\t<\/div>\n\t\t\t<svg class=\"faq__toggle-icon\" xmlns=\"http:\/\/www.w3.org\/2000\/svg\" width=\"16\" height=\"10\" viewBox=\"0 0 16 10\"\n\t\t\t\tfill=\"none\">\n\t\t\t\t<path d=\"M15 1L8 8L1 0.999999\" stroke=\"#3C3B3A\" stroke-width=\"2\" \/>\n\t\t\t<\/svg>\n\t\t<\/div>\n\t\t\t<\/div>\n\t\t<\/section>\n<\/div>\n\n<\/div>\n\n<\/section>\n\n\t<section\n\t\tstyle=\"padding-top:var(--wp--preset--spacing--theme-default);padding-bottom:var(--wp--preset--spacing--theme-default);\" class=\"double-columns wp-block-acf-double-columns has-background has-white-background-color has-global-padding is-layout-constrained wp-container-acf-double-columns-is-layout-a22d0bdd wp-block-acf-double-columns-is-layout-constrained\"\t>\n\n<div class=\"double-columns__innerblocks\">\n\n<div class=\"wp-block-group is-layout-flow wp-block-group-is-layout-flow\">\n<figure class=\"wp-block-image size-full\"><img decoding=\"async\" width=\"1618\" height=\"1080\" src=\"https:\/\/www.lesaubergisteslyonnais.fr\/wp-content\/uploads\/2026\/04\/location_chalet_Contamines_Montjoie34.jpg\" alt=\"alquiler chalet Contamines Montjoie34\" class=\"wp-image-9718\" style=\"aspect-ratio:4\/3;object-fit:cover\" title=\"\" srcset=\"https:\/\/www.lesaubergisteslyonnais.fr\/wp-content\/uploads\/2026\/04\/location_chalet_Contamines_Montjoie34.jpg 1618w, https:\/\/www.lesaubergisteslyonnais.fr\/wp-content\/uploads\/2026\/04\/location_chalet_Contamines_Montjoie34-600x400.jpg 600w, https:\/\/www.lesaubergisteslyonnais.fr\/wp-content\/uploads\/2026\/04\/location_chalet_Contamines_Montjoie34-1400x934.jpg 1400w, https:\/\/www.lesaubergisteslyonnais.fr\/wp-content\/uploads\/2026\/04\/location_chalet_Contamines_Montjoie34-768x513.jpg 768w, https:\/\/www.lesaubergisteslyonnais.fr\/wp-content\/uploads\/2026\/04\/location_chalet_Contamines_Montjoie34-1536x1025.jpg 1536w\" sizes=\"(max-width: 1618px) 100vw, 1618px\" \/><\/figure>\n<\/div>\n\n\n\n<div class=\"wp-block-group is-vertical is-content-justification-stretch is-layout-flex wp-container-core-group-is-layout-84739627 wp-block-group-is-layout-flex\">\n<h2 class=\"wp-block-heading has-text-align-left\"><mark style=\"background-color:rgba(0, 0, 0, 0)\" class=\"has-inline-color has-primary-color\"><em>Seminario verde<\/em><\/mark><\/h2>\n\n\n\n<h4 class=\"wp-block-heading has-text-align-left\">Privatiza nuestro chalet de monta\u00f1a para tu equipo<\/h4>\n\n\n\n<p>Los Aubergistes Lyonnais se han instalado en Contamines-Montjoie, en Alta Saboya. Esto s\u00ed que es una idea original para fomentar el esp\u00edritu de equipo, \u00bfno?   <\/p>\n\n\n\n<div class=\"wp-block-buttons is-content-justification-left is-layout-flex wp-container-core-buttons-is-layout-fc4fd283 wp-block-buttons-is-layout-flex\">\n<div class=\"wp-block-button is-style-label-button is-style-label-button--1\"><a class=\"wp-block-button__link wp-element-button\" href=\"https:\/\/www.gaisoleil.com\/\" style=\"border-style:none;border-width:0px\" target=\"_blank\" rel=\"noreferrer noopener\">Descubre<\/a><\/div>\n<\/div>\n<\/div>\n\n<\/div>\n\n<\/section>\n\n\t<section\n\t\tstyle=\"padding-top:var(--wp--preset--spacing--theme-default);padding-bottom:var(--wp--preset--spacing--theme-m);\" class=\"block-container align wp-block-acf-block-container has-background has-white-100-background-color has-global-padding is-layout-constrained wp-container-acf-block-container-is-layout-748c65a1 wp-block-acf-block-container-is-layout-constrained\"\t>\n\n\t\n\n<div class=\"wp-block-group has-global-padding is-layout-constrained wp-block-group-is-layout-constrained\">\n<p class=\"has-large-font-size\">Nuestros espacios no son s\u00f3lo un tel\u00f3n de fondo: son el punto de partida de tu aventura.<\/p>\n\n\n\n<p>  Al convertir cada una de nuestras sedes en un aut\u00e9ntico centro local, hemos desarrollado la convicci\u00f3n de que los servicios que ofrecemos cuando te alojas con nosotros tambi\u00e9n se aplican al mundo empresarial. Cultivamos el arte de entretener y compartir, y creemos m\u00e1s que nada que los bellos encuentros y las relaciones que se forjan existen mucho m\u00e1s all\u00e1 de la divisi\u00f3n entre la vida privada y la profesional.<\/p>\n\n\n\n<p>Nuestros equipos organizan cada detalle con un servicio de conserjer\u00eda. \u00bfNecesitas un men\u00fa a medida, una puesta en escena espectacular o un fondo musical hechizante? Reunimos un servicio de 360\u00b0 para convertir tu evento en una experiencia inolvidable.<\/p>\n<\/div>\n\n\n\n<\/section>\n\n<section\n\tstyle=\"padding-top:0;padding-bottom:0;\" class=\"masonry-grid masonry-grid--texto-arriba-derecha alignfull wp-block-acf-masonry-grid has-background has-white-100-background-color has-global-padding is-layout-constrained wp-block-acf-masonry-grid-is-layout-constrained\">\n\t\n\n<div class=\"wp-block-media-text alignwide has-media-on-the-right is-stacked-on-mobile is-image-fill-element masonry-grid__wrapper\" style=\"padding-top:0;padding-bottom:var(--wp--preset--spacing--theme-default)\"><div class=\"wp-block-media-text__content\">\n<figure class=\"wp-block-image size-full is-resized\"><img decoding=\"async\" width=\"720\" height=\"1080\" src=\"https:\/\/www.lesaubergisteslyonnais.fr\/wp-content\/uploads\/2025\/05\/evenement-lyon_lieu-privatisable.jpg\" alt=\"evento lyon lugar privado\" class=\"wp-image-5755\" style=\"aspect-ratio:16\/9;object-fit:cover;width:100px\" srcset=\"https:\/\/www.lesaubergisteslyonnais.fr\/wp-content\/uploads\/2025\/05\/evenement-lyon_lieu-privatisable.jpg 720w, https:\/\/www.lesaubergisteslyonnais.fr\/wp-content\/uploads\/2025\/05\/evenement-lyon_lieu-privatisable-400x600.jpg 400w\" sizes=\"(max-width: 720px) 100vw, 720px\" \/><figcaption class=\"wp-element-caption\">evento lyon lugar privado<\/figcaption><\/figure>\n\n\n\n<div class=\"wp-block-group masonry-grid__text-container has-black-background-color has-background is-vertical is-content-justification-center is-layout-flex wp-container-core-group-is-layout-3e9f99e2 wp-block-group-is-layout-flex\" style=\"padding-top:var(--wp--preset--spacing--theme-xs);padding-right:var(--wp--preset--spacing--theme-xs);padding-bottom:var(--wp--preset--spacing--theme-xs);padding-left:var(--wp--preset--spacing--theme-xs)\">\n<h4 class=\"wp-block-heading has-text-align-center has-white-color has-text-color has-link-color has-theme-small-font-size wp-elements-f7fa8db5429e0c2ecfb023a348bdf305\">Lugares para reunirse y compartir.<\/h4>\n<\/div>\n\n\n\n<figure class=\"wp-block-image size-medium is-resized\"><img decoding=\"async\" width=\"450\" height=\"600\" src=\"https:\/\/www.lesaubergisteslyonnais.fr\/wp-content\/uploads\/2025\/10\/salle-a-louer-lyon-450x600.jpg\" alt=\"alquiler de habitaciones en lyon\" class=\"wp-image-9052\" style=\"width:100%;height:100%\" srcset=\"https:\/\/www.lesaubergisteslyonnais.fr\/wp-content\/uploads\/2025\/10\/salle-a-louer-lyon-450x600.jpg 450w, https:\/\/www.lesaubergisteslyonnais.fr\/wp-content\/uploads\/2025\/10\/salle-a-louer-lyon-768x1024.jpg 768w, https:\/\/www.lesaubergisteslyonnais.fr\/wp-content\/uploads\/2025\/10\/salle-a-louer-lyon.jpg 810w\" sizes=\"(max-width: 450px) 100vw, 450px\" \/><\/figure>\n\n\n\n<figure class=\"wp-block-image size-medium is-resized\"><img decoding=\"async\" width=\"200\" height=\"300\" src=\"https:\/\/www.lesaubergisteslyonnais.fr\/wp-content\/uploads\/2025\/04\/lieu-de-seminaire-lyon-centre-200x300.jpg\" alt=\"\" class=\"wp-image-2208\" style=\"width:100%;height:100%\" srcset=\"https:\/\/www.lesaubergisteslyonnais.fr\/wp-content\/uploads\/2025\/04\/lieu-de-seminaire-lyon-centre-200x300.jpg 200w, https:\/\/www.lesaubergisteslyonnais.fr\/wp-content\/uploads\/2025\/04\/lieu-de-seminaire-lyon-centre-683x1024.jpg 683w, https:\/\/www.lesaubergisteslyonnais.fr\/wp-content\/uploads\/2025\/04\/lieu-de-seminaire-lyon-centre.jpg 720w\" sizes=\"(max-width: 200px) 100vw, 200px\" \/><\/figure>\n<\/div><figure class=\"wp-block-media-text__media\"><img decoding=\"async\" width=\"683\" height=\"1024\" src=\"https:\/\/www.lesaubergisteslyonnais.fr\/wp-content\/uploads\/2025\/04\/IMG_5102-683x1024.jpg\" alt=\"\" class=\"wp-image-2627 size-full\" style=\"object-position:50% 50%\" srcset=\"https:\/\/www.lesaubergisteslyonnais.fr\/wp-content\/uploads\/2025\/04\/IMG_5102-683x1024.jpg 683w, https:\/\/www.lesaubergisteslyonnais.fr\/wp-content\/uploads\/2025\/04\/IMG_5102-200x300.jpg 200w, https:\/\/www.lesaubergisteslyonnais.fr\/wp-content\/uploads\/2025\/04\/IMG_5102-768x1152.jpg 768w, https:\/\/www.lesaubergisteslyonnais.fr\/wp-content\/uploads\/2025\/04\/IMG_5102-1024x1536.jpg 1024w, https:\/\/www.lesaubergisteslyonnais.fr\/wp-content\/uploads\/2025\/04\/IMG_5102.jpg 1365w\" sizes=\"(max-width: 683px) 100vw, 683px\" \/><\/figure><\/div>\n\n\n<\/section>\n\n\t<section\n\t\tstyle=\"padding-top:var(--wp--preset--spacing--theme-default);padding-bottom:var(--wp--preset--spacing--theme-default);\" class=\"block-container align wp-block-acf-block-container has-background has-white-background-color has-global-padding is-layout-constrained wp-block-acf-block-container-is-layout-constrained\"\t>\n\n\t\n\n<div\n\tstyle=\"padding-bottom:var(--wp--preset--spacing--theme-s);\" class=\"text-on-images text-on-images align wp-block-acf-text-on-images\">\n\t\t<figure class=\"text-on-images__images text-on-images__images--white-overlay\">\n\t\t<img decoding=\"async\" width=\"200\" height=\"300\" src=\"https:\/\/www.lesaubergisteslyonnais.fr\/wp-content\/uploads\/2025\/03\/seminaire_lyon_centre-200x300.jpg\" class=\"attachment-medium size-medium\" alt=\"seminaire lyon centre scaled\" srcset=\"https:\/\/www.lesaubergisteslyonnais.fr\/wp-content\/uploads\/2025\/03\/seminaire_lyon_centre-200x300.jpg 200w, https:\/\/www.lesaubergisteslyonnais.fr\/wp-content\/uploads\/2025\/03\/seminaire_lyon_centre-682x1024.jpg 682w, https:\/\/www.lesaubergisteslyonnais.fr\/wp-content\/uploads\/2025\/03\/seminaire_lyon_centre-768x1152.jpg 768w, https:\/\/www.lesaubergisteslyonnais.fr\/wp-content\/uploads\/2025\/03\/seminaire_lyon_centre-1024x1536.jpg 1024w, https:\/\/www.lesaubergisteslyonnais.fr\/wp-content\/uploads\/2025\/03\/seminaire_lyon_centre-1365x2048.jpg 1365w, https:\/\/www.lesaubergisteslyonnais.fr\/wp-content\/uploads\/2025\/03\/seminaire_lyon_centre-scaled.jpg 1706w\" sizes=\"(max-width: 200px) 100vw, 200px\" \/><img decoding=\"async\" width=\"200\" height=\"300\" src=\"https:\/\/www.lesaubergisteslyonnais.fr\/wp-content\/uploads\/2025\/03\/seminaire_lyon_centre1-200x300.jpg\" class=\"attachment-medium size-medium\" alt=\"seminaire lyon centre1\" srcset=\"https:\/\/www.lesaubergisteslyonnais.fr\/wp-content\/uploads\/2025\/03\/seminaire_lyon_centre1-200x300.jpg 200w, https:\/\/www.lesaubergisteslyonnais.fr\/wp-content\/uploads\/2025\/03\/seminaire_lyon_centre1-683x1024.jpg 683w, https:\/\/www.lesaubergisteslyonnais.fr\/wp-content\/uploads\/2025\/03\/seminaire_lyon_centre1.jpg 720w\" sizes=\"(max-width: 200px) 100vw, 200px\" \/><img decoding=\"async\" width=\"200\" height=\"300\" src=\"https:\/\/www.lesaubergisteslyonnais.fr\/wp-content\/uploads\/2025\/03\/seminaire_lyon_centre3-200x300.jpeg\" class=\"attachment-medium size-medium\" alt=\"seminaire lyon centre3\" srcset=\"https:\/\/www.lesaubergisteslyonnais.fr\/wp-content\/uploads\/2025\/03\/seminaire_lyon_centre3-200x300.jpeg 200w, https:\/\/www.lesaubergisteslyonnais.fr\/wp-content\/uploads\/2025\/03\/seminaire_lyon_centre3-683x1024.jpeg 683w, https:\/\/www.lesaubergisteslyonnais.fr\/wp-content\/uploads\/2025\/03\/seminaire_lyon_centre3.jpeg 720w\" sizes=\"(max-width: 200px) 100vw, 200px\" \/><img decoding=\"async\" width=\"200\" height=\"300\" src=\"https:\/\/www.lesaubergisteslyonnais.fr\/wp-content\/uploads\/2025\/03\/seminaire_lyon_centre2-200x300.jpg\" class=\"attachment-medium size-medium\" alt=\"seminaire lyon centre2 scaled\" srcset=\"https:\/\/www.lesaubergisteslyonnais.fr\/wp-content\/uploads\/2025\/03\/seminaire_lyon_centre2-200x300.jpg 200w, https:\/\/www.lesaubergisteslyonnais.fr\/wp-content\/uploads\/2025\/03\/seminaire_lyon_centre2-682x1024.jpg 682w, https:\/\/www.lesaubergisteslyonnais.fr\/wp-content\/uploads\/2025\/03\/seminaire_lyon_centre2-768x1152.jpg 768w, https:\/\/www.lesaubergisteslyonnais.fr\/wp-content\/uploads\/2025\/03\/seminaire_lyon_centre2-1024x1536.jpg 1024w, https:\/\/www.lesaubergisteslyonnais.fr\/wp-content\/uploads\/2025\/03\/seminaire_lyon_centre2-1365x2048.jpg 1365w, https:\/\/www.lesaubergisteslyonnais.fr\/wp-content\/uploads\/2025\/03\/seminaire_lyon_centre2-scaled.jpg 1706w\" sizes=\"(max-width: 200px) 100vw, 200px\" \/>\t<\/figure>\n\t\t\n\n<h4 class=\"wp-block-heading has-text-align-center text-on-images__title has-primary-color has-text-color has-link-color wp-elements-3069c8faeeaf37777e444e983c5d278e\">Candice a su servicio<\/h4>\n\n\n<\/div>\n\n\n\n<p class=\"has-text-align-left has-large-font-size\">Jefe de Ventas y Eventos<\/p>\n\n\n\n<p class=\"has-text-align-left\">Sea cual sea tu petici\u00f3n, la experiencia y el contacto con el cliente de Candice pondr\u00e1n a todos de acuerdo. Expl\u00edcale tu proyecto y ella lo convertir\u00e1 en un exitoso evento llave en mano.<\/p>\n\n\n\n<section id=\"\"\n\tclass=\"contact-button align wp-block-acf-contact-button\">\n\t<div class=\"contact-button__wrapper\">\n\t\t<a class=\"contact-button__link\" href=\"tel:+33469982883\" target=\"_blank\"><\/a>\n\t\t<h4 class=\"contact-button__title\">Yo contacto<\/h4>\n\t\t<span class=\"contact-button__phone\">\n\t\t\t+33 4 69 98 28 83\t\t<\/span>\n\t\t<svg xmlns=\"http:\/\/www.w3.org\/2000\/svg\" width=\"24\" height=\"24\" viewBox=\"0 0 24 24\" fill=\"none\">\n\t\t\t<path\n\t\t\t\td=\"M2.91401 2.35785C0.000100602 5.40464 1.73444 12.1696 6.78666 17.462C11.8389 22.7544 18.2915 24.5712 21.2054 21.5188C22.0887 20.5934 22.4873 18.4945 22.4873 18.4945C22.5519 18.1504 22.3634 17.7611 22.0618 17.6369L16.7726 15.4252C16.471 15.3011 16.0239 15.4026 15.7815 15.6622L14.2519 17.2645C13.961 17.5692 13.5355 17.6482 13.207 17.4902C13.18 17.479 13.1531 17.462 13.1262 17.4507C13.1154 17.4451 13.1046 17.4395 13.0939 17.4282C11.9304 16.7624 10.697 15.7976 9.53899 14.5845C8.38096 13.3714 7.45454 12.0794 6.82436 10.8606C6.81898 10.8494 6.81359 10.8381 6.80821 10.8268C6.79205 10.7986 6.78127 10.7704 6.76512 10.7422C6.6143 10.3923 6.68432 9.95225 6.98056 9.64193L8.51562 8.0339C8.75799 7.78 8.86033 7.3117 8.74184 6.99574L6.63046 1.46074C6.51197 1.14477 6.14032 0.941653 5.81177 1.015C5.81177 1.015 3.80811 1.43252 2.92478 2.35785H2.91401Z\"\n\t\t\t\tstroke=\"#3C3B3A\" stroke-width=\"2\" stroke-miterlimit=\"10\" \/>\n\t\t<\/svg>\n\t<\/button>\n\t<\/section>\n\n\n\n<div class=\"wp-block-buttons is-content-justification-center is-layout-flex wp-container-core-buttons-is-layout-4fbf0a87 wp-block-buttons-is-layout-flex\" style=\"padding-top:var(--wp--preset--spacing--theme-s);padding-bottom:var(--wp--preset--spacing--theme-s)\">\n<div class=\"wp-block-button is-style-label-button is-style-label-button--2\"><a class=\"wp-block-button__link wp-element-button\" href=\"https:\/\/www.leclubdesaubergistes.fr\/contact\/\">Presupuesto gratuito<\/a><\/div>\n<\/div>\n\n\n\n<\/section>\n","protected":false},"excerpt":{"rendered":"","protected":false},"author":2,"featured_media":4369,"parent":0,"menu_order":0,"comment_status":"closed","ping_status":"closed","template":"","meta":{"_acf_changed":false,"inline_featured_image":false,"footnotes":""},"class_list":["post-6827","page","type-page","status-publish","has-post-thumbnail","hentry"],"acf":[],"yoast_head":"<!-- This site is optimized with the Yoast SEO plugin v27.4 - https:\/\/yoast.com\/product\/yoast-seo-wordpress\/ -->\n<title>Organizaci\u00f3n de eventos + alquiler de locales en Lyon - Eventos a medida<\/title>\n<meta name=\"description\" content=\"Les Aubergistes Lyonnais - Organiza tus eventos a medida en Lyon en lugares \u00fanicos que se adapten a todas tus necesidades.\" \/>\n<meta name=\"robots\" content=\"index, follow, max-snippet:-1, max-image-preview:large, max-video-preview:-1\" \/>\n<link rel=\"canonical\" href=\"https:\/\/www.lesaubergisteslyonnais.fr\/es\/organizacion-alquiler-eventos-lyon\/\" \/>\n<meta property=\"og:locale\" content=\"es_ES\" \/>\n<meta property=\"og:type\" content=\"article\" \/>\n<meta property=\"og:title\" content=\"Organizaci\u00f3n de eventos + alquiler de locales en Lyon - Eventos a medida\" \/>\n<meta property=\"og:description\" content=\"Les Aubergistes Lyonnais - Organiza tus eventos a medida en Lyon en lugares \u00fanicos que se adapten a todas tus necesidades.\" \/>\n<meta property=\"og:url\" content=\"https:\/\/www.lesaubergisteslyonnais.fr\/es\/organizacion-alquiler-eventos-lyon\/\" \/>\n<meta property=\"og:site_name\" content=\"Les Aubergistes Lyonnais\" \/>\n<meta property=\"article:modified_time\" content=\"2026-04-20T09:12:48+00:00\" \/>\n<meta property=\"og:image\" content=\"https:\/\/www.lesaubergisteslyonnais.fr\/wp-content\/uploads\/2025\/03\/hotel_lyon_centre_bellecour18-e1744292733914.jpg\" \/>\n\t<meta property=\"og:image:width\" content=\"1620\" \/>\n\t<meta property=\"og:image:height\" content=\"920\" \/>\n\t<meta property=\"og:image:type\" content=\"image\/jpeg\" \/>\n<meta name=\"twitter:card\" content=\"summary_large_image\" \/>\n<meta name=\"twitter:label1\" content=\"Tiempo de lectura\" \/>\n\t<meta name=\"twitter:data1\" content=\"3 minuto\" \/>\n<script type=\"application\/ld+json\" class=\"yoast-schema-graph\">{\"@context\":\"https:\\\/\\\/schema.org\",\"@graph\":[{\"@type\":\"WebPage\",\"@id\":\"https:\\\/\\\/www.lesaubergisteslyonnais.fr\\\/es\\\/organizacion-alquiler-eventos-lyon\\\/\",\"url\":\"https:\\\/\\\/www.lesaubergisteslyonnais.fr\\\/es\\\/organizacion-alquiler-eventos-lyon\\\/\",\"name\":\"Organizaci\u00f3n de eventos + alquiler de locales en Lyon - Eventos a medida\",\"isPartOf\":{\"@id\":\"https:\\\/\\\/www.lesaubergisteslyonnais.fr\\\/es\\\/#website\"},\"primaryImageOfPage\":{\"@id\":\"https:\\\/\\\/www.lesaubergisteslyonnais.fr\\\/es\\\/organizacion-alquiler-eventos-lyon\\\/#primaryimage\"},\"image\":{\"@id\":\"https:\\\/\\\/www.lesaubergisteslyonnais.fr\\\/es\\\/organizacion-alquiler-eventos-lyon\\\/#primaryimage\"},\"thumbnailUrl\":\"https:\\\/\\\/www.lesaubergisteslyonnais.fr\\\/wp-content\\\/uploads\\\/2025\\\/03\\\/hotel_lyon_centre_bellecour18-e1744292733914.jpg\",\"datePublished\":\"2025-04-16T15:40:09+00:00\",\"dateModified\":\"2026-04-20T09:12:48+00:00\",\"description\":\"Les Aubergistes Lyonnais - Organiza tus eventos a medida en Lyon en lugares \u00fanicos que se adapten a todas tus necesidades.\",\"breadcrumb\":{\"@id\":\"https:\\\/\\\/www.lesaubergisteslyonnais.fr\\\/es\\\/organizacion-alquiler-eventos-lyon\\\/#breadcrumb\"},\"inLanguage\":\"es\",\"potentialAction\":[{\"@type\":\"ReadAction\",\"target\":[\"https:\\\/\\\/www.lesaubergisteslyonnais.fr\\\/es\\\/organizacion-alquiler-eventos-lyon\\\/\"]}]},{\"@type\":\"ImageObject\",\"inLanguage\":\"es\",\"@id\":\"https:\\\/\\\/www.lesaubergisteslyonnais.fr\\\/es\\\/organizacion-alquiler-eventos-lyon\\\/#primaryimage\",\"url\":\"https:\\\/\\\/www.lesaubergisteslyonnais.fr\\\/wp-content\\\/uploads\\\/2025\\\/03\\\/hotel_lyon_centre_bellecour18-e1744292733914.jpg\",\"contentUrl\":\"https:\\\/\\\/www.lesaubergisteslyonnais.fr\\\/wp-content\\\/uploads\\\/2025\\\/03\\\/hotel_lyon_centre_bellecour18-e1744292733914.jpg\",\"width\":1620,\"height\":920,\"caption\":\"hotel lyon centre bellecour18 e1744292733914\"},{\"@type\":\"BreadcrumbList\",\"@id\":\"https:\\\/\\\/www.lesaubergisteslyonnais.fr\\\/es\\\/organizacion-alquiler-eventos-lyon\\\/#breadcrumb\",\"itemListElement\":[{\"@type\":\"ListItem\",\"position\":1,\"name\":\"Accueil\",\"item\":\"https:\\\/\\\/www.lesaubergisteslyonnais.fr\\\/es\\\/\"},{\"@type\":\"ListItem\",\"position\":2,\"name\":\"Organizaci\u00f3n de eventos\"}]},{\"@type\":\"WebSite\",\"@id\":\"https:\\\/\\\/www.lesaubergisteslyonnais.fr\\\/es\\\/#website\",\"url\":\"https:\\\/\\\/www.lesaubergisteslyonnais.fr\\\/es\\\/\",\"name\":\"Globe Cecil\",\"description\":\"\",\"publisher\":{\"@id\":\"https:\\\/\\\/www.lesaubergisteslyonnais.fr\\\/es\\\/#organization\"},\"potentialAction\":[{\"@type\":\"SearchAction\",\"target\":{\"@type\":\"EntryPoint\",\"urlTemplate\":\"https:\\\/\\\/www.lesaubergisteslyonnais.fr\\\/es\\\/?s={search_term_string}\"},\"query-input\":{\"@type\":\"PropertyValueSpecification\",\"valueRequired\":true,\"valueName\":\"search_term_string\"}}],\"inLanguage\":\"es\"},{\"@type\":\"Organization\",\"@id\":\"https:\\\/\\\/www.lesaubergisteslyonnais.fr\\\/es\\\/#organization\",\"name\":\"Globe Cecil\",\"url\":\"https:\\\/\\\/www.lesaubergisteslyonnais.fr\\\/es\\\/\",\"logo\":{\"@type\":\"ImageObject\",\"inLanguage\":\"es\",\"@id\":\"https:\\\/\\\/www.lesaubergisteslyonnais.fr\\\/es\\\/#\\\/schema\\\/logo\\\/image\\\/\",\"url\":\"https:\\\/\\\/www.lesaubergisteslyonnais.fr\\\/wp-content\\\/uploads\\\/2025\\\/05\\\/LOGO-Aubergistes-Lyonnais-White.svg\",\"contentUrl\":\"https:\\\/\\\/www.lesaubergisteslyonnais.fr\\\/wp-content\\\/uploads\\\/2025\\\/05\\\/LOGO-Aubergistes-Lyonnais-White.svg\",\"width\":558,\"height\":127,\"caption\":\"Globe Cecil\"},\"image\":{\"@id\":\"https:\\\/\\\/www.lesaubergisteslyonnais.fr\\\/es\\\/#\\\/schema\\\/logo\\\/image\\\/\"}}]}<\/script>\n<!-- \/ Yoast SEO plugin. -->","yoast_head_json":{"title":"Organizaci\u00f3n de eventos + alquiler de locales en Lyon - Eventos a medida","description":"Les Aubergistes Lyonnais - Organiza tus eventos a medida en Lyon en lugares \u00fanicos que se adapten a todas tus necesidades.","robots":{"index":"index","follow":"follow","max-snippet":"max-snippet:-1","max-image-preview":"max-image-preview:large","max-video-preview":"max-video-preview:-1"},"canonical":"https:\/\/www.lesaubergisteslyonnais.fr\/es\/organizacion-alquiler-eventos-lyon\/","og_locale":"es_ES","og_type":"article","og_title":"Organizaci\u00f3n de eventos + alquiler de locales en Lyon - Eventos a medida","og_description":"Les Aubergistes Lyonnais - Organiza tus eventos a medida en Lyon en lugares \u00fanicos que se adapten a todas tus necesidades.","og_url":"https:\/\/www.lesaubergisteslyonnais.fr\/es\/organizacion-alquiler-eventos-lyon\/","og_site_name":"Les Aubergistes Lyonnais","article_modified_time":"2026-04-20T09:12:48+00:00","og_image":[{"width":1620,"height":920,"url":"https:\/\/www.lesaubergisteslyonnais.fr\/wp-content\/uploads\/2025\/03\/hotel_lyon_centre_bellecour18-e1744292733914.jpg","type":"image\/jpeg"}],"twitter_card":"summary_large_image","twitter_misc":{"Tiempo de lectura":"3 minuto"},"schema":{"@context":"https:\/\/schema.org","@graph":[{"@type":"WebPage","@id":"https:\/\/www.lesaubergisteslyonnais.fr\/es\/organizacion-alquiler-eventos-lyon\/","url":"https:\/\/www.lesaubergisteslyonnais.fr\/es\/organizacion-alquiler-eventos-lyon\/","name":"Organizaci\u00f3n de eventos + alquiler de locales en Lyon - Eventos a medida","isPartOf":{"@id":"https:\/\/www.lesaubergisteslyonnais.fr\/es\/#website"},"primaryImageOfPage":{"@id":"https:\/\/www.lesaubergisteslyonnais.fr\/es\/organizacion-alquiler-eventos-lyon\/#primaryimage"},"image":{"@id":"https:\/\/www.lesaubergisteslyonnais.fr\/es\/organizacion-alquiler-eventos-lyon\/#primaryimage"},"thumbnailUrl":"https:\/\/www.lesaubergisteslyonnais.fr\/wp-content\/uploads\/2025\/03\/hotel_lyon_centre_bellecour18-e1744292733914.jpg","datePublished":"2025-04-16T15:40:09+00:00","dateModified":"2026-04-20T09:12:48+00:00","description":"Les Aubergistes Lyonnais - Organiza tus eventos a medida en Lyon en lugares \u00fanicos que se adapten a todas tus necesidades.","breadcrumb":{"@id":"https:\/\/www.lesaubergisteslyonnais.fr\/es\/organizacion-alquiler-eventos-lyon\/#breadcrumb"},"inLanguage":"es","potentialAction":[{"@type":"ReadAction","target":["https:\/\/www.lesaubergisteslyonnais.fr\/es\/organizacion-alquiler-eventos-lyon\/"]}]},{"@type":"ImageObject","inLanguage":"es","@id":"https:\/\/www.lesaubergisteslyonnais.fr\/es\/organizacion-alquiler-eventos-lyon\/#primaryimage","url":"https:\/\/www.lesaubergisteslyonnais.fr\/wp-content\/uploads\/2025\/03\/hotel_lyon_centre_bellecour18-e1744292733914.jpg","contentUrl":"https:\/\/www.lesaubergisteslyonnais.fr\/wp-content\/uploads\/2025\/03\/hotel_lyon_centre_bellecour18-e1744292733914.jpg","width":1620,"height":920,"caption":"hotel lyon centre bellecour18 e1744292733914"},{"@type":"BreadcrumbList","@id":"https:\/\/www.lesaubergisteslyonnais.fr\/es\/organizacion-alquiler-eventos-lyon\/#breadcrumb","itemListElement":[{"@type":"ListItem","position":1,"name":"Accueil","item":"https:\/\/www.lesaubergisteslyonnais.fr\/es\/"},{"@type":"ListItem","position":2,"name":"Organizaci\u00f3n de eventos"}]},{"@type":"WebSite","@id":"https:\/\/www.lesaubergisteslyonnais.fr\/es\/#website","url":"https:\/\/www.lesaubergisteslyonnais.fr\/es\/","name":"Globe Cecil","description":"","publisher":{"@id":"https:\/\/www.lesaubergisteslyonnais.fr\/es\/#organization"},"potentialAction":[{"@type":"SearchAction","target":{"@type":"EntryPoint","urlTemplate":"https:\/\/www.lesaubergisteslyonnais.fr\/es\/?s={search_term_string}"},"query-input":{"@type":"PropertyValueSpecification","valueRequired":true,"valueName":"search_term_string"}}],"inLanguage":"es"},{"@type":"Organization","@id":"https:\/\/www.lesaubergisteslyonnais.fr\/es\/#organization","name":"Globe Cecil","url":"https:\/\/www.lesaubergisteslyonnais.fr\/es\/","logo":{"@type":"ImageObject","inLanguage":"es","@id":"https:\/\/www.lesaubergisteslyonnais.fr\/es\/#\/schema\/logo\/image\/","url":"https:\/\/www.lesaubergisteslyonnais.fr\/wp-content\/uploads\/2025\/05\/LOGO-Aubergistes-Lyonnais-White.svg","contentUrl":"https:\/\/www.lesaubergisteslyonnais.fr\/wp-content\/uploads\/2025\/05\/LOGO-Aubergistes-Lyonnais-White.svg","width":558,"height":127,"caption":"Globe Cecil"},"image":{"@id":"https:\/\/www.lesaubergisteslyonnais.fr\/es\/#\/schema\/logo\/image\/"}}]}},"_links":{"self":[{"href":"https:\/\/www.lesaubergisteslyonnais.fr\/es\/wp-json\/wp\/v2\/pages\/6827","targetHints":{"allow":["GET"]}}],"collection":[{"href":"https:\/\/www.lesaubergisteslyonnais.fr\/es\/wp-json\/wp\/v2\/pages"}],"about":[{"href":"https:\/\/www.lesaubergisteslyonnais.fr\/es\/wp-json\/wp\/v2\/types\/page"}],"author":[{"embeddable":true,"href":"https:\/\/www.lesaubergisteslyonnais.fr\/es\/wp-json\/wp\/v2\/users\/2"}],"replies":[{"embeddable":true,"href":"https:\/\/www.lesaubergisteslyonnais.fr\/es\/wp-json\/wp\/v2\/comments?post=6827"}],"version-history":[{"count":18,"href":"https:\/\/www.lesaubergisteslyonnais.fr\/es\/wp-json\/wp\/v2\/pages\/6827\/revisions"}],"predecessor-version":[{"id":9858,"href":"https:\/\/www.lesaubergisteslyonnais.fr\/es\/wp-json\/wp\/v2\/pages\/6827\/revisions\/9858"}],"wp:featuredmedia":[{"embeddable":true,"href":"https:\/\/www.lesaubergisteslyonnais.fr\/es\/wp-json\/wp\/v2\/media\/4369"}],"wp:attachment":[{"href":"https:\/\/www.lesaubergisteslyonnais.fr\/es\/wp-json\/wp\/v2\/media?parent=6827"}],"curies":[{"name":"wp","href":"https:\/\/api.w.org\/{rel}","templated":true}]}}