{"id":6826,"date":"2025-04-16T17:40:06","date_gmt":"2025-04-16T15:40:06","guid":{"rendered":"https:\/\/www.lesaubergisteslyonnais.fr\/nuestra-historia\/"},"modified":"2025-11-17T16:08:28","modified_gmt":"2025-11-17T15:08:28","slug":"historia-marca-grupo-hotelero","status":"publish","type":"page","link":"https:\/\/www.lesaubergisteslyonnais.fr\/es\/empresa-con-proposito\/historia-marca-grupo-hotelero\/","title":{"rendered":"Nuestra historia"},"content":{"rendered":"\n<section class=\"heading wp-elements-f04111bf989957064e2a53edd634aa17 wp-elements-f04111bf989957064e2a53edd634aa17 wp-block-acf-heading has-text-color has-primary-color has-background has-white-100-background-color\">\n\t<div class=\"heading__container\">\n\t\t\t\t\t<div class=\"heading__background-picture\">\n\t\t\t\t<img decoding=\"async\" width=\"1620\" height=\"1080\" src=\"https:\/\/www.lesaubergisteslyonnais.fr\/wp-content\/uploads\/2025\/05\/Groupe-hotelier-fancais-lyon11.jpg\" class=\"attachment-full size-full\" alt=\"Groupe hotelier fancais lyon11\" fetchpriority=\"high\" srcset=\"https:\/\/www.lesaubergisteslyonnais.fr\/wp-content\/uploads\/2025\/05\/Groupe-hotelier-fancais-lyon11.jpg 1620w, https:\/\/www.lesaubergisteslyonnais.fr\/wp-content\/uploads\/2025\/05\/Groupe-hotelier-fancais-lyon11-600x400.jpg 600w, https:\/\/www.lesaubergisteslyonnais.fr\/wp-content\/uploads\/2025\/05\/Groupe-hotelier-fancais-lyon11-1400x933.jpg 1400w, https:\/\/www.lesaubergisteslyonnais.fr\/wp-content\/uploads\/2025\/05\/Groupe-hotelier-fancais-lyon11-768x512.jpg 768w, https:\/\/www.lesaubergisteslyonnais.fr\/wp-content\/uploads\/2025\/05\/Groupe-hotelier-fancais-lyon11-1536x1024.jpg 1536w\" sizes=\"(max-width: 1620px) 100vw, 1620px\" \/>\t\t\t<\/div>\n\t\t\t\t<div class=\"heading__layout\">\n\t\t\t<div class=\"heading__content-wrapper has-white-100-background-color\">\n\t\t\t\t<div class=\"heading__content has-white-100-background-color\">\n\t\t\t\t\t\t\t\t\t<p id=\"breadcrumbs\"><span><span><a href=\"https:\/\/www.lesaubergisteslyonnais.fr\/es\/\">Accueil<\/a><\/span><\/span><\/p>\t\t\t\t\t\t\t\t\t<div class=\"acf-innerblocks-container\">\n\n<div class=\"wp-block-group heading-content-group is-layout-grid wp-container-core-group-is-layout-96b258e4 wp-block-group-is-layout-grid\">\n<h1 class=\"wp-block-heading has-text-align-left heading__title has-primary-color has-text-color has-xx-large-font-size wp-container-content-32a3e683\">Construir una marca hotelera emblem\u00e1tica de la escena lionesa<\/h1>\n<\/div>\n\n<\/div>\n\t\t\t\t<\/div>\n\t\t\t\t\t\t\t\t<div class=\"heading__illustration illustration-with-parallax desktop-only\">\n\t\t\t\t\t<img decoding=\"async\" width=\"350\" height=\"350\" src=\"https:\/\/www.lesaubergisteslyonnais.fr\/wp-content\/uploads\/2025\/04\/HORLOGE.png\" class=\"attachment-full size-full\" alt=\"HORLOGE\" fetchpriority=\"high\" srcset=\"https:\/\/www.lesaubergisteslyonnais.fr\/wp-content\/uploads\/2025\/04\/HORLOGE.png 350w, https:\/\/www.lesaubergisteslyonnais.fr\/wp-content\/uploads\/2025\/04\/HORLOGE-300x300.png 300w\" sizes=\"(max-width: 350px) 100vw, 350px\" \/>\t\t\t\t<\/div>\n\t\t\t\t\t\t\t<\/div>\n\t\t<\/div>\n\t<\/div>\n<\/section>\n\n\n\t<section\n\t\tstyle=\"padding-top:var(--wp--preset--spacing--theme-default);padding-bottom:var(--wp--preset--spacing--theme-default);\" class=\"block-container align wp-block-acf-block-container has-background has-white-background-color has-global-padding is-layout-constrained wp-block-acf-block-container-is-layout-constrained\"\t>\n\n\t\n\n<div class=\"wp-block-group is-layout-flow wp-block-group-is-layout-flow\">\n<p class=\"has-text-align-left has-large-font-size\">\u00c9rase una vez, en el coraz\u00f3n de Lyon, un lugar sin igual. La historia de Le Globe et Cecil comenz\u00f3 en 1866, pero no fue hasta mucho m\u00e1s tarde cuando naci\u00f3 realmente la marca Aubergistes Lyonnais. <\/p>\n<\/div>\n\n\n\n<\/section>\n\n\t<section\n\t\tstyle=\"padding-top:var(--wp--preset--spacing--theme-default);padding-bottom:var(--wp--preset--spacing--theme-default);\" class=\"block-container align wp-block-acf-block-container has-background has-white-100-background-color has-global-padding is-layout-constrained wp-container-acf-block-container-is-layout-afcd3024 wp-block-acf-block-container-is-layout-constrained\"\t>\n\n\t\n\n<h3 class=\"wp-block-heading has-text-align-center\">Les Aubergistes Lyonnais significa<\/h3>\n\n\n\n<div\n\tstyle=\"padding-top:var(--wp--preset--spacing--theme-s);padding-bottom:0;\" class=\"key-figures aligncenter wp-block-acf-key-figures\">\n\t\n\t\t\t\t<div class=\"key-figure\">\n\t\t\t\t\t<span class=\"key-figure__number\" number=\"131\">\n\t\t\t\t\t\t0\n\t\t\t\t\t<\/span>\n\t\t\t\t\t<span class=\"key-figure__text\">\n\t\t\t\t\t\tLlaves en total\t\t\t\t\t<\/span>\n\t\t\t\t<\/div>\n\t\t\t\t<div class=\"separator\"><\/div>\t\t\t\n\t\t\t\t<div class=\"key-figure\">\n\t\t\t\t\t<span class=\"key-figure__number\" number=\"80\">\n\t\t\t\t\t\t0\n\t\t\t\t\t<\/span>\n\t\t\t\t\t<span class=\"key-figure__text\">\n\t\t\t\t\t\tEmpleados\t\t\t\t\t<\/span>\n\t\t\t\t<\/div>\n\t\t\t\t<div class=\"separator\"><\/div>\t\t\t\n\t\t\t\t<div class=\"key-figure\">\n\t\t\t\t\t<span class=\"key-figure__number\" number=\"3\">\n\t\t\t\t\t\t0\n\t\t\t\t\t<\/span>\n\t\t\t\t\t<span class=\"key-figure__text\">\n\t\t\t\t\t\tTipos de actividad principal\t\t\t\t\t<\/span>\n\t\t\t\t<\/div>\n\t\t\t\t\t\t\t<\/div>\n\n\n\n<\/section>\n\n\t<section\n\t\tstyle=\"padding-top:var(--wp--preset--spacing--theme-default);padding-bottom:var(--wp--preset--spacing--theme-default);\" class=\"block-container align wp-block-acf-block-container has-background has-white-background-color has-global-padding is-layout-constrained wp-block-acf-block-container-is-layout-constrained\"\t>\n\n\t\n\n<div class=\"wp-block-group is-layout-flow wp-block-group-is-layout-flow\">\n<details class=\"wp-block-details is-layout-flow wp-block-details-is-layout-flow\"><summary>En Les Aubergistes Lyonnais, preferimos hablar de una colecci\u00f3n de hoteles \u00fanicos m\u00e1s que de un grupo hotelero tradicional. S\u00ed, somos una marca hotelera que encarna el esp\u00edritu de un grupo hotelero franc\u00e9s independiente, pero nos alejamos de los est\u00e1ndares de las cadenas hoteleras tradicionales. Cada establecimiento encarna, a su manera, nuestra marca hotelera, rica en historia y encanto. Cada uno destaca por su car\u00e1cter, su originalidad y su capacidad para ofrecer una experiencia a medida.   <\/summary>\n<p><\/p>\n\n\n\n<p>Somos un grupo hotelero de Francia, con sede en Lyon, pero lo que nos hace verdaderamente \u00fanicos es nuestro enfoque familiar, donde cada lugar es un reflejo de nuestra historia y de nuestra pasi\u00f3n por la autenticidad y la innovaci\u00f3n. Nuestro grupo hotelero con sede en Lyon es una invitaci\u00f3n a descubrir lugares con encanto, lejos de la uniformidad, donde la hospitalidad y la creatividad cobran todo su sentido. <\/p>\n<\/details>\n<\/div>\n\n\n\n<\/section>\n\n\t<section\n\t\tstyle=\"padding-bottom:var(--wp--preset--spacing--none);\" class=\"masonry-row alignfull wp-block-acf-masonry-row is-layout-flow wp-block-acf-masonry-row-is-layout-flow\"\t>\n\n\t<div class=\"masonry-row__wrapper\">\n\t\t\n\n<figure class=\"wp-block-gallery has-nested-images columns-default masonry-row__gallery wp-block-gallery-1 is-layout-flex wp-block-gallery-is-layout-flex\" style=\"padding-top:0;padding-bottom:0\">\n<figure class=\"wp-block-image size-full\"><img decoding=\"async\" width=\"720\" height=\"1080\" data-id=\"7951\" src=\"https:\/\/www.lesaubergisteslyonnais.fr\/wp-content\/uploads\/2025\/06\/IMG_6647-1.jpg\" alt=\"IMG 6647 (1)\" class=\"wp-image-7951\" srcset=\"https:\/\/www.lesaubergisteslyonnais.fr\/wp-content\/uploads\/2025\/06\/IMG_6647-1.jpg 720w, https:\/\/www.lesaubergisteslyonnais.fr\/wp-content\/uploads\/2025\/06\/IMG_6647-1-400x600.jpg 400w\" sizes=\"(max-width: 720px) 100vw, 720px\" \/><\/figure>\n\n\n\n<figure class=\"wp-block-image size-large\"><img decoding=\"async\" width=\"683\" height=\"1024\" data-id=\"1524\" src=\"https:\/\/www.lesaubergisteslyonnais.fr\/wp-content\/uploads\/2025\/03\/Hotel_Lyon_Bellecour2-1-683x1024.jpg\" alt=\"Hotel_Lyon_Bellecour2\" class=\"wp-image-1524\" srcset=\"https:\/\/www.lesaubergisteslyonnais.fr\/wp-content\/uploads\/2025\/03\/Hotel_Lyon_Bellecour2-1-683x1024.jpg 683w, https:\/\/www.lesaubergisteslyonnais.fr\/wp-content\/uploads\/2025\/03\/Hotel_Lyon_Bellecour2-1-200x300.jpg 200w, https:\/\/www.lesaubergisteslyonnais.fr\/wp-content\/uploads\/2025\/03\/Hotel_Lyon_Bellecour2-1.jpg 720w\" sizes=\"(max-width: 683px) 100vw, 683px\" \/><\/figure>\n\n\n\n<figure class=\"wp-block-image size-full\"><img decoding=\"async\" width=\"720\" height=\"1080\" data-id=\"5681\" src=\"https:\/\/www.lesaubergisteslyonnais.fr\/wp-content\/uploads\/2025\/05\/Groupe-hotelier-fancais-lyon7.jpg\" alt=\"Grupo hotelero franc&#xE9;s lyon7\" class=\"wp-image-5681\" srcset=\"https:\/\/www.lesaubergisteslyonnais.fr\/wp-content\/uploads\/2025\/05\/Groupe-hotelier-fancais-lyon7.jpg 720w, https:\/\/www.lesaubergisteslyonnais.fr\/wp-content\/uploads\/2025\/05\/Groupe-hotelier-fancais-lyon7-400x600.jpg 400w\" sizes=\"(max-width: 720px) 100vw, 720px\" \/><\/figure>\n\n\n\n<figure class=\"wp-block-image size-large\"><img decoding=\"async\" width=\"768\" height=\"1024\" data-id=\"1937\" src=\"https:\/\/www.lesaubergisteslyonnais.fr\/wp-content\/uploads\/2025\/03\/Hotel-seminaire-lyon-768x1024.jpg\" alt=\"\" class=\"wp-image-1937\" srcset=\"https:\/\/www.lesaubergisteslyonnais.fr\/wp-content\/uploads\/2025\/03\/Hotel-seminaire-lyon-768x1024.jpg 768w, https:\/\/www.lesaubergisteslyonnais.fr\/wp-content\/uploads\/2025\/03\/Hotel-seminaire-lyon-225x300.jpg 225w, https:\/\/www.lesaubergisteslyonnais.fr\/wp-content\/uploads\/2025\/03\/Hotel-seminaire-lyon-1152x1536.jpg 1152w, https:\/\/www.lesaubergisteslyonnais.fr\/wp-content\/uploads\/2025\/03\/Hotel-seminaire-lyon-1536x2048.jpg 1536w, https:\/\/www.lesaubergisteslyonnais.fr\/wp-content\/uploads\/2025\/03\/Hotel-seminaire-lyon.jpg 1920w\" sizes=\"(max-width: 768px) 100vw, 768px\" \/><\/figure>\n\n\n\n<figure class=\"wp-block-image size-large\"><img decoding=\"async\" width=\"1024\" height=\"683\" data-id=\"1671\" src=\"https:\/\/www.lesaubergisteslyonnais.fr\/wp-content\/uploads\/2025\/03\/Loic_Renart_Les_Aubergistes_Lyonnais-1024x683.jpg\" alt=\"\" class=\"wp-image-1671\" srcset=\"https:\/\/www.lesaubergisteslyonnais.fr\/wp-content\/uploads\/2025\/03\/Loic_Renart_Les_Aubergistes_Lyonnais-1024x683.jpg 1024w, https:\/\/www.lesaubergisteslyonnais.fr\/wp-content\/uploads\/2025\/03\/Loic_Renart_Les_Aubergistes_Lyonnais-300x200.jpg 300w, https:\/\/www.lesaubergisteslyonnais.fr\/wp-content\/uploads\/2025\/03\/Loic_Renart_Les_Aubergistes_Lyonnais-768x512.jpg 768w, https:\/\/www.lesaubergisteslyonnais.fr\/wp-content\/uploads\/2025\/03\/Loic_Renart_Les_Aubergistes_Lyonnais-1536x1024.jpg 1536w, https:\/\/www.lesaubergisteslyonnais.fr\/wp-content\/uploads\/2025\/03\/Loic_Renart_Les_Aubergistes_Lyonnais.jpg 1620w\" sizes=\"(max-width: 1024px) 100vw, 1024px\" \/><\/figure>\n\n\n\n<figure class=\"wp-block-image size-large\"><img decoding=\"async\" width=\"1400\" height=\"933\" data-id=\"7943\" src=\"https:\/\/www.lesaubergisteslyonnais.fr\/wp-content\/uploads\/2025\/06\/hotel-de-charme-3-etoiles-lyon2-1400x933.jpg\" alt=\"encantador hotel de 3 estrellas lyon2\" class=\"wp-image-7943\" srcset=\"https:\/\/www.lesaubergisteslyonnais.fr\/wp-content\/uploads\/2025\/06\/hotel-de-charme-3-etoiles-lyon2-1400x933.jpg 1400w, https:\/\/www.lesaubergisteslyonnais.fr\/wp-content\/uploads\/2025\/06\/hotel-de-charme-3-etoiles-lyon2-600x400.jpg 600w, https:\/\/www.lesaubergisteslyonnais.fr\/wp-content\/uploads\/2025\/06\/hotel-de-charme-3-etoiles-lyon2-768x512.jpg 768w, https:\/\/www.lesaubergisteslyonnais.fr\/wp-content\/uploads\/2025\/06\/hotel-de-charme-3-etoiles-lyon2-1536x1024.jpg 1536w, https:\/\/www.lesaubergisteslyonnais.fr\/wp-content\/uploads\/2025\/06\/hotel-de-charme-3-etoiles-lyon2.jpg 1620w\" sizes=\"(max-width: 1400px) 100vw, 1400px\" \/><\/figure>\n\n\n\n<figure class=\"wp-block-image size-full\"><img decoding=\"async\" width=\"216\" height=\"324\" data-id=\"98\" src=\"https:\/\/www.lesaubergisteslyonnais.fr\/wp-content\/uploads\/2025\/03\/IMG_1279-1.png\" alt=\"\" class=\"wp-image-98\"\/><\/figure>\n\n\n\n<figure class=\"wp-block-image size-full\"><img decoding=\"async\" width=\"1114\" height=\"802\" data-id=\"1673\" src=\"https:\/\/www.lesaubergisteslyonnais.fr\/wp-content\/uploads\/2025\/03\/hotel_lyon_bellecour_equipe_histoire3.png\" alt=\"\" class=\"wp-image-1673\" srcset=\"https:\/\/www.lesaubergisteslyonnais.fr\/wp-content\/uploads\/2025\/03\/hotel_lyon_bellecour_equipe_histoire3.png 1114w, https:\/\/www.lesaubergisteslyonnais.fr\/wp-content\/uploads\/2025\/03\/hotel_lyon_bellecour_equipe_histoire3-600x432.png 600w, https:\/\/www.lesaubergisteslyonnais.fr\/wp-content\/uploads\/2025\/03\/hotel_lyon_bellecour_equipe_histoire3-768x553.png 768w\" sizes=\"(max-width: 1114px) 100vw, 1114px\" \/><\/figure>\n<\/figure>\n\n\n\n<figure class=\"wp-block-gallery has-nested-images columns-default masonry-row__gallery wp-block-gallery-2 is-layout-flex wp-block-gallery-is-layout-flex\" style=\"padding-top:0;padding-bottom:0\">\n<figure class=\"wp-block-image size-large\"><img decoding=\"async\" width=\"768\" height=\"1024\" data-id=\"1678\" src=\"https:\/\/www.lesaubergisteslyonnais.fr\/wp-content\/uploads\/2025\/03\/chambre_hotel_lyon_centre_ville-1-768x1024.jpg\" alt=\"\" class=\"wp-image-1678\" srcset=\"https:\/\/www.lesaubergisteslyonnais.fr\/wp-content\/uploads\/2025\/03\/chambre_hotel_lyon_centre_ville-1-768x1024.jpg 768w, https:\/\/www.lesaubergisteslyonnais.fr\/wp-content\/uploads\/2025\/03\/chambre_hotel_lyon_centre_ville-1-225x300.jpg 225w, https:\/\/www.lesaubergisteslyonnais.fr\/wp-content\/uploads\/2025\/03\/chambre_hotel_lyon_centre_ville-1-1152x1536.jpg 1152w, https:\/\/www.lesaubergisteslyonnais.fr\/wp-content\/uploads\/2025\/03\/chambre_hotel_lyon_centre_ville-1-1536x2048.jpg 1536w, https:\/\/www.lesaubergisteslyonnais.fr\/wp-content\/uploads\/2025\/03\/chambre_hotel_lyon_centre_ville-1.jpg 1920w\" sizes=\"(max-width: 768px) 100vw, 768px\" \/><\/figure>\n\n\n\n<figure class=\"wp-block-image size-large\"><img decoding=\"async\" width=\"1400\" height=\"933\" data-id=\"7923\" src=\"https:\/\/www.lesaubergisteslyonnais.fr\/wp-content\/uploads\/2025\/06\/hotel-de-charme-3-etoiles-lyon002-1400x933.jpg\" alt=\"encantador hotel de 3 estrellas lyon002\" class=\"wp-image-7923\" srcset=\"https:\/\/www.lesaubergisteslyonnais.fr\/wp-content\/uploads\/2025\/06\/hotel-de-charme-3-etoiles-lyon002-1400x933.jpg 1400w, https:\/\/www.lesaubergisteslyonnais.fr\/wp-content\/uploads\/2025\/06\/hotel-de-charme-3-etoiles-lyon002-600x400.jpg 600w, https:\/\/www.lesaubergisteslyonnais.fr\/wp-content\/uploads\/2025\/06\/hotel-de-charme-3-etoiles-lyon002-768x512.jpg 768w, https:\/\/www.lesaubergisteslyonnais.fr\/wp-content\/uploads\/2025\/06\/hotel-de-charme-3-etoiles-lyon002-1536x1024.jpg 1536w, https:\/\/www.lesaubergisteslyonnais.fr\/wp-content\/uploads\/2025\/06\/hotel-de-charme-3-etoiles-lyon002.jpg 1620w\" sizes=\"(max-width: 1400px) 100vw, 1400px\" \/><\/figure>\n\n\n\n<figure class=\"wp-block-image size-large\"><img decoding=\"async\" width=\"683\" height=\"1024\" data-id=\"850\" src=\"https:\/\/www.lesaubergisteslyonnais.fr\/wp-content\/uploads\/2025\/03\/Hotel_lyon_Bellecour4-683x1024.jpg\" alt=\"\" class=\"wp-image-850\" srcset=\"https:\/\/www.lesaubergisteslyonnais.fr\/wp-content\/uploads\/2025\/03\/Hotel_lyon_Bellecour4-683x1024.jpg 683w, https:\/\/www.lesaubergisteslyonnais.fr\/wp-content\/uploads\/2025\/03\/Hotel_lyon_Bellecour4-200x300.jpg 200w, https:\/\/www.lesaubergisteslyonnais.fr\/wp-content\/uploads\/2025\/03\/Hotel_lyon_Bellecour4.jpg 720w\" sizes=\"(max-width: 683px) 100vw, 683px\" \/><\/figure>\n\n\n\n<figure class=\"wp-block-image size-full\"><img decoding=\"async\" width=\"720\" height=\"1080\" data-id=\"5615\" src=\"https:\/\/www.lesaubergisteslyonnais.fr\/wp-content\/uploads\/2025\/05\/Hotel-Lyon-centre-ville_Perrache_Simplon-82.jpg\" alt=\"Hotel Lyon centro Perrache Simplon 82\" class=\"wp-image-5615\" srcset=\"https:\/\/www.lesaubergisteslyonnais.fr\/wp-content\/uploads\/2025\/05\/Hotel-Lyon-centre-ville_Perrache_Simplon-82.jpg 720w, https:\/\/www.lesaubergisteslyonnais.fr\/wp-content\/uploads\/2025\/05\/Hotel-Lyon-centre-ville_Perrache_Simplon-82-400x600.jpg 400w\" sizes=\"(max-width: 720px) 100vw, 720px\" \/><\/figure>\n\n\n\n<figure class=\"wp-block-image size-full\"><img decoding=\"async\" width=\"720\" height=\"1080\" data-id=\"5685\" src=\"https:\/\/www.lesaubergisteslyonnais.fr\/wp-content\/uploads\/2025\/05\/Groupe-hotelier-fancais-lyon8.jpg\" alt=\"Grupo hotelero franc&#xE9;s lyon8\" class=\"wp-image-5685\" srcset=\"https:\/\/www.lesaubergisteslyonnais.fr\/wp-content\/uploads\/2025\/05\/Groupe-hotelier-fancais-lyon8.jpg 720w, https:\/\/www.lesaubergisteslyonnais.fr\/wp-content\/uploads\/2025\/05\/Groupe-hotelier-fancais-lyon8-400x600.jpg 400w\" sizes=\"(max-width: 720px) 100vw, 720px\" \/><\/figure>\n\n\n\n<figure class=\"wp-block-image size-full\"><img decoding=\"async\" width=\"720\" height=\"1080\" data-id=\"7955\" src=\"https:\/\/www.lesaubergisteslyonnais.fr\/wp-content\/uploads\/2025\/06\/equipe-les-aubergistes-lyonnais-1.jpg\" alt=\"equipo les aubergistes lyonnais\" class=\"wp-image-7955\" srcset=\"https:\/\/www.lesaubergisteslyonnais.fr\/wp-content\/uploads\/2025\/06\/equipe-les-aubergistes-lyonnais-1.jpg 720w, https:\/\/www.lesaubergisteslyonnais.fr\/wp-content\/uploads\/2025\/06\/equipe-les-aubergistes-lyonnais-1-400x600.jpg 400w\" sizes=\"(max-width: 720px) 100vw, 720px\" \/><\/figure>\n\n\n\n<figure class=\"wp-block-image size-large\"><img decoding=\"async\" width=\"1400\" height=\"933\" data-id=\"5677\" src=\"https:\/\/www.lesaubergisteslyonnais.fr\/wp-content\/uploads\/2025\/05\/Groupe-hotelier-fancais-lyon6-1400x933.jpg\" alt=\"Grupo hotelero franc&#xE9;s lyon6\" class=\"wp-image-5677\" srcset=\"https:\/\/www.lesaubergisteslyonnais.fr\/wp-content\/uploads\/2025\/05\/Groupe-hotelier-fancais-lyon6-1400x933.jpg 1400w, https:\/\/www.lesaubergisteslyonnais.fr\/wp-content\/uploads\/2025\/05\/Groupe-hotelier-fancais-lyon6-600x400.jpg 600w, https:\/\/www.lesaubergisteslyonnais.fr\/wp-content\/uploads\/2025\/05\/Groupe-hotelier-fancais-lyon6-768x512.jpg 768w, https:\/\/www.lesaubergisteslyonnais.fr\/wp-content\/uploads\/2025\/05\/Groupe-hotelier-fancais-lyon6-1536x1024.jpg 1536w, https:\/\/www.lesaubergisteslyonnais.fr\/wp-content\/uploads\/2025\/05\/Groupe-hotelier-fancais-lyon6.jpg 1620w\" sizes=\"(max-width: 1400px) 100vw, 1400px\" \/><\/figure>\n\n\n\n<figure class=\"wp-block-image size-large\"><img decoding=\"async\" width=\"683\" height=\"1024\" data-id=\"2621\" src=\"https:\/\/www.lesaubergisteslyonnais.fr\/wp-content\/uploads\/2025\/04\/candice-responsable-commercial-evenement-lyon-683x1024.jpg\" alt=\"\" class=\"wp-image-2621\" srcset=\"https:\/\/www.lesaubergisteslyonnais.fr\/wp-content\/uploads\/2025\/04\/candice-responsable-commercial-evenement-lyon-683x1024.jpg 683w, https:\/\/www.lesaubergisteslyonnais.fr\/wp-content\/uploads\/2025\/04\/candice-responsable-commercial-evenement-lyon-200x300.jpg 200w, https:\/\/www.lesaubergisteslyonnais.fr\/wp-content\/uploads\/2025\/04\/candice-responsable-commercial-evenement-lyon.jpg 720w\" sizes=\"(max-width: 683px) 100vw, 683px\" \/><\/figure>\n<\/figure>\n\n\n\n\t<section\n\t\tstyle=\"padding-top:var(--wp--preset--spacing--theme-m);padding-bottom:0;\" class=\"block-illustration block-illustration--bottom-right alignfull wp-block-acf-block-illustration has-background has-white-100-background-color is-layout-flow wp-block-acf-block-illustration-is-layout-flow\"\t>\n\n\t<div class=\"block-illustration__wrapper alignwide\">\n\t\t\t<div class=\"block-illustration__innerblocks\">\n\n<figure class=\"wp-block-image size-full is-resized\"><img decoding=\"async\" width=\"360\" height=\"326\" src=\"https:\/\/www.lesaubergisteslyonnais.fr\/wp-content\/uploads\/2025\/05\/LAL_COMPO_SIMPLIFIEE_RVB.png\" alt=\"EL COMPO RVB SIMPLIFICADO\" class=\"wp-image-4811\" style=\"width:121px;height:auto\"\/><\/figure>\n\n\n\n<h2 class=\"wp-block-heading has-text-align-center\">Fechas clave<mark style=\"background-color:rgba(0, 0, 0, 0)\" class=\"has-inline-color has-primary-color\"> <\/mark><\/h2>\n\n\n\n<p class=\"has-text-align-left\">&#8211; En <strong>1966<\/strong>, Le Globe et Cecil pas\u00f3 a ser propiedad del Sr. Auroux, abuelo del actual propietario.<br\/>&#8211; En <strong>2009<\/strong>, Lo\u00efc Renart asumi\u00f3 la direcci\u00f3n del hotel Globe et Cecil, y 3 a\u00f1os m\u00e1s tarde lo adquiri\u00f3, recogiendo la antorcha de 2 generaciones y de una historia hotelera que se remonta a 1866.<br\/>&#8211; En <strong>2017<\/strong>, adquiri\u00f3 el H\u00f4tel du Simplon: una segunda direcci\u00f3n en el coraz\u00f3n de la pen\u00ednsula.<br\/>&#8211; En <strong>2018<\/strong>, el hotel Globe et Cecil estrena nueva cara y da la bienvenida a su alter ego gastron\u00f3mico: el restaurante Comptoir Cecil.<br\/>&#8211; En <strong>2020<\/strong>, el H\u00f4tel du Ph\u00e9nix se une a esta sinfon\u00eda de direcciones \u00fanicas. Con \u00e9l llega un nuevo restaurante, el Comptoir Ph\u00e9nix, y nuestras ambiciones como grupo hotelero independiente alzan el vuelo.<br\/>&#8211; Y as\u00ed, en <strong>2021 <\/strong>, nace la marca Les Aubergistes Lyonnais, una colecci\u00f3n de hoteles boutique, restaurantes y espacios para eventos, donde cada detalle cuenta una historia. Nuestra colecci\u00f3n se une as\u00ed al cerrado clan de los grupos hoteleros franceses independientes, conservando su car\u00e1cter familiar, muy alejado de los hoteles de cadena.<br\/>&#8211; En 2022, el Ph\u00e9nix se renueva por completo para seguir un camino ambicioso y trillado.<br\/>&#8211; El conjunto de estos esfuerzos permite que el Ph\u00e9nix y el Simplon obtengan una estrella m\u00e1s cada uno en <strong>2022<\/strong>.  <\/p>\n\n<\/div>\n\t<\/div>\n<\/section>\n\n\n\t<\/div>\n<\/section>\n\n\t<section\n\t\tstyle=\"padding-top:var(--wp--preset--spacing--theme-default);padding-bottom:var(--wp--preset--spacing--theme-default);\" class=\"block-container align wp-block-acf-block-container has-background has-white-background-color has-global-padding is-layout-constrained wp-block-acf-block-container-is-layout-constrained\"\t>\n\n\t\n\n<div class=\"wp-block-group is-layout-flow wp-container-core-group-is-layout-6438c6a4 wp-block-group-is-layout-flow\">\n<h3 class=\"wp-block-heading has-text-align-left\">Cada uno de los establecimientos de nuestra colecci\u00f3n es at\u00edpico, original y \u00fanico:<\/h3>\n\n\n\n<p class=\"has-large-font-size\">Espacios vitales locales con una identidad fuerte y asertiva<\/p>\n\n\n\n<details class=\"wp-block-details is-layout-flow wp-block-details-is-layout-flow\"><summary>Hoy en d\u00eda, damos prioridad a los lugares con una personalidad fuerte y asertiva y cuyas bazas son la autenticidad, el encanto y la hospitalidad. Venir a nosotros significa ante todo elegir un lugar de ensue\u00f1o en el coraz\u00f3n de los barrios m\u00e1s animados de Lyon, ricos en patrimonio e historia. Pero tambi\u00e9n significa apreciar la oportunidad de conocer gente y disfrutar de una acogida c\u00e1lida y humana&#8230;  <br><\/summary>\n<p>Gestionamos y animamos espacios vitales para encarnar la experiencia de compartir. Una experiencia que crea v\u00ednculos entre las personas, pero tambi\u00e9n entre un lugar y su entorno. Una experiencia con un simbolismo y una identidad fuertes, \u00fanicos y de alta calidad.  <\/p>\n<\/details>\n<\/div>\n\n\n\n<\/section>\n","protected":false},"excerpt":{"rendered":"","protected":false},"author":7,"featured_media":0,"parent":6851,"menu_order":0,"comment_status":"closed","ping_status":"closed","template":"","meta":{"_acf_changed":false,"inline_featured_image":false,"footnotes":""},"class_list":["post-6826","page","type-page","status-publish","hentry"],"acf":[],"yoast_head":"<!-- This site is optimized with the Yoast SEO plugin v27.4 - https:\/\/yoast.com\/product\/yoast-seo-wordpress\/ -->\n<title>Grupo hotelero familiar independiente - Marca hotelera en Lyon estilo de vida<\/title>\n<meta name=\"description\" content=\"Les Aubergistes Lyonnais - Grupo hotelero franc\u00e9s familiar, independiente y comprometido, que ofrece un aut\u00e9ntico arte de vivir en Lyon.\" \/>\n<meta name=\"robots\" content=\"index, follow, max-snippet:-1, max-image-preview:large, max-video-preview:-1\" \/>\n<link rel=\"canonical\" href=\"https:\/\/www.lesaubergisteslyonnais.fr\/es\/empresa-con-proposito\/historia-marca-grupo-hotelero\/\" \/>\n<meta property=\"og:locale\" content=\"es_ES\" \/>\n<meta property=\"og:type\" content=\"article\" \/>\n<meta property=\"og:title\" content=\"Grupo hotelero familiar independiente - Marca hotelera en Lyon estilo de vida\" \/>\n<meta property=\"og:description\" content=\"Les Aubergistes Lyonnais - Grupo hotelero franc\u00e9s familiar, independiente y comprometido, que ofrece un aut\u00e9ntico arte de vivir en Lyon.\" \/>\n<meta property=\"og:url\" content=\"https:\/\/www.lesaubergisteslyonnais.fr\/es\/empresa-con-proposito\/historia-marca-grupo-hotelero\/\" \/>\n<meta property=\"og:site_name\" content=\"Les Aubergistes Lyonnais\" \/>\n<meta property=\"article:modified_time\" content=\"2025-11-17T15:08:28+00:00\" \/>\n<meta property=\"og:image\" content=\"https:\/\/www.lesaubergisteslyonnais.fr\/wp-content\/uploads\/2025\/06\/IMG_6647-1.jpg\" \/>\n<meta name=\"twitter:card\" content=\"summary_large_image\" \/>\n<meta name=\"twitter:label1\" content=\"Tiempo de lectura\" \/>\n\t<meta name=\"twitter:data1\" content=\"6 minuto\" \/>\n<script type=\"application\/ld+json\" class=\"yoast-schema-graph\">{\"@context\":\"https:\\\/\\\/schema.org\",\"@graph\":[{\"@type\":\"WebPage\",\"@id\":\"https:\\\/\\\/www.lesaubergisteslyonnais.fr\\\/es\\\/empresa-con-proposito\\\/historia-marca-grupo-hotelero\\\/\",\"url\":\"https:\\\/\\\/www.lesaubergisteslyonnais.fr\\\/es\\\/empresa-con-proposito\\\/historia-marca-grupo-hotelero\\\/\",\"name\":\"Grupo hotelero familiar independiente - Marca hotelera en Lyon estilo de vida\",\"isPartOf\":{\"@id\":\"https:\\\/\\\/www.lesaubergisteslyonnais.fr\\\/es\\\/#website\"},\"primaryImageOfPage\":{\"@id\":\"https:\\\/\\\/www.lesaubergisteslyonnais.fr\\\/es\\\/empresa-con-proposito\\\/historia-marca-grupo-hotelero\\\/#primaryimage\"},\"image\":{\"@id\":\"https:\\\/\\\/www.lesaubergisteslyonnais.fr\\\/es\\\/empresa-con-proposito\\\/historia-marca-grupo-hotelero\\\/#primaryimage\"},\"thumbnailUrl\":\"https:\\\/\\\/www.lesaubergisteslyonnais.fr\\\/wp-content\\\/uploads\\\/2025\\\/06\\\/IMG_6647-1.jpg\",\"datePublished\":\"2025-04-16T15:40:06+00:00\",\"dateModified\":\"2025-11-17T15:08:28+00:00\",\"description\":\"Les Aubergistes Lyonnais - Grupo hotelero franc\u00e9s familiar, independiente y comprometido, que ofrece un aut\u00e9ntico arte de vivir en Lyon.\",\"breadcrumb\":{\"@id\":\"https:\\\/\\\/www.lesaubergisteslyonnais.fr\\\/es\\\/empresa-con-proposito\\\/historia-marca-grupo-hotelero\\\/#breadcrumb\"},\"inLanguage\":\"es\",\"potentialAction\":[{\"@type\":\"ReadAction\",\"target\":[\"https:\\\/\\\/www.lesaubergisteslyonnais.fr\\\/es\\\/empresa-con-proposito\\\/historia-marca-grupo-hotelero\\\/\"]}]},{\"@type\":\"ImageObject\",\"inLanguage\":\"es\",\"@id\":\"https:\\\/\\\/www.lesaubergisteslyonnais.fr\\\/es\\\/empresa-con-proposito\\\/historia-marca-grupo-hotelero\\\/#primaryimage\",\"url\":\"https:\\\/\\\/www.lesaubergisteslyonnais.fr\\\/wp-content\\\/uploads\\\/2025\\\/06\\\/IMG_6647-1.jpg\",\"contentUrl\":\"https:\\\/\\\/www.lesaubergisteslyonnais.fr\\\/wp-content\\\/uploads\\\/2025\\\/06\\\/IMG_6647-1.jpg\"},{\"@type\":\"BreadcrumbList\",\"@id\":\"https:\\\/\\\/www.lesaubergisteslyonnais.fr\\\/es\\\/empresa-con-proposito\\\/historia-marca-grupo-hotelero\\\/#breadcrumb\",\"itemListElement\":[{\"@type\":\"ListItem\",\"position\":1,\"name\":\"Accueil\",\"item\":\"https:\\\/\\\/www.lesaubergisteslyonnais.fr\\\/es\\\/\"},{\"@type\":\"ListItem\",\"position\":2,\"name\":\"Un grupo hotelero comprometido\",\"item\":\"https:\\\/\\\/www.lesaubergisteslyonnais.fr\\\/es\\\/empresa-con-proposito\\\/\"},{\"@type\":\"ListItem\",\"position\":3,\"name\":\"Nuestra historia\"}]},{\"@type\":\"WebSite\",\"@id\":\"https:\\\/\\\/www.lesaubergisteslyonnais.fr\\\/es\\\/#website\",\"url\":\"https:\\\/\\\/www.lesaubergisteslyonnais.fr\\\/es\\\/\",\"name\":\"Globe Cecil\",\"description\":\"\",\"publisher\":{\"@id\":\"https:\\\/\\\/www.lesaubergisteslyonnais.fr\\\/es\\\/#organization\"},\"potentialAction\":[{\"@type\":\"SearchAction\",\"target\":{\"@type\":\"EntryPoint\",\"urlTemplate\":\"https:\\\/\\\/www.lesaubergisteslyonnais.fr\\\/es\\\/?s={search_term_string}\"},\"query-input\":{\"@type\":\"PropertyValueSpecification\",\"valueRequired\":true,\"valueName\":\"search_term_string\"}}],\"inLanguage\":\"es\"},{\"@type\":\"Organization\",\"@id\":\"https:\\\/\\\/www.lesaubergisteslyonnais.fr\\\/es\\\/#organization\",\"name\":\"Globe Cecil\",\"url\":\"https:\\\/\\\/www.lesaubergisteslyonnais.fr\\\/es\\\/\",\"logo\":{\"@type\":\"ImageObject\",\"inLanguage\":\"es\",\"@id\":\"https:\\\/\\\/www.lesaubergisteslyonnais.fr\\\/es\\\/#\\\/schema\\\/logo\\\/image\\\/\",\"url\":\"https:\\\/\\\/www.lesaubergisteslyonnais.fr\\\/wp-content\\\/uploads\\\/2025\\\/05\\\/LOGO-Aubergistes-Lyonnais-White.svg\",\"contentUrl\":\"https:\\\/\\\/www.lesaubergisteslyonnais.fr\\\/wp-content\\\/uploads\\\/2025\\\/05\\\/LOGO-Aubergistes-Lyonnais-White.svg\",\"width\":558,\"height\":127,\"caption\":\"Globe Cecil\"},\"image\":{\"@id\":\"https:\\\/\\\/www.lesaubergisteslyonnais.fr\\\/es\\\/#\\\/schema\\\/logo\\\/image\\\/\"}}]}<\/script>\n<!-- \/ Yoast SEO plugin. -->","yoast_head_json":{"title":"Grupo hotelero familiar independiente - Marca hotelera en Lyon estilo de vida","description":"Les Aubergistes Lyonnais - Grupo hotelero franc\u00e9s familiar, independiente y comprometido, que ofrece un aut\u00e9ntico arte de vivir en Lyon.","robots":{"index":"index","follow":"follow","max-snippet":"max-snippet:-1","max-image-preview":"max-image-preview:large","max-video-preview":"max-video-preview:-1"},"canonical":"https:\/\/www.lesaubergisteslyonnais.fr\/es\/empresa-con-proposito\/historia-marca-grupo-hotelero\/","og_locale":"es_ES","og_type":"article","og_title":"Grupo hotelero familiar independiente - Marca hotelera en Lyon estilo de vida","og_description":"Les Aubergistes Lyonnais - Grupo hotelero franc\u00e9s familiar, independiente y comprometido, que ofrece un aut\u00e9ntico arte de vivir en Lyon.","og_url":"https:\/\/www.lesaubergisteslyonnais.fr\/es\/empresa-con-proposito\/historia-marca-grupo-hotelero\/","og_site_name":"Les Aubergistes Lyonnais","article_modified_time":"2025-11-17T15:08:28+00:00","og_image":[{"url":"https:\/\/www.lesaubergisteslyonnais.fr\/wp-content\/uploads\/2025\/06\/IMG_6647-1.jpg","type":"","width":"","height":""}],"twitter_card":"summary_large_image","twitter_misc":{"Tiempo de lectura":"6 minuto"},"schema":{"@context":"https:\/\/schema.org","@graph":[{"@type":"WebPage","@id":"https:\/\/www.lesaubergisteslyonnais.fr\/es\/empresa-con-proposito\/historia-marca-grupo-hotelero\/","url":"https:\/\/www.lesaubergisteslyonnais.fr\/es\/empresa-con-proposito\/historia-marca-grupo-hotelero\/","name":"Grupo hotelero familiar independiente - Marca hotelera en Lyon estilo de vida","isPartOf":{"@id":"https:\/\/www.lesaubergisteslyonnais.fr\/es\/#website"},"primaryImageOfPage":{"@id":"https:\/\/www.lesaubergisteslyonnais.fr\/es\/empresa-con-proposito\/historia-marca-grupo-hotelero\/#primaryimage"},"image":{"@id":"https:\/\/www.lesaubergisteslyonnais.fr\/es\/empresa-con-proposito\/historia-marca-grupo-hotelero\/#primaryimage"},"thumbnailUrl":"https:\/\/www.lesaubergisteslyonnais.fr\/wp-content\/uploads\/2025\/06\/IMG_6647-1.jpg","datePublished":"2025-04-16T15:40:06+00:00","dateModified":"2025-11-17T15:08:28+00:00","description":"Les Aubergistes Lyonnais - Grupo hotelero franc\u00e9s familiar, independiente y comprometido, que ofrece un aut\u00e9ntico arte de vivir en Lyon.","breadcrumb":{"@id":"https:\/\/www.lesaubergisteslyonnais.fr\/es\/empresa-con-proposito\/historia-marca-grupo-hotelero\/#breadcrumb"},"inLanguage":"es","potentialAction":[{"@type":"ReadAction","target":["https:\/\/www.lesaubergisteslyonnais.fr\/es\/empresa-con-proposito\/historia-marca-grupo-hotelero\/"]}]},{"@type":"ImageObject","inLanguage":"es","@id":"https:\/\/www.lesaubergisteslyonnais.fr\/es\/empresa-con-proposito\/historia-marca-grupo-hotelero\/#primaryimage","url":"https:\/\/www.lesaubergisteslyonnais.fr\/wp-content\/uploads\/2025\/06\/IMG_6647-1.jpg","contentUrl":"https:\/\/www.lesaubergisteslyonnais.fr\/wp-content\/uploads\/2025\/06\/IMG_6647-1.jpg"},{"@type":"BreadcrumbList","@id":"https:\/\/www.lesaubergisteslyonnais.fr\/es\/empresa-con-proposito\/historia-marca-grupo-hotelero\/#breadcrumb","itemListElement":[{"@type":"ListItem","position":1,"name":"Accueil","item":"https:\/\/www.lesaubergisteslyonnais.fr\/es\/"},{"@type":"ListItem","position":2,"name":"Un grupo hotelero comprometido","item":"https:\/\/www.lesaubergisteslyonnais.fr\/es\/empresa-con-proposito\/"},{"@type":"ListItem","position":3,"name":"Nuestra historia"}]},{"@type":"WebSite","@id":"https:\/\/www.lesaubergisteslyonnais.fr\/es\/#website","url":"https:\/\/www.lesaubergisteslyonnais.fr\/es\/","name":"Globe Cecil","description":"","publisher":{"@id":"https:\/\/www.lesaubergisteslyonnais.fr\/es\/#organization"},"potentialAction":[{"@type":"SearchAction","target":{"@type":"EntryPoint","urlTemplate":"https:\/\/www.lesaubergisteslyonnais.fr\/es\/?s={search_term_string}"},"query-input":{"@type":"PropertyValueSpecification","valueRequired":true,"valueName":"search_term_string"}}],"inLanguage":"es"},{"@type":"Organization","@id":"https:\/\/www.lesaubergisteslyonnais.fr\/es\/#organization","name":"Globe Cecil","url":"https:\/\/www.lesaubergisteslyonnais.fr\/es\/","logo":{"@type":"ImageObject","inLanguage":"es","@id":"https:\/\/www.lesaubergisteslyonnais.fr\/es\/#\/schema\/logo\/image\/","url":"https:\/\/www.lesaubergisteslyonnais.fr\/wp-content\/uploads\/2025\/05\/LOGO-Aubergistes-Lyonnais-White.svg","contentUrl":"https:\/\/www.lesaubergisteslyonnais.fr\/wp-content\/uploads\/2025\/05\/LOGO-Aubergistes-Lyonnais-White.svg","width":558,"height":127,"caption":"Globe Cecil"},"image":{"@id":"https:\/\/www.lesaubergisteslyonnais.fr\/es\/#\/schema\/logo\/image\/"}}]}},"_links":{"self":[{"href":"https:\/\/www.lesaubergisteslyonnais.fr\/es\/wp-json\/wp\/v2\/pages\/6826","targetHints":{"allow":["GET"]}}],"collection":[{"href":"https:\/\/www.lesaubergisteslyonnais.fr\/es\/wp-json\/wp\/v2\/pages"}],"about":[{"href":"https:\/\/www.lesaubergisteslyonnais.fr\/es\/wp-json\/wp\/v2\/types\/page"}],"author":[{"embeddable":true,"href":"https:\/\/www.lesaubergisteslyonnais.fr\/es\/wp-json\/wp\/v2\/users\/7"}],"replies":[{"embeddable":true,"href":"https:\/\/www.lesaubergisteslyonnais.fr\/es\/wp-json\/wp\/v2\/comments?post=6826"}],"version-history":[{"count":8,"href":"https:\/\/www.lesaubergisteslyonnais.fr\/es\/wp-json\/wp\/v2\/pages\/6826\/revisions"}],"predecessor-version":[{"id":9304,"href":"https:\/\/www.lesaubergisteslyonnais.fr\/es\/wp-json\/wp\/v2\/pages\/6826\/revisions\/9304"}],"up":[{"embeddable":true,"href":"https:\/\/www.lesaubergisteslyonnais.fr\/es\/wp-json\/wp\/v2\/pages\/6851"}],"wp:attachment":[{"href":"https:\/\/www.lesaubergisteslyonnais.fr\/es\/wp-json\/wp\/v2\/media?parent=6826"}],"curies":[{"name":"wp","href":"https:\/\/api.w.org\/{rel}","templated":true}]}}