{"id":1818,"date":"2025-04-16T17:40:06","date_gmt":"2025-04-16T15:40:06","guid":{"rendered":"https:\/\/www.lesaubergisteslyonnais.fr\/lhotel-en\/nos-engagements-en\/"},"modified":"2025-10-30T11:38:30","modified_gmt":"2025-10-30T10:38:30","slug":"sustainable-ecological-commitments","status":"publish","type":"page","link":"https:\/\/www.lesaubergisteslyonnais.fr\/en\/purpose-driven-company\/sustainable-ecological-commitments\/","title":{"rendered":"Our commitments"},"content":{"rendered":"\n<section class=\"heading wp-elements-083ec12de7a5932b3187ad4a830de2e3 wp-elements-083ec12de7a5932b3187ad4a830de2e3 wp-block-acf-heading has-text-color has-primary-color has-background has-white-100-background-color\">\n\t<div class=\"heading__container\">\n\t\t\t\t\t<div class=\"heading__background-picture\">\n\t\t\t\t<img decoding=\"async\" width=\"1620\" height=\"1080\" src=\"https:\/\/www.lesaubergisteslyonnais.fr\/wp-content\/uploads\/2025\/04\/hotel-ecologique-lyon-engage.jpg\" class=\"attachment-full size-full\" alt=\"hotel ecologique lyon engage\" fetchpriority=\"high\" srcset=\"https:\/\/www.lesaubergisteslyonnais.fr\/wp-content\/uploads\/2025\/04\/hotel-ecologique-lyon-engage.jpg 1620w, https:\/\/www.lesaubergisteslyonnais.fr\/wp-content\/uploads\/2025\/04\/hotel-ecologique-lyon-engage-300x200.jpg 300w, https:\/\/www.lesaubergisteslyonnais.fr\/wp-content\/uploads\/2025\/04\/hotel-ecologique-lyon-engage-1024x683.jpg 1024w, https:\/\/www.lesaubergisteslyonnais.fr\/wp-content\/uploads\/2025\/04\/hotel-ecologique-lyon-engage-768x512.jpg 768w, https:\/\/www.lesaubergisteslyonnais.fr\/wp-content\/uploads\/2025\/04\/hotel-ecologique-lyon-engage-1536x1024.jpg 1536w\" sizes=\"(max-width: 1620px) 100vw, 1620px\" \/>\t\t\t<\/div>\n\t\t\t\t<div class=\"heading__layout\">\n\t\t\t<div class=\"heading__content-wrapper has-white-100-background-color\">\n\t\t\t\t<div class=\"heading__content has-white-100-background-color\">\n\t\t\t\t\t\t\t\t\t<p id=\"breadcrumbs\"><span><span><a href=\"https:\/\/www.lesaubergisteslyonnais.fr\/en\/\">Home<\/a><\/span><\/span><\/p>\t\t\t\t\t\t\t\t\t<div class=\"acf-innerblocks-container\">\n\n<div class=\"wp-block-group heading-content-group is-layout-grid wp-container-core-group-is-layout-96b258e4 wp-block-group-is-layout-grid\">\n<h1 class=\"wp-block-heading has-text-align-left heading__title has-primary-color has-text-color has-xx-large-font-size\">Our CSR commitments<\/h1>\n\n\n\n<p class=\"heading__chapo has-primary-color has-text-color\">Eco-friendly hotels, responsible restaurants, committed and fulfilled teams<\/p>\n<\/div>\n\n<\/div>\n\t\t\t\t<\/div>\n\t\t\t\t\t\t\t<\/div>\n\t\t<\/div>\n\t<\/div>\n<\/section>\n\n\n\t<section\n\t\tstyle=\"padding-top:var(--wp--preset--spacing--theme-default);padding-bottom:var(--wp--preset--spacing--theme-default);\" class=\"block-container align wp-block-acf-block-container has-background has-white-background-color has-global-padding is-layout-constrained wp-block-acf-block-container-is-layout-constrained\"\t>\n\n\t\n\n<div class=\"wp-block-group is-layout-flow wp-block-group-is-layout-flow\">\n<p class=\"has-large-font-size\">Welcome to Les Aubergistes Lyonnais, where sustainable development dances with enchantment in our hotels.  <\/p>\n\n\n\n<p>We firmly believe that hotels and restaurants can be elegant and responsible at the same time. We&#8217;re not interested in developing an eco-friendly hotel concept in Lyon to fit in with the current trend. Our CSR commitments are not a posture, but a promise: to build together desirable places to live, sober and fraternal, for a world where ecology, hospitality and respect are harmoniously intertwined.  <\/p>\n<\/div>\n\n\n\n<\/section>\n\n\t<section\n\t\tstyle=\"padding-top:var(--wp--preset--spacing--theme-default);padding-bottom:0;\" class=\"block-container align wp-block-acf-block-container has-background has-secondary-background-color has-global-padding is-layout-constrained wp-container-acf-block-container-is-layout-d8c77eb7 wp-block-acf-block-container-is-layout-constrained\"\t>\n\n\t\n\n<div class=\"wp-block-group is-vertical is-content-justification-center is-layout-flex wp-container-core-group-is-layout-ae8b5965 wp-block-group-is-layout-flex\" style=\"padding-top:0;padding-right:0;padding-bottom:var(--wp--preset--spacing--theme-s);padding-left:0\">\n<figure class=\"wp-block-image size-full is-resized\"><img decoding=\"async\" width=\"627\" height=\"542\" src=\"https:\/\/www.lesaubergisteslyonnais.fr\/wp-content\/uploads\/2025\/05\/MAIN.png\" alt=\"HAND\" class=\"wp-image-5704\" style=\"width:191px;height:auto\" srcset=\"https:\/\/www.lesaubergisteslyonnais.fr\/wp-content\/uploads\/2025\/05\/MAIN.png 627w, https:\/\/www.lesaubergisteslyonnais.fr\/wp-content\/uploads\/2025\/05\/MAIN-600x519.png 600w\" sizes=\"(max-width: 627px) 100vw, 627px\" \/><\/figure>\n<\/div>\n\n\n\n<div class=\"wp-block-group has-global-padding is-layout-constrained wp-block-group-is-layout-constrained\">\n<h2 class=\"wp-block-heading has-text-align-center\">Our <mark style=\"background-color:rgba(0, 0, 0, 0)\" class=\"has-inline-color has-primary-color\">concrete <\/mark>actions as a company with a mission<\/h2>\n<\/div>\n\n\n\n<\/section>\n\n\t<section\n\t\tstyle=\"padding-top:var(--wp--preset--spacing--theme-default);padding-bottom:var(--wp--preset--spacing--theme-s);\" class=\"block-container align wp-block-acf-block-container has-background has-secondary-background-color has-global-padding is-layout-constrained wp-block-acf-block-container-is-layout-constrained\"\t>\n\n\t\n\n<div\n\tclass=\"text-on-images text-on-images aligncenter wp-block-acf-text-on-images\">\n\t\t<figure class=\"text-on-images__images text-on-images__images--white-overlay\">\n\t\t<img decoding=\"async\" width=\"400\" height=\"600\" src=\"https:\/\/www.lesaubergisteslyonnais.fr\/wp-content\/uploads\/2025\/05\/hotel-engage-RSE-Lyon-centre_01-400x600.jpg\" class=\"attachment-medium size-medium\" alt=\"hotel engage RSE Lyon centre 01\" srcset=\"https:\/\/www.lesaubergisteslyonnais.fr\/wp-content\/uploads\/2025\/05\/hotel-engage-RSE-Lyon-centre_01-400x600.jpg 400w, https:\/\/www.lesaubergisteslyonnais.fr\/wp-content\/uploads\/2025\/05\/hotel-engage-RSE-Lyon-centre_01.jpg 720w\" sizes=\"(max-width: 400px) 100vw, 400px\" \/><img decoding=\"async\" width=\"400\" height=\"600\" src=\"https:\/\/www.lesaubergisteslyonnais.fr\/wp-content\/uploads\/2025\/05\/hotel-engage-RSE-Lyon-centre_02-400x600.jpg\" class=\"attachment-medium size-medium\" alt=\"hotel engage RSE Lyon centre 02\" srcset=\"https:\/\/www.lesaubergisteslyonnais.fr\/wp-content\/uploads\/2025\/05\/hotel-engage-RSE-Lyon-centre_02-400x600.jpg 400w, https:\/\/www.lesaubergisteslyonnais.fr\/wp-content\/uploads\/2025\/05\/hotel-engage-RSE-Lyon-centre_02.jpg 720w\" sizes=\"(max-width: 400px) 100vw, 400px\" \/><img decoding=\"async\" width=\"400\" height=\"600\" src=\"https:\/\/www.lesaubergisteslyonnais.fr\/wp-content\/uploads\/2025\/05\/hotel-engage-RSE-Lyon-centre_05-400x600.jpg\" class=\"attachment-medium size-medium\" alt=\"hotel engage RSE Lyon centre 05\" srcset=\"https:\/\/www.lesaubergisteslyonnais.fr\/wp-content\/uploads\/2025\/05\/hotel-engage-RSE-Lyon-centre_05-400x600.jpg 400w, https:\/\/www.lesaubergisteslyonnais.fr\/wp-content\/uploads\/2025\/05\/hotel-engage-RSE-Lyon-centre_05.jpg 720w\" sizes=\"(max-width: 400px) 100vw, 400px\" \/><img decoding=\"async\" width=\"400\" height=\"600\" src=\"https:\/\/www.lesaubergisteslyonnais.fr\/wp-content\/uploads\/2025\/05\/hotel-engage-RSE-Lyon-centre_03-400x600.jpg\" class=\"attachment-medium size-medium\" alt=\"hotel engage RSE Lyon centre 03\" srcset=\"https:\/\/www.lesaubergisteslyonnais.fr\/wp-content\/uploads\/2025\/05\/hotel-engage-RSE-Lyon-centre_03-400x600.jpg 400w, https:\/\/www.lesaubergisteslyonnais.fr\/wp-content\/uploads\/2025\/05\/hotel-engage-RSE-Lyon-centre_03.jpg 720w\" sizes=\"(max-width: 400px) 100vw, 400px\" \/><img decoding=\"async\" width=\"400\" height=\"600\" src=\"https:\/\/www.lesaubergisteslyonnais.fr\/wp-content\/uploads\/2025\/05\/hotel-engage-RSE-Lyon-centre_04-400x600.jpg\" class=\"attachment-medium size-medium\" alt=\"hotel engage RSE Lyon centre 04\" srcset=\"https:\/\/www.lesaubergisteslyonnais.fr\/wp-content\/uploads\/2025\/05\/hotel-engage-RSE-Lyon-centre_04-400x600.jpg 400w, https:\/\/www.lesaubergisteslyonnais.fr\/wp-content\/uploads\/2025\/05\/hotel-engage-RSE-Lyon-centre_04.jpg 720w\" sizes=\"(max-width: 400px) 100vw, 400px\" \/>\t<\/figure>\n\t\t\n\n<h2 class=\"wp-block-heading has-text-align-center text-on-images__title has-primary-color has-text-color has-link-color wp-elements-3c1bfbcf17466bf1d2a5400f12738dd0\" style=\"font-size:45px\">Governance focused on people<\/h2>\n\n\n<\/div>\n\n\n\n<\/section>\n\n\t<section\n\t\tstyle=\"padding-top:0;padding-bottom:var(--wp--preset--spacing--theme-default);\" class=\"block-illustration block-illustration--bottom-right alignfull wp-block-acf-block-illustration has-background has-secondary-background-color has-global-padding is-layout-constrained wp-block-acf-block-illustration-is-layout-constrained\"\t>\n\n\t<div class=\"block-illustration__wrapper alignwide\">\n\t<img decoding=\"async\" width=\"350\" height=\"350\" src=\"https:\/\/www.lesaubergisteslyonnais.fr\/wp-content\/uploads\/2025\/04\/ANANAS.png\" class=\"block-illustration__image illustration-with-parallax\" alt=\"ANANAS\" srcset=\"https:\/\/www.lesaubergisteslyonnais.fr\/wp-content\/uploads\/2025\/04\/ANANAS.png 350w, https:\/\/www.lesaubergisteslyonnais.fr\/wp-content\/uploads\/2025\/04\/ANANAS-300x300.png 300w\" sizes=\"(max-width: 350px) 100vw, 350px\" \/>\t\t<div class=\"block-illustration__innerblocks\">\n\n<div class=\"wp-block-group has-global-padding is-layout-constrained wp-container-core-group-is-layout-c3d0faaf wp-block-group-is-layout-constrained\" style=\"padding-top:0;padding-right:0;padding-bottom:0;padding-left:0\">\n<p>In our hotels and restaurants, it&#8217;s not just sustainability that counts. Every member of our team is more than just a cog in the machine. <\/p>\n\n\n\n<ul class=\"wp-block-list\">\n<li>We have set up regular interviews to listen to and recognize our employees.<\/li>\n\n\n\n<li>Regular team events<\/li>\n\n\n\n<li>Implementation of flexible schedules to offer a balance between professional and personal life.<\/li>\n\n\n\n<li>Our restaurants close at weekends, because keeping our teams happy is part of our secret recipe.<\/li>\n\n\n\n<li>Ongoing monitoring and assistance for employees experiencing difficulties in their personal lives<\/li>\n\n\n\n<li>A company psychologist is also on hand to lend an attentive ear.<\/li>\n\n\n\n<li>Raising our employees&#8217; awareness of our approach<\/li>\n<\/ul>\n<\/div>\n\n<\/div>\n\t<\/div>\n<\/section>\n\n\t<section\n\t\tstyle=\"padding-top:var(--wp--preset--spacing--theme-default);padding-bottom:var(--wp--preset--spacing--theme-s);\" class=\"block-container align wp-block-acf-block-container has-background has-white-background-color has-global-padding is-layout-constrained wp-block-acf-block-container-is-layout-constrained\"\t>\n\n\t\n\n<div\n\tclass=\"text-on-images text-on-images aligncenter wp-block-acf-text-on-images\">\n\t\t<figure class=\"text-on-images__images text-on-images__images--white-overlay\">\n\t\t<img decoding=\"async\" width=\"200\" height=\"300\" src=\"https:\/\/www.lesaubergisteslyonnais.fr\/wp-content\/uploads\/2025\/03\/restaurant_engage_lyon-200x300.jpg\" class=\"attachment-medium size-medium\" alt=\"restaurant engage lyon\" srcset=\"https:\/\/www.lesaubergisteslyonnais.fr\/wp-content\/uploads\/2025\/03\/restaurant_engage_lyon-200x300.jpg 200w, https:\/\/www.lesaubergisteslyonnais.fr\/wp-content\/uploads\/2025\/03\/restaurant_engage_lyon-683x1024.jpg 683w, https:\/\/www.lesaubergisteslyonnais.fr\/wp-content\/uploads\/2025\/03\/restaurant_engage_lyon.jpg 720w\" sizes=\"(max-width: 200px) 100vw, 200px\" \/><img decoding=\"async\" width=\"200\" height=\"300\" src=\"https:\/\/www.lesaubergisteslyonnais.fr\/wp-content\/uploads\/2025\/03\/hotel_engage_lyon_centre-200x300.jpg\" class=\"attachment-medium size-medium\" alt=\"hotel engage lyon centre\" srcset=\"https:\/\/www.lesaubergisteslyonnais.fr\/wp-content\/uploads\/2025\/03\/hotel_engage_lyon_centre-200x300.jpg 200w, https:\/\/www.lesaubergisteslyonnais.fr\/wp-content\/uploads\/2025\/03\/hotel_engage_lyon_centre-683x1024.jpg 683w, https:\/\/www.lesaubergisteslyonnais.fr\/wp-content\/uploads\/2025\/03\/hotel_engage_lyon_centre.jpg 720w\" sizes=\"(max-width: 200px) 100vw, 200px\" \/><img decoding=\"async\" width=\"212\" height=\"300\" src=\"https:\/\/www.lesaubergisteslyonnais.fr\/wp-content\/uploads\/2025\/03\/restaurant_engage_lyon1-212x300.jpg\" class=\"attachment-medium size-medium\" alt=\"restaurant engage lyon1 scaled\" srcset=\"https:\/\/www.lesaubergisteslyonnais.fr\/wp-content\/uploads\/2025\/03\/restaurant_engage_lyon1-212x300.jpg 212w, https:\/\/www.lesaubergisteslyonnais.fr\/wp-content\/uploads\/2025\/03\/restaurant_engage_lyon1-725x1024.jpg 725w, https:\/\/www.lesaubergisteslyonnais.fr\/wp-content\/uploads\/2025\/03\/restaurant_engage_lyon1-768x1085.jpg 768w, https:\/\/www.lesaubergisteslyonnais.fr\/wp-content\/uploads\/2025\/03\/restaurant_engage_lyon1-1087x1536.jpg 1087w, https:\/\/www.lesaubergisteslyonnais.fr\/wp-content\/uploads\/2025\/03\/restaurant_engage_lyon1-1450x2048.jpg 1450w, https:\/\/www.lesaubergisteslyonnais.fr\/wp-content\/uploads\/2025\/03\/restaurant_engage_lyon1-scaled.jpg 1812w\" sizes=\"(max-width: 212px) 100vw, 212px\" \/><img decoding=\"async\" width=\"200\" height=\"300\" src=\"https:\/\/www.lesaubergisteslyonnais.fr\/wp-content\/uploads\/2025\/04\/hotel-ecologique-lyon-engage1-200x300.jpg\" class=\"attachment-medium size-medium\" alt=\"hotel ecologique lyon engage1 scaled\" srcset=\"https:\/\/www.lesaubergisteslyonnais.fr\/wp-content\/uploads\/2025\/04\/hotel-ecologique-lyon-engage1-200x300.jpg 200w, https:\/\/www.lesaubergisteslyonnais.fr\/wp-content\/uploads\/2025\/04\/hotel-ecologique-lyon-engage1-682x1024.jpg 682w, https:\/\/www.lesaubergisteslyonnais.fr\/wp-content\/uploads\/2025\/04\/hotel-ecologique-lyon-engage1-768x1152.jpg 768w, https:\/\/www.lesaubergisteslyonnais.fr\/wp-content\/uploads\/2025\/04\/hotel-ecologique-lyon-engage1-1024x1536.jpg 1024w, https:\/\/www.lesaubergisteslyonnais.fr\/wp-content\/uploads\/2025\/04\/hotel-ecologique-lyon-engage1-1365x2048.jpg 1365w, https:\/\/www.lesaubergisteslyonnais.fr\/wp-content\/uploads\/2025\/04\/hotel-ecologique-lyon-engage1-scaled.jpg 1706w\" sizes=\"(max-width: 200px) 100vw, 200px\" \/><img decoding=\"async\" width=\"200\" height=\"300\" src=\"https:\/\/www.lesaubergisteslyonnais.fr\/wp-content\/uploads\/2025\/03\/chambre_hotel_lyon_centre_ville3-200x300.jpg\" class=\"attachment-medium size-medium\" alt=\"chambre hotel lyon centre ville3\" srcset=\"https:\/\/www.lesaubergisteslyonnais.fr\/wp-content\/uploads\/2025\/03\/chambre_hotel_lyon_centre_ville3-200x300.jpg 200w, https:\/\/www.lesaubergisteslyonnais.fr\/wp-content\/uploads\/2025\/03\/chambre_hotel_lyon_centre_ville3-683x1024.jpg 683w, https:\/\/www.lesaubergisteslyonnais.fr\/wp-content\/uploads\/2025\/03\/chambre_hotel_lyon_centre_ville3.jpg 720w\" sizes=\"(max-width: 200px) 100vw, 200px\" \/>\t<\/figure>\n\t\t\n\n<h2 class=\"wp-block-heading has-text-align-center text-on-images__title has-primary-color has-text-color has-link-color wp-elements-d127d6726a5491d27d2afb92ff34cdef\" style=\"font-size:45px\">A commitment to environmental sobriety<\/h2>\n\n\n<\/div>\n\n\n\n<\/section>\n\n\t<section\n\t\tstyle=\"padding-top:0;padding-bottom:var(--wp--preset--spacing--theme-default);\" class=\"block-illustration block-illustration--bottom-left alignfull wp-block-acf-block-illustration has-background has-white-background-color has-global-padding is-layout-constrained wp-block-acf-block-illustration-is-layout-constrained\"\t>\n\n\t<div class=\"block-illustration__wrapper alignwide\">\n\t<img decoding=\"async\" width=\"350\" height=\"350\" src=\"https:\/\/www.lesaubergisteslyonnais.fr\/wp-content\/uploads\/2025\/04\/COQ.png\" class=\"block-illustration__image illustration-with-parallax\" alt=\"COQ\" srcset=\"https:\/\/www.lesaubergisteslyonnais.fr\/wp-content\/uploads\/2025\/04\/COQ.png 350w, https:\/\/www.lesaubergisteslyonnais.fr\/wp-content\/uploads\/2025\/04\/COQ-300x300.png 300w\" sizes=\"(max-width: 350px) 100vw, 350px\" \/>\t\t<div class=\"block-illustration__innerblocks\">\n\n<div class=\"wp-block-group has-global-padding is-layout-constrained wp-container-core-group-is-layout-c3d0faaf wp-block-group-is-layout-constrained\" style=\"padding-top:0;padding-right:0;padding-bottom:0;padding-left:0\">\n<div class=\"wp-block-group is-vertical is-content-justification-center is-layout-flex wp-container-core-group-is-layout-b37004f5 wp-block-group-is-layout-flex\" style=\"padding-top:0;padding-right:0;padding-bottom:var(--wp--preset--spacing--theme-xs);padding-left:0\">\n<figure class=\"wp-block-image size-large is-resized\"><img decoding=\"async\" width=\"888\" height=\"1024\" src=\"https:\/\/www.lesaubergisteslyonnais.fr\/wp-content\/uploads\/2025\/04\/logo-cv-hd-18-web-888x1024.jpg\" alt=\"\" class=\"wp-image-2458\" style=\"width:100px\" srcset=\"https:\/\/www.lesaubergisteslyonnais.fr\/wp-content\/uploads\/2025\/04\/logo-cv-hd-18-web-888x1024.jpg 888w, https:\/\/www.lesaubergisteslyonnais.fr\/wp-content\/uploads\/2025\/04\/logo-cv-hd-18-web-260x300.jpg 260w, https:\/\/www.lesaubergisteslyonnais.fr\/wp-content\/uploads\/2025\/04\/logo-cv-hd-18-web-768x886.jpg 768w, https:\/\/www.lesaubergisteslyonnais.fr\/wp-content\/uploads\/2025\/04\/logo-cv-hd-18-web.jpg 1024w\" sizes=\"(max-width: 888px) 100vw, 888px\" \/><\/figure>\n<\/div>\n\n\n\n<p>Claiming to be a \u201cCSR hotel\u201d or \u201cgreen restaurant\u201d requires concrete action:<\/p>\n\n\n\n<ul class=\"wp-block-list\">\n<li>Each supplier is carefully chosen for its ecological impact and proximity, like our cosmetics partner \u201cTerre de Mars\u201d, certified \u201cecocert cosmos natural\u201d, vegan, cruelty free and made in France.<\/li>\n\n\n\n<li>As holders of labels such as Clef Verte (since 2022) and Accueil V\u00e9lo, we&#8217;re proud to be one of France&#8217;s leading eco-friendly hotels.<\/li>\n\n\n\n<li>We sort, recycle and collaborate with innovative associations like Elise.<\/li>\n\n\n\n<li>Even our hospitality products are designed to prevent waste in hotels: available at reception but not systematically provided.<\/li>\n<\/ul>\n<\/div>\n\n<\/div>\n\t<\/div>\n<\/section>\n\n\t<section\n\t\tstyle=\"padding-top:var(--wp--preset--spacing--theme-default);padding-bottom:var(--wp--preset--spacing--theme-s);\" class=\"block-container align wp-block-acf-block-container has-background has-secondary-background-color has-global-padding is-layout-constrained wp-block-acf-block-container-is-layout-constrained\"\t>\n\n\t\n\n<div\n\tclass=\"text-on-images text-on-images aligncenter wp-block-acf-text-on-images\">\n\t\t<figure class=\"text-on-images__images text-on-images__images--white-overlay\">\n\t\t<img decoding=\"async\" width=\"200\" height=\"300\" src=\"https:\/\/www.lesaubergisteslyonnais.fr\/wp-content\/uploads\/2025\/03\/hotel_engage_lyon_centre2-200x300.jpg\" class=\"attachment-medium size-medium\" alt=\"hotel engage lyon centre2\" srcset=\"https:\/\/www.lesaubergisteslyonnais.fr\/wp-content\/uploads\/2025\/03\/hotel_engage_lyon_centre2-200x300.jpg 200w, https:\/\/www.lesaubergisteslyonnais.fr\/wp-content\/uploads\/2025\/03\/hotel_engage_lyon_centre2-683x1024.jpg 683w, https:\/\/www.lesaubergisteslyonnais.fr\/wp-content\/uploads\/2025\/03\/hotel_engage_lyon_centre2.jpg 720w\" sizes=\"(max-width: 200px) 100vw, 200px\" \/><img decoding=\"async\" width=\"400\" height=\"600\" src=\"https:\/\/www.lesaubergisteslyonnais.fr\/wp-content\/uploads\/2025\/05\/Hotel-Lyon-centre-ville_Perrache_Simplon-11-400x600.jpg\" class=\"attachment-medium size-medium\" alt=\"Hotel Lyon centre ville Perrache Simplon 11\" srcset=\"https:\/\/www.lesaubergisteslyonnais.fr\/wp-content\/uploads\/2025\/05\/Hotel-Lyon-centre-ville_Perrache_Simplon-11-400x600.jpg 400w, https:\/\/www.lesaubergisteslyonnais.fr\/wp-content\/uploads\/2025\/05\/Hotel-Lyon-centre-ville_Perrache_Simplon-11.jpg 720w\" sizes=\"(max-width: 400px) 100vw, 400px\" \/><img decoding=\"async\" width=\"200\" height=\"300\" src=\"https:\/\/www.lesaubergisteslyonnais.fr\/wp-content\/uploads\/2025\/03\/hotel-lyon-chambre-bellecour4-200x300.jpg\" class=\"attachment-medium size-medium\" alt=\"hotel lyon chambre bellecour4\" srcset=\"https:\/\/www.lesaubergisteslyonnais.fr\/wp-content\/uploads\/2025\/03\/hotel-lyon-chambre-bellecour4-200x300.jpg 200w, https:\/\/www.lesaubergisteslyonnais.fr\/wp-content\/uploads\/2025\/03\/hotel-lyon-chambre-bellecour4.jpg 683w\" sizes=\"(max-width: 200px) 100vw, 200px\" \/><img decoding=\"async\" width=\"449\" height=\"600\" src=\"https:\/\/www.lesaubergisteslyonnais.fr\/wp-content\/uploads\/2025\/05\/Hotel-Lyon-centre-ville_Perrache_Simplon-20-449x600.jpg\" class=\"attachment-medium size-medium\" alt=\"Hotel Lyon centre ville Perrache Simplon 20\" srcset=\"https:\/\/www.lesaubergisteslyonnais.fr\/wp-content\/uploads\/2025\/05\/Hotel-Lyon-centre-ville_Perrache_Simplon-20-449x600.jpg 449w, https:\/\/www.lesaubergisteslyonnais.fr\/wp-content\/uploads\/2025\/05\/Hotel-Lyon-centre-ville_Perrache_Simplon-20-768x1026.jpg 768w, https:\/\/www.lesaubergisteslyonnais.fr\/wp-content\/uploads\/2025\/05\/Hotel-Lyon-centre-ville_Perrache_Simplon-20.jpg 808w\" sizes=\"(max-width: 449px) 100vw, 449px\" \/>\t<\/figure>\n\t\t\n\n<h2 class=\"wp-block-heading has-text-align-center text-on-images__title has-primary-color has-text-color has-link-color wp-elements-8ba11a3f2616e2cc74b30ce9ff1cac2b\" style=\"font-size:45px\">A social and fraternal commitment<\/h2>\n\n\n<\/div>\n\n\n\n<\/section>\n\n\t<section\n\t\tstyle=\"padding-top:0;padding-bottom:var(--wp--preset--spacing--theme-default);\" class=\"block-illustration block-illustration--bottom-right alignfull wp-block-acf-block-illustration has-background has-secondary-background-color has-global-padding is-layout-constrained wp-block-acf-block-illustration-is-layout-constrained\"\t>\n\n\t<div class=\"block-illustration__wrapper alignwide\">\n\t<img decoding=\"async\" width=\"350\" height=\"350\" src=\"https:\/\/www.lesaubergisteslyonnais.fr\/wp-content\/uploads\/2025\/04\/GRAMOPHONE.png\" class=\"block-illustration__image illustration-with-parallax\" alt=\"GRAMOPHONE\" srcset=\"https:\/\/www.lesaubergisteslyonnais.fr\/wp-content\/uploads\/2025\/04\/GRAMOPHONE.png 350w, https:\/\/www.lesaubergisteslyonnais.fr\/wp-content\/uploads\/2025\/04\/GRAMOPHONE-300x300.png 300w\" sizes=\"(max-width: 350px) 100vw, 350px\" \/>\t\t<div class=\"block-illustration__innerblocks\">\n\n<div class=\"wp-block-group has-global-padding is-layout-constrained wp-container-core-group-is-layout-c3d0faaf wp-block-group-is-layout-constrained\" style=\"padding-top:0;padding-right:0;padding-bottom:0;padding-left:0\">\n<p class=\"has-text-align-left\">Our spaces don&#8217;t just receive, they give.<\/p>\n\n\n\n<ul class=\"wp-block-list\">\n<li>Collaboration with l&#8217;Ouvre Porte (support and reintegration of socially vulnerable people requiring emergency accommodation)<\/li>\n\n\n\n<li>We make our breakfast room available to Les Petites Cantines at Simplon. Les Petites Cantines is a non-profit network of participatory kitchens based on short-shelf-life products. <\/li>\n<\/ul>\n<\/div>\n\n<\/div>\n\t<\/div>\n<\/section>\n\n\t<section\n\t\tstyle=\"padding-top:var(--wp--preset--spacing--theme-default);padding-bottom:var(--wp--preset--spacing--theme-default);\" class=\"block-container align wp-block-acf-block-container has-background has-white-background-color has-global-padding is-layout-constrained wp-block-acf-block-container-is-layout-constrained\"\t>\n\n\t\n\n<div class=\"wp-block-group has-global-padding is-layout-constrained wp-block-group-is-layout-constrained\">\n<h3 class=\"wp-block-heading has-text-align-center\">Your <mark style=\"background-color:rgba(0, 0, 0, 0)\" class=\"has-inline-color has-primary-color\">impact <\/mark>counts too!<\/h3>\n\n\n\n<p class=\"has-text-align-center\">You too can take part in this commitment by :<\/p>\n\n\n\n<ul class=\"wp-block-list\">\n<li>Using the sorting garbage cans available.<\/li>\n\n\n\n<li>Use your towels for several days: simply hang them on the coat hooks in your bathroom, or on the towel warmer.<\/li>\n\n\n\n<li>Turning off lights and air conditioning\/heating when leaving the room.<\/li>\n<\/ul>\n\n\n\n<div class=\"wp-block-group has-global-padding is-layout-constrained wp-block-group-is-layout-constrained\" style=\"padding-top:var(--wp--preset--spacing--theme-m)\"><\/div>\n<\/div>\n\n\n\n<\/section>\n","protected":false},"excerpt":{"rendered":"","protected":false},"author":7,"featured_media":0,"parent":1808,"menu_order":0,"comment_status":"closed","ping_status":"closed","template":"","meta":{"_acf_changed":false,"inline_featured_image":false,"footnotes":""},"class_list":["post-1818","page","type-page","status-publish","hentry"],"acf":[],"yoast_head":"<!-- This site is optimized with the Yoast SEO plugin v27.4 - https:\/\/yoast.com\/product\/yoast-seo-wordpress\/ -->\n<title>Eco-friendly hotels in Lyon - CSR, Sustainable development<\/title>\n<meta name=\"description\" content=\"Les Aubergistes Lyonnais - Hotels committed to eco-friendly living in Lyon: comfort, charm and sustainable development.\" \/>\n<meta name=\"robots\" content=\"index, follow, max-snippet:-1, max-image-preview:large, max-video-preview:-1\" \/>\n<link rel=\"canonical\" href=\"https:\/\/www.lesaubergisteslyonnais.fr\/en\/purpose-driven-company\/sustainable-ecological-commitments\/\" \/>\n<meta property=\"og:locale\" content=\"en_US\" \/>\n<meta property=\"og:type\" content=\"article\" \/>\n<meta property=\"og:title\" content=\"Eco-friendly hotels in Lyon - CSR, Sustainable development\" \/>\n<meta property=\"og:description\" content=\"Les Aubergistes Lyonnais - Hotels committed to eco-friendly living in Lyon: comfort, charm and sustainable development.\" \/>\n<meta property=\"og:url\" content=\"https:\/\/www.lesaubergisteslyonnais.fr\/en\/purpose-driven-company\/sustainable-ecological-commitments\/\" \/>\n<meta property=\"og:site_name\" content=\"Les Aubergistes Lyonnais\" \/>\n<meta property=\"article:modified_time\" content=\"2025-10-30T10:38:30+00:00\" \/>\n<meta property=\"og:image\" content=\"https:\/\/www.lesaubergisteslyonnais.fr\/wp-content\/uploads\/2025\/05\/MAIN.png\" \/>\n<meta name=\"twitter:card\" content=\"summary_large_image\" \/>\n<meta name=\"twitter:label1\" content=\"Est. reading time\" \/>\n\t<meta name=\"twitter:data1\" content=\"3 minutes\" \/>\n<script type=\"application\/ld+json\" class=\"yoast-schema-graph\">{\"@context\":\"https:\\\/\\\/schema.org\",\"@graph\":[{\"@type\":\"WebPage\",\"@id\":\"https:\\\/\\\/www.lesaubergisteslyonnais.fr\\\/en\\\/purpose-driven-company\\\/sustainable-ecological-commitments\\\/\",\"url\":\"https:\\\/\\\/www.lesaubergisteslyonnais.fr\\\/en\\\/purpose-driven-company\\\/sustainable-ecological-commitments\\\/\",\"name\":\"Eco-friendly hotels in Lyon - CSR, Sustainable development\",\"isPartOf\":{\"@id\":\"https:\\\/\\\/www.lesaubergisteslyonnais.fr\\\/en\\\/#website\"},\"primaryImageOfPage\":{\"@id\":\"https:\\\/\\\/www.lesaubergisteslyonnais.fr\\\/en\\\/purpose-driven-company\\\/sustainable-ecological-commitments\\\/#primaryimage\"},\"image\":{\"@id\":\"https:\\\/\\\/www.lesaubergisteslyonnais.fr\\\/en\\\/purpose-driven-company\\\/sustainable-ecological-commitments\\\/#primaryimage\"},\"thumbnailUrl\":\"https:\\\/\\\/www.lesaubergisteslyonnais.fr\\\/wp-content\\\/uploads\\\/2025\\\/05\\\/MAIN.png\",\"datePublished\":\"2025-04-16T15:40:06+00:00\",\"dateModified\":\"2025-10-30T10:38:30+00:00\",\"description\":\"Les Aubergistes Lyonnais - Hotels committed to eco-friendly living in Lyon: comfort, charm and sustainable development.\",\"breadcrumb\":{\"@id\":\"https:\\\/\\\/www.lesaubergisteslyonnais.fr\\\/en\\\/purpose-driven-company\\\/sustainable-ecological-commitments\\\/#breadcrumb\"},\"inLanguage\":\"en-US\",\"potentialAction\":[{\"@type\":\"ReadAction\",\"target\":[\"https:\\\/\\\/www.lesaubergisteslyonnais.fr\\\/en\\\/purpose-driven-company\\\/sustainable-ecological-commitments\\\/\"]}]},{\"@type\":\"ImageObject\",\"inLanguage\":\"en-US\",\"@id\":\"https:\\\/\\\/www.lesaubergisteslyonnais.fr\\\/en\\\/purpose-driven-company\\\/sustainable-ecological-commitments\\\/#primaryimage\",\"url\":\"https:\\\/\\\/www.lesaubergisteslyonnais.fr\\\/wp-content\\\/uploads\\\/2025\\\/05\\\/MAIN.png\",\"contentUrl\":\"https:\\\/\\\/www.lesaubergisteslyonnais.fr\\\/wp-content\\\/uploads\\\/2025\\\/05\\\/MAIN.png\"},{\"@type\":\"BreadcrumbList\",\"@id\":\"https:\\\/\\\/www.lesaubergisteslyonnais.fr\\\/en\\\/purpose-driven-company\\\/sustainable-ecological-commitments\\\/#breadcrumb\",\"itemListElement\":[{\"@type\":\"ListItem\",\"position\":1,\"name\":\"Home\",\"item\":\"https:\\\/\\\/www.lesaubergisteslyonnais.fr\\\/en\\\/\"},{\"@type\":\"ListItem\",\"position\":2,\"name\":\"A committed hotel group\",\"item\":\"https:\\\/\\\/www.lesaubergisteslyonnais.fr\\\/en\\\/purpose-driven-company\\\/\"},{\"@type\":\"ListItem\",\"position\":3,\"name\":\"Our commitments\"}]},{\"@type\":\"WebSite\",\"@id\":\"https:\\\/\\\/www.lesaubergisteslyonnais.fr\\\/en\\\/#website\",\"url\":\"https:\\\/\\\/www.lesaubergisteslyonnais.fr\\\/en\\\/\",\"name\":\"Globe Cecil\",\"description\":\"H\u00f4tel 4 \u00e9toiles \u00e0 Lyon\",\"publisher\":{\"@id\":\"https:\\\/\\\/www.lesaubergisteslyonnais.fr\\\/en\\\/#organization\"},\"potentialAction\":[{\"@type\":\"SearchAction\",\"target\":{\"@type\":\"EntryPoint\",\"urlTemplate\":\"https:\\\/\\\/www.lesaubergisteslyonnais.fr\\\/en\\\/?s={search_term_string}\"},\"query-input\":{\"@type\":\"PropertyValueSpecification\",\"valueRequired\":true,\"valueName\":\"search_term_string\"}}],\"inLanguage\":\"en-US\"},{\"@type\":\"Organization\",\"@id\":\"https:\\\/\\\/www.lesaubergisteslyonnais.fr\\\/en\\\/#organization\",\"name\":\"Globe Cecil\",\"url\":\"https:\\\/\\\/www.lesaubergisteslyonnais.fr\\\/en\\\/\",\"logo\":{\"@type\":\"ImageObject\",\"inLanguage\":\"en-US\",\"@id\":\"https:\\\/\\\/www.lesaubergisteslyonnais.fr\\\/en\\\/#\\\/schema\\\/logo\\\/image\\\/\",\"url\":\"https:\\\/\\\/www.lesaubergisteslyonnais.fr\\\/wp-content\\\/uploads\\\/2025\\\/05\\\/LOGO-Aubergistes-Lyonnais-White.svg\",\"contentUrl\":\"https:\\\/\\\/www.lesaubergisteslyonnais.fr\\\/wp-content\\\/uploads\\\/2025\\\/05\\\/LOGO-Aubergistes-Lyonnais-White.svg\",\"width\":558,\"height\":127,\"caption\":\"Globe Cecil\"},\"image\":{\"@id\":\"https:\\\/\\\/www.lesaubergisteslyonnais.fr\\\/en\\\/#\\\/schema\\\/logo\\\/image\\\/\"}}]}<\/script>\n<!-- \/ Yoast SEO plugin. -->","yoast_head_json":{"title":"Eco-friendly hotels in Lyon - CSR, Sustainable development","description":"Les Aubergistes Lyonnais - Hotels committed to eco-friendly living in Lyon: comfort, charm and sustainable development.","robots":{"index":"index","follow":"follow","max-snippet":"max-snippet:-1","max-image-preview":"max-image-preview:large","max-video-preview":"max-video-preview:-1"},"canonical":"https:\/\/www.lesaubergisteslyonnais.fr\/en\/purpose-driven-company\/sustainable-ecological-commitments\/","og_locale":"en_US","og_type":"article","og_title":"Eco-friendly hotels in Lyon - CSR, Sustainable development","og_description":"Les Aubergistes Lyonnais - Hotels committed to eco-friendly living in Lyon: comfort, charm and sustainable development.","og_url":"https:\/\/www.lesaubergisteslyonnais.fr\/en\/purpose-driven-company\/sustainable-ecological-commitments\/","og_site_name":"Les Aubergistes Lyonnais","article_modified_time":"2025-10-30T10:38:30+00:00","og_image":[{"url":"https:\/\/www.lesaubergisteslyonnais.fr\/wp-content\/uploads\/2025\/05\/MAIN.png","type":"","width":"","height":""}],"twitter_card":"summary_large_image","twitter_misc":{"Est. reading time":"3 minutes"},"schema":{"@context":"https:\/\/schema.org","@graph":[{"@type":"WebPage","@id":"https:\/\/www.lesaubergisteslyonnais.fr\/en\/purpose-driven-company\/sustainable-ecological-commitments\/","url":"https:\/\/www.lesaubergisteslyonnais.fr\/en\/purpose-driven-company\/sustainable-ecological-commitments\/","name":"Eco-friendly hotels in Lyon - CSR, Sustainable development","isPartOf":{"@id":"https:\/\/www.lesaubergisteslyonnais.fr\/en\/#website"},"primaryImageOfPage":{"@id":"https:\/\/www.lesaubergisteslyonnais.fr\/en\/purpose-driven-company\/sustainable-ecological-commitments\/#primaryimage"},"image":{"@id":"https:\/\/www.lesaubergisteslyonnais.fr\/en\/purpose-driven-company\/sustainable-ecological-commitments\/#primaryimage"},"thumbnailUrl":"https:\/\/www.lesaubergisteslyonnais.fr\/wp-content\/uploads\/2025\/05\/MAIN.png","datePublished":"2025-04-16T15:40:06+00:00","dateModified":"2025-10-30T10:38:30+00:00","description":"Les Aubergistes Lyonnais - Hotels committed to eco-friendly living in Lyon: comfort, charm and sustainable development.","breadcrumb":{"@id":"https:\/\/www.lesaubergisteslyonnais.fr\/en\/purpose-driven-company\/sustainable-ecological-commitments\/#breadcrumb"},"inLanguage":"en-US","potentialAction":[{"@type":"ReadAction","target":["https:\/\/www.lesaubergisteslyonnais.fr\/en\/purpose-driven-company\/sustainable-ecological-commitments\/"]}]},{"@type":"ImageObject","inLanguage":"en-US","@id":"https:\/\/www.lesaubergisteslyonnais.fr\/en\/purpose-driven-company\/sustainable-ecological-commitments\/#primaryimage","url":"https:\/\/www.lesaubergisteslyonnais.fr\/wp-content\/uploads\/2025\/05\/MAIN.png","contentUrl":"https:\/\/www.lesaubergisteslyonnais.fr\/wp-content\/uploads\/2025\/05\/MAIN.png"},{"@type":"BreadcrumbList","@id":"https:\/\/www.lesaubergisteslyonnais.fr\/en\/purpose-driven-company\/sustainable-ecological-commitments\/#breadcrumb","itemListElement":[{"@type":"ListItem","position":1,"name":"Home","item":"https:\/\/www.lesaubergisteslyonnais.fr\/en\/"},{"@type":"ListItem","position":2,"name":"A committed hotel group","item":"https:\/\/www.lesaubergisteslyonnais.fr\/en\/purpose-driven-company\/"},{"@type":"ListItem","position":3,"name":"Our commitments"}]},{"@type":"WebSite","@id":"https:\/\/www.lesaubergisteslyonnais.fr\/en\/#website","url":"https:\/\/www.lesaubergisteslyonnais.fr\/en\/","name":"Globe Cecil","description":"H\u00f4tel 4 \u00e9toiles \u00e0 Lyon","publisher":{"@id":"https:\/\/www.lesaubergisteslyonnais.fr\/en\/#organization"},"potentialAction":[{"@type":"SearchAction","target":{"@type":"EntryPoint","urlTemplate":"https:\/\/www.lesaubergisteslyonnais.fr\/en\/?s={search_term_string}"},"query-input":{"@type":"PropertyValueSpecification","valueRequired":true,"valueName":"search_term_string"}}],"inLanguage":"en-US"},{"@type":"Organization","@id":"https:\/\/www.lesaubergisteslyonnais.fr\/en\/#organization","name":"Globe Cecil","url":"https:\/\/www.lesaubergisteslyonnais.fr\/en\/","logo":{"@type":"ImageObject","inLanguage":"en-US","@id":"https:\/\/www.lesaubergisteslyonnais.fr\/en\/#\/schema\/logo\/image\/","url":"https:\/\/www.lesaubergisteslyonnais.fr\/wp-content\/uploads\/2025\/05\/LOGO-Aubergistes-Lyonnais-White.svg","contentUrl":"https:\/\/www.lesaubergisteslyonnais.fr\/wp-content\/uploads\/2025\/05\/LOGO-Aubergistes-Lyonnais-White.svg","width":558,"height":127,"caption":"Globe Cecil"},"image":{"@id":"https:\/\/www.lesaubergisteslyonnais.fr\/en\/#\/schema\/logo\/image\/"}}]}},"_links":{"self":[{"href":"https:\/\/www.lesaubergisteslyonnais.fr\/en\/wp-json\/wp\/v2\/pages\/1818","targetHints":{"allow":["GET"]}}],"collection":[{"href":"https:\/\/www.lesaubergisteslyonnais.fr\/en\/wp-json\/wp\/v2\/pages"}],"about":[{"href":"https:\/\/www.lesaubergisteslyonnais.fr\/en\/wp-json\/wp\/v2\/types\/page"}],"author":[{"embeddable":true,"href":"https:\/\/www.lesaubergisteslyonnais.fr\/en\/wp-json\/wp\/v2\/users\/7"}],"replies":[{"embeddable":true,"href":"https:\/\/www.lesaubergisteslyonnais.fr\/en\/wp-json\/wp\/v2\/comments?post=1818"}],"version-history":[{"count":30,"href":"https:\/\/www.lesaubergisteslyonnais.fr\/en\/wp-json\/wp\/v2\/pages\/1818\/revisions"}],"predecessor-version":[{"id":9183,"href":"https:\/\/www.lesaubergisteslyonnais.fr\/en\/wp-json\/wp\/v2\/pages\/1818\/revisions\/9183"}],"up":[{"embeddable":true,"href":"https:\/\/www.lesaubergisteslyonnais.fr\/en\/wp-json\/wp\/v2\/pages\/1808"}],"wp:attachment":[{"href":"https:\/\/www.lesaubergisteslyonnais.fr\/en\/wp-json\/wp\/v2\/media?parent=1818"}],"curies":[{"name":"wp","href":"https:\/\/api.w.org\/{rel}","templated":true}]}}